{"id":70316423,"date":"2020-05-27T17:16:05","date_gmt":"2020-05-27T15:16:05","guid":{"rendered":"https:\/\/bpk-archive.de\/tuellmann\/\/atbild\/frau-mit-kind-bei-einer-demonstration-gegen-den-krieg-in-vietnam\/"},"modified":"2020-05-27T17:16:29","modified_gmt":"2020-05-27T15:16:29","slug":"frau-mit-kind-bei-einer-demonstration-gegen-den-krieg-in-vietnam","status":"publish","type":"product","link":"https:\/\/bpk-archive.de\/tuellmann\/produkt\/frau-mit-kind-bei-einer-demonstration-gegen-den-krieg-in-vietnam\/","title":{"rendered":"Frau mit Kind bei einer Demonstration gegen den Krieg in Vietnam"},"content":{"rendered":"<p>Das M\u00e4dchen tr\u00e4gt ein Plakat um den Hals, auf dem ein Bildnis von Ho Chi Minh sowie die Parole &#8222;Die Kinder von Vietnam leiden &#8211; Frieden!&#8220; zu sehen sind. (Scan vom VINTAGEPRINT)<\/p>\n","protected":false},"excerpt":{"rendered":"<p>Das M\u00e4dchen tr\u00e4gt ein Plakat um den Hals, auf dem ein Bildnis von Ho Chi Minh sowie die Parole &#8222;Die Kinder von Vietnam leiden &#8211; Frieden!&#8220; zu sehen sind. (Scan vom VINTAGEPRINT)<\/p>\n","protected":false},"featured_media":70316038,"template":"","meta":[],"product_brand":[],"product_cat":[],"product_tag":[62265,62279,13774,13232,13234,13231,13233,13775,47921,13777,50914,54332,13250,54333,47988,13784,13785,13469,13470,74747,13607,13608,13609,13610,13611,13612,13613,13614,13615,13616,13617,13618,13619,13620,13621,13622,13623,13624,13253,13254,13255,13256,13257,13471,13472,13960,13961,13962,13963,13964,13965,13260,49919,50939,49500,49501,13293,13786,13787,13294,13295,13485,13486,13482,13481,13483,13484,13487,13488,50920,50917,50918,50919,47378,47379,47380,47381,47382,49884,13492,13493,13494,13495,13496,13497,74748,74749,13301,63331,13813,14205,14206,14207,14213,14218,14219,47295,47296,47297,58216,13626,13627,13310,13311,13818,13312,13313,13314,13315,13316,13317,74750,47394,48491,49229,49230,48737,50921,50922,48738,48739,48740,48741,48742,13328,13827,13828,13329,13330,48266,48267,13829,13830,13831,13832,13833,13834,13835,13836,13837,13838,13839,13840,13841,13842,48269,13843,13641,62470,13642,13643,13644,13645,13646,13647,13648,13649,13650,13651,13652,13653,47958,13877,13879,13865,13864,13866,13858,13859,13860,13861,13862,13863,13867,49236,47967,13878,13880,64613,55236,55239,55240,47410,47411,47968,13375,13376,63337,63347,63338,63339,63340,63341,63342,63343,63344,63345,63346],"class_list":{"0":"post-70316423","1":"product","2":"type-product","3":"status-publish","4":"has-post-thumbnail","6":"product_tag-ho-chi-minh","7":"product_tag-19-5-1890-2-10-1969","8":"product_tag-1960er-jahre","9":"product_tag-20-jahrhundert-nach-chr","10":"product_tag-20-jh-n-chr","11":"product_tag-20-jahrhundert","12":"product_tag-20-jh","13":"product_tag-60er","14":"product_tag-abisag","15":"product_tag-abzug","16":"product_tag-antikriegsbewegung","17":"product_tag-apo","18":"product_tag-aussen","19":"product_tag-ausserparlamentarische-opposition","20":"product_tag-bild-im-bild","21":"product_tag-bildnis","22":"product_tag-bildnisse","23":"product_tag-brd","24":"product_tag-bundesrepublik-deutschland","25":"product_tag-chi","26":"product_tag-demo","27":"product_tag-demonstrant","28":"product_tag-demonstranten","29":"product_tag-demonstration","30":"product_tag-demonstrationen","31":"product_tag-demonstrationsplakat","32":"product_tag-demonstrationsschild","33":"product_tag-demonstrationszug","34":"product_tag-demonstrieren","35":"product_tag-demonstrierend","36":"product_tag-demonstrierende","37":"product_tag-demonstrierenden","38":"product_tag-demonstrierender","39":"product_tag-demonstrierendes","40":"product_tag-demonstriert","41":"product_tag-demoplakat","42":"product_tag-demos","43":"product_tag-demoschild","44":"product_tag-deutsch","45":"product_tag-deutsche","46":"product_tag-deutschen","47":"product_tag-deutscher","48":"product_tag-deutsches","49":"product_tag-deutschland","50":"product_tag-deutschlands","51":"product_tag-doppelbildnis","52":"product_tag-doppelbildnisse","53":"product_tag-doppelportrait","54":"product_tag-doppelportraits","55":"product_tag-doppelportraet","56":"product_tag-doppelportraets","57":"product_tag-draussen","58":"product_tag-fahrrad","59":"product_tag-fahrradfahrer","60":"product_tag-forderung","61":"product_tag-forderungen","62":"product_tag-foto","63":"product_tag-fotoabzug","64":"product_tag-fotoabzuege","65":"product_tag-fotografie","66":"product_tag-fotografien","67":"product_tag-frankfurt-m","68":"product_tag-frankfurt-main","69":"product_tag-frankfurt-a-main","70":"product_tag-frankfurt-a-m","71":"product_tag-frankfurt-am-main","72":"product_tag-frankfurter","73":"product_tag-frau","74":"product_tag-frauen","75":"product_tag-friedens-demonstration","76":"product_tag-friedensbewegung","77":"product_tag-friedensdemo","78":"product_tag-friedensdemonstration","79":"product_tag-gehen","80":"product_tag-gehend","81":"product_tag-gehende","82":"product_tag-gehender","83":"product_tag-gehendes","84":"product_tag-hand-in-hand","85":"product_tag-hessen","86":"product_tag-hessisch","87":"product_tag-hessische","88":"product_tag-hessischen","89":"product_tag-hessischer","90":"product_tag-hessisches","91":"product_tag-ho","92":"product_tag-ho_chi_minh","93":"product_tag-im-freien","94":"product_tag-indochina","95":"product_tag-junge","96":"product_tag-kind","97":"product_tag-kinde","98":"product_tag-kinder","99":"product_tag-kindern","100":"product_tag-kindes","101":"product_tag-kindheit","102":"product_tag-krieg","103":"product_tag-kriege","104":"product_tag-krieges","105":"product_tag-kriegsgegner","106":"product_tag-kundgebung","107":"product_tag-kundgebungen","108":"product_tag-maedchen","109":"product_tag-maedchens","110":"product_tag-mann","111":"product_tag-marschieren","112":"product_tag-marschierend","113":"product_tag-marschierende","114":"product_tag-marschierenden","115":"product_tag-marschierender","116":"product_tag-marschierendes","117":"product_tag-minh","118":"product_tag-mutter","119":"product_tag-opposition","120":"product_tag-parole","121":"product_tag-parolen","122":"product_tag-pazifismus","123":"product_tag-pazifist","124":"product_tag-pazifisten","125":"product_tag-pazifistisch","126":"product_tag-pazifistische","127":"product_tag-pazifistischen","128":"product_tag-pazifistischer","129":"product_tag-pazifistisches","130":"product_tag-photo","131":"product_tag-photoabzug","132":"product_tag-photoabzuege","133":"product_tag-photographie","134":"product_tag-photographien","135":"product_tag-plakat","136":"product_tag-plakate","137":"product_tag-portrait","138":"product_tag-portraitaufnahme","139":"product_tag-portraitfoto","140":"product_tag-portraitfotografie","141":"product_tag-portraitphoto","142":"product_tag-portraitphotographie","143":"product_tag-portraits","144":"product_tag-portraet","145":"product_tag-portraetaufnahme","146":"product_tag-portraetfoto","147":"product_tag-portraetfotografie","148":"product_tag-portraetphoto","149":"product_tag-portraetphotographie","150":"product_tag-portraets","151":"product_tag-poster","152":"product_tag-print","153":"product_tag-protest","154":"product_tag-protestbewegung","155":"product_tag-proteste","156":"product_tag-protestieren","157":"product_tag-protestierend","158":"product_tag-protestierende","159":"product_tag-protestierenden","160":"product_tag-protestierender","161":"product_tag-protestierendes","162":"product_tag-protestiert","163":"product_tag-protestmarsch","164":"product_tag-protestmarsches","165":"product_tag-protestmarschs","166":"product_tag-protestschild","167":"product_tag-querformat","168":"product_tag-s-w-fotografie","169":"product_tag-s-w-photographie","170":"product_tag-schwarzweissphotographie","171":"product_tag-schwarz-weiss-fotografie","172":"product_tag-schwarz-weiss-photographie","173":"product_tag-schwarzweiss","174":"product_tag-schwarzweisse","175":"product_tag-schwarzweissen","176":"product_tag-schwarzweisser","177":"product_tag-schwarzweisses","178":"product_tag-schwarzweissfotografie","179":"product_tag-sechziger","180":"product_tag-slogan","181":"product_tag-sw","182":"product_tag-sw-fotografie","183":"product_tag-sw-photographie","184":"product_tag-systematik_105137_id","185":"product_tag-teilnehmer","186":"product_tag-teilnehmern","187":"product_tag-teilnehmers","188":"product_tag-tochter","189":"product_tag-toechtern","190":"product_tag-tuellmann","191":"product_tag-veranstaltung","192":"product_tag-veranstaltungen","193":"product_tag-vietnam","194":"product_tag-vietnam-proteste","195":"product_tag-vietnamesisch","196":"product_tag-vietnamesische","197":"product_tag-vietnamesischen","198":"product_tag-vietnamesischer","199":"product_tag-vietnamesisches","200":"product_tag-vietnamkrieg","201":"product_tag-vietnamkrieges","202":"product_tag-vietnamkriegs","203":"product_tag-vietnamproteste","204":"pa_datierung-15-11-1969","205":"pa_fotograf-abisag-tuellmann","206":"pa_geografischer_bezug-aufnahmeort-frankfurt-am-main-deutschland","207":"pa_grunddaten_material_technik-foto","208":"pa_inventarnummer-tue-69-375-31","209":"pa_jahr_von-14258","210":"pa_mediennummer-74744","211":"pa_objekttyp-fotografie","213":"first","214":"instock","215":"product-type-simple"},"yoast_head":"<!-- This site is optimized with the Yoast SEO plugin v27.4 - https:\/\/yoast.com\/product\/yoast-seo-wordpress\/ -->\n<title>Frau mit Kind bei einer Demonstration gegen den Krieg in Vietnam - Abisag T\u00fcllmann<\/title>\n<meta name=\"robots\" content=\"index, follow, max-snippet:-1, max-image-preview:large, max-video-preview:-1\" \/>\n<link rel=\"canonical\" href=\"https:\/\/bpk-archive.de\/tuellmann\/produkt\/frau-mit-kind-bei-einer-demonstration-gegen-den-krieg-in-vietnam\/\" \/>\n<meta property=\"og:locale\" content=\"de_DE\" \/>\n<meta property=\"og:type\" content=\"article\" \/>\n<meta property=\"og:title\" content=\"Frau mit Kind bei einer Demonstration gegen den Krieg in Vietnam - Abisag T\u00fcllmann\" \/>\n<meta property=\"og:description\" content=\"Das M\u00e4dchen tr\u00e4gt ein Plakat um den Hals, auf dem ein Bildnis von Ho Chi Minh sowie die Parole &#8222;Die Kinder von Vietnam leiden &#8211; Frieden!&#8220; zu sehen sind. (Scan vom VINTAGEPRINT)\" \/>\n<meta property=\"og:url\" content=\"https:\/\/bpk-archive.de\/tuellmann\/produkt\/frau-mit-kind-bei-einer-demonstration-gegen-den-krieg-in-vietnam\/\" \/>\n<meta property=\"og:site_name\" content=\"Abisag T\u00fcllmann\" \/>\n<meta property=\"article:modified_time\" content=\"2020-05-27T15:16:29+00:00\" \/>\n<meta property=\"og:image\" content=\"https:\/\/bpk-archive.de\/tuellmann\/wp-content\/uploads\/2020\/05\/bpk_20034762.jpg\" \/>\n\t<meta property=\"og:image:width\" content=\"1200\" \/>\n\t<meta property=\"og:image:height\" content=\"922\" \/>\n\t<meta property=\"og:image:type\" content=\"image\/jpeg\" \/>\n<meta name=\"twitter:card\" content=\"summary_large_image\" \/>\n<script type=\"application\/ld+json\" class=\"yoast-schema-graph\">{\"@context\":\"https:\\\/\\\/schema.org\",\"@graph\":[{\"@type\":\"WebPage\",\"@id\":\"https:\\\/\\\/bpk-archive.de\\\/tuellmann\\\/produkt\\\/frau-mit-kind-bei-einer-demonstration-gegen-den-krieg-in-vietnam\\\/\",\"url\":\"https:\\\/\\\/bpk-archive.de\\\/tuellmann\\\/produkt\\\/frau-mit-kind-bei-einer-demonstration-gegen-den-krieg-in-vietnam\\\/\",\"name\":\"Frau mit Kind bei einer Demonstration gegen den Krieg in Vietnam - Abisag T\u00fcllmann\",\"isPartOf\":{\"@id\":\"https:\\\/\\\/bpk-archive.de\\\/tuellmann\\\/#website\"},\"primaryImageOfPage\":{\"@id\":\"https:\\\/\\\/bpk-archive.de\\\/tuellmann\\\/produkt\\\/frau-mit-kind-bei-einer-demonstration-gegen-den-krieg-in-vietnam\\\/#primaryimage\"},\"image\":{\"@id\":\"https:\\\/\\\/bpk-archive.de\\\/tuellmann\\\/produkt\\\/frau-mit-kind-bei-einer-demonstration-gegen-den-krieg-in-vietnam\\\/#primaryimage\"},\"thumbnailUrl\":\"https:\\\/\\\/bpk-archive.de\\\/tuellmann\\\/wp-content\\\/uploads\\\/2020\\\/05\\\/bpk_20034762.jpg\",\"datePublished\":\"2020-05-27T15:16:05+00:00\",\"dateModified\":\"2020-05-27T15:16:29+00:00\",\"breadcrumb\":{\"@id\":\"https:\\\/\\\/bpk-archive.de\\\/tuellmann\\\/produkt\\\/frau-mit-kind-bei-einer-demonstration-gegen-den-krieg-in-vietnam\\\/#breadcrumb\"},\"inLanguage\":\"de\",\"potentialAction\":[{\"@type\":\"ReadAction\",\"target\":[\"https:\\\/\\\/bpk-archive.de\\\/tuellmann\\\/produkt\\\/frau-mit-kind-bei-einer-demonstration-gegen-den-krieg-in-vietnam\\\/\"]}]},{\"@type\":\"ImageObject\",\"inLanguage\":\"de\",\"@id\":\"https:\\\/\\\/bpk-archive.de\\\/tuellmann\\\/produkt\\\/frau-mit-kind-bei-einer-demonstration-gegen-den-krieg-in-vietnam\\\/#primaryimage\",\"url\":\"https:\\\/\\\/bpk-archive.de\\\/tuellmann\\\/wp-content\\\/uploads\\\/2020\\\/05\\\/bpk_20034762.jpg\",\"contentUrl\":\"https:\\\/\\\/bpk-archive.de\\\/tuellmann\\\/wp-content\\\/uploads\\\/2020\\\/05\\\/bpk_20034762.jpg\",\"width\":1200,\"height\":922,\"caption\":\"Das M\u00e4dchen tr\u00e4gt ein Plakat um den Hals, auf dem ein Bildnis von Ho Chi Minh sowie die Parole \\\"Die Kinder von Vietnam leiden - Frieden!\\\" zu sehen sind. (Scan vom VINTAGEPRINT) Aufnahmedatum: 15.11.1969 Material\\\/Technik: Foto Aufnahmeort: Frankfurt am Main \\\/ Deutschland Inventar-Nr.: T\u00fc 69\\\/375-31\"},{\"@type\":\"BreadcrumbList\",\"@id\":\"https:\\\/\\\/bpk-archive.de\\\/tuellmann\\\/produkt\\\/frau-mit-kind-bei-einer-demonstration-gegen-den-krieg-in-vietnam\\\/#breadcrumb\",\"itemListElement\":[{\"@type\":\"ListItem\",\"position\":1,\"name\":\"Startseite\",\"item\":\"https:\\\/\\\/bpk-archive.de\\\/tuellmann\\\/\"},{\"@type\":\"ListItem\",\"position\":2,\"name\":\"Shop\",\"item\":\"https:\\\/\\\/bpk-archive.de\\\/tuellmann\\\/shop\\\/\"},{\"@type\":\"ListItem\",\"position\":3,\"name\":\"Frau mit Kind bei einer Demonstration gegen den Krieg in Vietnam\"}]},{\"@type\":\"WebSite\",\"@id\":\"https:\\\/\\\/bpk-archive.de\\\/tuellmann\\\/#website\",\"url\":\"https:\\\/\\\/bpk-archive.de\\\/tuellmann\\\/\",\"name\":\"Abisag T\u00fcllmann\",\"description\":\"Eine weitere WordPress-Website\",\"potentialAction\":[{\"@type\":\"SearchAction\",\"target\":{\"@type\":\"EntryPoint\",\"urlTemplate\":\"https:\\\/\\\/bpk-archive.de\\\/tuellmann\\\/?s={search_term_string}\"},\"query-input\":{\"@type\":\"PropertyValueSpecification\",\"valueRequired\":true,\"valueName\":\"search_term_string\"}}],\"inLanguage\":\"de\"}]}<\/script>\n<!-- \/ Yoast SEO plugin. -->","yoast_head_json":{"title":"Frau mit Kind bei einer Demonstration gegen den Krieg in Vietnam - Abisag T\u00fcllmann","robots":{"index":"index","follow":"follow","max-snippet":"max-snippet:-1","max-image-preview":"max-image-preview:large","max-video-preview":"max-video-preview:-1"},"canonical":"https:\/\/bpk-archive.de\/tuellmann\/produkt\/frau-mit-kind-bei-einer-demonstration-gegen-den-krieg-in-vietnam\/","og_locale":"de_DE","og_type":"article","og_title":"Frau mit Kind bei einer Demonstration gegen den Krieg in Vietnam - Abisag T\u00fcllmann","og_description":"Das M\u00e4dchen tr\u00e4gt ein Plakat um den Hals, auf dem ein Bildnis von Ho Chi Minh sowie die Parole &#8222;Die Kinder von Vietnam leiden &#8211; Frieden!&#8220; zu sehen sind. (Scan vom VINTAGEPRINT)","og_url":"https:\/\/bpk-archive.de\/tuellmann\/produkt\/frau-mit-kind-bei-einer-demonstration-gegen-den-krieg-in-vietnam\/","og_site_name":"Abisag T\u00fcllmann","article_modified_time":"2020-05-27T15:16:29+00:00","og_image":[{"width":1200,"height":922,"url":"https:\/\/bpk-archive.de\/tuellmann\/wp-content\/uploads\/2020\/05\/bpk_20034762.jpg","type":"image\/jpeg"}],"twitter_card":"summary_large_image","schema":{"@context":"https:\/\/schema.org","@graph":[{"@type":"WebPage","@id":"https:\/\/bpk-archive.de\/tuellmann\/produkt\/frau-mit-kind-bei-einer-demonstration-gegen-den-krieg-in-vietnam\/","url":"https:\/\/bpk-archive.de\/tuellmann\/produkt\/frau-mit-kind-bei-einer-demonstration-gegen-den-krieg-in-vietnam\/","name":"Frau mit Kind bei einer Demonstration gegen den Krieg in Vietnam - Abisag T\u00fcllmann","isPartOf":{"@id":"https:\/\/bpk-archive.de\/tuellmann\/#website"},"primaryImageOfPage":{"@id":"https:\/\/bpk-archive.de\/tuellmann\/produkt\/frau-mit-kind-bei-einer-demonstration-gegen-den-krieg-in-vietnam\/#primaryimage"},"image":{"@id":"https:\/\/bpk-archive.de\/tuellmann\/produkt\/frau-mit-kind-bei-einer-demonstration-gegen-den-krieg-in-vietnam\/#primaryimage"},"thumbnailUrl":"https:\/\/bpk-archive.de\/tuellmann\/wp-content\/uploads\/2020\/05\/bpk_20034762.jpg","datePublished":"2020-05-27T15:16:05+00:00","dateModified":"2020-05-27T15:16:29+00:00","breadcrumb":{"@id":"https:\/\/bpk-archive.de\/tuellmann\/produkt\/frau-mit-kind-bei-einer-demonstration-gegen-den-krieg-in-vietnam\/#breadcrumb"},"inLanguage":"de","potentialAction":[{"@type":"ReadAction","target":["https:\/\/bpk-archive.de\/tuellmann\/produkt\/frau-mit-kind-bei-einer-demonstration-gegen-den-krieg-in-vietnam\/"]}]},{"@type":"ImageObject","inLanguage":"de","@id":"https:\/\/bpk-archive.de\/tuellmann\/produkt\/frau-mit-kind-bei-einer-demonstration-gegen-den-krieg-in-vietnam\/#primaryimage","url":"https:\/\/bpk-archive.de\/tuellmann\/wp-content\/uploads\/2020\/05\/bpk_20034762.jpg","contentUrl":"https:\/\/bpk-archive.de\/tuellmann\/wp-content\/uploads\/2020\/05\/bpk_20034762.jpg","width":1200,"height":922,"caption":"Das M\u00e4dchen tr\u00e4gt ein Plakat um den Hals, auf dem ein Bildnis von Ho Chi Minh sowie die Parole \"Die Kinder von Vietnam leiden - Frieden!\" zu sehen sind. (Scan vom VINTAGEPRINT) Aufnahmedatum: 15.11.1969 Material\/Technik: Foto Aufnahmeort: Frankfurt am Main \/ Deutschland Inventar-Nr.: T\u00fc 69\/375-31"},{"@type":"BreadcrumbList","@id":"https:\/\/bpk-archive.de\/tuellmann\/produkt\/frau-mit-kind-bei-einer-demonstration-gegen-den-krieg-in-vietnam\/#breadcrumb","itemListElement":[{"@type":"ListItem","position":1,"name":"Startseite","item":"https:\/\/bpk-archive.de\/tuellmann\/"},{"@type":"ListItem","position":2,"name":"Shop","item":"https:\/\/bpk-archive.de\/tuellmann\/shop\/"},{"@type":"ListItem","position":3,"name":"Frau mit Kind bei einer Demonstration gegen den Krieg in Vietnam"}]},{"@type":"WebSite","@id":"https:\/\/bpk-archive.de\/tuellmann\/#website","url":"https:\/\/bpk-archive.de\/tuellmann\/","name":"Abisag T\u00fcllmann","description":"Eine weitere WordPress-Website","potentialAction":[{"@type":"SearchAction","target":{"@type":"EntryPoint","urlTemplate":"https:\/\/bpk-archive.de\/tuellmann\/?s={search_term_string}"},"query-input":{"@type":"PropertyValueSpecification","valueRequired":true,"valueName":"search_term_string"}}],"inLanguage":"de"}]}},"_links":{"self":[{"href":"https:\/\/bpk-archive.de\/tuellmann\/wp-json\/wp\/v2\/product\/70316423","targetHints":{"allow":["GET"]}}],"collection":[{"href":"https:\/\/bpk-archive.de\/tuellmann\/wp-json\/wp\/v2\/product"}],"about":[{"href":"https:\/\/bpk-archive.de\/tuellmann\/wp-json\/wp\/v2\/types\/product"}],"wp:featuredmedia":[{"embeddable":true,"href":"https:\/\/bpk-archive.de\/tuellmann\/wp-json\/wp\/v2\/media\/70316038"}],"wp:attachment":[{"href":"https:\/\/bpk-archive.de\/tuellmann\/wp-json\/wp\/v2\/media?parent=70316423"}],"wp:term":[{"taxonomy":"product_brand","embeddable":true,"href":"https:\/\/bpk-archive.de\/tuellmann\/wp-json\/wp\/v2\/product_brand?post=70316423"},{"taxonomy":"product_cat","embeddable":true,"href":"https:\/\/bpk-archive.de\/tuellmann\/wp-json\/wp\/v2\/product_cat?post=70316423"},{"taxonomy":"product_tag","embeddable":true,"href":"https:\/\/bpk-archive.de\/tuellmann\/wp-json\/wp\/v2\/product_tag?post=70316423"}],"curies":[{"name":"wp","href":"https:\/\/api.w.org\/{rel}","templated":true}]}}