{"id":70316288,"date":"2020-05-27T17:13:34","date_gmt":"2020-05-27T15:13:34","guid":{"rendered":"https:\/\/bpk-archive.de\/tuellmann\/\/atbild\/gelegenheitsarbeiter-der-grossmarkthalle-frankfurt-in-ihrem-stammcafe\/"},"modified":"2020-05-27T17:13:38","modified_gmt":"2020-05-27T15:13:38","slug":"gelegenheitsarbeiter-der-grossmarkthalle-frankfurt-in-ihrem-stammcafe","status":"publish","type":"product","link":"https:\/\/bpk-archive.de\/tuellmann\/produkt\/gelegenheitsarbeiter-der-grossmarkthalle-frankfurt-in-ihrem-stammcafe\/","title":{"rendered":"Gelegenheitsarbeiter der Gro\u00dfmarkthalle Frankfurt in ihrem Stammcaf\u00e9"},"content":{"rendered":"<p>(Scan vom Neuprint)<\/p>\n","protected":false},"excerpt":{"rendered":"<p>(Scan vom Neuprint)<\/p>\n","protected":false},"featured_media":70315772,"template":"","meta":[],"product_brand":[],"product_cat":[],"product_tag":[13774,13232,13234,13231,13233,13775,13777,13604,13605,53961,53962,53963,53964,13784,13785,13469,13470,48719,48720,55974,55975,55976,48721,14060,14061,13253,13254,13255,13256,13257,13471,13472,13960,13961,13962,13963,13964,13965,13473,13293,13786,13787,13294,13295,13485,13486,13482,13481,13483,13484,13979,13980,13981,56232,13492,13493,13494,13495,13496,13497,53711,13498,49420,48732,48733,55505,55506,51382,49748,13818,13819,13826,56342,56343,50374,50375,13328,13827,13828,13329,13330,13829,13830,13831,13832,13833,13834,13835,13836,13837,13838,13839,13840,13841,13842,13843,13844,13845,48671,48672,13846,13847,48673,48674,48675,48676,47958,48677,14073,14074,14075,14076,14077,48678,13877,13879,73769,13865,13864,13866,13858,13859,13860,13861,13862,13863,13867,14243,14244,14245,14246,14247,14248,14249,47967,13878,13880,73770,66568,13525,50018,55994,14081,14082,48686],"class_list":{"0":"post-70316288","1":"product","2":"type-product","3":"status-publish","4":"has-post-thumbnail","6":"product_tag-1960er-jahre","7":"product_tag-20-jahrhundert-nach-chr","8":"product_tag-20-jh-n-chr","9":"product_tag-20-jahrhundert","10":"product_tag-20-jh","11":"product_tag-60er","12":"product_tag-abzug","13":"product_tag-arbeiter","14":"product_tag-arbeitern","15":"product_tag-arbeiterportrait","16":"product_tag-arbeiterportraits","17":"product_tag-arbeiterportraet","18":"product_tag-arbeiterportraets","19":"product_tag-bildnis","20":"product_tag-bildnisse","21":"product_tag-brd","22":"product_tag-bundesrepublik-deutschland","23":"product_tag-cafe","24":"product_tag-cafehaus","25":"product_tag-cafehaustisch","26":"product_tag-cafehaustische","27":"product_tag-cafehaustischen","28":"product_tag-cafes","29":"product_tag-cigarette","30":"product_tag-cigaretten","31":"product_tag-deutsch","32":"product_tag-deutsche","33":"product_tag-deutschen","34":"product_tag-deutscher","35":"product_tag-deutsches","36":"product_tag-deutschland","37":"product_tag-deutschlands","38":"product_tag-doppelbildnis","39":"product_tag-doppelbildnisse","40":"product_tag-doppelportrait","41":"product_tag-doppelportraits","42":"product_tag-doppelportraet","43":"product_tag-doppelportraets","44":"product_tag-drinnen","45":"product_tag-foto","46":"product_tag-fotoabzug","47":"product_tag-fotoabzuege","48":"product_tag-fotografie","49":"product_tag-fotografien","50":"product_tag-frankfurt-m","51":"product_tag-frankfurt-main","52":"product_tag-frankfurt-a-main","53":"product_tag-frankfurt-a-m","54":"product_tag-frankfurt-am-main","55":"product_tag-frankfurter","56":"product_tag-gast","57":"product_tag-gaeste","58":"product_tag-gaesten","59":"product_tag-grossmarkt","60":"product_tag-hessen","61":"product_tag-hessisch","62":"product_tag-hessische","63":"product_tag-hessischen","64":"product_tag-hessischer","65":"product_tag-hessisches","66":"product_tag-hilfsarbeiter","67":"product_tag-innen","68":"product_tag-kaffee","69":"product_tag-kaffeehaus","70":"product_tag-kaffeehaeuser","71":"product_tag-kaffeetasse","72":"product_tag-kaffeetassen","73":"product_tag-kaffeetrinken","74":"product_tag-lesen","75":"product_tag-mann","76":"product_tag-maenner","77":"product_tag-mannes","78":"product_tag-markthalle","79":"product_tag-markthallen","80":"product_tag-pause","81":"product_tag-pausen","82":"product_tag-photo","83":"product_tag-photoabzug","84":"product_tag-photoabzuege","85":"product_tag-photographie","86":"product_tag-photographien","87":"product_tag-portrait","88":"product_tag-portraitaufnahme","89":"product_tag-portraitfoto","90":"product_tag-portraitfotografie","91":"product_tag-portraitphoto","92":"product_tag-portraitphotographie","93":"product_tag-portraits","94":"product_tag-portraet","95":"product_tag-portraetaufnahme","96":"product_tag-portraetfoto","97":"product_tag-portraetfotografie","98":"product_tag-portraetphoto","99":"product_tag-portraetphotographie","100":"product_tag-portraets","101":"product_tag-print","102":"product_tag-profil","103":"product_tag-profilansicht","104":"product_tag-profilaufnahme","105":"product_tag-profilaufnahmen","106":"product_tag-profilbild","107":"product_tag-profilbildnis","108":"product_tag-profilfoto","109":"product_tag-profilfotos","110":"product_tag-profilphoto","111":"product_tag-profilphotos","112":"product_tag-querformat","113":"product_tag-rauchen","114":"product_tag-rauchend","115":"product_tag-rauchende","116":"product_tag-rauchenden","117":"product_tag-rauchender","118":"product_tag-rauchendes","119":"product_tag-raucher","120":"product_tag-s-w-fotografie","121":"product_tag-s-w-photographie","122":"product_tag-schirmmuetze","123":"product_tag-schwarzweissphotographie","124":"product_tag-schwarz-weiss-fotografie","125":"product_tag-schwarz-weiss-photographie","126":"product_tag-schwarzweiss","127":"product_tag-schwarzweisse","128":"product_tag-schwarzweissen","129":"product_tag-schwarzweisser","130":"product_tag-schwarzweisses","131":"product_tag-schwarzweissfotografie","132":"product_tag-sechziger","133":"product_tag-sitzen","134":"product_tag-sitzend","135":"product_tag-sitzende","136":"product_tag-sitzenden","137":"product_tag-sitzender","138":"product_tag-sitzendes","139":"product_tag-sitzt","140":"product_tag-sw","141":"product_tag-sw-fotografie","142":"product_tag-sw-photographie","143":"product_tag-systematik_126_7080_220","144":"product_tag-tabak","145":"product_tag-von-innen","146":"product_tag-zeitung","147":"product_tag-zeitungslektuere","148":"product_tag-zigarette","149":"product_tag-zigaretten","150":"product_tag-zigarettenraucher","151":"pa_datierung-20403","152":"pa_fotograf-abisag-tuellmann","153":"pa_geografischer_bezug-aufnahmeort-frankfurt-am-main-deutschland","154":"pa_grunddaten_material_technik-foto","155":"pa_inventarnummer-tue-62-117-08","156":"pa_jahr_von-57345","157":"pa_mediennummer-73767","158":"pa_objekttyp-fotografie","160":"first","161":"instock","162":"product-type-simple"},"yoast_head":"<!-- This site is optimized with the Yoast SEO plugin v27.4 - https:\/\/yoast.com\/product\/yoast-seo-wordpress\/ -->\n<title>Gelegenheitsarbeiter der Gro\u00dfmarkthalle Frankfurt in ihrem Stammcaf\u00e9 - Abisag T\u00fcllmann<\/title>\n<meta name=\"robots\" content=\"index, follow, max-snippet:-1, max-image-preview:large, max-video-preview:-1\" \/>\n<link rel=\"canonical\" href=\"https:\/\/bpk-archive.de\/tuellmann\/produkt\/gelegenheitsarbeiter-der-grossmarkthalle-frankfurt-in-ihrem-stammcafe\/\" \/>\n<meta property=\"og:locale\" content=\"de_DE\" \/>\n<meta property=\"og:type\" content=\"article\" \/>\n<meta property=\"og:title\" content=\"Gelegenheitsarbeiter der Gro\u00dfmarkthalle Frankfurt in ihrem Stammcaf\u00e9 - Abisag T\u00fcllmann\" \/>\n<meta property=\"og:description\" content=\"(Scan vom Neuprint)\" \/>\n<meta property=\"og:url\" content=\"https:\/\/bpk-archive.de\/tuellmann\/produkt\/gelegenheitsarbeiter-der-grossmarkthalle-frankfurt-in-ihrem-stammcafe\/\" \/>\n<meta property=\"og:site_name\" content=\"Abisag T\u00fcllmann\" \/>\n<meta property=\"article:modified_time\" content=\"2020-05-27T15:13:38+00:00\" \/>\n<meta property=\"og:image\" content=\"https:\/\/bpk-archive.de\/tuellmann\/wp-content\/uploads\/2020\/05\/bpk_30004354.jpg\" \/>\n\t<meta property=\"og:image:width\" content=\"1200\" \/>\n\t<meta property=\"og:image:height\" content=\"837\" \/>\n\t<meta property=\"og:image:type\" content=\"image\/jpeg\" \/>\n<meta name=\"twitter:card\" content=\"summary_large_image\" \/>\n<script type=\"application\/ld+json\" class=\"yoast-schema-graph\">{\"@context\":\"https:\\\/\\\/schema.org\",\"@graph\":[{\"@type\":\"WebPage\",\"@id\":\"https:\\\/\\\/bpk-archive.de\\\/tuellmann\\\/produkt\\\/gelegenheitsarbeiter-der-grossmarkthalle-frankfurt-in-ihrem-stammcafe\\\/\",\"url\":\"https:\\\/\\\/bpk-archive.de\\\/tuellmann\\\/produkt\\\/gelegenheitsarbeiter-der-grossmarkthalle-frankfurt-in-ihrem-stammcafe\\\/\",\"name\":\"Gelegenheitsarbeiter der Gro\u00dfmarkthalle Frankfurt in ihrem Stammcaf\u00e9 - Abisag T\u00fcllmann\",\"isPartOf\":{\"@id\":\"https:\\\/\\\/bpk-archive.de\\\/tuellmann\\\/#website\"},\"primaryImageOfPage\":{\"@id\":\"https:\\\/\\\/bpk-archive.de\\\/tuellmann\\\/produkt\\\/gelegenheitsarbeiter-der-grossmarkthalle-frankfurt-in-ihrem-stammcafe\\\/#primaryimage\"},\"image\":{\"@id\":\"https:\\\/\\\/bpk-archive.de\\\/tuellmann\\\/produkt\\\/gelegenheitsarbeiter-der-grossmarkthalle-frankfurt-in-ihrem-stammcafe\\\/#primaryimage\"},\"thumbnailUrl\":\"https:\\\/\\\/bpk-archive.de\\\/tuellmann\\\/wp-content\\\/uploads\\\/2020\\\/05\\\/bpk_30004354.jpg\",\"datePublished\":\"2020-05-27T15:13:34+00:00\",\"dateModified\":\"2020-05-27T15:13:38+00:00\",\"breadcrumb\":{\"@id\":\"https:\\\/\\\/bpk-archive.de\\\/tuellmann\\\/produkt\\\/gelegenheitsarbeiter-der-grossmarkthalle-frankfurt-in-ihrem-stammcafe\\\/#breadcrumb\"},\"inLanguage\":\"de\",\"potentialAction\":[{\"@type\":\"ReadAction\",\"target\":[\"https:\\\/\\\/bpk-archive.de\\\/tuellmann\\\/produkt\\\/gelegenheitsarbeiter-der-grossmarkthalle-frankfurt-in-ihrem-stammcafe\\\/\"]}]},{\"@type\":\"ImageObject\",\"inLanguage\":\"de\",\"@id\":\"https:\\\/\\\/bpk-archive.de\\\/tuellmann\\\/produkt\\\/gelegenheitsarbeiter-der-grossmarkthalle-frankfurt-in-ihrem-stammcafe\\\/#primaryimage\",\"url\":\"https:\\\/\\\/bpk-archive.de\\\/tuellmann\\\/wp-content\\\/uploads\\\/2020\\\/05\\\/bpk_30004354.jpg\",\"contentUrl\":\"https:\\\/\\\/bpk-archive.de\\\/tuellmann\\\/wp-content\\\/uploads\\\/2020\\\/05\\\/bpk_30004354.jpg\",\"width\":1200,\"height\":837,\"caption\":\"(Scan vom Neuprint) Aufnahmedatum: 1962 Material\\\/Technik: Foto Aufnahmeort: Frankfurt am Main \\\/ Deutschland Inventar-Nr.: T\u00fc 62\\\/117-08\"},{\"@type\":\"BreadcrumbList\",\"@id\":\"https:\\\/\\\/bpk-archive.de\\\/tuellmann\\\/produkt\\\/gelegenheitsarbeiter-der-grossmarkthalle-frankfurt-in-ihrem-stammcafe\\\/#breadcrumb\",\"itemListElement\":[{\"@type\":\"ListItem\",\"position\":1,\"name\":\"Startseite\",\"item\":\"https:\\\/\\\/bpk-archive.de\\\/tuellmann\\\/\"},{\"@type\":\"ListItem\",\"position\":2,\"name\":\"Shop\",\"item\":\"https:\\\/\\\/bpk-archive.de\\\/tuellmann\\\/shop\\\/\"},{\"@type\":\"ListItem\",\"position\":3,\"name\":\"Gelegenheitsarbeiter der Gro\u00dfmarkthalle Frankfurt in ihrem Stammcaf\u00e9\"}]},{\"@type\":\"WebSite\",\"@id\":\"https:\\\/\\\/bpk-archive.de\\\/tuellmann\\\/#website\",\"url\":\"https:\\\/\\\/bpk-archive.de\\\/tuellmann\\\/\",\"name\":\"Abisag T\u00fcllmann\",\"description\":\"Eine weitere WordPress-Website\",\"potentialAction\":[{\"@type\":\"SearchAction\",\"target\":{\"@type\":\"EntryPoint\",\"urlTemplate\":\"https:\\\/\\\/bpk-archive.de\\\/tuellmann\\\/?s={search_term_string}\"},\"query-input\":{\"@type\":\"PropertyValueSpecification\",\"valueRequired\":true,\"valueName\":\"search_term_string\"}}],\"inLanguage\":\"de\"}]}<\/script>\n<!-- \/ Yoast SEO plugin. -->","yoast_head_json":{"title":"Gelegenheitsarbeiter der Gro\u00dfmarkthalle Frankfurt in ihrem Stammcaf\u00e9 - Abisag T\u00fcllmann","robots":{"index":"index","follow":"follow","max-snippet":"max-snippet:-1","max-image-preview":"max-image-preview:large","max-video-preview":"max-video-preview:-1"},"canonical":"https:\/\/bpk-archive.de\/tuellmann\/produkt\/gelegenheitsarbeiter-der-grossmarkthalle-frankfurt-in-ihrem-stammcafe\/","og_locale":"de_DE","og_type":"article","og_title":"Gelegenheitsarbeiter der Gro\u00dfmarkthalle Frankfurt in ihrem Stammcaf\u00e9 - Abisag T\u00fcllmann","og_description":"(Scan vom Neuprint)","og_url":"https:\/\/bpk-archive.de\/tuellmann\/produkt\/gelegenheitsarbeiter-der-grossmarkthalle-frankfurt-in-ihrem-stammcafe\/","og_site_name":"Abisag T\u00fcllmann","article_modified_time":"2020-05-27T15:13:38+00:00","og_image":[{"width":1200,"height":837,"url":"https:\/\/bpk-archive.de\/tuellmann\/wp-content\/uploads\/2020\/05\/bpk_30004354.jpg","type":"image\/jpeg"}],"twitter_card":"summary_large_image","schema":{"@context":"https:\/\/schema.org","@graph":[{"@type":"WebPage","@id":"https:\/\/bpk-archive.de\/tuellmann\/produkt\/gelegenheitsarbeiter-der-grossmarkthalle-frankfurt-in-ihrem-stammcafe\/","url":"https:\/\/bpk-archive.de\/tuellmann\/produkt\/gelegenheitsarbeiter-der-grossmarkthalle-frankfurt-in-ihrem-stammcafe\/","name":"Gelegenheitsarbeiter der Gro\u00dfmarkthalle Frankfurt in ihrem Stammcaf\u00e9 - Abisag T\u00fcllmann","isPartOf":{"@id":"https:\/\/bpk-archive.de\/tuellmann\/#website"},"primaryImageOfPage":{"@id":"https:\/\/bpk-archive.de\/tuellmann\/produkt\/gelegenheitsarbeiter-der-grossmarkthalle-frankfurt-in-ihrem-stammcafe\/#primaryimage"},"image":{"@id":"https:\/\/bpk-archive.de\/tuellmann\/produkt\/gelegenheitsarbeiter-der-grossmarkthalle-frankfurt-in-ihrem-stammcafe\/#primaryimage"},"thumbnailUrl":"https:\/\/bpk-archive.de\/tuellmann\/wp-content\/uploads\/2020\/05\/bpk_30004354.jpg","datePublished":"2020-05-27T15:13:34+00:00","dateModified":"2020-05-27T15:13:38+00:00","breadcrumb":{"@id":"https:\/\/bpk-archive.de\/tuellmann\/produkt\/gelegenheitsarbeiter-der-grossmarkthalle-frankfurt-in-ihrem-stammcafe\/#breadcrumb"},"inLanguage":"de","potentialAction":[{"@type":"ReadAction","target":["https:\/\/bpk-archive.de\/tuellmann\/produkt\/gelegenheitsarbeiter-der-grossmarkthalle-frankfurt-in-ihrem-stammcafe\/"]}]},{"@type":"ImageObject","inLanguage":"de","@id":"https:\/\/bpk-archive.de\/tuellmann\/produkt\/gelegenheitsarbeiter-der-grossmarkthalle-frankfurt-in-ihrem-stammcafe\/#primaryimage","url":"https:\/\/bpk-archive.de\/tuellmann\/wp-content\/uploads\/2020\/05\/bpk_30004354.jpg","contentUrl":"https:\/\/bpk-archive.de\/tuellmann\/wp-content\/uploads\/2020\/05\/bpk_30004354.jpg","width":1200,"height":837,"caption":"(Scan vom Neuprint) Aufnahmedatum: 1962 Material\/Technik: Foto Aufnahmeort: Frankfurt am Main \/ Deutschland Inventar-Nr.: T\u00fc 62\/117-08"},{"@type":"BreadcrumbList","@id":"https:\/\/bpk-archive.de\/tuellmann\/produkt\/gelegenheitsarbeiter-der-grossmarkthalle-frankfurt-in-ihrem-stammcafe\/#breadcrumb","itemListElement":[{"@type":"ListItem","position":1,"name":"Startseite","item":"https:\/\/bpk-archive.de\/tuellmann\/"},{"@type":"ListItem","position":2,"name":"Shop","item":"https:\/\/bpk-archive.de\/tuellmann\/shop\/"},{"@type":"ListItem","position":3,"name":"Gelegenheitsarbeiter der Gro\u00dfmarkthalle Frankfurt in ihrem Stammcaf\u00e9"}]},{"@type":"WebSite","@id":"https:\/\/bpk-archive.de\/tuellmann\/#website","url":"https:\/\/bpk-archive.de\/tuellmann\/","name":"Abisag T\u00fcllmann","description":"Eine weitere WordPress-Website","potentialAction":[{"@type":"SearchAction","target":{"@type":"EntryPoint","urlTemplate":"https:\/\/bpk-archive.de\/tuellmann\/?s={search_term_string}"},"query-input":{"@type":"PropertyValueSpecification","valueRequired":true,"valueName":"search_term_string"}}],"inLanguage":"de"}]}},"_links":{"self":[{"href":"https:\/\/bpk-archive.de\/tuellmann\/wp-json\/wp\/v2\/product\/70316288","targetHints":{"allow":["GET"]}}],"collection":[{"href":"https:\/\/bpk-archive.de\/tuellmann\/wp-json\/wp\/v2\/product"}],"about":[{"href":"https:\/\/bpk-archive.de\/tuellmann\/wp-json\/wp\/v2\/types\/product"}],"wp:featuredmedia":[{"embeddable":true,"href":"https:\/\/bpk-archive.de\/tuellmann\/wp-json\/wp\/v2\/media\/70315772"}],"wp:attachment":[{"href":"https:\/\/bpk-archive.de\/tuellmann\/wp-json\/wp\/v2\/media?parent=70316288"}],"wp:term":[{"taxonomy":"product_brand","embeddable":true,"href":"https:\/\/bpk-archive.de\/tuellmann\/wp-json\/wp\/v2\/product_brand?post=70316288"},{"taxonomy":"product_cat","embeddable":true,"href":"https:\/\/bpk-archive.de\/tuellmann\/wp-json\/wp\/v2\/product_cat?post=70316288"},{"taxonomy":"product_tag","embeddable":true,"href":"https:\/\/bpk-archive.de\/tuellmann\/wp-json\/wp\/v2\/product_tag?post=70316288"}],"curies":[{"name":"wp","href":"https:\/\/api.w.org\/{rel}","templated":true}]}}