{"id":70316160,"date":"2020-05-27T17:11:40","date_gmt":"2020-05-27T15:11:40","guid":{"rendered":"https:\/\/bpk-archive.de\/tuellmann\/\/atbild\/rueckseite-von-zentralbankratssitzung-2\/"},"modified":"2020-05-27T17:11:55","modified_gmt":"2020-05-27T15:11:55","slug":"rueckseite-von-zentralbankratssitzung-2","status":"publish","type":"product","link":"https:\/\/bpk-archive.de\/tuellmann\/produkt\/rueckseite-von-zentralbankratssitzung-2\/","title":{"rendered":"R\u00fcckseite von: Zentralbankratssitzung"},"content":{"rendered":"<p>Vorne links: Pr\u00e4sident der Deutschen Bundesbank Otmar Emminger Vorderseite siehe: 70242958 R\u00fcckseitenbeschriftung von anderer Hand: &#8222;Zentralbankratssitzung, Frankfurt\/M.&#8220;<\/p>\n","protected":false},"excerpt":{"rendered":"<p>Vorne links: Pr\u00e4sident der Deutschen Bundesbank Otmar Emminger Vorderseite siehe: 70242958 R\u00fcckseitenbeschriftung von anderer Hand: &#8222;Zentralbankratssitzung, Frankfurt\/M.&#8220;<\/p>\n","protected":false},"featured_media":70292354,"template":"","meta":[],"product_brand":[],"product_cat":[],"product_tag":[13230,13232,13234,13231,13233,13235,14262,13777,55446,55447,47456,47457,47458,47459,47460,47461,47462,14263,50202,47876,47877,47878,47879,73492,13469,13470,13253,13254,13255,13256,13257,13471,13472,13293,13786,13787,73493,13294,13295,13296,13297,13485,13486,13482,13481,13483,13484,51357,51358,51359,51360,51361,48439,13492,13493,13494,13495,13496,13497,52130,51841,51842,13328,13827,13828,13329,13330,13331,13332,13843,47594,47595,13877,13879,13865,13864,13866,13858,13859,13860,13861,13862,13863,13354,13869,13870,13871,13872,48454,48455,48456,48457,48458,48459,48460,48461,48462,53855,13878,13880,48366,48367,47615,48368],"class_list":{"0":"post-70316160","1":"product","2":"type-product","3":"status-publish","4":"has-post-thumbnail","6":"product_tag-1970er-jahre","7":"product_tag-20-jahrhundert-nach-chr","8":"product_tag-20-jh-n-chr","9":"product_tag-20-jahrhundert","10":"product_tag-20-jh","11":"product_tag-70er","12":"product_tag-abt_008","13":"product_tag-abzug","14":"product_tag-agentur","15":"product_tag-agenturen","16":"product_tag-arbeit","17":"product_tag-arbeiten","18":"product_tag-arbeitend","19":"product_tag-arbeitende","20":"product_tag-arbeitenden","21":"product_tag-arbeitender","22":"product_tag-arbeitendes","23":"product_tag-at_arbeit","24":"product_tag-ausschnitt","25":"product_tag-beruf","26":"product_tag-berufe","27":"product_tag-berufes","28":"product_tag-berufs","29":"product_tag-bildagentur","30":"product_tag-brd","31":"product_tag-bundesrepublik-deutschland","32":"product_tag-deutsch","33":"product_tag-deutsche","34":"product_tag-deutschen","35":"product_tag-deutscher","36":"product_tag-deutsches","37":"product_tag-deutschland","38":"product_tag-deutschlands","39":"product_tag-foto","40":"product_tag-fotoabzug","41":"product_tag-fotoabzuege","42":"product_tag-fotoagentur","43":"product_tag-fotografie","44":"product_tag-fotografien","45":"product_tag-fotografin","46":"product_tag-fotografinnen","47":"product_tag-frankfurt-m","48":"product_tag-frankfurt-main","49":"product_tag-frankfurt-a-main","50":"product_tag-frankfurt-a-m","51":"product_tag-frankfurt-am-main","52":"product_tag-frankfurter","53":"product_tag-franzoesisch","54":"product_tag-franzoesische","55":"product_tag-franzoesischen","56":"product_tag-franzoesischer","57":"product_tag-franzoesisches","58":"product_tag-gestempelt","59":"product_tag-hessen","60":"product_tag-hessisch","61":"product_tag-hessische","62":"product_tag-hessischen","63":"product_tag-hessischer","64":"product_tag-hessisches","65":"product_tag-markierung","66":"product_tag-notiz","67":"product_tag-notizen","68":"product_tag-photo","69":"product_tag-photoabzug","70":"product_tag-photoabzuege","71":"product_tag-photographie","72":"product_tag-photographien","73":"product_tag-photographin","74":"product_tag-photographinnen","75":"product_tag-print","76":"product_tag-rueckansicht","77":"product_tag-rueckseite","78":"product_tag-s-w-fotografie","79":"product_tag-s-w-photographie","80":"product_tag-schwarzweissphotographie","81":"product_tag-schwarz-weiss-fotografie","82":"product_tag-schwarz-weiss-photographie","83":"product_tag-schwarzweiss","84":"product_tag-schwarzweisse","85":"product_tag-schwarzweissen","86":"product_tag-schwarzweisser","87":"product_tag-schwarzweisses","88":"product_tag-schwarzweissfotografie","89":"product_tag-siebziger","90":"product_tag-silbergelatine","91":"product_tag-silbergelatineabzug","92":"product_tag-silbergelatineabzuege","93":"product_tag-silbergelatineprint","94":"product_tag-stempel","95":"product_tag-stempelabdruck","96":"product_tag-stempelabdruecke","97":"product_tag-stempelabdruckes","98":"product_tag-stempelabdrucks","99":"product_tag-stempeldruck","100":"product_tag-stempeldrucke","101":"product_tag-stempeldruckes","102":"product_tag-stempeldrucks","103":"product_tag-stempels","104":"product_tag-sw-fotografie","105":"product_tag-sw-photographie","106":"product_tag-v","107":"product_tag-verso","108":"product_tag-von-hinten","109":"product_tag-vs","110":"pa_datierung-november-1977","111":"pa_fotograf-abisag-tuellmann","112":"pa_geografischer_bezug-aufnahmeort-frankfurt-am-main-deutschland","113":"pa_grunddaten_material_technik-foto-silbergelatine-auf-barytpapier","114":"pa_inventarnummer-tue-77-373-10a","115":"pa_jahr_von-49467","116":"pa_massangaben-bildformat-foto-232-x-302-cm","117":"pa_mediennummer-66227","118":"pa_objekttyp-fotografie","120":"first","121":"instock","122":"product-type-simple"},"yoast_head":"<!-- This site is optimized with the Yoast SEO plugin v27.4 - https:\/\/yoast.com\/product\/yoast-seo-wordpress\/ -->\n<title>R\u00fcckseite von: Zentralbankratssitzung - Abisag T\u00fcllmann<\/title>\n<meta name=\"robots\" content=\"index, follow, max-snippet:-1, max-image-preview:large, max-video-preview:-1\" \/>\n<link rel=\"canonical\" href=\"https:\/\/bpk-archive.de\/tuellmann\/produkt\/rueckseite-von-zentralbankratssitzung-2\/\" \/>\n<meta property=\"og:locale\" content=\"de_DE\" \/>\n<meta property=\"og:type\" content=\"article\" \/>\n<meta property=\"og:title\" content=\"R\u00fcckseite von: Zentralbankratssitzung - Abisag T\u00fcllmann\" \/>\n<meta property=\"og:description\" content=\"Vorne links: Pr\u00e4sident der Deutschen Bundesbank Otmar Emminger Vorderseite siehe: 70242958 R\u00fcckseitenbeschriftung von anderer Hand: &#8222;Zentralbankratssitzung, Frankfurt\/M.&#8220;\" \/>\n<meta property=\"og:url\" content=\"https:\/\/bpk-archive.de\/tuellmann\/produkt\/rueckseite-von-zentralbankratssitzung-2\/\" \/>\n<meta property=\"og:site_name\" content=\"Abisag T\u00fcllmann\" \/>\n<meta property=\"article:modified_time\" content=\"2020-05-27T15:11:55+00:00\" \/>\n<meta property=\"og:image\" content=\"https:\/\/bpk-archive.de\/tuellmann\/wp-content\/uploads\/2019\/08\/bpk_70242959.jpg\" \/>\n\t<meta property=\"og:image:width\" content=\"1200\" \/>\n\t<meta property=\"og:image:height\" content=\"935\" \/>\n\t<meta property=\"og:image:type\" content=\"image\/jpeg\" \/>\n<meta name=\"twitter:card\" content=\"summary_large_image\" \/>\n<script type=\"application\/ld+json\" class=\"yoast-schema-graph\">{\"@context\":\"https:\\\/\\\/schema.org\",\"@graph\":[{\"@type\":\"WebPage\",\"@id\":\"https:\\\/\\\/bpk-archive.de\\\/tuellmann\\\/produkt\\\/rueckseite-von-zentralbankratssitzung-2\\\/\",\"url\":\"https:\\\/\\\/bpk-archive.de\\\/tuellmann\\\/produkt\\\/rueckseite-von-zentralbankratssitzung-2\\\/\",\"name\":\"R\u00fcckseite von: Zentralbankratssitzung - Abisag T\u00fcllmann\",\"isPartOf\":{\"@id\":\"https:\\\/\\\/bpk-archive.de\\\/tuellmann\\\/#website\"},\"primaryImageOfPage\":{\"@id\":\"https:\\\/\\\/bpk-archive.de\\\/tuellmann\\\/produkt\\\/rueckseite-von-zentralbankratssitzung-2\\\/#primaryimage\"},\"image\":{\"@id\":\"https:\\\/\\\/bpk-archive.de\\\/tuellmann\\\/produkt\\\/rueckseite-von-zentralbankratssitzung-2\\\/#primaryimage\"},\"thumbnailUrl\":\"https:\\\/\\\/bpk-archive.de\\\/tuellmann\\\/wp-content\\\/uploads\\\/2019\\\/08\\\/bpk_70242959.jpg\",\"datePublished\":\"2020-05-27T15:11:40+00:00\",\"dateModified\":\"2020-05-27T15:11:55+00:00\",\"breadcrumb\":{\"@id\":\"https:\\\/\\\/bpk-archive.de\\\/tuellmann\\\/produkt\\\/rueckseite-von-zentralbankratssitzung-2\\\/#breadcrumb\"},\"inLanguage\":\"de\",\"potentialAction\":[{\"@type\":\"ReadAction\",\"target\":[\"https:\\\/\\\/bpk-archive.de\\\/tuellmann\\\/produkt\\\/rueckseite-von-zentralbankratssitzung-2\\\/\"]}]},{\"@type\":\"ImageObject\",\"inLanguage\":\"de\",\"@id\":\"https:\\\/\\\/bpk-archive.de\\\/tuellmann\\\/produkt\\\/rueckseite-von-zentralbankratssitzung-2\\\/#primaryimage\",\"url\":\"https:\\\/\\\/bpk-archive.de\\\/tuellmann\\\/wp-content\\\/uploads\\\/2019\\\/08\\\/bpk_70242959.jpg\",\"contentUrl\":\"https:\\\/\\\/bpk-archive.de\\\/tuellmann\\\/wp-content\\\/uploads\\\/2019\\\/08\\\/bpk_70242959.jpg\",\"width\":1200,\"height\":935,\"caption\":\"R\u00fcckseite von: Zentralbankratssitzung\"},{\"@type\":\"BreadcrumbList\",\"@id\":\"https:\\\/\\\/bpk-archive.de\\\/tuellmann\\\/produkt\\\/rueckseite-von-zentralbankratssitzung-2\\\/#breadcrumb\",\"itemListElement\":[{\"@type\":\"ListItem\",\"position\":1,\"name\":\"Startseite\",\"item\":\"https:\\\/\\\/bpk-archive.de\\\/tuellmann\\\/\"},{\"@type\":\"ListItem\",\"position\":2,\"name\":\"Shop\",\"item\":\"https:\\\/\\\/bpk-archive.de\\\/tuellmann\\\/shop\\\/\"},{\"@type\":\"ListItem\",\"position\":3,\"name\":\"R\u00fcckseite von: Zentralbankratssitzung\"}]},{\"@type\":\"WebSite\",\"@id\":\"https:\\\/\\\/bpk-archive.de\\\/tuellmann\\\/#website\",\"url\":\"https:\\\/\\\/bpk-archive.de\\\/tuellmann\\\/\",\"name\":\"Abisag T\u00fcllmann\",\"description\":\"Eine weitere WordPress-Website\",\"potentialAction\":[{\"@type\":\"SearchAction\",\"target\":{\"@type\":\"EntryPoint\",\"urlTemplate\":\"https:\\\/\\\/bpk-archive.de\\\/tuellmann\\\/?s={search_term_string}\"},\"query-input\":{\"@type\":\"PropertyValueSpecification\",\"valueRequired\":true,\"valueName\":\"search_term_string\"}}],\"inLanguage\":\"de\"}]}<\/script>\n<!-- \/ Yoast SEO plugin. -->","yoast_head_json":{"title":"R\u00fcckseite von: Zentralbankratssitzung - Abisag T\u00fcllmann","robots":{"index":"index","follow":"follow","max-snippet":"max-snippet:-1","max-image-preview":"max-image-preview:large","max-video-preview":"max-video-preview:-1"},"canonical":"https:\/\/bpk-archive.de\/tuellmann\/produkt\/rueckseite-von-zentralbankratssitzung-2\/","og_locale":"de_DE","og_type":"article","og_title":"R\u00fcckseite von: Zentralbankratssitzung - Abisag T\u00fcllmann","og_description":"Vorne links: Pr\u00e4sident der Deutschen Bundesbank Otmar Emminger Vorderseite siehe: 70242958 R\u00fcckseitenbeschriftung von anderer Hand: &#8222;Zentralbankratssitzung, Frankfurt\/M.&#8220;","og_url":"https:\/\/bpk-archive.de\/tuellmann\/produkt\/rueckseite-von-zentralbankratssitzung-2\/","og_site_name":"Abisag T\u00fcllmann","article_modified_time":"2020-05-27T15:11:55+00:00","og_image":[{"width":1200,"height":935,"url":"https:\/\/bpk-archive.de\/tuellmann\/wp-content\/uploads\/2019\/08\/bpk_70242959.jpg","type":"image\/jpeg"}],"twitter_card":"summary_large_image","schema":{"@context":"https:\/\/schema.org","@graph":[{"@type":"WebPage","@id":"https:\/\/bpk-archive.de\/tuellmann\/produkt\/rueckseite-von-zentralbankratssitzung-2\/","url":"https:\/\/bpk-archive.de\/tuellmann\/produkt\/rueckseite-von-zentralbankratssitzung-2\/","name":"R\u00fcckseite von: Zentralbankratssitzung - Abisag T\u00fcllmann","isPartOf":{"@id":"https:\/\/bpk-archive.de\/tuellmann\/#website"},"primaryImageOfPage":{"@id":"https:\/\/bpk-archive.de\/tuellmann\/produkt\/rueckseite-von-zentralbankratssitzung-2\/#primaryimage"},"image":{"@id":"https:\/\/bpk-archive.de\/tuellmann\/produkt\/rueckseite-von-zentralbankratssitzung-2\/#primaryimage"},"thumbnailUrl":"https:\/\/bpk-archive.de\/tuellmann\/wp-content\/uploads\/2019\/08\/bpk_70242959.jpg","datePublished":"2020-05-27T15:11:40+00:00","dateModified":"2020-05-27T15:11:55+00:00","breadcrumb":{"@id":"https:\/\/bpk-archive.de\/tuellmann\/produkt\/rueckseite-von-zentralbankratssitzung-2\/#breadcrumb"},"inLanguage":"de","potentialAction":[{"@type":"ReadAction","target":["https:\/\/bpk-archive.de\/tuellmann\/produkt\/rueckseite-von-zentralbankratssitzung-2\/"]}]},{"@type":"ImageObject","inLanguage":"de","@id":"https:\/\/bpk-archive.de\/tuellmann\/produkt\/rueckseite-von-zentralbankratssitzung-2\/#primaryimage","url":"https:\/\/bpk-archive.de\/tuellmann\/wp-content\/uploads\/2019\/08\/bpk_70242959.jpg","contentUrl":"https:\/\/bpk-archive.de\/tuellmann\/wp-content\/uploads\/2019\/08\/bpk_70242959.jpg","width":1200,"height":935,"caption":"R\u00fcckseite von: Zentralbankratssitzung"},{"@type":"BreadcrumbList","@id":"https:\/\/bpk-archive.de\/tuellmann\/produkt\/rueckseite-von-zentralbankratssitzung-2\/#breadcrumb","itemListElement":[{"@type":"ListItem","position":1,"name":"Startseite","item":"https:\/\/bpk-archive.de\/tuellmann\/"},{"@type":"ListItem","position":2,"name":"Shop","item":"https:\/\/bpk-archive.de\/tuellmann\/shop\/"},{"@type":"ListItem","position":3,"name":"R\u00fcckseite von: Zentralbankratssitzung"}]},{"@type":"WebSite","@id":"https:\/\/bpk-archive.de\/tuellmann\/#website","url":"https:\/\/bpk-archive.de\/tuellmann\/","name":"Abisag T\u00fcllmann","description":"Eine weitere WordPress-Website","potentialAction":[{"@type":"SearchAction","target":{"@type":"EntryPoint","urlTemplate":"https:\/\/bpk-archive.de\/tuellmann\/?s={search_term_string}"},"query-input":{"@type":"PropertyValueSpecification","valueRequired":true,"valueName":"search_term_string"}}],"inLanguage":"de"}]}},"_links":{"self":[{"href":"https:\/\/bpk-archive.de\/tuellmann\/wp-json\/wp\/v2\/product\/70316160","targetHints":{"allow":["GET"]}}],"collection":[{"href":"https:\/\/bpk-archive.de\/tuellmann\/wp-json\/wp\/v2\/product"}],"about":[{"href":"https:\/\/bpk-archive.de\/tuellmann\/wp-json\/wp\/v2\/types\/product"}],"wp:featuredmedia":[{"embeddable":true,"href":"https:\/\/bpk-archive.de\/tuellmann\/wp-json\/wp\/v2\/media\/70292354"}],"wp:attachment":[{"href":"https:\/\/bpk-archive.de\/tuellmann\/wp-json\/wp\/v2\/media?parent=70316160"}],"wp:term":[{"taxonomy":"product_brand","embeddable":true,"href":"https:\/\/bpk-archive.de\/tuellmann\/wp-json\/wp\/v2\/product_brand?post=70316160"},{"taxonomy":"product_cat","embeddable":true,"href":"https:\/\/bpk-archive.de\/tuellmann\/wp-json\/wp\/v2\/product_cat?post=70316160"},{"taxonomy":"product_tag","embeddable":true,"href":"https:\/\/bpk-archive.de\/tuellmann\/wp-json\/wp\/v2\/product_tag?post=70316160"}],"curies":[{"name":"wp","href":"https:\/\/api.w.org\/{rel}","templated":true}]}}