{"id":70297505,"date":"2019-09-05T16:27:10","date_gmt":"2019-09-05T14:27:10","guid":{"rendered":"http:\/\/abisagtuellmann.bpk-news.de\/atbild\/ankunft-von-in-spanien-angeworbenen-arbeitern-in-wohnheimen-der-opel-werke\/"},"modified":"2020-08-11T16:37:14","modified_gmt":"2020-08-11T14:37:14","slug":"ankunft-von-in-spanien-angeworbenen-arbeitern-in-wohnheimen-der-opel-werke","status":"publish","type":"product","link":"https:\/\/bpk-archive.de\/tuellmann\/produkt\/ankunft-von-in-spanien-angeworbenen-arbeitern-in-wohnheimen-der-opel-werke\/","title":{"rendered":"Ankunft von in Spanien angeworbenen Arbeitern in Wohnheimen der Opel-Werke"},"content":{"rendered":"<p>R\u00fcckseite siehe: 70296472 R\u00fcckseitenbeschriftung von Hand der Fotografin: &#8222;Opelwerke, R\u00fcsselsheim&#8220; R\u00fcckseitenbeschriftung von anderer Hand: &#8222;Spanische Gastarbeiter&#8220; (Scan vom Vintageprint)<\/p>\n","protected":false},"excerpt":{"rendered":"<p>R\u00fcckseite siehe: 70296472 R\u00fcckseitenbeschriftung von Hand der Fotografin: &#8222;Opelwerke, R\u00fcsselsheim&#8220; R\u00fcckseitenbeschriftung von anderer Hand: &#8222;Spanische Gastarbeiter&#8220; (Scan vom Vintageprint)<\/p>\n","protected":false},"featured_media":70291823,"template":"","meta":[],"product_brand":[],"product_cat":[73386],"product_tag":[13774,13232,13234,13231,13233,13775,47921,53289,13777,53148,47456,47457,47458,47459,47460,47461,47462,13604,13605,53193,53194,53195,53196,53197,13250,47720,47721,47722,47723,53873,53874,53875,47365,47366,47367,47876,47877,47878,47879,14326,14177,13469,13470,13471,13472,13260,47727,47728,47729,47730,47731,47734,47844,47845,13293,13786,13787,13294,13295,13296,13297,47267,53202,53203,53204,53206,53209,53210,47377,47378,47379,47380,47381,47382,53153,53154,53155,14327,13492,13493,13494,13495,13496,13497,13301,47744,47745,47746,47854,53883,47855,53326,53327,53884,13818,13819,48012,48013,13826,49816,47786,47787,49544,53991,53992,14229,53885,53886,48451,48452,13328,13827,13828,13329,13330,13331,13332,47332,13843,47958,51055,51056,53170,53171,53930,53931,53932,47333,47334,47335,47336,47337,53890,53891,13877,13879,13865,13864,13866,13858,13859,13860,13861,13862,13863,13867,13869,13870,13871,13872,53993,53994,53225,53226,53227,53228,53229,53230,53231,47967,13878,13880,64613,47968,14250,14251,51057,51058,51059,51060,69010,47504,47505,47506,53894,53895,47792],"class_list":{"0":"post-70297505","1":"product","2":"type-product","3":"status-publish","4":"has-post-thumbnail","6":"product_cat-migranten","7":"product_tag-1960er-jahre","8":"product_tag-20-jahrhundert-nach-chr","9":"product_tag-20-jh-n-chr","10":"product_tag-20-jahrhundert","11":"product_tag-20-jh","12":"product_tag-60er","13":"product_tag-abisag","14":"product_tag-abt_003","15":"product_tag-abzug","16":"product_tag-ankunft","17":"product_tag-arbeit","18":"product_tag-arbeiten","19":"product_tag-arbeitend","20":"product_tag-arbeitende","21":"product_tag-arbeitenden","22":"product_tag-arbeitender","23":"product_tag-arbeitendes","24":"product_tag-arbeiter","25":"product_tag-arbeitern","26":"product_tag-arbeitsmigrant","27":"product_tag-arbeitsmigranten","28":"product_tag-at_migranten","29":"product_tag-ausland","30":"product_tag-auslaender","31":"product_tag-aussen","32":"product_tag-auswanderer","33":"product_tag-auswanderern","34":"product_tag-auswandern","35":"product_tag-auswanderung","36":"product_tag-autobauer","37":"product_tag-autoindustrie","38":"product_tag-automobilindustrie","39":"product_tag-bauten","40":"product_tag-bauwerk","41":"product_tag-bauwerke","42":"product_tag-beruf","43":"product_tag-berufe","44":"product_tag-berufes","45":"product_tag-berufs","46":"product_tag-bevoelkerung","47":"product_tag-blickkontakt","48":"product_tag-brd","49":"product_tag-bundesrepublik-deutschland","50":"product_tag-deutschland","51":"product_tag-deutschlands","52":"product_tag-draussen","53":"product_tag-einwanderer","54":"product_tag-einwandern","55":"product_tag-einwanderung","56":"product_tag-emigrant","57":"product_tag-emigranten","58":"product_tag-emigration","59":"product_tag-fabrikarbeiter","60":"product_tag-fabrikarbeitern","61":"product_tag-foto","62":"product_tag-fotoabzug","63":"product_tag-fotoabzuege","64":"product_tag-fotografie","65":"product_tag-fotografien","66":"product_tag-fotografin","67":"product_tag-fotografinnen","68":"product_tag-fotoreportage","69":"product_tag-fremdarbeiter","70":"product_tag-fremdarbeitern","71":"product_tag-fremdarbeiters","72":"product_tag-gastarbeiter","73":"product_tag-gastarbeitern","74":"product_tag-gastarbeiters","75":"product_tag-gebaeude","76":"product_tag-gehen","77":"product_tag-gehend","78":"product_tag-gehende","79":"product_tag-gehender","80":"product_tag-gehendes","81":"product_tag-gepaeck","82":"product_tag-gepaeckstueck","83":"product_tag-gepaeckstuecke","84":"product_tag-gesellschaft","85":"product_tag-hessen","86":"product_tag-hessisch","87":"product_tag-hessische","88":"product_tag-hessischen","89":"product_tag-hessischer","90":"product_tag-hessisches","91":"product_tag-im-freien","92":"product_tag-immigrant","93":"product_tag-immigranten","94":"product_tag-immigration","95":"product_tag-industrie","96":"product_tag-industriearbeiter","97":"product_tag-industrien","98":"product_tag-koffer","99":"product_tag-koffern","100":"product_tag-kraftfahrzeugindustrie","101":"product_tag-mann","102":"product_tag-maenner","103":"product_tag-maennergruppe","104":"product_tag-maennergruppen","105":"product_tag-mannes","106":"product_tag-migrant","107":"product_tag-migranten","108":"product_tag-migration","109":"product_tag-minderheit","110":"product_tag-neuankoemmling","111":"product_tag-neuankoemmlinge","112":"product_tag-obdach","113":"product_tag-opel","114":"product_tag-opels","115":"product_tag-pendant","116":"product_tag-pendants","117":"product_tag-photo","118":"product_tag-photoabzug","119":"product_tag-photoabzuege","120":"product_tag-photographie","121":"product_tag-photographien","122":"product_tag-photographin","123":"product_tag-photographinnen","124":"product_tag-photoreportage","125":"product_tag-print","126":"product_tag-querformat","127":"product_tag-r","128":"product_tag-recto","129":"product_tag-reisegepaeck","130":"product_tag-reisegepaecks","131":"product_tag-reisende","132":"product_tag-reisenden","133":"product_tag-reisender","134":"product_tag-reportage","135":"product_tag-reportagefoto","136":"product_tag-reportagefotografie","137":"product_tag-reportagephoto","138":"product_tag-reportagephotographie","139":"product_tag-ruesselsheim","140":"product_tag-ruesselsheimer","141":"product_tag-s-w-fotografie","142":"product_tag-s-w-photographie","143":"product_tag-schwarzweissphotographie","144":"product_tag-schwarz-weiss-fotografie","145":"product_tag-schwarz-weiss-photographie","146":"product_tag-schwarzweiss","147":"product_tag-schwarzweisse","148":"product_tag-schwarzweissen","149":"product_tag-schwarzweisser","150":"product_tag-schwarzweisses","151":"product_tag-schwarzweissfotografie","152":"product_tag-sechziger","153":"product_tag-silbergelatine","154":"product_tag-silbergelatineabzug","155":"product_tag-silbergelatineabzuege","156":"product_tag-silbergelatineprint","157":"product_tag-spanien","158":"product_tag-spaniens","159":"product_tag-spanier","160":"product_tag-spaniers","161":"product_tag-spanisch","162":"product_tag-spanische","163":"product_tag-spanischen","164":"product_tag-spanischer","165":"product_tag-spanisches","166":"product_tag-sw","167":"product_tag-sw-fotografie","168":"product_tag-sw-photographie","169":"product_tag-systematik_105137_id","170":"product_tag-tuellmann","171":"product_tag-unterkunft","172":"product_tag-unterkuenfte","173":"product_tag-von-vorn","174":"product_tag-von-vorne","175":"product_tag-vorderansicht","176":"product_tag-vorderseite","177":"product_tag-wirtschaftswunder","178":"product_tag-wohngebaeude","179":"product_tag-wohnhaus","180":"product_tag-wohnhaeuser","181":"product_tag-wohnheim","182":"product_tag-wohnheime","183":"product_tag-zuwanderer","184":"pa_datierung-januar-1969","185":"pa_fotograf-abisag-tuellmann","186":"pa_geografischer_bezug-aufnahmeort-ruesselsheim-am-main-deutschland","187":"pa_grunddaten_material_technik-foto-silbergelatine-auf-barytpapier","188":"pa_inventarnummer-tue-69-032-17","189":"pa_jahr_von-14258","190":"pa_massangaben-bildformat-foto-233-x-296-cm","191":"pa_mediennummer-69009","192":"pa_objekt_typ-fotografie","194":"first","195":"instock","196":"product-type-simple"},"yoast_head":"<!-- This site is optimized with the Yoast SEO plugin v27.4 - https:\/\/yoast.com\/product\/yoast-seo-wordpress\/ -->\n<title>Ankunft von in Spanien angeworbenen Arbeitern in Wohnheimen der Opel-Werke - Abisag T\u00fcllmann<\/title>\n<meta name=\"robots\" content=\"index, follow, max-snippet:-1, max-image-preview:large, max-video-preview:-1\" \/>\n<link rel=\"canonical\" href=\"https:\/\/bpk-archive.de\/tuellmann\/produkt\/ankunft-von-in-spanien-angeworbenen-arbeitern-in-wohnheimen-der-opel-werke\/\" \/>\n<meta property=\"og:locale\" content=\"de_DE\" \/>\n<meta property=\"og:type\" content=\"article\" \/>\n<meta property=\"og:title\" content=\"Ankunft von in Spanien angeworbenen Arbeitern in Wohnheimen der Opel-Werke - Abisag T\u00fcllmann\" \/>\n<meta property=\"og:description\" content=\"R\u00fcckseite siehe: 70296472 R\u00fcckseitenbeschriftung von Hand der Fotografin: &#8222;Opelwerke, R\u00fcsselsheim&#8220; R\u00fcckseitenbeschriftung von anderer Hand: &#8222;Spanische Gastarbeiter&#8220; (Scan vom Vintageprint)\" \/>\n<meta property=\"og:url\" content=\"https:\/\/bpk-archive.de\/tuellmann\/produkt\/ankunft-von-in-spanien-angeworbenen-arbeitern-in-wohnheimen-der-opel-werke\/\" \/>\n<meta property=\"og:site_name\" content=\"Abisag T\u00fcllmann\" \/>\n<meta property=\"article:modified_time\" content=\"2020-08-11T14:37:14+00:00\" \/>\n<meta property=\"og:image\" content=\"https:\/\/bpk-archive.de\/tuellmann\/wp-content\/uploads\/2019\/08\/bpk_20034777.jpg\" \/>\n\t<meta property=\"og:image:width\" content=\"1200\" \/>\n\t<meta property=\"og:image:height\" content=\"953\" \/>\n\t<meta property=\"og:image:type\" content=\"image\/jpeg\" \/>\n<meta name=\"twitter:card\" content=\"summary_large_image\" \/>\n<script type=\"application\/ld+json\" class=\"yoast-schema-graph\">{\"@context\":\"https:\\\/\\\/schema.org\",\"@graph\":[{\"@type\":\"WebPage\",\"@id\":\"https:\\\/\\\/bpk-archive.de\\\/tuellmann\\\/produkt\\\/ankunft-von-in-spanien-angeworbenen-arbeitern-in-wohnheimen-der-opel-werke\\\/\",\"url\":\"https:\\\/\\\/bpk-archive.de\\\/tuellmann\\\/produkt\\\/ankunft-von-in-spanien-angeworbenen-arbeitern-in-wohnheimen-der-opel-werke\\\/\",\"name\":\"Ankunft von in Spanien angeworbenen Arbeitern in Wohnheimen der Opel-Werke - Abisag T\u00fcllmann\",\"isPartOf\":{\"@id\":\"https:\\\/\\\/bpk-archive.de\\\/tuellmann\\\/#website\"},\"primaryImageOfPage\":{\"@id\":\"https:\\\/\\\/bpk-archive.de\\\/tuellmann\\\/produkt\\\/ankunft-von-in-spanien-angeworbenen-arbeitern-in-wohnheimen-der-opel-werke\\\/#primaryimage\"},\"image\":{\"@id\":\"https:\\\/\\\/bpk-archive.de\\\/tuellmann\\\/produkt\\\/ankunft-von-in-spanien-angeworbenen-arbeitern-in-wohnheimen-der-opel-werke\\\/#primaryimage\"},\"thumbnailUrl\":\"https:\\\/\\\/bpk-archive.de\\\/tuellmann\\\/wp-content\\\/uploads\\\/2019\\\/08\\\/bpk_20034777.jpg\",\"datePublished\":\"2019-09-05T14:27:10+00:00\",\"dateModified\":\"2020-08-11T14:37:14+00:00\",\"breadcrumb\":{\"@id\":\"https:\\\/\\\/bpk-archive.de\\\/tuellmann\\\/produkt\\\/ankunft-von-in-spanien-angeworbenen-arbeitern-in-wohnheimen-der-opel-werke\\\/#breadcrumb\"},\"inLanguage\":\"de\",\"potentialAction\":[{\"@type\":\"ReadAction\",\"target\":[\"https:\\\/\\\/bpk-archive.de\\\/tuellmann\\\/produkt\\\/ankunft-von-in-spanien-angeworbenen-arbeitern-in-wohnheimen-der-opel-werke\\\/\"]}]},{\"@type\":\"ImageObject\",\"inLanguage\":\"de\",\"@id\":\"https:\\\/\\\/bpk-archive.de\\\/tuellmann\\\/produkt\\\/ankunft-von-in-spanien-angeworbenen-arbeitern-in-wohnheimen-der-opel-werke\\\/#primaryimage\",\"url\":\"https:\\\/\\\/bpk-archive.de\\\/tuellmann\\\/wp-content\\\/uploads\\\/2019\\\/08\\\/bpk_20034777.jpg\",\"contentUrl\":\"https:\\\/\\\/bpk-archive.de\\\/tuellmann\\\/wp-content\\\/uploads\\\/2019\\\/08\\\/bpk_20034777.jpg\",\"width\":1200,\"height\":953,\"caption\":\"Ankunft von in Spanien angeworbenen Arbeitern in Wohnheimen der Opel-Werke\"},{\"@type\":\"BreadcrumbList\",\"@id\":\"https:\\\/\\\/bpk-archive.de\\\/tuellmann\\\/produkt\\\/ankunft-von-in-spanien-angeworbenen-arbeitern-in-wohnheimen-der-opel-werke\\\/#breadcrumb\",\"itemListElement\":[{\"@type\":\"ListItem\",\"position\":1,\"name\":\"Startseite\",\"item\":\"https:\\\/\\\/bpk-archive.de\\\/tuellmann\\\/\"},{\"@type\":\"ListItem\",\"position\":2,\"name\":\"Shop\",\"item\":\"https:\\\/\\\/bpk-archive.de\\\/tuellmann\\\/shop\\\/\"},{\"@type\":\"ListItem\",\"position\":3,\"name\":\"Ankunft von in Spanien angeworbenen Arbeitern in Wohnheimen der Opel-Werke\"}]},{\"@type\":\"WebSite\",\"@id\":\"https:\\\/\\\/bpk-archive.de\\\/tuellmann\\\/#website\",\"url\":\"https:\\\/\\\/bpk-archive.de\\\/tuellmann\\\/\",\"name\":\"Abisag T\u00fcllmann\",\"description\":\"Eine weitere WordPress-Website\",\"potentialAction\":[{\"@type\":\"SearchAction\",\"target\":{\"@type\":\"EntryPoint\",\"urlTemplate\":\"https:\\\/\\\/bpk-archive.de\\\/tuellmann\\\/?s={search_term_string}\"},\"query-input\":{\"@type\":\"PropertyValueSpecification\",\"valueRequired\":true,\"valueName\":\"search_term_string\"}}],\"inLanguage\":\"de\"}]}<\/script>\n<!-- \/ Yoast SEO plugin. -->","yoast_head_json":{"title":"Ankunft von in Spanien angeworbenen Arbeitern in Wohnheimen der Opel-Werke - Abisag T\u00fcllmann","robots":{"index":"index","follow":"follow","max-snippet":"max-snippet:-1","max-image-preview":"max-image-preview:large","max-video-preview":"max-video-preview:-1"},"canonical":"https:\/\/bpk-archive.de\/tuellmann\/produkt\/ankunft-von-in-spanien-angeworbenen-arbeitern-in-wohnheimen-der-opel-werke\/","og_locale":"de_DE","og_type":"article","og_title":"Ankunft von in Spanien angeworbenen Arbeitern in Wohnheimen der Opel-Werke - Abisag T\u00fcllmann","og_description":"R\u00fcckseite siehe: 70296472 R\u00fcckseitenbeschriftung von Hand der Fotografin: &#8222;Opelwerke, R\u00fcsselsheim&#8220; R\u00fcckseitenbeschriftung von anderer Hand: &#8222;Spanische Gastarbeiter&#8220; (Scan vom Vintageprint)","og_url":"https:\/\/bpk-archive.de\/tuellmann\/produkt\/ankunft-von-in-spanien-angeworbenen-arbeitern-in-wohnheimen-der-opel-werke\/","og_site_name":"Abisag T\u00fcllmann","article_modified_time":"2020-08-11T14:37:14+00:00","og_image":[{"width":1200,"height":953,"url":"https:\/\/bpk-archive.de\/tuellmann\/wp-content\/uploads\/2019\/08\/bpk_20034777.jpg","type":"image\/jpeg"}],"twitter_card":"summary_large_image","schema":{"@context":"https:\/\/schema.org","@graph":[{"@type":"WebPage","@id":"https:\/\/bpk-archive.de\/tuellmann\/produkt\/ankunft-von-in-spanien-angeworbenen-arbeitern-in-wohnheimen-der-opel-werke\/","url":"https:\/\/bpk-archive.de\/tuellmann\/produkt\/ankunft-von-in-spanien-angeworbenen-arbeitern-in-wohnheimen-der-opel-werke\/","name":"Ankunft von in Spanien angeworbenen Arbeitern in Wohnheimen der Opel-Werke - Abisag T\u00fcllmann","isPartOf":{"@id":"https:\/\/bpk-archive.de\/tuellmann\/#website"},"primaryImageOfPage":{"@id":"https:\/\/bpk-archive.de\/tuellmann\/produkt\/ankunft-von-in-spanien-angeworbenen-arbeitern-in-wohnheimen-der-opel-werke\/#primaryimage"},"image":{"@id":"https:\/\/bpk-archive.de\/tuellmann\/produkt\/ankunft-von-in-spanien-angeworbenen-arbeitern-in-wohnheimen-der-opel-werke\/#primaryimage"},"thumbnailUrl":"https:\/\/bpk-archive.de\/tuellmann\/wp-content\/uploads\/2019\/08\/bpk_20034777.jpg","datePublished":"2019-09-05T14:27:10+00:00","dateModified":"2020-08-11T14:37:14+00:00","breadcrumb":{"@id":"https:\/\/bpk-archive.de\/tuellmann\/produkt\/ankunft-von-in-spanien-angeworbenen-arbeitern-in-wohnheimen-der-opel-werke\/#breadcrumb"},"inLanguage":"de","potentialAction":[{"@type":"ReadAction","target":["https:\/\/bpk-archive.de\/tuellmann\/produkt\/ankunft-von-in-spanien-angeworbenen-arbeitern-in-wohnheimen-der-opel-werke\/"]}]},{"@type":"ImageObject","inLanguage":"de","@id":"https:\/\/bpk-archive.de\/tuellmann\/produkt\/ankunft-von-in-spanien-angeworbenen-arbeitern-in-wohnheimen-der-opel-werke\/#primaryimage","url":"https:\/\/bpk-archive.de\/tuellmann\/wp-content\/uploads\/2019\/08\/bpk_20034777.jpg","contentUrl":"https:\/\/bpk-archive.de\/tuellmann\/wp-content\/uploads\/2019\/08\/bpk_20034777.jpg","width":1200,"height":953,"caption":"Ankunft von in Spanien angeworbenen Arbeitern in Wohnheimen der Opel-Werke"},{"@type":"BreadcrumbList","@id":"https:\/\/bpk-archive.de\/tuellmann\/produkt\/ankunft-von-in-spanien-angeworbenen-arbeitern-in-wohnheimen-der-opel-werke\/#breadcrumb","itemListElement":[{"@type":"ListItem","position":1,"name":"Startseite","item":"https:\/\/bpk-archive.de\/tuellmann\/"},{"@type":"ListItem","position":2,"name":"Shop","item":"https:\/\/bpk-archive.de\/tuellmann\/shop\/"},{"@type":"ListItem","position":3,"name":"Ankunft von in Spanien angeworbenen Arbeitern in Wohnheimen der Opel-Werke"}]},{"@type":"WebSite","@id":"https:\/\/bpk-archive.de\/tuellmann\/#website","url":"https:\/\/bpk-archive.de\/tuellmann\/","name":"Abisag T\u00fcllmann","description":"Eine weitere WordPress-Website","potentialAction":[{"@type":"SearchAction","target":{"@type":"EntryPoint","urlTemplate":"https:\/\/bpk-archive.de\/tuellmann\/?s={search_term_string}"},"query-input":{"@type":"PropertyValueSpecification","valueRequired":true,"valueName":"search_term_string"}}],"inLanguage":"de"}]}},"_links":{"self":[{"href":"https:\/\/bpk-archive.de\/tuellmann\/wp-json\/wp\/v2\/product\/70297505","targetHints":{"allow":["GET"]}}],"collection":[{"href":"https:\/\/bpk-archive.de\/tuellmann\/wp-json\/wp\/v2\/product"}],"about":[{"href":"https:\/\/bpk-archive.de\/tuellmann\/wp-json\/wp\/v2\/types\/product"}],"wp:featuredmedia":[{"embeddable":true,"href":"https:\/\/bpk-archive.de\/tuellmann\/wp-json\/wp\/v2\/media\/70291823"}],"wp:attachment":[{"href":"https:\/\/bpk-archive.de\/tuellmann\/wp-json\/wp\/v2\/media?parent=70297505"}],"wp:term":[{"taxonomy":"product_brand","embeddable":true,"href":"https:\/\/bpk-archive.de\/tuellmann\/wp-json\/wp\/v2\/product_brand?post=70297505"},{"taxonomy":"product_cat","embeddable":true,"href":"https:\/\/bpk-archive.de\/tuellmann\/wp-json\/wp\/v2\/product_cat?post=70297505"},{"taxonomy":"product_tag","embeddable":true,"href":"https:\/\/bpk-archive.de\/tuellmann\/wp-json\/wp\/v2\/product_tag?post=70297505"}],"curies":[{"name":"wp","href":"https:\/\/api.w.org\/{rel}","templated":true}]}}