{"id":70297441,"date":"2019-09-05T16:26:16","date_gmt":"2019-09-05T14:26:16","guid":{"rendered":"http:\/\/abisagtuellmann.bpk-news.de\/atbild\/kenneth-kaunda-praesident-sambias\/"},"modified":"2019-09-05T16:26:20","modified_gmt":"2019-09-05T14:26:20","slug":"kenneth-kaunda-praesident-sambias","status":"publish","type":"product","link":"https:\/\/bpk-archive.de\/tuellmann\/produkt\/kenneth-kaunda-praesident-sambias\/","title":{"rendered":"Kenneth Kaunda, Pr\u00e4sident Sambias"},"content":{"rendered":"<p>Bei einer Rede anl\u00e4sslich der Er\u00f6ffnung der &#8222;Tiyende Pamodzi Show&#8220; (Landwirtschafts- und Industrieausstellung) in Sambia<\/p>\n","protected":false},"excerpt":{"rendered":"<p>Bei einer Rede anl\u00e4sslich der Er\u00f6ffnung der &#8222;Tiyende Pamodzi Show&#8220; (Landwirtschafts- und Industrieausstellung) in Sambia<\/p>\n","protected":false},"featured_media":70292449,"template":"","meta":[],"product_brand":[],"product_cat":[],"product_tag":[13230,13232,13234,13231,13233,13235,62361,13777,13236,13237,13240,13241,13242,13243,13244,13245,49061,49062,60555,13784,13785,50567,50568,50569,50570,49469,49470,49471,13253,13254,13255,13256,13257,13473,13261,51161,51162,65822,13268,13269,13270,13271,13293,13786,13787,13294,13295,13296,13297,49481,47854,62404,62405,47855,13498,50873,62406,62407,13818,13819,13826,14071,14072,49484,47899,47900,13328,13827,13828,13329,13330,13331,13332,47901,48020,48021,48022,48023,47902,13829,13830,13831,13832,13833,13834,13835,13836,13837,13838,13839,13840,13841,13842,13843,49065,49066,49067,49068,49070,13877,13879,13333,13334,13335,13338,13339,13340,13341,13342,13865,13864,13866,13351,13352,13353,13858,13859,13860,13861,13862,13863,13354,13869,13870,13871,13872,49006,13519,13520,13521,13522,13523,13524,13363,13364,13365,13366,13367,13368,13369,13878,13880,13525,62377],"class_list":{"0":"post-70297441","1":"product","2":"type-product","3":"status-publish","4":"has-post-thumbnail","6":"product_tag-1970er-jahre","7":"product_tag-20-jahrhundert-nach-chr","8":"product_tag-20-jh-n-chr","9":"product_tag-20-jahrhundert","10":"product_tag-20-jh","11":"product_tag-70er","12":"product_tag-abt_011","13":"product_tag-abzug","14":"product_tag-afrika","15":"product_tag-afrikaner","16":"product_tag-afrikanisch","17":"product_tag-afrikanische","18":"product_tag-afrikanischen","19":"product_tag-afrikanischer","20":"product_tag-afrikanisches","21":"product_tag-afrikas","22":"product_tag-ansprache","23":"product_tag-ansprachen","24":"product_tag-at_sambia","25":"product_tag-bildnis","26":"product_tag-bildnisse","27":"product_tag-brustbild","28":"product_tag-brustbilder","29":"product_tag-brustbildnis","30":"product_tag-bruststueck","31":"product_tag-close-up","32":"product_tag-detail","33":"product_tag-details","34":"product_tag-deutsch","35":"product_tag-deutsche","36":"product_tag-deutschen","37":"product_tag-deutscher","38":"product_tag-deutsches","39":"product_tag-drinnen","40":"product_tag-dunkelhaeutiger","41":"product_tag-eroeffnung","42":"product_tag-eroeffnungsfeier","43":"product_tag-eroeffnungsrede","44":"product_tag-farbige","45":"product_tag-farbigen","46":"product_tag-farbiger","47":"product_tag-farbiges","48":"product_tag-foto","49":"product_tag-fotoabzug","50":"product_tag-fotoabzuege","51":"product_tag-fotografie","52":"product_tag-fotografien","53":"product_tag-fotografin","54":"product_tag-fotografinnen","55":"product_tag-grossaufnahme","56":"product_tag-industrie","57":"product_tag-industrieausstellung","58":"product_tag-industrieausstellungen","59":"product_tag-industrien","60":"product_tag-innen","61":"product_tag-landwirtschaft","62":"product_tag-landwirtschaftsausstellung","63":"product_tag-landwirtschaftsausstellungen","64":"product_tag-mann","65":"product_tag-maenner","66":"product_tag-mannes","67":"product_tag-mikrofon","68":"product_tag-mikrophon","69":"product_tag-nahaufnahme","70":"product_tag-persoenlichkeit","71":"product_tag-persoenlichkeiten","72":"product_tag-photo","73":"product_tag-photoabzug","74":"product_tag-photoabzuege","75":"product_tag-photographie","76":"product_tag-photographien","77":"product_tag-photographin","78":"product_tag-photographinnen","79":"product_tag-politiker","80":"product_tag-politikerportrait","81":"product_tag-politikerportraits","82":"product_tag-politikerportraet","83":"product_tag-politikerportraets","84":"product_tag-politikers","85":"product_tag-portrait","86":"product_tag-portraitaufnahme","87":"product_tag-portraitfoto","88":"product_tag-portraitfotografie","89":"product_tag-portraitphoto","90":"product_tag-portraitphotographie","91":"product_tag-portraits","92":"product_tag-portraet","93":"product_tag-portraetaufnahme","94":"product_tag-portraetfoto","95":"product_tag-portraetfotografie","96":"product_tag-portraetphoto","97":"product_tag-portraetphotographie","98":"product_tag-portraets","99":"product_tag-print","100":"product_tag-rede","101":"product_tag-redner","102":"product_tag-rednerpose","103":"product_tag-rednerposen","104":"product_tag-redners","105":"product_tag-s-w-fotografie","106":"product_tag-s-w-photographie","107":"product_tag-sambia","108":"product_tag-sambias","109":"product_tag-sambier","110":"product_tag-sambisch","111":"product_tag-sambische","112":"product_tag-sambischem","113":"product_tag-sambischen","114":"product_tag-sambischer","115":"product_tag-schwarzweissphotographie","116":"product_tag-schwarz-weiss-fotografie","117":"product_tag-schwarz-weiss-photographie","118":"product_tag-schwarze","119":"product_tag-schwarzen","120":"product_tag-schwarzer","121":"product_tag-schwarzweiss","122":"product_tag-schwarzweisse","123":"product_tag-schwarzweissen","124":"product_tag-schwarzweisser","125":"product_tag-schwarzweisses","126":"product_tag-schwarzweissfotografie","127":"product_tag-siebziger","128":"product_tag-silbergelatine","129":"product_tag-silbergelatineabzug","130":"product_tag-silbergelatineabzuege","131":"product_tag-silbergelatineprint","132":"product_tag-sprechen","133":"product_tag-stehen","134":"product_tag-stehend","135":"product_tag-stehende","136":"product_tag-stehenden","137":"product_tag-stehender","138":"product_tag-stehendes","139":"product_tag-suedafrika","140":"product_tag-suedafrikanisch","141":"product_tag-suedafrikanische","142":"product_tag-suedafrikanischen","143":"product_tag-suedafrikanischer","144":"product_tag-suedafrikanisches","145":"product_tag-suedafrikas","146":"product_tag-sw-fotografie","147":"product_tag-sw-photographie","148":"product_tag-von-innen","149":"product_tag-zambia","150":"pa_datierung-oktober-1974","151":"pa_fotograf-abisag-tuellmann","152":"pa_geografischer_bezug-aufnahmeort-sambia","153":"pa_grunddaten_material_technik-foto-silbergelatine-auf-barytpapier","154":"pa_inventarnummer-tue-74-232-34","155":"pa_jahr_von-51802","156":"pa_massangaben-bildformat-foto-233-x-303-cm","157":"pa_mediennummer-68688","158":"pa_objekt_typ-fotografie","160":"first","161":"instock","162":"product-type-simple"},"yoast_head":"<!-- This site is optimized with the Yoast SEO plugin v27.4 - https:\/\/yoast.com\/product\/yoast-seo-wordpress\/ -->\n<title>Kenneth Kaunda, Pr\u00e4sident Sambias - Abisag T\u00fcllmann<\/title>\n<meta name=\"robots\" content=\"index, follow, max-snippet:-1, max-image-preview:large, max-video-preview:-1\" \/>\n<link rel=\"canonical\" href=\"https:\/\/bpk-archive.de\/tuellmann\/produkt\/kenneth-kaunda-praesident-sambias\/\" \/>\n<meta property=\"og:locale\" content=\"de_DE\" \/>\n<meta property=\"og:type\" content=\"article\" \/>\n<meta property=\"og:title\" content=\"Kenneth Kaunda, Pr\u00e4sident Sambias - Abisag T\u00fcllmann\" \/>\n<meta property=\"og:description\" content=\"Bei einer Rede anl\u00e4sslich der Er\u00f6ffnung der &#8222;Tiyende Pamodzi Show&#8220; (Landwirtschafts- und Industrieausstellung) in Sambia\" \/>\n<meta property=\"og:url\" content=\"https:\/\/bpk-archive.de\/tuellmann\/produkt\/kenneth-kaunda-praesident-sambias\/\" \/>\n<meta property=\"og:site_name\" content=\"Abisag T\u00fcllmann\" \/>\n<meta property=\"article:modified_time\" content=\"2019-09-05T14:26:20+00:00\" \/>\n<meta property=\"og:image\" content=\"https:\/\/bpk-archive.de\/tuellmann\/wp-content\/uploads\/2019\/08\/bpk_70243096.jpg\" \/>\n\t<meta property=\"og:image:width\" content=\"1200\" \/>\n\t<meta property=\"og:image:height\" content=\"934\" \/>\n\t<meta property=\"og:image:type\" content=\"image\/jpeg\" \/>\n<meta name=\"twitter:card\" content=\"summary_large_image\" \/>\n<script type=\"application\/ld+json\" class=\"yoast-schema-graph\">{\"@context\":\"https:\\\/\\\/schema.org\",\"@graph\":[{\"@type\":\"WebPage\",\"@id\":\"https:\\\/\\\/bpk-archive.de\\\/tuellmann\\\/produkt\\\/kenneth-kaunda-praesident-sambias\\\/\",\"url\":\"https:\\\/\\\/bpk-archive.de\\\/tuellmann\\\/produkt\\\/kenneth-kaunda-praesident-sambias\\\/\",\"name\":\"Kenneth Kaunda, Pr\u00e4sident Sambias - Abisag T\u00fcllmann\",\"isPartOf\":{\"@id\":\"https:\\\/\\\/bpk-archive.de\\\/tuellmann\\\/#website\"},\"primaryImageOfPage\":{\"@id\":\"https:\\\/\\\/bpk-archive.de\\\/tuellmann\\\/produkt\\\/kenneth-kaunda-praesident-sambias\\\/#primaryimage\"},\"image\":{\"@id\":\"https:\\\/\\\/bpk-archive.de\\\/tuellmann\\\/produkt\\\/kenneth-kaunda-praesident-sambias\\\/#primaryimage\"},\"thumbnailUrl\":\"https:\\\/\\\/bpk-archive.de\\\/tuellmann\\\/wp-content\\\/uploads\\\/2019\\\/08\\\/bpk_70243096.jpg\",\"datePublished\":\"2019-09-05T14:26:16+00:00\",\"dateModified\":\"2019-09-05T14:26:20+00:00\",\"breadcrumb\":{\"@id\":\"https:\\\/\\\/bpk-archive.de\\\/tuellmann\\\/produkt\\\/kenneth-kaunda-praesident-sambias\\\/#breadcrumb\"},\"inLanguage\":\"de\",\"potentialAction\":[{\"@type\":\"ReadAction\",\"target\":[\"https:\\\/\\\/bpk-archive.de\\\/tuellmann\\\/produkt\\\/kenneth-kaunda-praesident-sambias\\\/\"]}]},{\"@type\":\"ImageObject\",\"inLanguage\":\"de\",\"@id\":\"https:\\\/\\\/bpk-archive.de\\\/tuellmann\\\/produkt\\\/kenneth-kaunda-praesident-sambias\\\/#primaryimage\",\"url\":\"https:\\\/\\\/bpk-archive.de\\\/tuellmann\\\/wp-content\\\/uploads\\\/2019\\\/08\\\/bpk_70243096.jpg\",\"contentUrl\":\"https:\\\/\\\/bpk-archive.de\\\/tuellmann\\\/wp-content\\\/uploads\\\/2019\\\/08\\\/bpk_70243096.jpg\",\"width\":1200,\"height\":934,\"caption\":\"Kenneth Kaunda, Pr\u00e4sident Sambias\"},{\"@type\":\"BreadcrumbList\",\"@id\":\"https:\\\/\\\/bpk-archive.de\\\/tuellmann\\\/produkt\\\/kenneth-kaunda-praesident-sambias\\\/#breadcrumb\",\"itemListElement\":[{\"@type\":\"ListItem\",\"position\":1,\"name\":\"Startseite\",\"item\":\"https:\\\/\\\/bpk-archive.de\\\/tuellmann\\\/\"},{\"@type\":\"ListItem\",\"position\":2,\"name\":\"Shop\",\"item\":\"https:\\\/\\\/bpk-archive.de\\\/tuellmann\\\/shop\\\/\"},{\"@type\":\"ListItem\",\"position\":3,\"name\":\"Kenneth Kaunda, Pr\u00e4sident Sambias\"}]},{\"@type\":\"WebSite\",\"@id\":\"https:\\\/\\\/bpk-archive.de\\\/tuellmann\\\/#website\",\"url\":\"https:\\\/\\\/bpk-archive.de\\\/tuellmann\\\/\",\"name\":\"Abisag T\u00fcllmann\",\"description\":\"Eine weitere WordPress-Website\",\"potentialAction\":[{\"@type\":\"SearchAction\",\"target\":{\"@type\":\"EntryPoint\",\"urlTemplate\":\"https:\\\/\\\/bpk-archive.de\\\/tuellmann\\\/?s={search_term_string}\"},\"query-input\":{\"@type\":\"PropertyValueSpecification\",\"valueRequired\":true,\"valueName\":\"search_term_string\"}}],\"inLanguage\":\"de\"}]}<\/script>\n<!-- \/ Yoast SEO plugin. -->","yoast_head_json":{"title":"Kenneth Kaunda, Pr\u00e4sident Sambias - Abisag T\u00fcllmann","robots":{"index":"index","follow":"follow","max-snippet":"max-snippet:-1","max-image-preview":"max-image-preview:large","max-video-preview":"max-video-preview:-1"},"canonical":"https:\/\/bpk-archive.de\/tuellmann\/produkt\/kenneth-kaunda-praesident-sambias\/","og_locale":"de_DE","og_type":"article","og_title":"Kenneth Kaunda, Pr\u00e4sident Sambias - Abisag T\u00fcllmann","og_description":"Bei einer Rede anl\u00e4sslich der Er\u00f6ffnung der &#8222;Tiyende Pamodzi Show&#8220; (Landwirtschafts- und Industrieausstellung) in Sambia","og_url":"https:\/\/bpk-archive.de\/tuellmann\/produkt\/kenneth-kaunda-praesident-sambias\/","og_site_name":"Abisag T\u00fcllmann","article_modified_time":"2019-09-05T14:26:20+00:00","og_image":[{"width":1200,"height":934,"url":"https:\/\/bpk-archive.de\/tuellmann\/wp-content\/uploads\/2019\/08\/bpk_70243096.jpg","type":"image\/jpeg"}],"twitter_card":"summary_large_image","schema":{"@context":"https:\/\/schema.org","@graph":[{"@type":"WebPage","@id":"https:\/\/bpk-archive.de\/tuellmann\/produkt\/kenneth-kaunda-praesident-sambias\/","url":"https:\/\/bpk-archive.de\/tuellmann\/produkt\/kenneth-kaunda-praesident-sambias\/","name":"Kenneth Kaunda, Pr\u00e4sident Sambias - Abisag T\u00fcllmann","isPartOf":{"@id":"https:\/\/bpk-archive.de\/tuellmann\/#website"},"primaryImageOfPage":{"@id":"https:\/\/bpk-archive.de\/tuellmann\/produkt\/kenneth-kaunda-praesident-sambias\/#primaryimage"},"image":{"@id":"https:\/\/bpk-archive.de\/tuellmann\/produkt\/kenneth-kaunda-praesident-sambias\/#primaryimage"},"thumbnailUrl":"https:\/\/bpk-archive.de\/tuellmann\/wp-content\/uploads\/2019\/08\/bpk_70243096.jpg","datePublished":"2019-09-05T14:26:16+00:00","dateModified":"2019-09-05T14:26:20+00:00","breadcrumb":{"@id":"https:\/\/bpk-archive.de\/tuellmann\/produkt\/kenneth-kaunda-praesident-sambias\/#breadcrumb"},"inLanguage":"de","potentialAction":[{"@type":"ReadAction","target":["https:\/\/bpk-archive.de\/tuellmann\/produkt\/kenneth-kaunda-praesident-sambias\/"]}]},{"@type":"ImageObject","inLanguage":"de","@id":"https:\/\/bpk-archive.de\/tuellmann\/produkt\/kenneth-kaunda-praesident-sambias\/#primaryimage","url":"https:\/\/bpk-archive.de\/tuellmann\/wp-content\/uploads\/2019\/08\/bpk_70243096.jpg","contentUrl":"https:\/\/bpk-archive.de\/tuellmann\/wp-content\/uploads\/2019\/08\/bpk_70243096.jpg","width":1200,"height":934,"caption":"Kenneth Kaunda, Pr\u00e4sident Sambias"},{"@type":"BreadcrumbList","@id":"https:\/\/bpk-archive.de\/tuellmann\/produkt\/kenneth-kaunda-praesident-sambias\/#breadcrumb","itemListElement":[{"@type":"ListItem","position":1,"name":"Startseite","item":"https:\/\/bpk-archive.de\/tuellmann\/"},{"@type":"ListItem","position":2,"name":"Shop","item":"https:\/\/bpk-archive.de\/tuellmann\/shop\/"},{"@type":"ListItem","position":3,"name":"Kenneth Kaunda, Pr\u00e4sident Sambias"}]},{"@type":"WebSite","@id":"https:\/\/bpk-archive.de\/tuellmann\/#website","url":"https:\/\/bpk-archive.de\/tuellmann\/","name":"Abisag T\u00fcllmann","description":"Eine weitere WordPress-Website","potentialAction":[{"@type":"SearchAction","target":{"@type":"EntryPoint","urlTemplate":"https:\/\/bpk-archive.de\/tuellmann\/?s={search_term_string}"},"query-input":{"@type":"PropertyValueSpecification","valueRequired":true,"valueName":"search_term_string"}}],"inLanguage":"de"}]}},"_links":{"self":[{"href":"https:\/\/bpk-archive.de\/tuellmann\/wp-json\/wp\/v2\/product\/70297441","targetHints":{"allow":["GET"]}}],"collection":[{"href":"https:\/\/bpk-archive.de\/tuellmann\/wp-json\/wp\/v2\/product"}],"about":[{"href":"https:\/\/bpk-archive.de\/tuellmann\/wp-json\/wp\/v2\/types\/product"}],"wp:featuredmedia":[{"embeddable":true,"href":"https:\/\/bpk-archive.de\/tuellmann\/wp-json\/wp\/v2\/media\/70292449"}],"wp:attachment":[{"href":"https:\/\/bpk-archive.de\/tuellmann\/wp-json\/wp\/v2\/media?parent=70297441"}],"wp:term":[{"taxonomy":"product_brand","embeddable":true,"href":"https:\/\/bpk-archive.de\/tuellmann\/wp-json\/wp\/v2\/product_brand?post=70297441"},{"taxonomy":"product_cat","embeddable":true,"href":"https:\/\/bpk-archive.de\/tuellmann\/wp-json\/wp\/v2\/product_cat?post=70297441"},{"taxonomy":"product_tag","embeddable":true,"href":"https:\/\/bpk-archive.de\/tuellmann\/wp-json\/wp\/v2\/product_tag?post=70297441"}],"curies":[{"name":"wp","href":"https:\/\/api.w.org\/{rel}","templated":true}]}}