{"id":70297380,"date":"2019-09-05T16:25:25","date_gmt":"2019-09-05T14:25:25","guid":{"rendered":"http:\/\/abisagtuellmann.bpk-news.de\/atbild\/satellitenuebertragung-einer-ansprache-von-joseph-beuys-zur-eroeffnung-der-documenta-6-2\/"},"modified":"2019-09-05T16:25:27","modified_gmt":"2019-09-05T14:25:27","slug":"satellitenuebertragung-einer-ansprache-von-joseph-beuys-zur-eroeffnung-der-documenta-6-2","status":"publish","type":"product","link":"https:\/\/bpk-archive.de\/tuellmann\/produkt\/satellitenuebertragung-einer-ansprache-von-joseph-beuys-zur-eroeffnung-der-documenta-6-2\/","title":{"rendered":"Satelliten\u00fcbertragung einer Ansprache von Joseph Beuys zur Er\u00f6ffnung der documenta 6"},"content":{"rendered":"","protected":false},"excerpt":{"rendered":"","protected":false},"featured_media":70292180,"template":"","meta":[],"product_brand":[],"product_cat":[],"product_tag":[65513,13230,13232,13234,13231,13233,13235,63025,13777,59342,49061,49062,55479,55480,47456,47457,47458,47459,47460,47461,47462,60161,50314,50837,50838,58058,58059,47876,47877,47878,47879,65514,56065,13784,13785,59343,59344,67503,13469,13470,54069,54070,56072,13253,13254,13255,13256,13257,13471,13472,56865,56866,50315,63358,13473,51161,65822,49457,49527,49458,49459,63385,63386,67504,67505,67506,63359,63360,63361,63362,67507,13293,13786,13787,13294,13295,13296,13297,47267,55482,55483,60173,60174,13492,13493,13494,13495,13496,13497,13498,56867,56868,65515,54074,58643,58644,54075,67508,56871,56872,56428,56080,13499,13500,56081,56873,56874,58080,58081,60163,60164,60165,60166,58082,67509,13818,13819,13826,57776,57777,55511,67510,55512,59354,56330,56331,56332,47899,47900,13328,13827,13828,13329,13330,13331,13332,47332,13829,13830,13831,13832,13833,13834,13835,13836,13837,13838,13839,13840,13841,13842,53482,53803,53483,53484,53804,53485,13843,49065,49066,49067,49068,49070,47333,47334,47335,47336,47337,13877,13879,13865,13864,13866,13858,13859,13860,13861,13862,13863,57016,13354,13869,13870,13871,13872,13520,13878,13880,57778,57779,50958,67511,67512,67513,67514,67515,67516,49559,49560,49460,63390,63391,67517,67518,67519,67520,58067,58068,13525,54468,54469,56096,54470,56097,54471,54472],"class_list":{"0":"post-70297380","1":"product","2":"type-product","3":"status-publish","4":"has-post-thumbnail","6":"product_tag-12-5-1921-23-1-1986","7":"product_tag-1970er-jahre","8":"product_tag-20-jahrhundert-nach-chr","9":"product_tag-20-jh-n-chr","10":"product_tag-20-jahrhundert","11":"product_tag-20-jh","12":"product_tag-70er","13":"product_tag-abt_007","14":"product_tag-abzug","15":"product_tag-aktionskuenstler","16":"product_tag-ansprache","17":"product_tag-ansprachen","18":"product_tag-apparat","19":"product_tag-apparate","20":"product_tag-arbeit","21":"product_tag-arbeiten","22":"product_tag-arbeitend","23":"product_tag-arbeitende","24":"product_tag-arbeitenden","25":"product_tag-arbeitender","26":"product_tag-arbeitendes","27":"product_tag-at_kunst","28":"product_tag-aufsicht","29":"product_tag-ausstellung","30":"product_tag-ausstellungen","31":"product_tag-ausstellungseroeffnung","32":"product_tag-ausstellungseroeffnungen","33":"product_tag-beruf","34":"product_tag-berufe","35":"product_tag-berufes","36":"product_tag-berufs","37":"product_tag-beuys","38":"product_tag-bildende-kunst","39":"product_tag-bildnis","40":"product_tag-bildnisse","41":"product_tag-bildschirm","42":"product_tag-bildschirme","43":"product_tag-bilduebertragung","44":"product_tag-brd","45":"product_tag-bundesrepublik-deutschland","46":"product_tag-camera","47":"product_tag-cameras","48":"product_tag-contemporary-art","49":"product_tag-deutsch","50":"product_tag-deutsche","51":"product_tag-deutschen","52":"product_tag-deutscher","53":"product_tag-deutsches","54":"product_tag-deutschland","55":"product_tag-deutschlands","56":"product_tag-documenta","57":"product_tag-dokumenta","58":"product_tag-draufsicht","59":"product_tag-dreharbeiten","60":"product_tag-drinnen","61":"product_tag-eroeffnung","62":"product_tag-eroeffnungsrede","63":"product_tag-fernsehapparat","64":"product_tag-fernsehen","65":"product_tag-fernseher","66":"product_tag-fernsehgeraet","67":"product_tag-fernsehkamera","68":"product_tag-fernsehkameras","69":"product_tag-fernsehstudio","70":"product_tag-fernsehstudios","71":"product_tag-fernsehuebertragung","72":"product_tag-filmarbeiten","73":"product_tag-filmaufnahme","74":"product_tag-filmaufnahmen","75":"product_tag-filmdreharbeiten","76":"product_tag-filmteam","77":"product_tag-foto","78":"product_tag-fotoabzug","79":"product_tag-fotoabzuege","80":"product_tag-fotografie","81":"product_tag-fotografien","82":"product_tag-fotografin","83":"product_tag-fotografinnen","84":"product_tag-fotoreportage","85":"product_tag-geraet","86":"product_tag-geraete","87":"product_tag-happening","88":"product_tag-happenings","89":"product_tag-hessen","90":"product_tag-hessisch","91":"product_tag-hessische","92":"product_tag-hessischen","93":"product_tag-hessischer","94":"product_tag-hessisches","95":"product_tag-innen","96":"product_tag-installation","97":"product_tag-installationen","98":"product_tag-joseph","99":"product_tag-kamera","100":"product_tag-kameraleute","101":"product_tag-kameramann","102":"product_tag-kameras","103":"product_tag-kamerateam","104":"product_tag-kassel","105":"product_tag-kasseler","106":"product_tag-kultur","107":"product_tag-kunst","108":"product_tag-kunstausstellung","109":"product_tag-kunstausstellungen","110":"product_tag-kuenste","111":"product_tag-kunstinstallation","112":"product_tag-kunstinstallationen","113":"product_tag-kuenstler","114":"product_tag-kuenstlern","115":"product_tag-kuenstlerportrait","116":"product_tag-kuenstlerportraits","117":"product_tag-kuenstlerportraet","118":"product_tag-kuenstlerportraets","119":"product_tag-kuenstlers","120":"product_tag-live","121":"product_tag-mann","122":"product_tag-maenner","123":"product_tag-mannes","124":"product_tag-mannschaft","125":"product_tag-mannschaften","126":"product_tag-media","127":"product_tag-medial","128":"product_tag-medien","129":"product_tag-medienkunst","130":"product_tag-mitarbeiter","131":"product_tag-mitarbeitern","132":"product_tag-mitarbeiters","133":"product_tag-persoenlichkeit","134":"product_tag-persoenlichkeiten","135":"product_tag-photo","136":"product_tag-photoabzug","137":"product_tag-photoabzuege","138":"product_tag-photographie","139":"product_tag-photographien","140":"product_tag-photographin","141":"product_tag-photographinnen","142":"product_tag-photoreportage","143":"product_tag-portrait","144":"product_tag-portraitaufnahme","145":"product_tag-portraitfoto","146":"product_tag-portraitfotografie","147":"product_tag-portraitphoto","148":"product_tag-portraitphotographie","149":"product_tag-portraits","150":"product_tag-portraet","151":"product_tag-portraetaufnahme","152":"product_tag-portraetfoto","153":"product_tag-portraetfotografie","154":"product_tag-portraetphoto","155":"product_tag-portraetphotographie","156":"product_tag-portraets","157":"product_tag-pressefoto","158":"product_tag-pressefotografie","159":"product_tag-pressefotos","160":"product_tag-pressephoto","161":"product_tag-pressephotographie","162":"product_tag-pressephotos","163":"product_tag-print","164":"product_tag-rede","165":"product_tag-redner","166":"product_tag-rednerpose","167":"product_tag-rednerposen","168":"product_tag-redners","169":"product_tag-reportage","170":"product_tag-reportagefoto","171":"product_tag-reportagefotografie","172":"product_tag-reportagephoto","173":"product_tag-reportagephotographie","174":"product_tag-s-w-fotografie","175":"product_tag-s-w-photographie","176":"product_tag-schwarzweissphotographie","177":"product_tag-schwarz-weiss-fotografie","178":"product_tag-schwarz-weiss-photographie","179":"product_tag-schwarzweiss","180":"product_tag-schwarzweisse","181":"product_tag-schwarzweissen","182":"product_tag-schwarzweisser","183":"product_tag-schwarzweisses","184":"product_tag-schwarzweissfotografie","185":"product_tag-sendung","186":"product_tag-siebziger","187":"product_tag-silbergelatine","188":"product_tag-silbergelatineabzug","189":"product_tag-silbergelatineabzuege","190":"product_tag-silbergelatineprint","191":"product_tag-stehend","192":"product_tag-sw-fotografie","193":"product_tag-sw-photographie","194":"product_tag-team","195":"product_tag-teams","196":"product_tag-technik","197":"product_tag-technisch","198":"product_tag-technische","199":"product_tag-technischem","200":"product_tag-technischen","201":"product_tag-technischer","202":"product_tag-technisches","203":"product_tag-television","204":"product_tag-tv","205":"product_tag-tv-geraet","206":"product_tag-tv-kamera","207":"product_tag-tv-kameras","208":"product_tag-tv-studio","209":"product_tag-tv-studios","210":"product_tag-uebertragung","211":"product_tag-uebertragungstechnik","212":"product_tag-vernissage","213":"product_tag-vernissagen","214":"product_tag-von-innen","215":"product_tag-zeitgenoessisch","216":"product_tag-zeitgenoessische","217":"product_tag-zeitgenoessische-kunst","218":"product_tag-zeitgenoessischen","219":"product_tag-zeitgenoessischen-kunst","220":"product_tag-zeitgenoessischer","221":"product_tag-zeitgenoessisches","222":"pa_datierung-30595","223":"pa_fotograf-abisag-tuellmann","224":"pa_geografischer_bezug-aufnahmeort-kassel-deutschland","225":"pa_grunddaten_material_technik-foto-silbergelatine-auf-barytpapier","226":"pa_inventarnummer-tue-77-188-36","227":"pa_jahr_von-49467","228":"pa_kuenstler-joseph-beuys","229":"pa_massangaben-bildformat-foto-233-x-305-cm","230":"pa_mediennummer-68377","231":"pa_objekt_typ-fotografie","233":"first","234":"instock","235":"product-type-simple"},"yoast_head":"<!-- This site is optimized with the Yoast SEO plugin v27.4 - https:\/\/yoast.com\/product\/yoast-seo-wordpress\/ -->\n<title>Satelliten\u00fcbertragung einer Ansprache von Joseph Beuys zur Er\u00f6ffnung der documenta 6 - Abisag T\u00fcllmann<\/title>\n<meta name=\"robots\" content=\"index, follow, max-snippet:-1, max-image-preview:large, max-video-preview:-1\" \/>\n<link rel=\"canonical\" href=\"https:\/\/bpk-archive.de\/tuellmann\/produkt\/satellitenuebertragung-einer-ansprache-von-joseph-beuys-zur-eroeffnung-der-documenta-6-2\/\" \/>\n<meta property=\"og:locale\" content=\"de_DE\" \/>\n<meta property=\"og:type\" content=\"article\" \/>\n<meta property=\"og:title\" content=\"Satelliten\u00fcbertragung einer Ansprache von Joseph Beuys zur Er\u00f6ffnung der documenta 6 - Abisag T\u00fcllmann\" \/>\n<meta property=\"og:url\" content=\"https:\/\/bpk-archive.de\/tuellmann\/produkt\/satellitenuebertragung-einer-ansprache-von-joseph-beuys-zur-eroeffnung-der-documenta-6-2\/\" \/>\n<meta property=\"og:site_name\" content=\"Abisag T\u00fcllmann\" \/>\n<meta property=\"article:modified_time\" content=\"2019-09-05T14:25:27+00:00\" \/>\n<meta property=\"og:image\" content=\"https:\/\/bpk-archive.de\/tuellmann\/wp-content\/uploads\/2019\/08\/bpk_70242876.jpg\" \/>\n\t<meta property=\"og:image:width\" content=\"1200\" \/>\n\t<meta property=\"og:image:height\" content=\"930\" \/>\n\t<meta property=\"og:image:type\" content=\"image\/jpeg\" \/>\n<meta name=\"twitter:card\" content=\"summary_large_image\" \/>\n<script type=\"application\/ld+json\" class=\"yoast-schema-graph\">{\"@context\":\"https:\\\/\\\/schema.org\",\"@graph\":[{\"@type\":\"WebPage\",\"@id\":\"https:\\\/\\\/bpk-archive.de\\\/tuellmann\\\/produkt\\\/satellitenuebertragung-einer-ansprache-von-joseph-beuys-zur-eroeffnung-der-documenta-6-2\\\/\",\"url\":\"https:\\\/\\\/bpk-archive.de\\\/tuellmann\\\/produkt\\\/satellitenuebertragung-einer-ansprache-von-joseph-beuys-zur-eroeffnung-der-documenta-6-2\\\/\",\"name\":\"Satelliten\u00fcbertragung einer Ansprache von Joseph Beuys zur Er\u00f6ffnung der documenta 6 - Abisag T\u00fcllmann\",\"isPartOf\":{\"@id\":\"https:\\\/\\\/bpk-archive.de\\\/tuellmann\\\/#website\"},\"primaryImageOfPage\":{\"@id\":\"https:\\\/\\\/bpk-archive.de\\\/tuellmann\\\/produkt\\\/satellitenuebertragung-einer-ansprache-von-joseph-beuys-zur-eroeffnung-der-documenta-6-2\\\/#primaryimage\"},\"image\":{\"@id\":\"https:\\\/\\\/bpk-archive.de\\\/tuellmann\\\/produkt\\\/satellitenuebertragung-einer-ansprache-von-joseph-beuys-zur-eroeffnung-der-documenta-6-2\\\/#primaryimage\"},\"thumbnailUrl\":\"https:\\\/\\\/bpk-archive.de\\\/tuellmann\\\/wp-content\\\/uploads\\\/2019\\\/08\\\/bpk_70242876.jpg\",\"datePublished\":\"2019-09-05T14:25:25+00:00\",\"dateModified\":\"2019-09-05T14:25:27+00:00\",\"breadcrumb\":{\"@id\":\"https:\\\/\\\/bpk-archive.de\\\/tuellmann\\\/produkt\\\/satellitenuebertragung-einer-ansprache-von-joseph-beuys-zur-eroeffnung-der-documenta-6-2\\\/#breadcrumb\"},\"inLanguage\":\"de\",\"potentialAction\":[{\"@type\":\"ReadAction\",\"target\":[\"https:\\\/\\\/bpk-archive.de\\\/tuellmann\\\/produkt\\\/satellitenuebertragung-einer-ansprache-von-joseph-beuys-zur-eroeffnung-der-documenta-6-2\\\/\"]}]},{\"@type\":\"ImageObject\",\"inLanguage\":\"de\",\"@id\":\"https:\\\/\\\/bpk-archive.de\\\/tuellmann\\\/produkt\\\/satellitenuebertragung-einer-ansprache-von-joseph-beuys-zur-eroeffnung-der-documenta-6-2\\\/#primaryimage\",\"url\":\"https:\\\/\\\/bpk-archive.de\\\/tuellmann\\\/wp-content\\\/uploads\\\/2019\\\/08\\\/bpk_70242876.jpg\",\"contentUrl\":\"https:\\\/\\\/bpk-archive.de\\\/tuellmann\\\/wp-content\\\/uploads\\\/2019\\\/08\\\/bpk_70242876.jpg\",\"width\":1200,\"height\":930,\"caption\":\"Satelliten\u00fcbertragung einer Ansprache von Joseph Beuys zur Er\u00f6ffnung der documenta 6\"},{\"@type\":\"BreadcrumbList\",\"@id\":\"https:\\\/\\\/bpk-archive.de\\\/tuellmann\\\/produkt\\\/satellitenuebertragung-einer-ansprache-von-joseph-beuys-zur-eroeffnung-der-documenta-6-2\\\/#breadcrumb\",\"itemListElement\":[{\"@type\":\"ListItem\",\"position\":1,\"name\":\"Startseite\",\"item\":\"https:\\\/\\\/bpk-archive.de\\\/tuellmann\\\/\"},{\"@type\":\"ListItem\",\"position\":2,\"name\":\"Shop\",\"item\":\"https:\\\/\\\/bpk-archive.de\\\/tuellmann\\\/shop\\\/\"},{\"@type\":\"ListItem\",\"position\":3,\"name\":\"Satelliten\u00fcbertragung einer Ansprache von Joseph Beuys zur Er\u00f6ffnung der documenta 6\"}]},{\"@type\":\"WebSite\",\"@id\":\"https:\\\/\\\/bpk-archive.de\\\/tuellmann\\\/#website\",\"url\":\"https:\\\/\\\/bpk-archive.de\\\/tuellmann\\\/\",\"name\":\"Abisag T\u00fcllmann\",\"description\":\"Eine weitere WordPress-Website\",\"potentialAction\":[{\"@type\":\"SearchAction\",\"target\":{\"@type\":\"EntryPoint\",\"urlTemplate\":\"https:\\\/\\\/bpk-archive.de\\\/tuellmann\\\/?s={search_term_string}\"},\"query-input\":{\"@type\":\"PropertyValueSpecification\",\"valueRequired\":true,\"valueName\":\"search_term_string\"}}],\"inLanguage\":\"de\"}]}<\/script>\n<!-- \/ Yoast SEO plugin. -->","yoast_head_json":{"title":"Satelliten\u00fcbertragung einer Ansprache von Joseph Beuys zur Er\u00f6ffnung der documenta 6 - Abisag T\u00fcllmann","robots":{"index":"index","follow":"follow","max-snippet":"max-snippet:-1","max-image-preview":"max-image-preview:large","max-video-preview":"max-video-preview:-1"},"canonical":"https:\/\/bpk-archive.de\/tuellmann\/produkt\/satellitenuebertragung-einer-ansprache-von-joseph-beuys-zur-eroeffnung-der-documenta-6-2\/","og_locale":"de_DE","og_type":"article","og_title":"Satelliten\u00fcbertragung einer Ansprache von Joseph Beuys zur Er\u00f6ffnung der documenta 6 - Abisag T\u00fcllmann","og_url":"https:\/\/bpk-archive.de\/tuellmann\/produkt\/satellitenuebertragung-einer-ansprache-von-joseph-beuys-zur-eroeffnung-der-documenta-6-2\/","og_site_name":"Abisag T\u00fcllmann","article_modified_time":"2019-09-05T14:25:27+00:00","og_image":[{"width":1200,"height":930,"url":"https:\/\/bpk-archive.de\/tuellmann\/wp-content\/uploads\/2019\/08\/bpk_70242876.jpg","type":"image\/jpeg"}],"twitter_card":"summary_large_image","schema":{"@context":"https:\/\/schema.org","@graph":[{"@type":"WebPage","@id":"https:\/\/bpk-archive.de\/tuellmann\/produkt\/satellitenuebertragung-einer-ansprache-von-joseph-beuys-zur-eroeffnung-der-documenta-6-2\/","url":"https:\/\/bpk-archive.de\/tuellmann\/produkt\/satellitenuebertragung-einer-ansprache-von-joseph-beuys-zur-eroeffnung-der-documenta-6-2\/","name":"Satelliten\u00fcbertragung einer Ansprache von Joseph Beuys zur Er\u00f6ffnung der documenta 6 - Abisag T\u00fcllmann","isPartOf":{"@id":"https:\/\/bpk-archive.de\/tuellmann\/#website"},"primaryImageOfPage":{"@id":"https:\/\/bpk-archive.de\/tuellmann\/produkt\/satellitenuebertragung-einer-ansprache-von-joseph-beuys-zur-eroeffnung-der-documenta-6-2\/#primaryimage"},"image":{"@id":"https:\/\/bpk-archive.de\/tuellmann\/produkt\/satellitenuebertragung-einer-ansprache-von-joseph-beuys-zur-eroeffnung-der-documenta-6-2\/#primaryimage"},"thumbnailUrl":"https:\/\/bpk-archive.de\/tuellmann\/wp-content\/uploads\/2019\/08\/bpk_70242876.jpg","datePublished":"2019-09-05T14:25:25+00:00","dateModified":"2019-09-05T14:25:27+00:00","breadcrumb":{"@id":"https:\/\/bpk-archive.de\/tuellmann\/produkt\/satellitenuebertragung-einer-ansprache-von-joseph-beuys-zur-eroeffnung-der-documenta-6-2\/#breadcrumb"},"inLanguage":"de","potentialAction":[{"@type":"ReadAction","target":["https:\/\/bpk-archive.de\/tuellmann\/produkt\/satellitenuebertragung-einer-ansprache-von-joseph-beuys-zur-eroeffnung-der-documenta-6-2\/"]}]},{"@type":"ImageObject","inLanguage":"de","@id":"https:\/\/bpk-archive.de\/tuellmann\/produkt\/satellitenuebertragung-einer-ansprache-von-joseph-beuys-zur-eroeffnung-der-documenta-6-2\/#primaryimage","url":"https:\/\/bpk-archive.de\/tuellmann\/wp-content\/uploads\/2019\/08\/bpk_70242876.jpg","contentUrl":"https:\/\/bpk-archive.de\/tuellmann\/wp-content\/uploads\/2019\/08\/bpk_70242876.jpg","width":1200,"height":930,"caption":"Satelliten\u00fcbertragung einer Ansprache von Joseph Beuys zur Er\u00f6ffnung der documenta 6"},{"@type":"BreadcrumbList","@id":"https:\/\/bpk-archive.de\/tuellmann\/produkt\/satellitenuebertragung-einer-ansprache-von-joseph-beuys-zur-eroeffnung-der-documenta-6-2\/#breadcrumb","itemListElement":[{"@type":"ListItem","position":1,"name":"Startseite","item":"https:\/\/bpk-archive.de\/tuellmann\/"},{"@type":"ListItem","position":2,"name":"Shop","item":"https:\/\/bpk-archive.de\/tuellmann\/shop\/"},{"@type":"ListItem","position":3,"name":"Satelliten\u00fcbertragung einer Ansprache von Joseph Beuys zur Er\u00f6ffnung der documenta 6"}]},{"@type":"WebSite","@id":"https:\/\/bpk-archive.de\/tuellmann\/#website","url":"https:\/\/bpk-archive.de\/tuellmann\/","name":"Abisag T\u00fcllmann","description":"Eine weitere WordPress-Website","potentialAction":[{"@type":"SearchAction","target":{"@type":"EntryPoint","urlTemplate":"https:\/\/bpk-archive.de\/tuellmann\/?s={search_term_string}"},"query-input":{"@type":"PropertyValueSpecification","valueRequired":true,"valueName":"search_term_string"}}],"inLanguage":"de"}]}},"_links":{"self":[{"href":"https:\/\/bpk-archive.de\/tuellmann\/wp-json\/wp\/v2\/product\/70297380","targetHints":{"allow":["GET"]}}],"collection":[{"href":"https:\/\/bpk-archive.de\/tuellmann\/wp-json\/wp\/v2\/product"}],"about":[{"href":"https:\/\/bpk-archive.de\/tuellmann\/wp-json\/wp\/v2\/types\/product"}],"wp:featuredmedia":[{"embeddable":true,"href":"https:\/\/bpk-archive.de\/tuellmann\/wp-json\/wp\/v2\/media\/70292180"}],"wp:attachment":[{"href":"https:\/\/bpk-archive.de\/tuellmann\/wp-json\/wp\/v2\/media?parent=70297380"}],"wp:term":[{"taxonomy":"product_brand","embeddable":true,"href":"https:\/\/bpk-archive.de\/tuellmann\/wp-json\/wp\/v2\/product_brand?post=70297380"},{"taxonomy":"product_cat","embeddable":true,"href":"https:\/\/bpk-archive.de\/tuellmann\/wp-json\/wp\/v2\/product_cat?post=70297380"},{"taxonomy":"product_tag","embeddable":true,"href":"https:\/\/bpk-archive.de\/tuellmann\/wp-json\/wp\/v2\/product_tag?post=70297380"}],"curies":[{"name":"wp","href":"https:\/\/api.w.org\/{rel}","templated":true}]}}