{"id":70297318,"date":"2019-09-05T16:24:21","date_gmt":"2019-09-05T14:24:21","guid":{"rendered":"http:\/\/abisagtuellmann.bpk-news.de\/atbild\/gesangsverein-aus-muenster-in-einer-gaststaette-an-der-mosel\/"},"modified":"2019-09-05T16:24:23","modified_gmt":"2019-09-05T14:24:23","slug":"gesangsverein-aus-muenster-in-einer-gaststaette-an-der-mosel","status":"publish","type":"product","link":"https:\/\/bpk-archive.de\/tuellmann\/produkt\/gesangsverein-aus-muenster-in-einer-gaststaette-an-der-mosel\/","title":{"rendered":"Gesangsverein aus M\u00fcnster in einer Gastst\u00e4tte an der Mosel"},"content":{"rendered":"<p>R\u00fcckseitenbeschriftung von Hand der Fotografin: &#8222;Gesangsverein aus M\u00fcnster, an der Mosel&#8220;<\/p>\n","protected":false},"excerpt":{"rendered":"<p>R\u00fcckseitenbeschriftung von Hand der Fotografin: &#8222;Gesangsverein aus M\u00fcnster, an der Mosel&#8220;<\/p>\n","protected":false},"featured_media":70292049,"template":"","meta":[],"product_brand":[],"product_cat":[],"product_tag":[13774,13232,49666,13234,49667,13231,13233,13775,63025,13777,66247,56152,56153,13469,13470,13253,13254,13255,13256,13257,13471,13472,13473,13293,13786,13787,13294,13295,13296,13297,50037,50038,50039,50040,13498,56317,56318,56428,13818,13819,56390,56391,13826,49802,13328,13827,13828,13329,13330,13331,13332,13843,13877,13879,50043,50044,50045,50046,13865,13864,13866,13858,13859,13860,13861,13862,13863,13867,13869,13870,13871,13872,50281,50282,50283,50284,50285,50286,13878,13880,50047,50048,13525,50055,50056],"class_list":{"0":"post-70297318","1":"product","2":"type-product","3":"status-publish","4":"has-post-thumbnail","6":"product_tag-1960er-jahre","7":"product_tag-20-jahrhundert-nach-chr","8":"product_tag-20-jahrhundert-vor-chr","9":"product_tag-20-jh-n-chr","10":"product_tag-20-jh-v-chr","11":"product_tag-20-jahrhundert","12":"product_tag-20-jh","13":"product_tag-60er","14":"product_tag-abt_007","15":"product_tag-abzug","16":"product_tag-at_musik","17":"product_tag-auftritt","18":"product_tag-auftritts","19":"product_tag-brd","20":"product_tag-bundesrepublik-deutschland","21":"product_tag-deutsch","22":"product_tag-deutsche","23":"product_tag-deutschen","24":"product_tag-deutscher","25":"product_tag-deutsches","26":"product_tag-deutschland","27":"product_tag-deutschlands","28":"product_tag-drinnen","29":"product_tag-foto","30":"product_tag-fotoabzug","31":"product_tag-fotoabzuege","32":"product_tag-fotografie","33":"product_tag-fotografien","34":"product_tag-fotografin","35":"product_tag-fotografinnen","36":"product_tag-gasthaus","37":"product_tag-gasthaeuser","38":"product_tag-gaststaette","39":"product_tag-gaststaetten","40":"product_tag-innen","41":"product_tag-kneipe","42":"product_tag-kneipen","43":"product_tag-kultur","44":"product_tag-mann","45":"product_tag-maenner","46":"product_tag-maennerchor","47":"product_tag-maennerchoere","48":"product_tag-mannes","49":"product_tag-musik","50":"product_tag-photo","51":"product_tag-photoabzug","52":"product_tag-photoabzuege","53":"product_tag-photographie","54":"product_tag-photographien","55":"product_tag-photographin","56":"product_tag-photographinnen","57":"product_tag-print","58":"product_tag-s-w-fotografie","59":"product_tag-s-w-photographie","60":"product_tag-schaenke","61":"product_tag-schaenken","62":"product_tag-schenke","63":"product_tag-schenken","64":"product_tag-schwarzweissphotographie","65":"product_tag-schwarz-weiss-fotografie","66":"product_tag-schwarz-weiss-photographie","67":"product_tag-schwarzweiss","68":"product_tag-schwarzweisse","69":"product_tag-schwarzweissen","70":"product_tag-schwarzweisser","71":"product_tag-schwarzweisses","72":"product_tag-schwarzweissfotografie","73":"product_tag-sechziger","74":"product_tag-silbergelatine","75":"product_tag-silbergelatineabzug","76":"product_tag-silbergelatineabzuege","77":"product_tag-silbergelatineprint","78":"product_tag-singen","79":"product_tag-singend","80":"product_tag-singende","81":"product_tag-singenden","82":"product_tag-singender","83":"product_tag-singendes","84":"product_tag-sw-fotografie","85":"product_tag-sw-photographie","86":"product_tag-taverne","87":"product_tag-tavernen","88":"product_tag-von-innen","89":"product_tag-wirtshaus","90":"product_tag-wirtshaeuser","91":"pa_datierung-mai-1964","92":"pa_fotograf-abisag-tuellmann","93":"pa_geografischer_bezug-aufnahmeort-deutschland","94":"pa_grunddaten_material_technik-foto-silbergelatine-auf-barytpapier","95":"pa_inventarnummer-tue-64-052-23","96":"pa_jahr_von-13885","97":"pa_massangaben-bildformat-foto-238-x-292-cm","98":"pa_mediennummer-68026","99":"pa_objekt_typ-fotografie","101":"first","102":"instock","103":"product-type-simple"},"yoast_head":"<!-- This site is optimized with the Yoast SEO plugin v27.4 - https:\/\/yoast.com\/product\/yoast-seo-wordpress\/ -->\n<title>Gesangsverein aus M\u00fcnster in einer Gastst\u00e4tte an der Mosel - Abisag T\u00fcllmann<\/title>\n<meta name=\"robots\" content=\"index, follow, max-snippet:-1, max-image-preview:large, max-video-preview:-1\" \/>\n<link rel=\"canonical\" href=\"https:\/\/bpk-archive.de\/tuellmann\/produkt\/gesangsverein-aus-muenster-in-einer-gaststaette-an-der-mosel\/\" \/>\n<meta property=\"og:locale\" content=\"de_DE\" \/>\n<meta property=\"og:type\" content=\"article\" \/>\n<meta property=\"og:title\" content=\"Gesangsverein aus M\u00fcnster in einer Gastst\u00e4tte an der Mosel - Abisag T\u00fcllmann\" \/>\n<meta property=\"og:description\" content=\"R\u00fcckseitenbeschriftung von Hand der Fotografin: &#8222;Gesangsverein aus M\u00fcnster, an der Mosel&#8220;\" \/>\n<meta property=\"og:url\" content=\"https:\/\/bpk-archive.de\/tuellmann\/produkt\/gesangsverein-aus-muenster-in-einer-gaststaette-an-der-mosel\/\" \/>\n<meta property=\"og:site_name\" content=\"Abisag T\u00fcllmann\" \/>\n<meta property=\"article:modified_time\" content=\"2019-09-05T14:24:23+00:00\" \/>\n<meta property=\"og:image\" content=\"https:\/\/bpk-archive.de\/tuellmann\/wp-content\/uploads\/2019\/08\/bpk_70242682.jpg\" \/>\n\t<meta property=\"og:image:width\" content=\"1200\" \/>\n\t<meta property=\"og:image:height\" content=\"984\" \/>\n\t<meta property=\"og:image:type\" content=\"image\/jpeg\" \/>\n<meta name=\"twitter:card\" content=\"summary_large_image\" \/>\n<script type=\"application\/ld+json\" class=\"yoast-schema-graph\">{\"@context\":\"https:\\\/\\\/schema.org\",\"@graph\":[{\"@type\":\"WebPage\",\"@id\":\"https:\\\/\\\/bpk-archive.de\\\/tuellmann\\\/produkt\\\/gesangsverein-aus-muenster-in-einer-gaststaette-an-der-mosel\\\/\",\"url\":\"https:\\\/\\\/bpk-archive.de\\\/tuellmann\\\/produkt\\\/gesangsverein-aus-muenster-in-einer-gaststaette-an-der-mosel\\\/\",\"name\":\"Gesangsverein aus M\u00fcnster in einer Gastst\u00e4tte an der Mosel - Abisag T\u00fcllmann\",\"isPartOf\":{\"@id\":\"https:\\\/\\\/bpk-archive.de\\\/tuellmann\\\/#website\"},\"primaryImageOfPage\":{\"@id\":\"https:\\\/\\\/bpk-archive.de\\\/tuellmann\\\/produkt\\\/gesangsverein-aus-muenster-in-einer-gaststaette-an-der-mosel\\\/#primaryimage\"},\"image\":{\"@id\":\"https:\\\/\\\/bpk-archive.de\\\/tuellmann\\\/produkt\\\/gesangsverein-aus-muenster-in-einer-gaststaette-an-der-mosel\\\/#primaryimage\"},\"thumbnailUrl\":\"https:\\\/\\\/bpk-archive.de\\\/tuellmann\\\/wp-content\\\/uploads\\\/2019\\\/08\\\/bpk_70242682.jpg\",\"datePublished\":\"2019-09-05T14:24:21+00:00\",\"dateModified\":\"2019-09-05T14:24:23+00:00\",\"breadcrumb\":{\"@id\":\"https:\\\/\\\/bpk-archive.de\\\/tuellmann\\\/produkt\\\/gesangsverein-aus-muenster-in-einer-gaststaette-an-der-mosel\\\/#breadcrumb\"},\"inLanguage\":\"de\",\"potentialAction\":[{\"@type\":\"ReadAction\",\"target\":[\"https:\\\/\\\/bpk-archive.de\\\/tuellmann\\\/produkt\\\/gesangsverein-aus-muenster-in-einer-gaststaette-an-der-mosel\\\/\"]}]},{\"@type\":\"ImageObject\",\"inLanguage\":\"de\",\"@id\":\"https:\\\/\\\/bpk-archive.de\\\/tuellmann\\\/produkt\\\/gesangsverein-aus-muenster-in-einer-gaststaette-an-der-mosel\\\/#primaryimage\",\"url\":\"https:\\\/\\\/bpk-archive.de\\\/tuellmann\\\/wp-content\\\/uploads\\\/2019\\\/08\\\/bpk_70242682.jpg\",\"contentUrl\":\"https:\\\/\\\/bpk-archive.de\\\/tuellmann\\\/wp-content\\\/uploads\\\/2019\\\/08\\\/bpk_70242682.jpg\",\"width\":1200,\"height\":984,\"caption\":\"Gesangsverein aus M\u00fcnster in einer Gastst\u00e4tte an der Mosel\"},{\"@type\":\"BreadcrumbList\",\"@id\":\"https:\\\/\\\/bpk-archive.de\\\/tuellmann\\\/produkt\\\/gesangsverein-aus-muenster-in-einer-gaststaette-an-der-mosel\\\/#breadcrumb\",\"itemListElement\":[{\"@type\":\"ListItem\",\"position\":1,\"name\":\"Startseite\",\"item\":\"https:\\\/\\\/bpk-archive.de\\\/tuellmann\\\/\"},{\"@type\":\"ListItem\",\"position\":2,\"name\":\"Shop\",\"item\":\"https:\\\/\\\/bpk-archive.de\\\/tuellmann\\\/shop\\\/\"},{\"@type\":\"ListItem\",\"position\":3,\"name\":\"Gesangsverein aus M\u00fcnster in einer Gastst\u00e4tte an der Mosel\"}]},{\"@type\":\"WebSite\",\"@id\":\"https:\\\/\\\/bpk-archive.de\\\/tuellmann\\\/#website\",\"url\":\"https:\\\/\\\/bpk-archive.de\\\/tuellmann\\\/\",\"name\":\"Abisag T\u00fcllmann\",\"description\":\"Eine weitere WordPress-Website\",\"potentialAction\":[{\"@type\":\"SearchAction\",\"target\":{\"@type\":\"EntryPoint\",\"urlTemplate\":\"https:\\\/\\\/bpk-archive.de\\\/tuellmann\\\/?s={search_term_string}\"},\"query-input\":{\"@type\":\"PropertyValueSpecification\",\"valueRequired\":true,\"valueName\":\"search_term_string\"}}],\"inLanguage\":\"de\"}]}<\/script>\n<!-- \/ Yoast SEO plugin. -->","yoast_head_json":{"title":"Gesangsverein aus M\u00fcnster in einer Gastst\u00e4tte an der Mosel - Abisag T\u00fcllmann","robots":{"index":"index","follow":"follow","max-snippet":"max-snippet:-1","max-image-preview":"max-image-preview:large","max-video-preview":"max-video-preview:-1"},"canonical":"https:\/\/bpk-archive.de\/tuellmann\/produkt\/gesangsverein-aus-muenster-in-einer-gaststaette-an-der-mosel\/","og_locale":"de_DE","og_type":"article","og_title":"Gesangsverein aus M\u00fcnster in einer Gastst\u00e4tte an der Mosel - Abisag T\u00fcllmann","og_description":"R\u00fcckseitenbeschriftung von Hand der Fotografin: &#8222;Gesangsverein aus M\u00fcnster, an der Mosel&#8220;","og_url":"https:\/\/bpk-archive.de\/tuellmann\/produkt\/gesangsverein-aus-muenster-in-einer-gaststaette-an-der-mosel\/","og_site_name":"Abisag T\u00fcllmann","article_modified_time":"2019-09-05T14:24:23+00:00","og_image":[{"width":1200,"height":984,"url":"https:\/\/bpk-archive.de\/tuellmann\/wp-content\/uploads\/2019\/08\/bpk_70242682.jpg","type":"image\/jpeg"}],"twitter_card":"summary_large_image","schema":{"@context":"https:\/\/schema.org","@graph":[{"@type":"WebPage","@id":"https:\/\/bpk-archive.de\/tuellmann\/produkt\/gesangsverein-aus-muenster-in-einer-gaststaette-an-der-mosel\/","url":"https:\/\/bpk-archive.de\/tuellmann\/produkt\/gesangsverein-aus-muenster-in-einer-gaststaette-an-der-mosel\/","name":"Gesangsverein aus M\u00fcnster in einer Gastst\u00e4tte an der Mosel - Abisag T\u00fcllmann","isPartOf":{"@id":"https:\/\/bpk-archive.de\/tuellmann\/#website"},"primaryImageOfPage":{"@id":"https:\/\/bpk-archive.de\/tuellmann\/produkt\/gesangsverein-aus-muenster-in-einer-gaststaette-an-der-mosel\/#primaryimage"},"image":{"@id":"https:\/\/bpk-archive.de\/tuellmann\/produkt\/gesangsverein-aus-muenster-in-einer-gaststaette-an-der-mosel\/#primaryimage"},"thumbnailUrl":"https:\/\/bpk-archive.de\/tuellmann\/wp-content\/uploads\/2019\/08\/bpk_70242682.jpg","datePublished":"2019-09-05T14:24:21+00:00","dateModified":"2019-09-05T14:24:23+00:00","breadcrumb":{"@id":"https:\/\/bpk-archive.de\/tuellmann\/produkt\/gesangsverein-aus-muenster-in-einer-gaststaette-an-der-mosel\/#breadcrumb"},"inLanguage":"de","potentialAction":[{"@type":"ReadAction","target":["https:\/\/bpk-archive.de\/tuellmann\/produkt\/gesangsverein-aus-muenster-in-einer-gaststaette-an-der-mosel\/"]}]},{"@type":"ImageObject","inLanguage":"de","@id":"https:\/\/bpk-archive.de\/tuellmann\/produkt\/gesangsverein-aus-muenster-in-einer-gaststaette-an-der-mosel\/#primaryimage","url":"https:\/\/bpk-archive.de\/tuellmann\/wp-content\/uploads\/2019\/08\/bpk_70242682.jpg","contentUrl":"https:\/\/bpk-archive.de\/tuellmann\/wp-content\/uploads\/2019\/08\/bpk_70242682.jpg","width":1200,"height":984,"caption":"Gesangsverein aus M\u00fcnster in einer Gastst\u00e4tte an der Mosel"},{"@type":"BreadcrumbList","@id":"https:\/\/bpk-archive.de\/tuellmann\/produkt\/gesangsverein-aus-muenster-in-einer-gaststaette-an-der-mosel\/#breadcrumb","itemListElement":[{"@type":"ListItem","position":1,"name":"Startseite","item":"https:\/\/bpk-archive.de\/tuellmann\/"},{"@type":"ListItem","position":2,"name":"Shop","item":"https:\/\/bpk-archive.de\/tuellmann\/shop\/"},{"@type":"ListItem","position":3,"name":"Gesangsverein aus M\u00fcnster in einer Gastst\u00e4tte an der Mosel"}]},{"@type":"WebSite","@id":"https:\/\/bpk-archive.de\/tuellmann\/#website","url":"https:\/\/bpk-archive.de\/tuellmann\/","name":"Abisag T\u00fcllmann","description":"Eine weitere WordPress-Website","potentialAction":[{"@type":"SearchAction","target":{"@type":"EntryPoint","urlTemplate":"https:\/\/bpk-archive.de\/tuellmann\/?s={search_term_string}"},"query-input":{"@type":"PropertyValueSpecification","valueRequired":true,"valueName":"search_term_string"}}],"inLanguage":"de"}]}},"_links":{"self":[{"href":"https:\/\/bpk-archive.de\/tuellmann\/wp-json\/wp\/v2\/product\/70297318","targetHints":{"allow":["GET"]}}],"collection":[{"href":"https:\/\/bpk-archive.de\/tuellmann\/wp-json\/wp\/v2\/product"}],"about":[{"href":"https:\/\/bpk-archive.de\/tuellmann\/wp-json\/wp\/v2\/types\/product"}],"wp:featuredmedia":[{"embeddable":true,"href":"https:\/\/bpk-archive.de\/tuellmann\/wp-json\/wp\/v2\/media\/70292049"}],"wp:attachment":[{"href":"https:\/\/bpk-archive.de\/tuellmann\/wp-json\/wp\/v2\/media?parent=70297318"}],"wp:term":[{"taxonomy":"product_brand","embeddable":true,"href":"https:\/\/bpk-archive.de\/tuellmann\/wp-json\/wp\/v2\/product_brand?post=70297318"},{"taxonomy":"product_cat","embeddable":true,"href":"https:\/\/bpk-archive.de\/tuellmann\/wp-json\/wp\/v2\/product_cat?post=70297318"},{"taxonomy":"product_tag","embeddable":true,"href":"https:\/\/bpk-archive.de\/tuellmann\/wp-json\/wp\/v2\/product_tag?post=70297318"}],"curies":[{"name":"wp","href":"https:\/\/api.w.org\/{rel}","templated":true}]}}