{"id":70297271,"date":"2019-09-05T16:23:30","date_gmt":"2019-09-05T14:23:30","guid":{"rendered":"http:\/\/abisagtuellmann.bpk-news.de\/atbild\/strassenszene-im-geschaefts-und-vergnuegungsviertel-ginza-in-tokio\/"},"modified":"2019-09-05T16:23:42","modified_gmt":"2019-09-05T14:23:42","slug":"strassenszene-im-geschaefts-und-vergnuegungsviertel-ginza-in-tokio","status":"publish","type":"product","link":"https:\/\/bpk-archive.de\/tuellmann\/produkt\/strassenszene-im-geschaefts-und-vergnuegungsviertel-ginza-in-tokio\/","title":{"rendered":"Stra\u00dfenszene im Gesch\u00e4fts- und Vergn\u00fcgungsviertel Ginza in Tokio"},"content":{"rendered":"","protected":false},"excerpt":{"rendered":"","protected":false},"featured_media":70292417,"template":"","meta":[],"product_brand":[],"product_cat":[],"product_tag":[13230,13232,13234,13231,13233,13235,14262,13777,48239,48240,48241,56103,56104,56105,56106,56107,56108,56109,56110,56111,56112,56113,65437,13250,49019,49020,47365,47366,47367,13253,13254,13255,13256,13257,13260,13293,13786,13787,13294,13295,13296,13297,47267,47556,47377,47378,47379,47380,47381,47382,47886,67782,47887,47888,58983,58984,13301,56118,56119,56122,56123,56124,56125,56126,56127,56128,56129,56428,60410,60411,13818,13819,48012,48013,13826,56131,56133,56135,56137,56139,56141,56142,56130,56132,56134,56136,56138,56140,47561,47562,13328,13827,13828,13329,13330,13331,13332,47332,13843,49046,49047,47333,47334,47335,47336,47337,13877,13879,13865,13864,13866,13858,13859,13860,13861,13862,13863,13354,13869,13870,13871,13872,48679,48680,48681,47408,47409,49085,49086,13878,13880,56146,56147,67783,49048],"class_list":{"0":"post-70297271","1":"product","2":"type-product","3":"status-publish","4":"has-post-thumbnail","6":"product_tag-1970er-jahre","7":"product_tag-20-jahrhundert-nach-chr","8":"product_tag-20-jh-n-chr","9":"product_tag-20-jahrhundert","10":"product_tag-20-jh","11":"product_tag-70er","12":"product_tag-abt_008","13":"product_tag-abzug","14":"product_tag-angestellte","15":"product_tag-angestellten","16":"product_tag-angestellter","17":"product_tag-asiat","18":"product_tag-asiate","19":"product_tag-asiaten","20":"product_tag-asiatisch","21":"product_tag-asiatische","22":"product_tag-asiatischem","23":"product_tag-asiatischen","24":"product_tag-asiatischer","25":"product_tag-asiatisches","26":"product_tag-asien","27":"product_tag-asiens","28":"product_tag-at_asien","29":"product_tag-aussen","30":"product_tag-aussenreklame","31":"product_tag-aussenwerbung","32":"product_tag-bauten","33":"product_tag-bauwerk","34":"product_tag-bauwerke","35":"product_tag-deutsch","36":"product_tag-deutsche","37":"product_tag-deutschen","38":"product_tag-deutscher","39":"product_tag-deutsches","40":"product_tag-draussen","41":"product_tag-foto","42":"product_tag-fotoabzug","43":"product_tag-fotoabzuege","44":"product_tag-fotografie","45":"product_tag-fotografien","46":"product_tag-fotografin","47":"product_tag-fotografinnen","48":"product_tag-fotoreportage","49":"product_tag-fussgaenger","50":"product_tag-gebaeude","51":"product_tag-gehen","52":"product_tag-gehend","53":"product_tag-gehende","54":"product_tag-gehender","55":"product_tag-gehendes","56":"product_tag-geschaeftsmann","57":"product_tag-geschaeftsviertel","58":"product_tag-grossstadt","59":"product_tag-grossstaedte","60":"product_tag-haeuserschlucht","61":"product_tag-haeuserschluchten","62":"product_tag-im-freien","63":"product_tag-japan","64":"product_tag-japaner","65":"product_tag-japanern","66":"product_tag-japaners","67":"product_tag-japanisch","68":"product_tag-japanische","69":"product_tag-japanischen","70":"product_tag-japanischer","71":"product_tag-japanisches","72":"product_tag-japans","73":"product_tag-kultur","74":"product_tag-leuchtreklame","75":"product_tag-leuchtreklamen","76":"product_tag-mann","77":"product_tag-maenner","78":"product_tag-maennergruppe","79":"product_tag-maennergruppen","80":"product_tag-mannes","81":"product_tag-ost-asiatisch","82":"product_tag-ost-asiatische","83":"product_tag-ost-asiatischen","84":"product_tag-ost-asiatischer","85":"product_tag-ost-asiatisches","86":"product_tag-ost-asien","87":"product_tag-ost-asiens","88":"product_tag-ostasiatisch","89":"product_tag-ostasiatische","90":"product_tag-ostasiatischen","91":"product_tag-ostasiatischer","92":"product_tag-ostasiatisches","93":"product_tag-ostasien","94":"product_tag-passant","95":"product_tag-passanten","96":"product_tag-photo","97":"product_tag-photoabzug","98":"product_tag-photoabzuege","99":"product_tag-photographie","100":"product_tag-photographien","101":"product_tag-photographin","102":"product_tag-photographinnen","103":"product_tag-photoreportage","104":"product_tag-print","105":"product_tag-reclame","106":"product_tag-reklame","107":"product_tag-reportage","108":"product_tag-reportagefoto","109":"product_tag-reportagefotografie","110":"product_tag-reportagephoto","111":"product_tag-reportagephotographie","112":"product_tag-s-w-fotografie","113":"product_tag-s-w-photographie","114":"product_tag-schwarzweissphotographie","115":"product_tag-schwarz-weiss-fotografie","116":"product_tag-schwarz-weiss-photographie","117":"product_tag-schwarzweiss","118":"product_tag-schwarzweisse","119":"product_tag-schwarzweissen","120":"product_tag-schwarzweisser","121":"product_tag-schwarzweisses","122":"product_tag-schwarzweissfotografie","123":"product_tag-siebziger","124":"product_tag-silbergelatine","125":"product_tag-silbergelatineabzug","126":"product_tag-silbergelatineabzuege","127":"product_tag-silbergelatineprint","128":"product_tag-stadtteil","129":"product_tag-stadtteils","130":"product_tag-stadtviertel","131":"product_tag-strassenleben","132":"product_tag-strassenszene","133":"product_tag-strassenzug","134":"product_tag-strassenzuege","135":"product_tag-sw-fotografie","136":"product_tag-sw-photographie","137":"product_tag-tokio","138":"product_tag-tokyo","139":"product_tag-vergnuegungsviertel","140":"product_tag-werbung","141":"pa_datierung-mai-1973","142":"pa_fotograf-abisag-tuellmann","143":"pa_geografischer_bezug-aufnahmeort-tokio-japan","144":"pa_grunddaten_material_technik-foto-silbergelatine-auf-barytpapier","145":"pa_inventarnummer-tue-73-046-25a","146":"pa_jahr_von-54245","147":"pa_massangaben-bildformat-foto-233-x-302-cm","148":"pa_mediennummer-67780","149":"pa_objekt_typ-fotografie","151":"first","152":"instock","153":"product-type-simple"},"yoast_head":"<!-- This site is optimized with the Yoast SEO plugin v27.4 - https:\/\/yoast.com\/product\/yoast-seo-wordpress\/ -->\n<title>Stra\u00dfenszene im Gesch\u00e4fts- und Vergn\u00fcgungsviertel Ginza in Tokio - Abisag T\u00fcllmann<\/title>\n<meta name=\"robots\" content=\"index, follow, max-snippet:-1, max-image-preview:large, max-video-preview:-1\" \/>\n<link rel=\"canonical\" href=\"https:\/\/bpk-archive.de\/tuellmann\/produkt\/strassenszene-im-geschaefts-und-vergnuegungsviertel-ginza-in-tokio\/\" \/>\n<meta property=\"og:locale\" content=\"de_DE\" \/>\n<meta property=\"og:type\" content=\"article\" \/>\n<meta property=\"og:title\" content=\"Stra\u00dfenszene im Gesch\u00e4fts- und Vergn\u00fcgungsviertel Ginza in Tokio - Abisag T\u00fcllmann\" \/>\n<meta property=\"og:url\" content=\"https:\/\/bpk-archive.de\/tuellmann\/produkt\/strassenszene-im-geschaefts-und-vergnuegungsviertel-ginza-in-tokio\/\" \/>\n<meta property=\"og:site_name\" content=\"Abisag T\u00fcllmann\" \/>\n<meta property=\"article:modified_time\" content=\"2019-09-05T14:23:42+00:00\" \/>\n<meta property=\"og:image\" content=\"https:\/\/bpk-archive.de\/tuellmann\/wp-content\/uploads\/2019\/08\/bpk_70242980.jpg\" \/>\n\t<meta property=\"og:image:width\" content=\"1200\" \/>\n\t<meta property=\"og:image:height\" content=\"932\" \/>\n\t<meta property=\"og:image:type\" content=\"image\/jpeg\" \/>\n<meta name=\"twitter:card\" content=\"summary_large_image\" \/>\n<script type=\"application\/ld+json\" class=\"yoast-schema-graph\">{\"@context\":\"https:\\\/\\\/schema.org\",\"@graph\":[{\"@type\":\"WebPage\",\"@id\":\"https:\\\/\\\/bpk-archive.de\\\/tuellmann\\\/produkt\\\/strassenszene-im-geschaefts-und-vergnuegungsviertel-ginza-in-tokio\\\/\",\"url\":\"https:\\\/\\\/bpk-archive.de\\\/tuellmann\\\/produkt\\\/strassenszene-im-geschaefts-und-vergnuegungsviertel-ginza-in-tokio\\\/\",\"name\":\"Stra\u00dfenszene im Gesch\u00e4fts- und Vergn\u00fcgungsviertel Ginza in Tokio - Abisag T\u00fcllmann\",\"isPartOf\":{\"@id\":\"https:\\\/\\\/bpk-archive.de\\\/tuellmann\\\/#website\"},\"primaryImageOfPage\":{\"@id\":\"https:\\\/\\\/bpk-archive.de\\\/tuellmann\\\/produkt\\\/strassenszene-im-geschaefts-und-vergnuegungsviertel-ginza-in-tokio\\\/#primaryimage\"},\"image\":{\"@id\":\"https:\\\/\\\/bpk-archive.de\\\/tuellmann\\\/produkt\\\/strassenszene-im-geschaefts-und-vergnuegungsviertel-ginza-in-tokio\\\/#primaryimage\"},\"thumbnailUrl\":\"https:\\\/\\\/bpk-archive.de\\\/tuellmann\\\/wp-content\\\/uploads\\\/2019\\\/08\\\/bpk_70242980.jpg\",\"datePublished\":\"2019-09-05T14:23:30+00:00\",\"dateModified\":\"2019-09-05T14:23:42+00:00\",\"breadcrumb\":{\"@id\":\"https:\\\/\\\/bpk-archive.de\\\/tuellmann\\\/produkt\\\/strassenszene-im-geschaefts-und-vergnuegungsviertel-ginza-in-tokio\\\/#breadcrumb\"},\"inLanguage\":\"de\",\"potentialAction\":[{\"@type\":\"ReadAction\",\"target\":[\"https:\\\/\\\/bpk-archive.de\\\/tuellmann\\\/produkt\\\/strassenszene-im-geschaefts-und-vergnuegungsviertel-ginza-in-tokio\\\/\"]}]},{\"@type\":\"ImageObject\",\"inLanguage\":\"de\",\"@id\":\"https:\\\/\\\/bpk-archive.de\\\/tuellmann\\\/produkt\\\/strassenszene-im-geschaefts-und-vergnuegungsviertel-ginza-in-tokio\\\/#primaryimage\",\"url\":\"https:\\\/\\\/bpk-archive.de\\\/tuellmann\\\/wp-content\\\/uploads\\\/2019\\\/08\\\/bpk_70242980.jpg\",\"contentUrl\":\"https:\\\/\\\/bpk-archive.de\\\/tuellmann\\\/wp-content\\\/uploads\\\/2019\\\/08\\\/bpk_70242980.jpg\",\"width\":1200,\"height\":932,\"caption\":\"Stra\u00dfenszene im Gesch\u00e4fts- und Vergn\u00fcgungsviertel Ginza in Tokio\"},{\"@type\":\"BreadcrumbList\",\"@id\":\"https:\\\/\\\/bpk-archive.de\\\/tuellmann\\\/produkt\\\/strassenszene-im-geschaefts-und-vergnuegungsviertel-ginza-in-tokio\\\/#breadcrumb\",\"itemListElement\":[{\"@type\":\"ListItem\",\"position\":1,\"name\":\"Startseite\",\"item\":\"https:\\\/\\\/bpk-archive.de\\\/tuellmann\\\/\"},{\"@type\":\"ListItem\",\"position\":2,\"name\":\"Shop\",\"item\":\"https:\\\/\\\/bpk-archive.de\\\/tuellmann\\\/shop\\\/\"},{\"@type\":\"ListItem\",\"position\":3,\"name\":\"Stra\u00dfenszene im Gesch\u00e4fts- und Vergn\u00fcgungsviertel Ginza in Tokio\"}]},{\"@type\":\"WebSite\",\"@id\":\"https:\\\/\\\/bpk-archive.de\\\/tuellmann\\\/#website\",\"url\":\"https:\\\/\\\/bpk-archive.de\\\/tuellmann\\\/\",\"name\":\"Abisag T\u00fcllmann\",\"description\":\"Eine weitere WordPress-Website\",\"potentialAction\":[{\"@type\":\"SearchAction\",\"target\":{\"@type\":\"EntryPoint\",\"urlTemplate\":\"https:\\\/\\\/bpk-archive.de\\\/tuellmann\\\/?s={search_term_string}\"},\"query-input\":{\"@type\":\"PropertyValueSpecification\",\"valueRequired\":true,\"valueName\":\"search_term_string\"}}],\"inLanguage\":\"de\"}]}<\/script>\n<!-- \/ Yoast SEO plugin. -->","yoast_head_json":{"title":"Stra\u00dfenszene im Gesch\u00e4fts- und Vergn\u00fcgungsviertel Ginza in Tokio - Abisag T\u00fcllmann","robots":{"index":"index","follow":"follow","max-snippet":"max-snippet:-1","max-image-preview":"max-image-preview:large","max-video-preview":"max-video-preview:-1"},"canonical":"https:\/\/bpk-archive.de\/tuellmann\/produkt\/strassenszene-im-geschaefts-und-vergnuegungsviertel-ginza-in-tokio\/","og_locale":"de_DE","og_type":"article","og_title":"Stra\u00dfenszene im Gesch\u00e4fts- und Vergn\u00fcgungsviertel Ginza in Tokio - Abisag T\u00fcllmann","og_url":"https:\/\/bpk-archive.de\/tuellmann\/produkt\/strassenszene-im-geschaefts-und-vergnuegungsviertel-ginza-in-tokio\/","og_site_name":"Abisag T\u00fcllmann","article_modified_time":"2019-09-05T14:23:42+00:00","og_image":[{"width":1200,"height":932,"url":"https:\/\/bpk-archive.de\/tuellmann\/wp-content\/uploads\/2019\/08\/bpk_70242980.jpg","type":"image\/jpeg"}],"twitter_card":"summary_large_image","schema":{"@context":"https:\/\/schema.org","@graph":[{"@type":"WebPage","@id":"https:\/\/bpk-archive.de\/tuellmann\/produkt\/strassenszene-im-geschaefts-und-vergnuegungsviertel-ginza-in-tokio\/","url":"https:\/\/bpk-archive.de\/tuellmann\/produkt\/strassenszene-im-geschaefts-und-vergnuegungsviertel-ginza-in-tokio\/","name":"Stra\u00dfenszene im Gesch\u00e4fts- und Vergn\u00fcgungsviertel Ginza in Tokio - Abisag T\u00fcllmann","isPartOf":{"@id":"https:\/\/bpk-archive.de\/tuellmann\/#website"},"primaryImageOfPage":{"@id":"https:\/\/bpk-archive.de\/tuellmann\/produkt\/strassenszene-im-geschaefts-und-vergnuegungsviertel-ginza-in-tokio\/#primaryimage"},"image":{"@id":"https:\/\/bpk-archive.de\/tuellmann\/produkt\/strassenszene-im-geschaefts-und-vergnuegungsviertel-ginza-in-tokio\/#primaryimage"},"thumbnailUrl":"https:\/\/bpk-archive.de\/tuellmann\/wp-content\/uploads\/2019\/08\/bpk_70242980.jpg","datePublished":"2019-09-05T14:23:30+00:00","dateModified":"2019-09-05T14:23:42+00:00","breadcrumb":{"@id":"https:\/\/bpk-archive.de\/tuellmann\/produkt\/strassenszene-im-geschaefts-und-vergnuegungsviertel-ginza-in-tokio\/#breadcrumb"},"inLanguage":"de","potentialAction":[{"@type":"ReadAction","target":["https:\/\/bpk-archive.de\/tuellmann\/produkt\/strassenszene-im-geschaefts-und-vergnuegungsviertel-ginza-in-tokio\/"]}]},{"@type":"ImageObject","inLanguage":"de","@id":"https:\/\/bpk-archive.de\/tuellmann\/produkt\/strassenszene-im-geschaefts-und-vergnuegungsviertel-ginza-in-tokio\/#primaryimage","url":"https:\/\/bpk-archive.de\/tuellmann\/wp-content\/uploads\/2019\/08\/bpk_70242980.jpg","contentUrl":"https:\/\/bpk-archive.de\/tuellmann\/wp-content\/uploads\/2019\/08\/bpk_70242980.jpg","width":1200,"height":932,"caption":"Stra\u00dfenszene im Gesch\u00e4fts- und Vergn\u00fcgungsviertel Ginza in Tokio"},{"@type":"BreadcrumbList","@id":"https:\/\/bpk-archive.de\/tuellmann\/produkt\/strassenszene-im-geschaefts-und-vergnuegungsviertel-ginza-in-tokio\/#breadcrumb","itemListElement":[{"@type":"ListItem","position":1,"name":"Startseite","item":"https:\/\/bpk-archive.de\/tuellmann\/"},{"@type":"ListItem","position":2,"name":"Shop","item":"https:\/\/bpk-archive.de\/tuellmann\/shop\/"},{"@type":"ListItem","position":3,"name":"Stra\u00dfenszene im Gesch\u00e4fts- und Vergn\u00fcgungsviertel Ginza in Tokio"}]},{"@type":"WebSite","@id":"https:\/\/bpk-archive.de\/tuellmann\/#website","url":"https:\/\/bpk-archive.de\/tuellmann\/","name":"Abisag T\u00fcllmann","description":"Eine weitere WordPress-Website","potentialAction":[{"@type":"SearchAction","target":{"@type":"EntryPoint","urlTemplate":"https:\/\/bpk-archive.de\/tuellmann\/?s={search_term_string}"},"query-input":{"@type":"PropertyValueSpecification","valueRequired":true,"valueName":"search_term_string"}}],"inLanguage":"de"}]}},"_links":{"self":[{"href":"https:\/\/bpk-archive.de\/tuellmann\/wp-json\/wp\/v2\/product\/70297271","targetHints":{"allow":["GET"]}}],"collection":[{"href":"https:\/\/bpk-archive.de\/tuellmann\/wp-json\/wp\/v2\/product"}],"about":[{"href":"https:\/\/bpk-archive.de\/tuellmann\/wp-json\/wp\/v2\/types\/product"}],"wp:featuredmedia":[{"embeddable":true,"href":"https:\/\/bpk-archive.de\/tuellmann\/wp-json\/wp\/v2\/media\/70292417"}],"wp:attachment":[{"href":"https:\/\/bpk-archive.de\/tuellmann\/wp-json\/wp\/v2\/media?parent=70297271"}],"wp:term":[{"taxonomy":"product_brand","embeddable":true,"href":"https:\/\/bpk-archive.de\/tuellmann\/wp-json\/wp\/v2\/product_brand?post=70297271"},{"taxonomy":"product_cat","embeddable":true,"href":"https:\/\/bpk-archive.de\/tuellmann\/wp-json\/wp\/v2\/product_cat?post=70297271"},{"taxonomy":"product_tag","embeddable":true,"href":"https:\/\/bpk-archive.de\/tuellmann\/wp-json\/wp\/v2\/product_tag?post=70297271"}],"curies":[{"name":"wp","href":"https:\/\/api.w.org\/{rel}","templated":true}]}}