{"id":70297242,"date":"2019-09-05T16:23:14","date_gmt":"2019-09-05T14:23:14","guid":{"rendered":"http:\/\/abisagtuellmann.bpk-news.de\/atbild\/eingang-zum-tschechoslowakischen-pavillon-auf-der-35-biennale-von-venedig\/"},"modified":"2020-04-28T11:13:48","modified_gmt":"2020-04-28T09:13:48","slug":"eingang-zum-tschechoslowakischen-pavillon-auf-der-35-biennale-von-venedig","status":"publish","type":"product","link":"https:\/\/bpk-archive.de\/tuellmann\/produkt\/eingang-zum-tschechoslowakischen-pavillon-auf-der-35-biennale-von-venedig\/","title":{"rendered":"Eingang zum tschechoslowakischen Pavillon auf der 35. Biennale von Venedig"},"content":{"rendered":"<p>\u00dcber Wand und T\u00fcr zieht sich der mit wei\u00dfer Farbe gepinselte Schriftzug &#8222;Chiusi per motivi &#8218;tecnici'&#8220; (&#8222;Aus &#8218;technischen&#8216; Gr\u00fcnden geschlossen&#8220;)<\/p>\n","protected":false},"excerpt":{"rendered":"<p>\u00dcber Wand und T\u00fcr zieht sich der mit wei\u00dfer Farbe gepinselte Schriftzug &#8222;Chiusi per motivi &#8218;tecnici&#8217;&#8220; (&#8222;Aus &#8218;technischen&#8216; Gr\u00fcnden geschlossen&#8220;)<\/p>\n","protected":false},"featured_media":70292402,"template":"","meta":[],"product_brand":[],"product_cat":[73384],"product_tag":[13230,13232,13234,13231,13233,13235,63025,13777,60161,48438,13250,48185,48186,50837,50838,56058,56059,56064,56065,56072,13253,13254,13255,13256,13257,13260,48698,13293,13786,13787,13294,13295,13296,13297,48727,48728,48729,48730,48731,63972,63973,13301,51508,51511,51512,51513,51514,51515,51516,56428,56080,13499,13500,56081,13505,13506,51518,51519,51520,51521,51522,51523,51524,51597,51599,51600,51602,56082,56083,56084,13328,13827,13828,13329,13330,13331,13332,52789,52790,52791,13843,13877,13879,48364,48365,13865,13864,13866,13858,13859,13860,13861,13862,13863,13354,13869,13870,13871,13872,51537,51539,51540,51541,51542,51543,51544,13878,13880,49348,49349,49350,49351,58182,58183,58185,58186,58189,58187,58188,58190,58192,58194,58195,58196,58197,58198,58199,55983,55984,55988,55989,55990,55991,55992,55993,48228,56096,56097],"class_list":["post-70297242","product","type-product","status-publish","has-post-thumbnail","product_cat-kunst","product_tag-1970er-jahre","product_tag-20-jahrhundert-nach-chr","product_tag-20-jh-n-chr","product_tag-20-jahrhundert","product_tag-20-jh","product_tag-70er","product_tag-abt_007","product_tag-abzug","product_tag-at_kunst","product_tag-aufschrift","product_tag-aussen","product_tag-aussenansicht","product_tag-aussenansichten","product_tag-ausstellung","product_tag-ausstellungen","product_tag-ausstellungspavillon","product_tag-ausstellungspavillons","product_tag-biennale","product_tag-bildende-kunst","product_tag-contemporary-art","product_tag-deutsch","product_tag-deutsche","product_tag-deutschen","product_tag-deutscher","product_tag-deutsches","product_tag-draussen","product_tag-eingang","product_tag-foto","product_tag-fotoabzug","product_tag-fotoabzuege","product_tag-fotografie","product_tag-fotografien","product_tag-fotografin","product_tag-fotografinnen","product_tag-geschlossen","product_tag-geschlossene","product_tag-geschlossenen","product_tag-geschlossener","product_tag-geschlossenes","product_tag-hinweis","product_tag-hinweise","product_tag-im-freien","product_tag-italien","product_tag-italienisch","product_tag-italienische","product_tag-italienischen","product_tag-italienischer","product_tag-italienisches","product_tag-italiens","product_tag-kultur","product_tag-kunst","product_tag-kunstausstellung","product_tag-kunstausstellungen","product_tag-kuenste","product_tag-kunstwerk","product_tag-kunstwerke","product_tag-mediterran","product_tag-mediterrane","product_tag-mediterranen","product_tag-mediterraner","product_tag-mediterranes","product_tag-mittelmeerland","product_tag-mittelmeerlaender","product_tag-norditalien","product_tag-norditalienisch","product_tag-oberitalien","product_tag-oberitalienisch","product_tag-pavillion","product_tag-pavillon","product_tag-pavillons","product_tag-photo","product_tag-photoabzug","product_tag-photoabzuege","product_tag-photographie","product_tag-photographien","product_tag-photographin","product_tag-photographinnen","product_tag-portal","product_tag-portale","product_tag-portalen","product_tag-print","product_tag-s-w-fotografie","product_tag-s-w-photographie","product_tag-schrift","product_tag-schriften","product_tag-schwarzweissphotographie","product_tag-schwarz-weiss-fotografie","product_tag-schwarz-weiss-photographie","product_tag-schwarzweiss","product_tag-schwarzweisse","product_tag-schwarzweissen","product_tag-schwarzweisser","product_tag-schwarzweisses","product_tag-schwarzweissfotografie","product_tag-siebziger","product_tag-silbergelatine","product_tag-silbergelatineabzug","product_tag-silbergelatineabzuege","product_tag-silbergelatineprint","product_tag-suedeuropa","product_tag-suedeuropaeisch","product_tag-suedeuropaeische","product_tag-suedeuropaeischem","product_tag-suedeuropaeischen","product_tag-suedeuropaeischer","product_tag-suedeuropaeisches","product_tag-sw-fotografie","product_tag-sw-photographie","product_tag-tor","product_tag-tore","product_tag-tores","product_tag-tors","product_tag-tschechei","product_tag-tschechien","product_tag-tschechisch","product_tag-tschechische","product_tag-tschechische-republik","product_tag-tschechischen","product_tag-tschechischer","product_tag-tschechisches","product_tag-tschechoslowakei","product_tag-tschechoslowakisch","product_tag-tschechoslowakische","product_tag-tschechoslowakischem","product_tag-tschechoslowakischen","product_tag-tschechoslowakischer","product_tag-tschechoslowakisches","product_tag-venedig","product_tag-venedigs","product_tag-venezianisch","product_tag-venezianische","product_tag-venezianischem","product_tag-venezianischen","product_tag-venezianischer","product_tag-venezianisches","product_tag-von-aussen","product_tag-zeitgenoessische-kunst","product_tag-zeitgenoessischen-kunst","pa_datierung-juni-1970","pa_fotograf-abisag-tuellmann","pa_geografischer_bezug-aufnahmeort-venedig-italien","pa_grunddaten_material_technik-foto-silbergelatine-auf-barytpapier","pa_inventarnummer-tue-70-211-34a","pa_jahr_von-53324","pa_massangaben-bildformat-foto-236-x-294-cm","pa_mediennummer-67613","pa_objekt_typ-fotografie","first","instock","product-type-simple"],"yoast_head":"<!-- This site is optimized with the Yoast SEO plugin v28.2 - https:\/\/yoast.com\/product\/yoast-seo-wordpress\/ -->\n<title>Eingang zum tschechoslowakischen Pavillon auf der 35. Biennale von Venedig - Abisag T\u00fcllmann<\/title>\n<meta name=\"robots\" content=\"index, follow, max-snippet:-1, max-image-preview:large, max-video-preview:-1\" \/>\n<link rel=\"canonical\" href=\"https:\/\/bpk-archive.de\/tuellmann\/produkt\/eingang-zum-tschechoslowakischen-pavillon-auf-der-35-biennale-von-venedig\/\" \/>\n<meta property=\"og:locale\" content=\"de_DE\" \/>\n<meta property=\"og:type\" content=\"article\" \/>\n<meta property=\"og:title\" content=\"Eingang zum tschechoslowakischen Pavillon auf der 35. Biennale von Venedig - Abisag T\u00fcllmann\" \/>\n<meta property=\"og:description\" content=\"\u00dcber Wand und T\u00fcr zieht sich der mit wei\u00dfer Farbe gepinselte Schriftzug &#8222;Chiusi per motivi &#8218;tecnici&#039;&#8220; (&#8222;Aus &#8218;technischen&#8216; Gr\u00fcnden geschlossen&#8220;)\" \/>\n<meta property=\"og:url\" content=\"https:\/\/bpk-archive.de\/tuellmann\/produkt\/eingang-zum-tschechoslowakischen-pavillon-auf-der-35-biennale-von-venedig\/\" \/>\n<meta property=\"og:site_name\" content=\"Abisag T\u00fcllmann\" \/>\n<meta property=\"article:modified_time\" content=\"2020-04-28T09:13:48+00:00\" \/>\n<meta property=\"og:image\" content=\"https:\/\/bpk-archive.de\/tuellmann\/wp-content\/uploads\/2019\/08\/bpk_70242975.jpg\" \/>\n\t<meta property=\"og:image:width\" content=\"1200\" \/>\n\t<meta property=\"og:image:height\" content=\"973\" \/>\n\t<meta property=\"og:image:type\" content=\"image\/jpeg\" \/>\n<meta name=\"twitter:card\" content=\"summary_large_image\" \/>\n<script type=\"application\/ld+json\" class=\"yoast-schema-graph\">{\"@context\":\"https:\\\/\\\/schema.org\",\"@graph\":[{\"@type\":\"WebPage\",\"@id\":\"https:\\\/\\\/bpk-archive.de\\\/tuellmann\\\/produkt\\\/eingang-zum-tschechoslowakischen-pavillon-auf-der-35-biennale-von-venedig\\\/\",\"url\":\"https:\\\/\\\/bpk-archive.de\\\/tuellmann\\\/produkt\\\/eingang-zum-tschechoslowakischen-pavillon-auf-der-35-biennale-von-venedig\\\/\",\"name\":\"Eingang zum tschechoslowakischen Pavillon auf der 35. Biennale von Venedig - Abisag T\u00fcllmann\",\"isPartOf\":{\"@id\":\"https:\\\/\\\/bpk-archive.de\\\/tuellmann\\\/#website\"},\"primaryImageOfPage\":{\"@id\":\"https:\\\/\\\/bpk-archive.de\\\/tuellmann\\\/produkt\\\/eingang-zum-tschechoslowakischen-pavillon-auf-der-35-biennale-von-venedig\\\/#primaryimage\"},\"image\":{\"@id\":\"https:\\\/\\\/bpk-archive.de\\\/tuellmann\\\/produkt\\\/eingang-zum-tschechoslowakischen-pavillon-auf-der-35-biennale-von-venedig\\\/#primaryimage\"},\"thumbnailUrl\":\"https:\\\/\\\/bpk-archive.de\\\/tuellmann\\\/wp-content\\\/uploads\\\/2019\\\/08\\\/bpk_70242975.jpg\",\"datePublished\":\"2019-09-05T14:23:14+00:00\",\"dateModified\":\"2020-04-28T09:13:48+00:00\",\"breadcrumb\":{\"@id\":\"https:\\\/\\\/bpk-archive.de\\\/tuellmann\\\/produkt\\\/eingang-zum-tschechoslowakischen-pavillon-auf-der-35-biennale-von-venedig\\\/#breadcrumb\"},\"inLanguage\":\"de\",\"potentialAction\":[{\"@type\":\"ReadAction\",\"target\":[\"https:\\\/\\\/bpk-archive.de\\\/tuellmann\\\/produkt\\\/eingang-zum-tschechoslowakischen-pavillon-auf-der-35-biennale-von-venedig\\\/\"]}]},{\"@type\":\"ImageObject\",\"inLanguage\":\"de\",\"@id\":\"https:\\\/\\\/bpk-archive.de\\\/tuellmann\\\/produkt\\\/eingang-zum-tschechoslowakischen-pavillon-auf-der-35-biennale-von-venedig\\\/#primaryimage\",\"url\":\"https:\\\/\\\/bpk-archive.de\\\/tuellmann\\\/wp-content\\\/uploads\\\/2019\\\/08\\\/bpk_70242975.jpg\",\"contentUrl\":\"https:\\\/\\\/bpk-archive.de\\\/tuellmann\\\/wp-content\\\/uploads\\\/2019\\\/08\\\/bpk_70242975.jpg\",\"width\":1200,\"height\":973,\"caption\":\"Eingang zum tschechoslowakischen Pavillon auf der 35. Biennale von Venedig\"},{\"@type\":\"BreadcrumbList\",\"@id\":\"https:\\\/\\\/bpk-archive.de\\\/tuellmann\\\/produkt\\\/eingang-zum-tschechoslowakischen-pavillon-auf-der-35-biennale-von-venedig\\\/#breadcrumb\",\"itemListElement\":[{\"@type\":\"ListItem\",\"position\":1,\"name\":\"Startseite\",\"item\":\"https:\\\/\\\/bpk-archive.de\\\/tuellmann\\\/\"},{\"@type\":\"ListItem\",\"position\":2,\"name\":\"Shop\",\"item\":\"https:\\\/\\\/bpk-archive.de\\\/tuellmann\\\/shop\\\/\"},{\"@type\":\"ListItem\",\"position\":3,\"name\":\"Eingang zum tschechoslowakischen Pavillon auf der 35. Biennale von Venedig\"}]},{\"@type\":\"WebSite\",\"@id\":\"https:\\\/\\\/bpk-archive.de\\\/tuellmann\\\/#website\",\"url\":\"https:\\\/\\\/bpk-archive.de\\\/tuellmann\\\/\",\"name\":\"Abisag T\u00fcllmann\",\"description\":\"Eine weitere WordPress-Website\",\"potentialAction\":[{\"@type\":\"SearchAction\",\"target\":{\"@type\":\"EntryPoint\",\"urlTemplate\":\"https:\\\/\\\/bpk-archive.de\\\/tuellmann\\\/?s={search_term_string}\"},\"query-input\":{\"@type\":\"PropertyValueSpecification\",\"valueRequired\":true,\"valueName\":\"search_term_string\"}}],\"inLanguage\":\"de\"}]}<\/script>\n<!-- \/ Yoast SEO plugin. -->","yoast_head_json":{"title":"Eingang zum tschechoslowakischen Pavillon auf der 35. Biennale von Venedig - Abisag T\u00fcllmann","robots":{"index":"index","follow":"follow","max-snippet":"max-snippet:-1","max-image-preview":"max-image-preview:large","max-video-preview":"max-video-preview:-1"},"canonical":"https:\/\/bpk-archive.de\/tuellmann\/produkt\/eingang-zum-tschechoslowakischen-pavillon-auf-der-35-biennale-von-venedig\/","og_locale":"de_DE","og_type":"article","og_title":"Eingang zum tschechoslowakischen Pavillon auf der 35. Biennale von Venedig - Abisag T\u00fcllmann","og_description":"\u00dcber Wand und T\u00fcr zieht sich der mit wei\u00dfer Farbe gepinselte Schriftzug &#8222;Chiusi per motivi &#8218;tecnici'&#8220; (&#8222;Aus &#8218;technischen&#8216; Gr\u00fcnden geschlossen&#8220;)","og_url":"https:\/\/bpk-archive.de\/tuellmann\/produkt\/eingang-zum-tschechoslowakischen-pavillon-auf-der-35-biennale-von-venedig\/","og_site_name":"Abisag T\u00fcllmann","article_modified_time":"2020-04-28T09:13:48+00:00","og_image":[{"width":1200,"height":973,"url":"https:\/\/bpk-archive.de\/tuellmann\/wp-content\/uploads\/2019\/08\/bpk_70242975.jpg","type":"image\/jpeg"}],"twitter_card":"summary_large_image","schema":{"@context":"https:\/\/schema.org","@graph":[{"@type":"WebPage","@id":"https:\/\/bpk-archive.de\/tuellmann\/produkt\/eingang-zum-tschechoslowakischen-pavillon-auf-der-35-biennale-von-venedig\/","url":"https:\/\/bpk-archive.de\/tuellmann\/produkt\/eingang-zum-tschechoslowakischen-pavillon-auf-der-35-biennale-von-venedig\/","name":"Eingang zum tschechoslowakischen Pavillon auf der 35. Biennale von Venedig - Abisag T\u00fcllmann","isPartOf":{"@id":"https:\/\/bpk-archive.de\/tuellmann\/#website"},"primaryImageOfPage":{"@id":"https:\/\/bpk-archive.de\/tuellmann\/produkt\/eingang-zum-tschechoslowakischen-pavillon-auf-der-35-biennale-von-venedig\/#primaryimage"},"image":{"@id":"https:\/\/bpk-archive.de\/tuellmann\/produkt\/eingang-zum-tschechoslowakischen-pavillon-auf-der-35-biennale-von-venedig\/#primaryimage"},"thumbnailUrl":"https:\/\/bpk-archive.de\/tuellmann\/wp-content\/uploads\/2019\/08\/bpk_70242975.jpg","datePublished":"2019-09-05T14:23:14+00:00","dateModified":"2020-04-28T09:13:48+00:00","breadcrumb":{"@id":"https:\/\/bpk-archive.de\/tuellmann\/produkt\/eingang-zum-tschechoslowakischen-pavillon-auf-der-35-biennale-von-venedig\/#breadcrumb"},"inLanguage":"de","potentialAction":[{"@type":"ReadAction","target":["https:\/\/bpk-archive.de\/tuellmann\/produkt\/eingang-zum-tschechoslowakischen-pavillon-auf-der-35-biennale-von-venedig\/"]}]},{"@type":"ImageObject","inLanguage":"de","@id":"https:\/\/bpk-archive.de\/tuellmann\/produkt\/eingang-zum-tschechoslowakischen-pavillon-auf-der-35-biennale-von-venedig\/#primaryimage","url":"https:\/\/bpk-archive.de\/tuellmann\/wp-content\/uploads\/2019\/08\/bpk_70242975.jpg","contentUrl":"https:\/\/bpk-archive.de\/tuellmann\/wp-content\/uploads\/2019\/08\/bpk_70242975.jpg","width":1200,"height":973,"caption":"Eingang zum tschechoslowakischen Pavillon auf der 35. Biennale von Venedig"},{"@type":"BreadcrumbList","@id":"https:\/\/bpk-archive.de\/tuellmann\/produkt\/eingang-zum-tschechoslowakischen-pavillon-auf-der-35-biennale-von-venedig\/#breadcrumb","itemListElement":[{"@type":"ListItem","position":1,"name":"Startseite","item":"https:\/\/bpk-archive.de\/tuellmann\/"},{"@type":"ListItem","position":2,"name":"Shop","item":"https:\/\/bpk-archive.de\/tuellmann\/shop\/"},{"@type":"ListItem","position":3,"name":"Eingang zum tschechoslowakischen Pavillon auf der 35. Biennale von Venedig"}]},{"@type":"WebSite","@id":"https:\/\/bpk-archive.de\/tuellmann\/#website","url":"https:\/\/bpk-archive.de\/tuellmann\/","name":"Abisag T\u00fcllmann","description":"Eine weitere WordPress-Website","potentialAction":[{"@type":"SearchAction","target":{"@type":"EntryPoint","urlTemplate":"https:\/\/bpk-archive.de\/tuellmann\/?s={search_term_string}"},"query-input":{"@type":"PropertyValueSpecification","valueRequired":true,"valueName":"search_term_string"}}],"inLanguage":"de"}]}},"_links":{"self":[{"href":"https:\/\/bpk-archive.de\/tuellmann\/wp-json\/wp\/v2\/product\/70297242","targetHints":{"allow":["GET"]}}],"collection":[{"href":"https:\/\/bpk-archive.de\/tuellmann\/wp-json\/wp\/v2\/product"}],"about":[{"href":"https:\/\/bpk-archive.de\/tuellmann\/wp-json\/wp\/v2\/types\/product"}],"wp:featuredmedia":[{"embeddable":true,"href":"https:\/\/bpk-archive.de\/tuellmann\/wp-json\/wp\/v2\/media\/70292402"}],"wp:attachment":[{"href":"https:\/\/bpk-archive.de\/tuellmann\/wp-json\/wp\/v2\/media?parent=70297242"}],"wp:term":[{"taxonomy":"product_brand","embeddable":true,"href":"https:\/\/bpk-archive.de\/tuellmann\/wp-json\/wp\/v2\/product_brand?post=70297242"},{"taxonomy":"product_cat","embeddable":true,"href":"https:\/\/bpk-archive.de\/tuellmann\/wp-json\/wp\/v2\/product_cat?post=70297242"},{"taxonomy":"product_tag","embeddable":true,"href":"https:\/\/bpk-archive.de\/tuellmann\/wp-json\/wp\/v2\/product_tag?post=70297242"}],"curies":[{"name":"wp","href":"https:\/\/api.w.org\/{rel}","templated":true}]}}