{"id":70297218,"date":"2019-09-05T16:22:57","date_gmt":"2019-09-05T14:22:57","guid":{"rendered":"http:\/\/abisagtuellmann.bpk-news.de\/atbild\/lesendes-maedchen-in-der-pariser-metro\/"},"modified":"2019-09-05T16:22:58","modified_gmt":"2019-09-05T14:22:58","slug":"lesendes-maedchen-in-der-pariser-metro","status":"publish","type":"product","link":"https:\/\/bpk-archive.de\/tuellmann\/produkt\/lesendes-maedchen-in-der-pariser-metro\/","title":{"rendered":"Lesendes M\u00e4dchen in der Pariser Metro"},"content":{"rendered":"<p>R\u00fcckseitenbeschriftung von Hand der Fotografin: &#8222;in der Pariser Metro&#8220;<\/p>\n","protected":false},"excerpt":{"rendered":"<p>R\u00fcckseitenbeschriftung von Hand der Fotografin: &#8222;in der Pariser Metro&#8220;<\/p>\n","protected":false},"featured_media":70292352,"template":"","meta":[],"product_brand":[],"product_cat":[],"product_tag":[13774,13232,13234,13231,13233,13775,14271,13777,64218,13784,13785,13955,13956,13957,49294,49295,49296,67482,49299,49302,13253,13254,13255,13256,13257,13473,54775,54776,13293,13786,13787,13294,13295,13296,13297,57697,57698,51355,51356,51379,51380,51357,51358,51359,51360,51361,13487,13488,47497,47498,13498,67483,14205,14206,14207,14208,14209,14210,14213,14214,14215,14216,14217,14218,14219,50152,50154,50155,50156,50157,50158,47760,47761,49747,49748,49749,49750,49751,49752,49753,67484,67485,13310,13311,57302,58023,58024,64286,64287,54787,54788,13328,13827,13828,13329,13330,13331,13332,13829,13830,13831,13832,13833,13834,13835,13836,13837,13838,13839,13840,13841,13842,13843,13877,13879,13865,13864,13866,13858,13859,13860,13861,13862,13863,13867,13869,13870,13871,13872,14243,14244,14245,14246,14247,14248,14249,47406,47407,13878,13880,57306,57305,57310,50376,50377,50378,50379,50380,13525,50307,50308,50309,50310],"class_list":{"0":"post-70297218","1":"product","2":"type-product","3":"status-publish","4":"has-post-thumbnail","6":"product_tag-1960er-jahre","7":"product_tag-20-jahrhundert-nach-chr","8":"product_tag-20-jh-n-chr","9":"product_tag-20-jahrhundert","10":"product_tag-20-jh","11":"product_tag-60er","12":"product_tag-abt_009","13":"product_tag-abzug","14":"product_tag-at_paris","15":"product_tag-bildnis","16":"product_tag-bildnisse","17":"product_tag-brille","18":"product_tag-brillen","19":"product_tag-brillentraeger","20":"product_tag-buch","21":"product_tag-buecher","22":"product_tag-buechern","23":"product_tag-buechernarr","24":"product_tag-buches","25":"product_tag-buchs","26":"product_tag-deutsch","27":"product_tag-deutsche","28":"product_tag-deutschen","29":"product_tag-deutscher","30":"product_tag-deutsches","31":"product_tag-drinnen","32":"product_tag-fahrgast","33":"product_tag-fahrgaeste","34":"product_tag-foto","35":"product_tag-fotoabzug","36":"product_tag-fotoabzuege","37":"product_tag-fotografie","38":"product_tag-fotografien","39":"product_tag-fotografin","40":"product_tag-fotografinnen","41":"product_tag-frankreich","42":"product_tag-frankreichs","43":"product_tag-franzose","44":"product_tag-franzosen","45":"product_tag-franzoesin","46":"product_tag-franzoesinnen","47":"product_tag-franzoesisch","48":"product_tag-franzoesische","49":"product_tag-franzoesischen","50":"product_tag-franzoesischer","51":"product_tag-franzoesisches","52":"product_tag-frau","53":"product_tag-frauen","54":"product_tag-hauptstadt","55":"product_tag-hauptstaedte","56":"product_tag-innen","57":"product_tag-introvertiert","58":"product_tag-kind","59":"product_tag-kinde","60":"product_tag-kinder","61":"product_tag-kinderbild","62":"product_tag-kinderbildnis","63":"product_tag-kinderbildnisse","64":"product_tag-kindern","65":"product_tag-kinderportrait","66":"product_tag-kinderportraits","67":"product_tag-kinderportraet","68":"product_tag-kinderportraets","69":"product_tag-kindes","70":"product_tag-kindheit","71":"product_tag-konzentiertes","72":"product_tag-konzentrieren","73":"product_tag-konzentriert","74":"product_tag-konzentrierte","75":"product_tag-konzentrierten","76":"product_tag-konzentrierter","77":"product_tag-kopftuch","78":"product_tag-kopftuecher","79":"product_tag-lektuere","80":"product_tag-lesen","81":"product_tag-lesend","82":"product_tag-lesende","83":"product_tag-lesenden","84":"product_tag-lesender","85":"product_tag-lesendes","86":"product_tag-lolli","87":"product_tag-lutscher","88":"product_tag-maedchen","89":"product_tag-maedchens","90":"product_tag-metro","91":"product_tag-paris","92":"product_tag-pariser","93":"product_tag-pariserin","94":"product_tag-pariserinnen","95":"product_tag-passagier","96":"product_tag-passagiere","97":"product_tag-photo","98":"product_tag-photoabzug","99":"product_tag-photoabzuege","100":"product_tag-photographie","101":"product_tag-photographien","102":"product_tag-photographin","103":"product_tag-photographinnen","104":"product_tag-portrait","105":"product_tag-portraitaufnahme","106":"product_tag-portraitfoto","107":"product_tag-portraitfotografie","108":"product_tag-portraitphoto","109":"product_tag-portraitphotographie","110":"product_tag-portraits","111":"product_tag-portraet","112":"product_tag-portraetaufnahme","113":"product_tag-portraetfoto","114":"product_tag-portraetfotografie","115":"product_tag-portraetphoto","116":"product_tag-portraetphotographie","117":"product_tag-portraets","118":"product_tag-print","119":"product_tag-s-w-fotografie","120":"product_tag-s-w-photographie","121":"product_tag-schwarzweissphotographie","122":"product_tag-schwarz-weiss-fotografie","123":"product_tag-schwarz-weiss-photographie","124":"product_tag-schwarzweiss","125":"product_tag-schwarzweisse","126":"product_tag-schwarzweissen","127":"product_tag-schwarzweisser","128":"product_tag-schwarzweisses","129":"product_tag-schwarzweissfotografie","130":"product_tag-sechziger","131":"product_tag-silbergelatine","132":"product_tag-silbergelatineabzug","133":"product_tag-silbergelatineabzuege","134":"product_tag-silbergelatineprint","135":"product_tag-sitzen","136":"product_tag-sitzend","137":"product_tag-sitzende","138":"product_tag-sitzenden","139":"product_tag-sitzender","140":"product_tag-sitzendes","141":"product_tag-sitzt","142":"product_tag-stadt","143":"product_tag-staedte","144":"product_tag-sw-fotografie","145":"product_tag-sw-photographie","146":"product_tag-u-bahn","147":"product_tag-ubahn","148":"product_tag-untergrundbahn","149":"product_tag-versonnen","150":"product_tag-versonnene","151":"product_tag-versonnenen","152":"product_tag-versonnener","153":"product_tag-versonnenes","154":"product_tag-von-innen","155":"product_tag-zopf","156":"product_tag-zoepfe","157":"product_tag-zoepfen","158":"product_tag-zopfes","159":"pa_datierung-april-1965","160":"pa_fotograf-abisag-tuellmann","161":"pa_geografischer_bezug-aufnahmeort-paris-frankreich","162":"pa_grunddaten_material_technik-foto-silbergelatine-auf-barytpapier","163":"pa_inventarnummer-tue-65-054-30","164":"pa_jahr_von-53959","165":"pa_massangaben-bildformat-foto-22-x-296-cm","166":"pa_mediennummer-67478","167":"pa_objekt_typ-fotografie","169":"first","170":"instock","171":"product-type-simple"},"yoast_head":"<!-- This site is optimized with the Yoast SEO plugin v27.4 - https:\/\/yoast.com\/product\/yoast-seo-wordpress\/ -->\n<title>Lesendes M\u00e4dchen in der Pariser Metro - Abisag T\u00fcllmann<\/title>\n<meta name=\"robots\" content=\"index, follow, max-snippet:-1, max-image-preview:large, max-video-preview:-1\" \/>\n<link rel=\"canonical\" href=\"https:\/\/bpk-archive.de\/tuellmann\/produkt\/lesendes-maedchen-in-der-pariser-metro\/\" \/>\n<meta property=\"og:locale\" content=\"de_DE\" \/>\n<meta property=\"og:type\" content=\"article\" \/>\n<meta property=\"og:title\" content=\"Lesendes M\u00e4dchen in der Pariser Metro - Abisag T\u00fcllmann\" \/>\n<meta property=\"og:description\" content=\"R\u00fcckseitenbeschriftung von Hand der Fotografin: &#8222;in der Pariser Metro&#8220;\" \/>\n<meta property=\"og:url\" content=\"https:\/\/bpk-archive.de\/tuellmann\/produkt\/lesendes-maedchen-in-der-pariser-metro\/\" \/>\n<meta property=\"og:site_name\" content=\"Abisag T\u00fcllmann\" \/>\n<meta property=\"article:modified_time\" content=\"2019-09-05T14:22:58+00:00\" \/>\n<meta property=\"og:image\" content=\"https:\/\/bpk-archive.de\/tuellmann\/wp-content\/uploads\/2019\/08\/bpk_70243009.jpg\" \/>\n\t<meta property=\"og:image:width\" content=\"1200\" \/>\n\t<meta property=\"og:image:height\" content=\"912\" \/>\n\t<meta property=\"og:image:type\" content=\"image\/jpeg\" \/>\n<meta name=\"twitter:card\" content=\"summary_large_image\" \/>\n<script type=\"application\/ld+json\" class=\"yoast-schema-graph\">{\"@context\":\"https:\\\/\\\/schema.org\",\"@graph\":[{\"@type\":\"WebPage\",\"@id\":\"https:\\\/\\\/bpk-archive.de\\\/tuellmann\\\/produkt\\\/lesendes-maedchen-in-der-pariser-metro\\\/\",\"url\":\"https:\\\/\\\/bpk-archive.de\\\/tuellmann\\\/produkt\\\/lesendes-maedchen-in-der-pariser-metro\\\/\",\"name\":\"Lesendes M\u00e4dchen in der Pariser Metro - Abisag T\u00fcllmann\",\"isPartOf\":{\"@id\":\"https:\\\/\\\/bpk-archive.de\\\/tuellmann\\\/#website\"},\"primaryImageOfPage\":{\"@id\":\"https:\\\/\\\/bpk-archive.de\\\/tuellmann\\\/produkt\\\/lesendes-maedchen-in-der-pariser-metro\\\/#primaryimage\"},\"image\":{\"@id\":\"https:\\\/\\\/bpk-archive.de\\\/tuellmann\\\/produkt\\\/lesendes-maedchen-in-der-pariser-metro\\\/#primaryimage\"},\"thumbnailUrl\":\"https:\\\/\\\/bpk-archive.de\\\/tuellmann\\\/wp-content\\\/uploads\\\/2019\\\/08\\\/bpk_70243009.jpg\",\"datePublished\":\"2019-09-05T14:22:57+00:00\",\"dateModified\":\"2019-09-05T14:22:58+00:00\",\"breadcrumb\":{\"@id\":\"https:\\\/\\\/bpk-archive.de\\\/tuellmann\\\/produkt\\\/lesendes-maedchen-in-der-pariser-metro\\\/#breadcrumb\"},\"inLanguage\":\"de\",\"potentialAction\":[{\"@type\":\"ReadAction\",\"target\":[\"https:\\\/\\\/bpk-archive.de\\\/tuellmann\\\/produkt\\\/lesendes-maedchen-in-der-pariser-metro\\\/\"]}]},{\"@type\":\"ImageObject\",\"inLanguage\":\"de\",\"@id\":\"https:\\\/\\\/bpk-archive.de\\\/tuellmann\\\/produkt\\\/lesendes-maedchen-in-der-pariser-metro\\\/#primaryimage\",\"url\":\"https:\\\/\\\/bpk-archive.de\\\/tuellmann\\\/wp-content\\\/uploads\\\/2019\\\/08\\\/bpk_70243009.jpg\",\"contentUrl\":\"https:\\\/\\\/bpk-archive.de\\\/tuellmann\\\/wp-content\\\/uploads\\\/2019\\\/08\\\/bpk_70243009.jpg\",\"width\":1200,\"height\":912,\"caption\":\"Lesendes M\u00e4dchen in der Pariser Metro\"},{\"@type\":\"BreadcrumbList\",\"@id\":\"https:\\\/\\\/bpk-archive.de\\\/tuellmann\\\/produkt\\\/lesendes-maedchen-in-der-pariser-metro\\\/#breadcrumb\",\"itemListElement\":[{\"@type\":\"ListItem\",\"position\":1,\"name\":\"Startseite\",\"item\":\"https:\\\/\\\/bpk-archive.de\\\/tuellmann\\\/\"},{\"@type\":\"ListItem\",\"position\":2,\"name\":\"Shop\",\"item\":\"https:\\\/\\\/bpk-archive.de\\\/tuellmann\\\/shop\\\/\"},{\"@type\":\"ListItem\",\"position\":3,\"name\":\"Lesendes M\u00e4dchen in der Pariser Metro\"}]},{\"@type\":\"WebSite\",\"@id\":\"https:\\\/\\\/bpk-archive.de\\\/tuellmann\\\/#website\",\"url\":\"https:\\\/\\\/bpk-archive.de\\\/tuellmann\\\/\",\"name\":\"Abisag T\u00fcllmann\",\"description\":\"Eine weitere WordPress-Website\",\"potentialAction\":[{\"@type\":\"SearchAction\",\"target\":{\"@type\":\"EntryPoint\",\"urlTemplate\":\"https:\\\/\\\/bpk-archive.de\\\/tuellmann\\\/?s={search_term_string}\"},\"query-input\":{\"@type\":\"PropertyValueSpecification\",\"valueRequired\":true,\"valueName\":\"search_term_string\"}}],\"inLanguage\":\"de\"}]}<\/script>\n<!-- \/ Yoast SEO plugin. -->","yoast_head_json":{"title":"Lesendes M\u00e4dchen in der Pariser Metro - Abisag T\u00fcllmann","robots":{"index":"index","follow":"follow","max-snippet":"max-snippet:-1","max-image-preview":"max-image-preview:large","max-video-preview":"max-video-preview:-1"},"canonical":"https:\/\/bpk-archive.de\/tuellmann\/produkt\/lesendes-maedchen-in-der-pariser-metro\/","og_locale":"de_DE","og_type":"article","og_title":"Lesendes M\u00e4dchen in der Pariser Metro - Abisag T\u00fcllmann","og_description":"R\u00fcckseitenbeschriftung von Hand der Fotografin: &#8222;in der Pariser Metro&#8220;","og_url":"https:\/\/bpk-archive.de\/tuellmann\/produkt\/lesendes-maedchen-in-der-pariser-metro\/","og_site_name":"Abisag T\u00fcllmann","article_modified_time":"2019-09-05T14:22:58+00:00","og_image":[{"width":1200,"height":912,"url":"https:\/\/bpk-archive.de\/tuellmann\/wp-content\/uploads\/2019\/08\/bpk_70243009.jpg","type":"image\/jpeg"}],"twitter_card":"summary_large_image","schema":{"@context":"https:\/\/schema.org","@graph":[{"@type":"WebPage","@id":"https:\/\/bpk-archive.de\/tuellmann\/produkt\/lesendes-maedchen-in-der-pariser-metro\/","url":"https:\/\/bpk-archive.de\/tuellmann\/produkt\/lesendes-maedchen-in-der-pariser-metro\/","name":"Lesendes M\u00e4dchen in der Pariser Metro - Abisag T\u00fcllmann","isPartOf":{"@id":"https:\/\/bpk-archive.de\/tuellmann\/#website"},"primaryImageOfPage":{"@id":"https:\/\/bpk-archive.de\/tuellmann\/produkt\/lesendes-maedchen-in-der-pariser-metro\/#primaryimage"},"image":{"@id":"https:\/\/bpk-archive.de\/tuellmann\/produkt\/lesendes-maedchen-in-der-pariser-metro\/#primaryimage"},"thumbnailUrl":"https:\/\/bpk-archive.de\/tuellmann\/wp-content\/uploads\/2019\/08\/bpk_70243009.jpg","datePublished":"2019-09-05T14:22:57+00:00","dateModified":"2019-09-05T14:22:58+00:00","breadcrumb":{"@id":"https:\/\/bpk-archive.de\/tuellmann\/produkt\/lesendes-maedchen-in-der-pariser-metro\/#breadcrumb"},"inLanguage":"de","potentialAction":[{"@type":"ReadAction","target":["https:\/\/bpk-archive.de\/tuellmann\/produkt\/lesendes-maedchen-in-der-pariser-metro\/"]}]},{"@type":"ImageObject","inLanguage":"de","@id":"https:\/\/bpk-archive.de\/tuellmann\/produkt\/lesendes-maedchen-in-der-pariser-metro\/#primaryimage","url":"https:\/\/bpk-archive.de\/tuellmann\/wp-content\/uploads\/2019\/08\/bpk_70243009.jpg","contentUrl":"https:\/\/bpk-archive.de\/tuellmann\/wp-content\/uploads\/2019\/08\/bpk_70243009.jpg","width":1200,"height":912,"caption":"Lesendes M\u00e4dchen in der Pariser Metro"},{"@type":"BreadcrumbList","@id":"https:\/\/bpk-archive.de\/tuellmann\/produkt\/lesendes-maedchen-in-der-pariser-metro\/#breadcrumb","itemListElement":[{"@type":"ListItem","position":1,"name":"Startseite","item":"https:\/\/bpk-archive.de\/tuellmann\/"},{"@type":"ListItem","position":2,"name":"Shop","item":"https:\/\/bpk-archive.de\/tuellmann\/shop\/"},{"@type":"ListItem","position":3,"name":"Lesendes M\u00e4dchen in der Pariser Metro"}]},{"@type":"WebSite","@id":"https:\/\/bpk-archive.de\/tuellmann\/#website","url":"https:\/\/bpk-archive.de\/tuellmann\/","name":"Abisag T\u00fcllmann","description":"Eine weitere WordPress-Website","potentialAction":[{"@type":"SearchAction","target":{"@type":"EntryPoint","urlTemplate":"https:\/\/bpk-archive.de\/tuellmann\/?s={search_term_string}"},"query-input":{"@type":"PropertyValueSpecification","valueRequired":true,"valueName":"search_term_string"}}],"inLanguage":"de"}]}},"_links":{"self":[{"href":"https:\/\/bpk-archive.de\/tuellmann\/wp-json\/wp\/v2\/product\/70297218","targetHints":{"allow":["GET"]}}],"collection":[{"href":"https:\/\/bpk-archive.de\/tuellmann\/wp-json\/wp\/v2\/product"}],"about":[{"href":"https:\/\/bpk-archive.de\/tuellmann\/wp-json\/wp\/v2\/types\/product"}],"wp:featuredmedia":[{"embeddable":true,"href":"https:\/\/bpk-archive.de\/tuellmann\/wp-json\/wp\/v2\/media\/70292352"}],"wp:attachment":[{"href":"https:\/\/bpk-archive.de\/tuellmann\/wp-json\/wp\/v2\/media?parent=70297218"}],"wp:term":[{"taxonomy":"product_brand","embeddable":true,"href":"https:\/\/bpk-archive.de\/tuellmann\/wp-json\/wp\/v2\/product_brand?post=70297218"},{"taxonomy":"product_cat","embeddable":true,"href":"https:\/\/bpk-archive.de\/tuellmann\/wp-json\/wp\/v2\/product_cat?post=70297218"},{"taxonomy":"product_tag","embeddable":true,"href":"https:\/\/bpk-archive.de\/tuellmann\/wp-json\/wp\/v2\/product_tag?post=70297218"}],"curies":[{"name":"wp","href":"https:\/\/api.w.org\/{rel}","templated":true}]}}