{"id":70297016,"date":"2019-09-05T16:13:32","date_gmt":"2019-09-05T14:13:32","guid":{"rendered":"http:\/\/abisagtuellmann.bpk-news.de\/atbild\/sds-mitglied-daniel-cohn-bendit-spricht-auf-einer-vollversammlung-der-soziologen-im-hoersal-vi-waehrend-des-studentenstreiks-2\/"},"modified":"2019-09-05T16:13:45","modified_gmt":"2019-09-05T14:13:45","slug":"sds-mitglied-daniel-cohn-bendit-spricht-auf-einer-vollversammlung-der-soziologen-im-hoersal-vi-waehrend-des-studentenstreiks-2","status":"publish","type":"product","link":"https:\/\/bpk-archive.de\/tuellmann\/produkt\/sds-mitglied-daniel-cohn-bendit-spricht-auf-einer-vollversammlung-der-soziologen-im-hoersal-vi-waehrend-des-studentenstreiks-2\/","title":{"rendered":"SDS-Mitglied Daniel Cohn-Bendit spricht auf einer Vollversammlung der Soziologen im H\u00f6rsal VI w\u00e4hrend des Studentenstreiks"},"content":{"rendered":"","protected":false},"excerpt":{"rendered":"","protected":false},"featured_media":70291920,"template":"","meta":[],"product_brand":[],"product_cat":[],"product_tag":[58710,13774,14054,14055,13232,13234,13231,13233,13775,14056,14057,65686,13777,14058,49061,49062,51714,63283,63284,13784,13785,13469,13470,58711,58712,13253,13254,13255,13256,13257,13471,13472,13473,13293,13786,13787,13294,13295,13296,13297,13485,13486,13482,13481,13483,13484,48986,48987,48988,48989,48990,48991,48992,48993,48994,48995,48996,49216,49217,13492,13493,13494,13495,13496,13497,55422,55423,13498,13812,13813,13814,13815,13816,13818,13819,13820,13821,13822,13823,13824,13825,13826,13319,13320,13321,13322,13323,49229,49230,47899,47900,13328,13827,13828,13329,13330,13331,13332,13829,13835,13836,13842,53482,53803,53483,53484,53804,53485,13843,13641,13642,49065,49066,49067,49068,49070,13877,13879,54373,62309,48364,48365,13865,13864,13866,13858,13859,13860,13861,13862,13863,13867,13869,13870,13871,13872,49236,63291,63292,56588,63293,63294,63295,63296,63297,63298,56589,63299,13874,13875,62481,66283,63336,56590,56591,63020,66284,66285,13878,13880,14079,14080,49653,49654,49655,49656,13525],"class_list":{"0":"post-70297016","1":"product","2":"type-product","3":"status-publish","4":"has-post-thumbnail","6":"product_tag-4-4-1945","7":"product_tag-1960er-jahre","8":"product_tag-1968er","9":"product_tag-1968er-bewegung","10":"product_tag-20-jahrhundert-nach-chr","11":"product_tag-20-jh-n-chr","12":"product_tag-20-jahrhundert","13":"product_tag-20-jh","14":"product_tag-60er","15":"product_tag-68er","16":"product_tag-68er-bewegung","17":"product_tag-abt_027","18":"product_tag-abzug","19":"product_tag-achtundsechziger","20":"product_tag-ansprache","21":"product_tag-ansprachen","22":"product_tag-at_pressefotografie-brd","23":"product_tag-auditorien","24":"product_tag-auditorium","25":"product_tag-bildnis","26":"product_tag-bildnisse","27":"product_tag-brd","28":"product_tag-bundesrepublik-deutschland","29":"product_tag-cohn-bendit","30":"product_tag-daniel","31":"product_tag-deutsch","32":"product_tag-deutsche","33":"product_tag-deutschen","34":"product_tag-deutscher","35":"product_tag-deutsches","36":"product_tag-deutschland","37":"product_tag-deutschlands","38":"product_tag-drinnen","39":"product_tag-foto","40":"product_tag-fotoabzug","41":"product_tag-fotoabzuege","42":"product_tag-fotografie","43":"product_tag-fotografien","44":"product_tag-fotografin","45":"product_tag-fotografinnen","46":"product_tag-frankfurt-m","47":"product_tag-frankfurt-main","48":"product_tag-frankfurt-a-main","49":"product_tag-frankfurt-a-m","50":"product_tag-frankfurt-am-main","51":"product_tag-frankfurter","52":"product_tag-geste","53":"product_tag-gesten","54":"product_tag-gestik","55":"product_tag-gestikulation","56":"product_tag-gestikulieren","57":"product_tag-gestikulierend","58":"product_tag-gestikulierende","59":"product_tag-gestikulierenden","60":"product_tag-gestikulierender","61":"product_tag-gestikulierendes","62":"product_tag-gestikuliert","63":"product_tag-graffiti","64":"product_tag-graffito","65":"product_tag-hessen","66":"product_tag-hessisch","67":"product_tag-hessische","68":"product_tag-hessischen","69":"product_tag-hessischer","70":"product_tag-hessisches","71":"product_tag-hoersaal","72":"product_tag-hoersaele","73":"product_tag-innen","74":"product_tag-jung","75":"product_tag-junge","76":"product_tag-jungen","77":"product_tag-junger","78":"product_tag-junges","79":"product_tag-mann","80":"product_tag-maenner","81":"product_tag-maennerbildnis","82":"product_tag-maennerbildnisse","83":"product_tag-maennerportrait","84":"product_tag-maennerportraits","85":"product_tag-maennerportraet","86":"product_tag-maennerportraets","87":"product_tag-mannes","88":"product_tag-menschenansammlung","89":"product_tag-menschenauflauf","90":"product_tag-menschenmassen","91":"product_tag-menschenmenge","92":"product_tag-menschenschar","93":"product_tag-parole","94":"product_tag-parolen","95":"product_tag-persoenlichkeit","96":"product_tag-persoenlichkeiten","97":"product_tag-photo","98":"product_tag-photoabzug","99":"product_tag-photoabzuege","100":"product_tag-photographie","101":"product_tag-photographien","102":"product_tag-photographin","103":"product_tag-photographinnen","104":"product_tag-portrait","105":"product_tag-portraits","106":"product_tag-portraet","107":"product_tag-portraets","108":"product_tag-pressefoto","109":"product_tag-pressefotografie","110":"product_tag-pressefotos","111":"product_tag-pressephoto","112":"product_tag-pressephotographie","113":"product_tag-pressephotos","114":"product_tag-print","115":"product_tag-protest","116":"product_tag-proteste","117":"product_tag-rede","118":"product_tag-redner","119":"product_tag-rednerpose","120":"product_tag-rednerposen","121":"product_tag-redners","122":"product_tag-s-w-fotografie","123":"product_tag-s-w-photographie","124":"product_tag-schmiererei","125":"product_tag-schmierereien","126":"product_tag-schrift","127":"product_tag-schriften","128":"product_tag-schwarzweissphotographie","129":"product_tag-schwarz-weiss-fotografie","130":"product_tag-schwarz-weiss-photographie","131":"product_tag-schwarzweiss","132":"product_tag-schwarzweisse","133":"product_tag-schwarzweissen","134":"product_tag-schwarzweisser","135":"product_tag-schwarzweisses","136":"product_tag-schwarzweissfotografie","137":"product_tag-sechziger","138":"product_tag-silbergelatine","139":"product_tag-silbergelatineabzug","140":"product_tag-silbergelatineabzuege","141":"product_tag-silbergelatineprint","142":"product_tag-slogan","143":"product_tag-soziologe","144":"product_tag-soziologen","145":"product_tag-streik","146":"product_tag-streiken","147":"product_tag-streikend","148":"product_tag-streikende","149":"product_tag-streikenden","150":"product_tag-streikender","151":"product_tag-streikendes","152":"product_tag-streiks","153":"product_tag-streikt","154":"product_tag-student","155":"product_tag-studenten","156":"product_tag-studentenbund","157":"product_tag-studentenprotest","158":"product_tag-studentenproteste","159":"product_tag-studentenstreik","160":"product_tag-studentenstreiks","161":"product_tag-studentenunruhen","162":"product_tag-studentenverbindung","163":"product_tag-studentenverbindungen","164":"product_tag-sw-fotografie","165":"product_tag-sw-photographie","166":"product_tag-universitaet","167":"product_tag-universitaeten","168":"product_tag-versammeln","169":"product_tag-versammelt","170":"product_tag-versammlung","171":"product_tag-versammlungen","172":"product_tag-von-innen","173":"pa_datierung-dezember-1968","174":"pa_fotograf-abisag-tuellmann","175":"pa_geografischer_bezug-aufnahmeort-frankfurt-am-main-deutschland","176":"pa_grunddaten_material_technik-foto-silbergelatine-auf-barytpapier","177":"pa_inventarnummer-tue-68-326-17a","178":"pa_jahr_von-14267","179":"pa_massangaben-bildformat-foto-298-x-392-cm","180":"pa_mediennummer-66281","181":"pa_objekt_typ-fotografie","183":"first","184":"instock","185":"product-type-simple"},"yoast_head":"<!-- This site is optimized with the Yoast SEO plugin v27.4 - https:\/\/yoast.com\/product\/yoast-seo-wordpress\/ -->\n<title>SDS-Mitglied Daniel Cohn-Bendit spricht auf einer Vollversammlung der Soziologen im H\u00f6rsal VI w\u00e4hrend des Studentenstreiks - Abisag T\u00fcllmann<\/title>\n<meta name=\"robots\" content=\"index, follow, max-snippet:-1, max-image-preview:large, max-video-preview:-1\" \/>\n<link rel=\"canonical\" href=\"https:\/\/bpk-archive.de\/tuellmann\/produkt\/sds-mitglied-daniel-cohn-bendit-spricht-auf-einer-vollversammlung-der-soziologen-im-hoersal-vi-waehrend-des-studentenstreiks-2\/\" \/>\n<meta property=\"og:locale\" content=\"de_DE\" \/>\n<meta property=\"og:type\" content=\"article\" \/>\n<meta property=\"og:title\" content=\"SDS-Mitglied Daniel Cohn-Bendit spricht auf einer Vollversammlung der Soziologen im H\u00f6rsal VI w\u00e4hrend des Studentenstreiks - Abisag T\u00fcllmann\" \/>\n<meta property=\"og:url\" content=\"https:\/\/bpk-archive.de\/tuellmann\/produkt\/sds-mitglied-daniel-cohn-bendit-spricht-auf-einer-vollversammlung-der-soziologen-im-hoersal-vi-waehrend-des-studentenstreiks-2\/\" \/>\n<meta property=\"og:site_name\" content=\"Abisag T\u00fcllmann\" \/>\n<meta property=\"article:modified_time\" content=\"2019-09-05T14:13:45+00:00\" \/>\n<meta property=\"og:image\" content=\"https:\/\/bpk-archive.de\/tuellmann\/wp-content\/uploads\/2019\/08\/bpk_70240577.jpg\" \/>\n\t<meta property=\"og:image:width\" content=\"1200\" \/>\n\t<meta property=\"og:image:height\" content=\"917\" \/>\n\t<meta property=\"og:image:type\" content=\"image\/jpeg\" \/>\n<meta name=\"twitter:card\" content=\"summary_large_image\" \/>\n<script type=\"application\/ld+json\" class=\"yoast-schema-graph\">{\"@context\":\"https:\\\/\\\/schema.org\",\"@graph\":[{\"@type\":\"WebPage\",\"@id\":\"https:\\\/\\\/bpk-archive.de\\\/tuellmann\\\/produkt\\\/sds-mitglied-daniel-cohn-bendit-spricht-auf-einer-vollversammlung-der-soziologen-im-hoersal-vi-waehrend-des-studentenstreiks-2\\\/\",\"url\":\"https:\\\/\\\/bpk-archive.de\\\/tuellmann\\\/produkt\\\/sds-mitglied-daniel-cohn-bendit-spricht-auf-einer-vollversammlung-der-soziologen-im-hoersal-vi-waehrend-des-studentenstreiks-2\\\/\",\"name\":\"SDS-Mitglied Daniel Cohn-Bendit spricht auf einer Vollversammlung der Soziologen im H\u00f6rsal VI w\u00e4hrend des Studentenstreiks - Abisag T\u00fcllmann\",\"isPartOf\":{\"@id\":\"https:\\\/\\\/bpk-archive.de\\\/tuellmann\\\/#website\"},\"primaryImageOfPage\":{\"@id\":\"https:\\\/\\\/bpk-archive.de\\\/tuellmann\\\/produkt\\\/sds-mitglied-daniel-cohn-bendit-spricht-auf-einer-vollversammlung-der-soziologen-im-hoersal-vi-waehrend-des-studentenstreiks-2\\\/#primaryimage\"},\"image\":{\"@id\":\"https:\\\/\\\/bpk-archive.de\\\/tuellmann\\\/produkt\\\/sds-mitglied-daniel-cohn-bendit-spricht-auf-einer-vollversammlung-der-soziologen-im-hoersal-vi-waehrend-des-studentenstreiks-2\\\/#primaryimage\"},\"thumbnailUrl\":\"https:\\\/\\\/bpk-archive.de\\\/tuellmann\\\/wp-content\\\/uploads\\\/2019\\\/08\\\/bpk_70240577.jpg\",\"datePublished\":\"2019-09-05T14:13:32+00:00\",\"dateModified\":\"2019-09-05T14:13:45+00:00\",\"breadcrumb\":{\"@id\":\"https:\\\/\\\/bpk-archive.de\\\/tuellmann\\\/produkt\\\/sds-mitglied-daniel-cohn-bendit-spricht-auf-einer-vollversammlung-der-soziologen-im-hoersal-vi-waehrend-des-studentenstreiks-2\\\/#breadcrumb\"},\"inLanguage\":\"de\",\"potentialAction\":[{\"@type\":\"ReadAction\",\"target\":[\"https:\\\/\\\/bpk-archive.de\\\/tuellmann\\\/produkt\\\/sds-mitglied-daniel-cohn-bendit-spricht-auf-einer-vollversammlung-der-soziologen-im-hoersal-vi-waehrend-des-studentenstreiks-2\\\/\"]}]},{\"@type\":\"ImageObject\",\"inLanguage\":\"de\",\"@id\":\"https:\\\/\\\/bpk-archive.de\\\/tuellmann\\\/produkt\\\/sds-mitglied-daniel-cohn-bendit-spricht-auf-einer-vollversammlung-der-soziologen-im-hoersal-vi-waehrend-des-studentenstreiks-2\\\/#primaryimage\",\"url\":\"https:\\\/\\\/bpk-archive.de\\\/tuellmann\\\/wp-content\\\/uploads\\\/2019\\\/08\\\/bpk_70240577.jpg\",\"contentUrl\":\"https:\\\/\\\/bpk-archive.de\\\/tuellmann\\\/wp-content\\\/uploads\\\/2019\\\/08\\\/bpk_70240577.jpg\",\"width\":1200,\"height\":917,\"caption\":\"SDS-Mitglied Daniel Cohn-Bendit spricht auf einer Vollversammlung der Soziologen im H\u00f6rsal VI w\u00e4hrend des Studentenstreiks\"},{\"@type\":\"BreadcrumbList\",\"@id\":\"https:\\\/\\\/bpk-archive.de\\\/tuellmann\\\/produkt\\\/sds-mitglied-daniel-cohn-bendit-spricht-auf-einer-vollversammlung-der-soziologen-im-hoersal-vi-waehrend-des-studentenstreiks-2\\\/#breadcrumb\",\"itemListElement\":[{\"@type\":\"ListItem\",\"position\":1,\"name\":\"Startseite\",\"item\":\"https:\\\/\\\/bpk-archive.de\\\/tuellmann\\\/\"},{\"@type\":\"ListItem\",\"position\":2,\"name\":\"Shop\",\"item\":\"https:\\\/\\\/bpk-archive.de\\\/tuellmann\\\/shop\\\/\"},{\"@type\":\"ListItem\",\"position\":3,\"name\":\"SDS-Mitglied Daniel Cohn-Bendit spricht auf einer Vollversammlung der Soziologen im H\u00f6rsal VI w\u00e4hrend des Studentenstreiks\"}]},{\"@type\":\"WebSite\",\"@id\":\"https:\\\/\\\/bpk-archive.de\\\/tuellmann\\\/#website\",\"url\":\"https:\\\/\\\/bpk-archive.de\\\/tuellmann\\\/\",\"name\":\"Abisag T\u00fcllmann\",\"description\":\"Eine weitere WordPress-Website\",\"potentialAction\":[{\"@type\":\"SearchAction\",\"target\":{\"@type\":\"EntryPoint\",\"urlTemplate\":\"https:\\\/\\\/bpk-archive.de\\\/tuellmann\\\/?s={search_term_string}\"},\"query-input\":{\"@type\":\"PropertyValueSpecification\",\"valueRequired\":true,\"valueName\":\"search_term_string\"}}],\"inLanguage\":\"de\"}]}<\/script>\n<!-- \/ Yoast SEO plugin. -->","yoast_head_json":{"title":"SDS-Mitglied Daniel Cohn-Bendit spricht auf einer Vollversammlung der Soziologen im H\u00f6rsal VI w\u00e4hrend des Studentenstreiks - Abisag T\u00fcllmann","robots":{"index":"index","follow":"follow","max-snippet":"max-snippet:-1","max-image-preview":"max-image-preview:large","max-video-preview":"max-video-preview:-1"},"canonical":"https:\/\/bpk-archive.de\/tuellmann\/produkt\/sds-mitglied-daniel-cohn-bendit-spricht-auf-einer-vollversammlung-der-soziologen-im-hoersal-vi-waehrend-des-studentenstreiks-2\/","og_locale":"de_DE","og_type":"article","og_title":"SDS-Mitglied Daniel Cohn-Bendit spricht auf einer Vollversammlung der Soziologen im H\u00f6rsal VI w\u00e4hrend des Studentenstreiks - Abisag T\u00fcllmann","og_url":"https:\/\/bpk-archive.de\/tuellmann\/produkt\/sds-mitglied-daniel-cohn-bendit-spricht-auf-einer-vollversammlung-der-soziologen-im-hoersal-vi-waehrend-des-studentenstreiks-2\/","og_site_name":"Abisag T\u00fcllmann","article_modified_time":"2019-09-05T14:13:45+00:00","og_image":[{"width":1200,"height":917,"url":"https:\/\/bpk-archive.de\/tuellmann\/wp-content\/uploads\/2019\/08\/bpk_70240577.jpg","type":"image\/jpeg"}],"twitter_card":"summary_large_image","schema":{"@context":"https:\/\/schema.org","@graph":[{"@type":"WebPage","@id":"https:\/\/bpk-archive.de\/tuellmann\/produkt\/sds-mitglied-daniel-cohn-bendit-spricht-auf-einer-vollversammlung-der-soziologen-im-hoersal-vi-waehrend-des-studentenstreiks-2\/","url":"https:\/\/bpk-archive.de\/tuellmann\/produkt\/sds-mitglied-daniel-cohn-bendit-spricht-auf-einer-vollversammlung-der-soziologen-im-hoersal-vi-waehrend-des-studentenstreiks-2\/","name":"SDS-Mitglied Daniel Cohn-Bendit spricht auf einer Vollversammlung der Soziologen im H\u00f6rsal VI w\u00e4hrend des Studentenstreiks - Abisag T\u00fcllmann","isPartOf":{"@id":"https:\/\/bpk-archive.de\/tuellmann\/#website"},"primaryImageOfPage":{"@id":"https:\/\/bpk-archive.de\/tuellmann\/produkt\/sds-mitglied-daniel-cohn-bendit-spricht-auf-einer-vollversammlung-der-soziologen-im-hoersal-vi-waehrend-des-studentenstreiks-2\/#primaryimage"},"image":{"@id":"https:\/\/bpk-archive.de\/tuellmann\/produkt\/sds-mitglied-daniel-cohn-bendit-spricht-auf-einer-vollversammlung-der-soziologen-im-hoersal-vi-waehrend-des-studentenstreiks-2\/#primaryimage"},"thumbnailUrl":"https:\/\/bpk-archive.de\/tuellmann\/wp-content\/uploads\/2019\/08\/bpk_70240577.jpg","datePublished":"2019-09-05T14:13:32+00:00","dateModified":"2019-09-05T14:13:45+00:00","breadcrumb":{"@id":"https:\/\/bpk-archive.de\/tuellmann\/produkt\/sds-mitglied-daniel-cohn-bendit-spricht-auf-einer-vollversammlung-der-soziologen-im-hoersal-vi-waehrend-des-studentenstreiks-2\/#breadcrumb"},"inLanguage":"de","potentialAction":[{"@type":"ReadAction","target":["https:\/\/bpk-archive.de\/tuellmann\/produkt\/sds-mitglied-daniel-cohn-bendit-spricht-auf-einer-vollversammlung-der-soziologen-im-hoersal-vi-waehrend-des-studentenstreiks-2\/"]}]},{"@type":"ImageObject","inLanguage":"de","@id":"https:\/\/bpk-archive.de\/tuellmann\/produkt\/sds-mitglied-daniel-cohn-bendit-spricht-auf-einer-vollversammlung-der-soziologen-im-hoersal-vi-waehrend-des-studentenstreiks-2\/#primaryimage","url":"https:\/\/bpk-archive.de\/tuellmann\/wp-content\/uploads\/2019\/08\/bpk_70240577.jpg","contentUrl":"https:\/\/bpk-archive.de\/tuellmann\/wp-content\/uploads\/2019\/08\/bpk_70240577.jpg","width":1200,"height":917,"caption":"SDS-Mitglied Daniel Cohn-Bendit spricht auf einer Vollversammlung der Soziologen im H\u00f6rsal VI w\u00e4hrend des Studentenstreiks"},{"@type":"BreadcrumbList","@id":"https:\/\/bpk-archive.de\/tuellmann\/produkt\/sds-mitglied-daniel-cohn-bendit-spricht-auf-einer-vollversammlung-der-soziologen-im-hoersal-vi-waehrend-des-studentenstreiks-2\/#breadcrumb","itemListElement":[{"@type":"ListItem","position":1,"name":"Startseite","item":"https:\/\/bpk-archive.de\/tuellmann\/"},{"@type":"ListItem","position":2,"name":"Shop","item":"https:\/\/bpk-archive.de\/tuellmann\/shop\/"},{"@type":"ListItem","position":3,"name":"SDS-Mitglied Daniel Cohn-Bendit spricht auf einer Vollversammlung der Soziologen im H\u00f6rsal VI w\u00e4hrend des Studentenstreiks"}]},{"@type":"WebSite","@id":"https:\/\/bpk-archive.de\/tuellmann\/#website","url":"https:\/\/bpk-archive.de\/tuellmann\/","name":"Abisag T\u00fcllmann","description":"Eine weitere WordPress-Website","potentialAction":[{"@type":"SearchAction","target":{"@type":"EntryPoint","urlTemplate":"https:\/\/bpk-archive.de\/tuellmann\/?s={search_term_string}"},"query-input":{"@type":"PropertyValueSpecification","valueRequired":true,"valueName":"search_term_string"}}],"inLanguage":"de"}]}},"_links":{"self":[{"href":"https:\/\/bpk-archive.de\/tuellmann\/wp-json\/wp\/v2\/product\/70297016","targetHints":{"allow":["GET"]}}],"collection":[{"href":"https:\/\/bpk-archive.de\/tuellmann\/wp-json\/wp\/v2\/product"}],"about":[{"href":"https:\/\/bpk-archive.de\/tuellmann\/wp-json\/wp\/v2\/types\/product"}],"wp:featuredmedia":[{"embeddable":true,"href":"https:\/\/bpk-archive.de\/tuellmann\/wp-json\/wp\/v2\/media\/70291920"}],"wp:attachment":[{"href":"https:\/\/bpk-archive.de\/tuellmann\/wp-json\/wp\/v2\/media?parent=70297016"}],"wp:term":[{"taxonomy":"product_brand","embeddable":true,"href":"https:\/\/bpk-archive.de\/tuellmann\/wp-json\/wp\/v2\/product_brand?post=70297016"},{"taxonomy":"product_cat","embeddable":true,"href":"https:\/\/bpk-archive.de\/tuellmann\/wp-json\/wp\/v2\/product_cat?post=70297016"},{"taxonomy":"product_tag","embeddable":true,"href":"https:\/\/bpk-archive.de\/tuellmann\/wp-json\/wp\/v2\/product_tag?post=70297016"}],"curies":[{"name":"wp","href":"https:\/\/api.w.org\/{rel}","templated":true}]}}