{"id":70296788,"date":"2019-09-05T16:10:24","date_gmt":"2019-09-05T14:10:24","guid":{"rendered":"http:\/\/abisagtuellmann.bpk-news.de\/atbild\/treffen-von-bundeskanzler-willy-brandt-und-ddr-ministerpraesident-willi-stoph-zum-innerdeutschen-gipfel-in-kassel-2\/"},"modified":"2020-08-11T16:45:54","modified_gmt":"2020-08-11T14:45:54","slug":"treffen-von-bundeskanzler-willy-brandt-und-ddr-ministerpraesident-willi-stoph-zum-innerdeutschen-gipfel-in-kassel-2","status":"publish","type":"product","link":"https:\/\/bpk-archive.de\/tuellmann\/produkt\/treffen-von-bundeskanzler-willy-brandt-und-ddr-ministerpraesident-willi-stoph-zum-innerdeutschen-gipfel-in-kassel-2\/","title":{"rendered":"Treffen von Bundeskanzler Willy Brandt und DDR-Ministerpr\u00e4sident Willi Stoph zum innerdeutschen Gipfel in Kassel"},"content":{"rendered":"<p>Am Bahnhof Kassel-Wilhelmsh\u00f6he werden f\u00fcr den Empfang des Ministerpr\u00e4sidenten Stoph Teppiche ausgerollt<\/p>\n","protected":false},"excerpt":{"rendered":"<p>Am Bahnhof Kassel-Wilhelmsh\u00f6he werden f\u00fcr den Empfang des Ministerpr\u00e4sidenten Stoph Teppiche ausgerollt<\/p>\n","protected":false},"featured_media":70292774,"template":"","meta":[],"product_brand":[],"product_cat":[73390],"product_tag":[13230,13232,13234,13231,13233,13235,62742,13777,53148,47456,47457,47458,47459,47460,47461,47462,13604,13605,51714,65094,65095,13250,53291,53292,53293,47573,47574,13784,13785,13469,62760,62761,13470,53393,13253,62762,62763,13254,53398,13255,53399,13256,13257,13471,13472,62764,13260,47629,53825,53826,13293,13786,13787,13294,13295,13296,13297,47267,14195,14196,14197,14198,14199,14200,13492,13493,13494,13495,13496,13497,13301,62765,62766,62767,62768,56871,56872,13818,13819,48012,48013,13826,13328,13827,13828,13329,13330,13331,13332,47332,48322,13829,13830,13831,13832,13833,13834,13835,13836,13837,13838,13839,13840,13841,13842,53482,53803,53483,53484,53804,53485,13843,47333,47334,47335,47336,47337,14342,56213,56214,56215,56216,56217,13877,13879,13865,13864,13866,13858,13859,13860,13861,13862,13863,13354,13869,13870,13871,13872,62769,62770,53107,53108,53109,53110,53111,62552,62553,62554,13878,13880,49647,49648,49649,49650,49651,49652,57162,57163,57164,57165,57166,57167,57168,57169,54930,54931],"class_list":{"0":"post-70296788","1":"product","2":"type-product","3":"status-publish","4":"has-post-thumbnail","6":"product_cat-politische-buehne","7":"product_tag-1970er-jahre","8":"product_tag-20-jahrhundert-nach-chr","9":"product_tag-20-jh-n-chr","10":"product_tag-20-jahrhundert","11":"product_tag-20-jh","12":"product_tag-70er","13":"product_tag-abt_013","14":"product_tag-abzug","15":"product_tag-ankunft","16":"product_tag-arbeit","17":"product_tag-arbeiten","18":"product_tag-arbeitend","19":"product_tag-arbeitende","20":"product_tag-arbeitenden","21":"product_tag-arbeitender","22":"product_tag-arbeitendes","23":"product_tag-arbeiter","24":"product_tag-arbeitern","25":"product_tag-at_pressefotografie-brd","26":"product_tag-ausgerollt","27":"product_tag-ausrollen","28":"product_tag-aussen","29":"product_tag-bahnhof","30":"product_tag-bahnhoefe","31":"product_tag-bahnhofs","32":"product_tag-begruessen","33":"product_tag-begruessung","34":"product_tag-bildnis","35":"product_tag-bildnisse","36":"product_tag-brd","37":"product_tag-bundeskanzler","38":"product_tag-bundeskanzlers","39":"product_tag-bundesrepublik-deutschland","40":"product_tag-ddr","41":"product_tag-deutsch","42":"product_tag-deutsch-deutsche-beziehungen","43":"product_tag-deutsch-deutschen-beziehungen","44":"product_tag-deutsche","45":"product_tag-deutsche-demokratische-republik","46":"product_tag-deutschen","47":"product_tag-deutschen-demokratischen-republik","48":"product_tag-deutscher","49":"product_tag-deutsches","50":"product_tag-deutschland","51":"product_tag-deutschlands","52":"product_tag-diplomatie","53":"product_tag-draussen","54":"product_tag-drei","55":"product_tag-empfang","56":"product_tag-empfaenge","57":"product_tag-foto","58":"product_tag-fotoabzug","59":"product_tag-fotoabzuege","60":"product_tag-fotografie","61":"product_tag-fotografien","62":"product_tag-fotografin","63":"product_tag-fotografinnen","64":"product_tag-fotoreportage","65":"product_tag-gruppenbild","66":"product_tag-gruppenbilder","67":"product_tag-gruppenportrait","68":"product_tag-gruppenportraits","69":"product_tag-gruppenportraet","70":"product_tag-gruppenportraets","71":"product_tag-hessen","72":"product_tag-hessisch","73":"product_tag-hessische","74":"product_tag-hessischen","75":"product_tag-hessischer","76":"product_tag-hessisches","77":"product_tag-im-freien","78":"product_tag-innerdeutsche-beziehungen","79":"product_tag-innerdeutschen-beziehungen","80":"product_tag-kanzler","81":"product_tag-kanzlers","82":"product_tag-kassel","83":"product_tag-kasseler","84":"product_tag-mann","85":"product_tag-maenner","86":"product_tag-maennergruppe","87":"product_tag-maennergruppen","88":"product_tag-mannes","89":"product_tag-photo","90":"product_tag-photoabzug","91":"product_tag-photoabzuege","92":"product_tag-photographie","93":"product_tag-photographien","94":"product_tag-photographin","95":"product_tag-photographinnen","96":"product_tag-photoreportage","97":"product_tag-politik","98":"product_tag-portrait","99":"product_tag-portraitaufnahme","100":"product_tag-portraitfoto","101":"product_tag-portraitfotografie","102":"product_tag-portraitphoto","103":"product_tag-portraitphotographie","104":"product_tag-portraits","105":"product_tag-portraet","106":"product_tag-portraetaufnahme","107":"product_tag-portraetfoto","108":"product_tag-portraetfotografie","109":"product_tag-portraetphoto","110":"product_tag-portraetphotographie","111":"product_tag-portraets","112":"product_tag-pressefoto","113":"product_tag-pressefotografie","114":"product_tag-pressefotos","115":"product_tag-pressephoto","116":"product_tag-pressephotographie","117":"product_tag-pressephotos","118":"product_tag-print","119":"product_tag-reportage","120":"product_tag-reportagefoto","121":"product_tag-reportagefotografie","122":"product_tag-reportagephoto","123":"product_tag-reportagephotographie","124":"product_tag-rot","125":"product_tag-rote","126":"product_tag-rotem","127":"product_tag-roten","128":"product_tag-roter","129":"product_tag-rotes","130":"product_tag-s-w-fotografie","131":"product_tag-s-w-photographie","132":"product_tag-schwarzweissphotographie","133":"product_tag-schwarz-weiss-fotografie","134":"product_tag-schwarz-weiss-photographie","135":"product_tag-schwarzweiss","136":"product_tag-schwarzweisse","137":"product_tag-schwarzweissen","138":"product_tag-schwarzweisser","139":"product_tag-schwarzweisses","140":"product_tag-schwarzweissfotografie","141":"product_tag-siebziger","142":"product_tag-silbergelatine","143":"product_tag-silbergelatineabzug","144":"product_tag-silbergelatineabzuege","145":"product_tag-silbergelatineprint","146":"product_tag-staatsakt","147":"product_tag-staatsakte","148":"product_tag-staatschef","149":"product_tag-staatschefs","150":"product_tag-staatsoberhaupt","151":"product_tag-staatsoberhauptes","152":"product_tag-staatsoberhaupts","153":"product_tag-staatsratsvorsitzende","154":"product_tag-staatsratsvorsitzenden","155":"product_tag-staatsratsvorsitzender","156":"product_tag-sw-fotografie","157":"product_tag-sw-photographie","158":"product_tag-teppich","159":"product_tag-teppiche","160":"product_tag-teppichen","161":"product_tag-teppichs","162":"product_tag-treffen","163":"product_tag-treffens","164":"product_tag-vorbereiten","165":"product_tag-vorbereitend","166":"product_tag-vorbereitende","167":"product_tag-vorbereitenden","168":"product_tag-vorbereitender","169":"product_tag-vorbereitendes","170":"product_tag-vorbereitung","171":"product_tag-vorbereitungen","172":"product_tag-zusammenkunft","173":"product_tag-zusammenkuenfte","174":"pa_datierung-21-05-1970","175":"pa_fotograf-abisag-tuellmann","176":"pa_geografischer_bezug-aufnahmeort-kassel-deutschland","177":"pa_grunddaten_material_technik-foto-silbergelatine-auf-barytpapier","178":"pa_inventarnummer-tue-70-173-06a","179":"pa_jahr_von-53324","180":"pa_massangaben-bildformat-foto-235-x-293-cm","181":"pa_mediennummer-65092","182":"pa_objekt_typ-fotografie","184":"first","185":"instock","186":"product-type-simple"},"yoast_head":"<!-- This site is optimized with the Yoast SEO plugin v27.4 - https:\/\/yoast.com\/product\/yoast-seo-wordpress\/ -->\n<title>Treffen von Bundeskanzler Willy Brandt und DDR-Ministerpr\u00e4sident Willi Stoph zum innerdeutschen Gipfel in Kassel - Abisag T\u00fcllmann<\/title>\n<meta name=\"robots\" content=\"index, follow, max-snippet:-1, max-image-preview:large, max-video-preview:-1\" \/>\n<link rel=\"canonical\" href=\"https:\/\/bpk-archive.de\/tuellmann\/produkt\/treffen-von-bundeskanzler-willy-brandt-und-ddr-ministerpraesident-willi-stoph-zum-innerdeutschen-gipfel-in-kassel-2\/\" \/>\n<meta property=\"og:locale\" content=\"de_DE\" \/>\n<meta property=\"og:type\" content=\"article\" \/>\n<meta property=\"og:title\" content=\"Treffen von Bundeskanzler Willy Brandt und DDR-Ministerpr\u00e4sident Willi Stoph zum innerdeutschen Gipfel in Kassel - Abisag T\u00fcllmann\" \/>\n<meta property=\"og:description\" content=\"Am Bahnhof Kassel-Wilhelmsh\u00f6he werden f\u00fcr den Empfang des Ministerpr\u00e4sidenten Stoph Teppiche ausgerollt\" \/>\n<meta property=\"og:url\" content=\"https:\/\/bpk-archive.de\/tuellmann\/produkt\/treffen-von-bundeskanzler-willy-brandt-und-ddr-ministerpraesident-willi-stoph-zum-innerdeutschen-gipfel-in-kassel-2\/\" \/>\n<meta property=\"og:site_name\" content=\"Abisag T\u00fcllmann\" \/>\n<meta property=\"article:modified_time\" content=\"2020-08-11T14:45:54+00:00\" \/>\n<meta property=\"og:image\" content=\"https:\/\/bpk-archive.de\/tuellmann\/wp-content\/uploads\/2019\/08\/bpk_70243305.jpg\" \/>\n\t<meta property=\"og:image:width\" content=\"1200\" \/>\n\t<meta property=\"og:image:height\" content=\"972\" \/>\n\t<meta property=\"og:image:type\" content=\"image\/jpeg\" \/>\n<meta name=\"twitter:card\" content=\"summary_large_image\" \/>\n<script type=\"application\/ld+json\" class=\"yoast-schema-graph\">{\"@context\":\"https:\\\/\\\/schema.org\",\"@graph\":[{\"@type\":\"WebPage\",\"@id\":\"https:\\\/\\\/bpk-archive.de\\\/tuellmann\\\/produkt\\\/treffen-von-bundeskanzler-willy-brandt-und-ddr-ministerpraesident-willi-stoph-zum-innerdeutschen-gipfel-in-kassel-2\\\/\",\"url\":\"https:\\\/\\\/bpk-archive.de\\\/tuellmann\\\/produkt\\\/treffen-von-bundeskanzler-willy-brandt-und-ddr-ministerpraesident-willi-stoph-zum-innerdeutschen-gipfel-in-kassel-2\\\/\",\"name\":\"Treffen von Bundeskanzler Willy Brandt und DDR-Ministerpr\u00e4sident Willi Stoph zum innerdeutschen Gipfel in Kassel - Abisag T\u00fcllmann\",\"isPartOf\":{\"@id\":\"https:\\\/\\\/bpk-archive.de\\\/tuellmann\\\/#website\"},\"primaryImageOfPage\":{\"@id\":\"https:\\\/\\\/bpk-archive.de\\\/tuellmann\\\/produkt\\\/treffen-von-bundeskanzler-willy-brandt-und-ddr-ministerpraesident-willi-stoph-zum-innerdeutschen-gipfel-in-kassel-2\\\/#primaryimage\"},\"image\":{\"@id\":\"https:\\\/\\\/bpk-archive.de\\\/tuellmann\\\/produkt\\\/treffen-von-bundeskanzler-willy-brandt-und-ddr-ministerpraesident-willi-stoph-zum-innerdeutschen-gipfel-in-kassel-2\\\/#primaryimage\"},\"thumbnailUrl\":\"https:\\\/\\\/bpk-archive.de\\\/tuellmann\\\/wp-content\\\/uploads\\\/2019\\\/08\\\/bpk_70243305.jpg\",\"datePublished\":\"2019-09-05T14:10:24+00:00\",\"dateModified\":\"2020-08-11T14:45:54+00:00\",\"breadcrumb\":{\"@id\":\"https:\\\/\\\/bpk-archive.de\\\/tuellmann\\\/produkt\\\/treffen-von-bundeskanzler-willy-brandt-und-ddr-ministerpraesident-willi-stoph-zum-innerdeutschen-gipfel-in-kassel-2\\\/#breadcrumb\"},\"inLanguage\":\"de\",\"potentialAction\":[{\"@type\":\"ReadAction\",\"target\":[\"https:\\\/\\\/bpk-archive.de\\\/tuellmann\\\/produkt\\\/treffen-von-bundeskanzler-willy-brandt-und-ddr-ministerpraesident-willi-stoph-zum-innerdeutschen-gipfel-in-kassel-2\\\/\"]}]},{\"@type\":\"ImageObject\",\"inLanguage\":\"de\",\"@id\":\"https:\\\/\\\/bpk-archive.de\\\/tuellmann\\\/produkt\\\/treffen-von-bundeskanzler-willy-brandt-und-ddr-ministerpraesident-willi-stoph-zum-innerdeutschen-gipfel-in-kassel-2\\\/#primaryimage\",\"url\":\"https:\\\/\\\/bpk-archive.de\\\/tuellmann\\\/wp-content\\\/uploads\\\/2019\\\/08\\\/bpk_70243305.jpg\",\"contentUrl\":\"https:\\\/\\\/bpk-archive.de\\\/tuellmann\\\/wp-content\\\/uploads\\\/2019\\\/08\\\/bpk_70243305.jpg\",\"width\":1200,\"height\":972,\"caption\":\"Treffen von Bundeskanzler Willy Brandt und DDR-Ministerpr\u00e4sident Willi Stoph zum innerdeutschen Gipfel in Kassel\"},{\"@type\":\"BreadcrumbList\",\"@id\":\"https:\\\/\\\/bpk-archive.de\\\/tuellmann\\\/produkt\\\/treffen-von-bundeskanzler-willy-brandt-und-ddr-ministerpraesident-willi-stoph-zum-innerdeutschen-gipfel-in-kassel-2\\\/#breadcrumb\",\"itemListElement\":[{\"@type\":\"ListItem\",\"position\":1,\"name\":\"Startseite\",\"item\":\"https:\\\/\\\/bpk-archive.de\\\/tuellmann\\\/\"},{\"@type\":\"ListItem\",\"position\":2,\"name\":\"Shop\",\"item\":\"https:\\\/\\\/bpk-archive.de\\\/tuellmann\\\/shop\\\/\"},{\"@type\":\"ListItem\",\"position\":3,\"name\":\"Treffen von Bundeskanzler Willy Brandt und DDR-Ministerpr\u00e4sident Willi Stoph zum innerdeutschen Gipfel in Kassel\"}]},{\"@type\":\"WebSite\",\"@id\":\"https:\\\/\\\/bpk-archive.de\\\/tuellmann\\\/#website\",\"url\":\"https:\\\/\\\/bpk-archive.de\\\/tuellmann\\\/\",\"name\":\"Abisag T\u00fcllmann\",\"description\":\"Eine weitere WordPress-Website\",\"potentialAction\":[{\"@type\":\"SearchAction\",\"target\":{\"@type\":\"EntryPoint\",\"urlTemplate\":\"https:\\\/\\\/bpk-archive.de\\\/tuellmann\\\/?s={search_term_string}\"},\"query-input\":{\"@type\":\"PropertyValueSpecification\",\"valueRequired\":true,\"valueName\":\"search_term_string\"}}],\"inLanguage\":\"de\"}]}<\/script>\n<!-- \/ Yoast SEO plugin. -->","yoast_head_json":{"title":"Treffen von Bundeskanzler Willy Brandt und DDR-Ministerpr\u00e4sident Willi Stoph zum innerdeutschen Gipfel in Kassel - Abisag T\u00fcllmann","robots":{"index":"index","follow":"follow","max-snippet":"max-snippet:-1","max-image-preview":"max-image-preview:large","max-video-preview":"max-video-preview:-1"},"canonical":"https:\/\/bpk-archive.de\/tuellmann\/produkt\/treffen-von-bundeskanzler-willy-brandt-und-ddr-ministerpraesident-willi-stoph-zum-innerdeutschen-gipfel-in-kassel-2\/","og_locale":"de_DE","og_type":"article","og_title":"Treffen von Bundeskanzler Willy Brandt und DDR-Ministerpr\u00e4sident Willi Stoph zum innerdeutschen Gipfel in Kassel - Abisag T\u00fcllmann","og_description":"Am Bahnhof Kassel-Wilhelmsh\u00f6he werden f\u00fcr den Empfang des Ministerpr\u00e4sidenten Stoph Teppiche ausgerollt","og_url":"https:\/\/bpk-archive.de\/tuellmann\/produkt\/treffen-von-bundeskanzler-willy-brandt-und-ddr-ministerpraesident-willi-stoph-zum-innerdeutschen-gipfel-in-kassel-2\/","og_site_name":"Abisag T\u00fcllmann","article_modified_time":"2020-08-11T14:45:54+00:00","og_image":[{"width":1200,"height":972,"url":"https:\/\/bpk-archive.de\/tuellmann\/wp-content\/uploads\/2019\/08\/bpk_70243305.jpg","type":"image\/jpeg"}],"twitter_card":"summary_large_image","schema":{"@context":"https:\/\/schema.org","@graph":[{"@type":"WebPage","@id":"https:\/\/bpk-archive.de\/tuellmann\/produkt\/treffen-von-bundeskanzler-willy-brandt-und-ddr-ministerpraesident-willi-stoph-zum-innerdeutschen-gipfel-in-kassel-2\/","url":"https:\/\/bpk-archive.de\/tuellmann\/produkt\/treffen-von-bundeskanzler-willy-brandt-und-ddr-ministerpraesident-willi-stoph-zum-innerdeutschen-gipfel-in-kassel-2\/","name":"Treffen von Bundeskanzler Willy Brandt und DDR-Ministerpr\u00e4sident Willi Stoph zum innerdeutschen Gipfel in Kassel - Abisag T\u00fcllmann","isPartOf":{"@id":"https:\/\/bpk-archive.de\/tuellmann\/#website"},"primaryImageOfPage":{"@id":"https:\/\/bpk-archive.de\/tuellmann\/produkt\/treffen-von-bundeskanzler-willy-brandt-und-ddr-ministerpraesident-willi-stoph-zum-innerdeutschen-gipfel-in-kassel-2\/#primaryimage"},"image":{"@id":"https:\/\/bpk-archive.de\/tuellmann\/produkt\/treffen-von-bundeskanzler-willy-brandt-und-ddr-ministerpraesident-willi-stoph-zum-innerdeutschen-gipfel-in-kassel-2\/#primaryimage"},"thumbnailUrl":"https:\/\/bpk-archive.de\/tuellmann\/wp-content\/uploads\/2019\/08\/bpk_70243305.jpg","datePublished":"2019-09-05T14:10:24+00:00","dateModified":"2020-08-11T14:45:54+00:00","breadcrumb":{"@id":"https:\/\/bpk-archive.de\/tuellmann\/produkt\/treffen-von-bundeskanzler-willy-brandt-und-ddr-ministerpraesident-willi-stoph-zum-innerdeutschen-gipfel-in-kassel-2\/#breadcrumb"},"inLanguage":"de","potentialAction":[{"@type":"ReadAction","target":["https:\/\/bpk-archive.de\/tuellmann\/produkt\/treffen-von-bundeskanzler-willy-brandt-und-ddr-ministerpraesident-willi-stoph-zum-innerdeutschen-gipfel-in-kassel-2\/"]}]},{"@type":"ImageObject","inLanguage":"de","@id":"https:\/\/bpk-archive.de\/tuellmann\/produkt\/treffen-von-bundeskanzler-willy-brandt-und-ddr-ministerpraesident-willi-stoph-zum-innerdeutschen-gipfel-in-kassel-2\/#primaryimage","url":"https:\/\/bpk-archive.de\/tuellmann\/wp-content\/uploads\/2019\/08\/bpk_70243305.jpg","contentUrl":"https:\/\/bpk-archive.de\/tuellmann\/wp-content\/uploads\/2019\/08\/bpk_70243305.jpg","width":1200,"height":972,"caption":"Treffen von Bundeskanzler Willy Brandt und DDR-Ministerpr\u00e4sident Willi Stoph zum innerdeutschen Gipfel in Kassel"},{"@type":"BreadcrumbList","@id":"https:\/\/bpk-archive.de\/tuellmann\/produkt\/treffen-von-bundeskanzler-willy-brandt-und-ddr-ministerpraesident-willi-stoph-zum-innerdeutschen-gipfel-in-kassel-2\/#breadcrumb","itemListElement":[{"@type":"ListItem","position":1,"name":"Startseite","item":"https:\/\/bpk-archive.de\/tuellmann\/"},{"@type":"ListItem","position":2,"name":"Shop","item":"https:\/\/bpk-archive.de\/tuellmann\/shop\/"},{"@type":"ListItem","position":3,"name":"Treffen von Bundeskanzler Willy Brandt und DDR-Ministerpr\u00e4sident Willi Stoph zum innerdeutschen Gipfel in Kassel"}]},{"@type":"WebSite","@id":"https:\/\/bpk-archive.de\/tuellmann\/#website","url":"https:\/\/bpk-archive.de\/tuellmann\/","name":"Abisag T\u00fcllmann","description":"Eine weitere WordPress-Website","potentialAction":[{"@type":"SearchAction","target":{"@type":"EntryPoint","urlTemplate":"https:\/\/bpk-archive.de\/tuellmann\/?s={search_term_string}"},"query-input":{"@type":"PropertyValueSpecification","valueRequired":true,"valueName":"search_term_string"}}],"inLanguage":"de"}]}},"_links":{"self":[{"href":"https:\/\/bpk-archive.de\/tuellmann\/wp-json\/wp\/v2\/product\/70296788","targetHints":{"allow":["GET"]}}],"collection":[{"href":"https:\/\/bpk-archive.de\/tuellmann\/wp-json\/wp\/v2\/product"}],"about":[{"href":"https:\/\/bpk-archive.de\/tuellmann\/wp-json\/wp\/v2\/types\/product"}],"wp:featuredmedia":[{"embeddable":true,"href":"https:\/\/bpk-archive.de\/tuellmann\/wp-json\/wp\/v2\/media\/70292774"}],"wp:attachment":[{"href":"https:\/\/bpk-archive.de\/tuellmann\/wp-json\/wp\/v2\/media?parent=70296788"}],"wp:term":[{"taxonomy":"product_brand","embeddable":true,"href":"https:\/\/bpk-archive.de\/tuellmann\/wp-json\/wp\/v2\/product_brand?post=70296788"},{"taxonomy":"product_cat","embeddable":true,"href":"https:\/\/bpk-archive.de\/tuellmann\/wp-json\/wp\/v2\/product_cat?post=70296788"},{"taxonomy":"product_tag","embeddable":true,"href":"https:\/\/bpk-archive.de\/tuellmann\/wp-json\/wp\/v2\/product_tag?post=70296788"}],"curies":[{"name":"wp","href":"https:\/\/api.w.org\/{rel}","templated":true}]}}