{"id":70296734,"date":"2019-09-05T16:09:34","date_gmt":"2019-09-05T14:09:34","guid":{"rendered":"http:\/\/abisagtuellmann.bpk-news.de\/atbild\/indoor-ski-auf-der-messe-motor-sport-freizeit-in-stuttgart\/"},"modified":"2021-11-17T11:05:30","modified_gmt":"2021-11-17T10:05:30","slug":"indoor-ski-auf-der-messe-motor-sport-freizeit-in-stuttgart","status":"publish","type":"product","link":"https:\/\/bpk-archive.de\/tuellmann\/produkt\/indoor-ski-auf-der-messe-motor-sport-freizeit-in-stuttgart\/","title":{"rendered":"Indoor-Ski auf der Messe &#8222;Motor, Sport, Freizeit&#8220; in Stuttgart"},"content":{"rendered":"<p>Indoor-Skipiste von Hubert Sohler, Gr\u00fcnder der Skifabrik Sohler in Wangen im Allg\u00e4u<\/p>\n","protected":false},"excerpt":{"rendered":"<p>Indoor-Skipiste von Hubert Sohler, Gr\u00fcnder der Skifabrik Sohler in Wangen im Allg\u00e4u<\/p>\n","protected":false},"featured_media":70293492,"template":"","meta":[],"product_brand":[],"product_cat":[14355],"product_tag":[13230,13232,13234,13231,13233,13235,54766,64041,13777,13456,13457,13778,13458,13459,49675,48481,48482,48483,48966,48967,48484,13462,13463,13464,13465,13466,13467,13468,13469,13470,13471,13472,13473,13293,13786,13787,13294,13295,13296,13297,48621,48622,48623,64792,64793,13498,47447,47448,57235,57666,57667,57236,64045,64046,64047,13328,13827,13828,13329,13330,13331,13332,13843,51807,51808,13877,13879,61515,49712,49713,49714,49715,49716,49717,13865,13864,13866,13858,13859,13860,13861,13862,13863,13354,13869,13870,13871,13872,64794,64795,64796,64797,64798,64799,64800,64801,50070,50076,53752,53753,49722,49723,49724,49725,49726,49727,49728,13878,13880,13525,49732,49733,49734,49735,49736,49737,49738,49739,48502,51814,51817,51818],"class_list":{"0":"post-70296734","1":"product","2":"type-product","3":"status-publish","4":"has-post-thumbnail","6":"product_cat-unkategorisiert","7":"product_tag-1970er-jahre","8":"product_tag-20-jahrhundert-nach-chr","9":"product_tag-20-jh-n-chr","10":"product_tag-20-jahrhundert","11":"product_tag-20-jh","12":"product_tag-70er","13":"product_tag-abfahrt","14":"product_tag-abt_020","15":"product_tag-abzug","16":"product_tag-anschauen","17":"product_tag-anschauend","18":"product_tag-at_konsum-freizeit","19":"product_tag-ausstellungsbesuch","20":"product_tag-ausstellungsbesucher","21":"product_tag-baden-wuerttemberg","22":"product_tag-besuch","23":"product_tag-besuche","24":"product_tag-besuchen","25":"product_tag-besucher","26":"product_tag-besuchern","27":"product_tag-besucht","28":"product_tag-betrachten","29":"product_tag-betrachtend","30":"product_tag-betrachtende","31":"product_tag-betrachtender","32":"product_tag-betrachtendes","33":"product_tag-betrachtet","34":"product_tag-betrachtung","35":"product_tag-brd","36":"product_tag-bundesrepublik-deutschland","37":"product_tag-deutschland","38":"product_tag-deutschlands","39":"product_tag-drinnen","40":"product_tag-foto","41":"product_tag-fotoabzug","42":"product_tag-fotoabzuege","43":"product_tag-fotografie","44":"product_tag-fotografien","45":"product_tag-fotografin","46":"product_tag-fotografinnen","47":"product_tag-freizeit","48":"product_tag-freizeitbeschaeftigung","49":"product_tag-freizeitgestaltung","50":"product_tag-hallenski","51":"product_tag-indoor","52":"product_tag-innen","53":"product_tag-menschengruppe","54":"product_tag-menschengruppen","55":"product_tag-messe","56":"product_tag-messehalle","57":"product_tag-messehallen","58":"product_tag-messen","59":"product_tag-motor","60":"product_tag-motore","61":"product_tag-motoren","62":"product_tag-photo","63":"product_tag-photoabzug","64":"product_tag-photoabzuege","65":"product_tag-photographie","66":"product_tag-photographien","67":"product_tag-photographin","68":"product_tag-photographinnen","69":"product_tag-print","70":"product_tag-publikum","71":"product_tag-publikums","72":"product_tag-s-w-fotografie","73":"product_tag-s-w-photographie","74":"product_tag-schwabe","75":"product_tag-schwaben","76":"product_tag-schwaebisch","77":"product_tag-schwaebische","78":"product_tag-schwaebischen","79":"product_tag-schwaebischer","80":"product_tag-schwaebisches","81":"product_tag-schwarzweissphotographie","82":"product_tag-schwarz-weiss-fotografie","83":"product_tag-schwarz-weiss-photographie","84":"product_tag-schwarzweiss","85":"product_tag-schwarzweisse","86":"product_tag-schwarzweissen","87":"product_tag-schwarzweisser","88":"product_tag-schwarzweisses","89":"product_tag-schwarzweissfotografie","90":"product_tag-siebziger","91":"product_tag-silbergelatine","92":"product_tag-silbergelatineabzug","93":"product_tag-silbergelatineabzuege","94":"product_tag-silbergelatineprint","95":"product_tag-ski","96":"product_tag-skier","97":"product_tag-skiern","98":"product_tag-skifahren","99":"product_tag-skifahrer","100":"product_tag-skihalle","101":"product_tag-skilaufen","102":"product_tag-skilaeufer","103":"product_tag-sport","104":"product_tag-sports","105":"product_tag-stuttgart","106":"product_tag-stuttgarter","107":"product_tag-sueddeutsch","108":"product_tag-sueddeutsche","109":"product_tag-sueddeutschen","110":"product_tag-sueddeutscher","111":"product_tag-sueddeutsches","112":"product_tag-sueddeutschland","113":"product_tag-sueddeutschlands","114":"product_tag-sw-fotografie","115":"product_tag-sw-photographie","116":"product_tag-von-innen","117":"product_tag-wirtenberg","118":"product_tag-wuertemberg","119":"product_tag-wuerttemberg","120":"product_tag-wuerttembergisch","121":"product_tag-wuerttembergische","122":"product_tag-wuerttembergischen","123":"product_tag-wuerttembergischer","124":"product_tag-wuerttembergisches","125":"product_tag-zu-besuch","126":"product_tag-zuschauer","127":"product_tag-zuschauern","128":"product_tag-zuschauers","129":"pa_datierung-januar-1970","130":"pa_fotograf-abisag-tuellmann","131":"pa_geografischer_bezug-aufnahmeort-stuttgart-deutschland","132":"pa_grunddaten_material_technik-foto-silbergelatine-auf-barytpapier","133":"pa_inventarnummer-tue-70-056-02a","134":"pa_jahr_von-53324","135":"pa_massangaben-bildformat-foto-236-x-293-cm","136":"pa_mediennummer-64790","137":"pa_objekt_typ-fotografie","139":"first","140":"instock","141":"product-type-simple"},"yoast_head":"<!-- This site is optimized with the Yoast SEO plugin v27.4 - https:\/\/yoast.com\/product\/yoast-seo-wordpress\/ -->\n<title>Indoor-Ski auf der Messe &quot;Motor, Sport, Freizeit&quot; in Stuttgart - Abisag T\u00fcllmann<\/title>\n<meta name=\"robots\" content=\"index, follow, max-snippet:-1, max-image-preview:large, max-video-preview:-1\" \/>\n<link rel=\"canonical\" href=\"https:\/\/bpk-archive.de\/tuellmann\/produkt\/indoor-ski-auf-der-messe-motor-sport-freizeit-in-stuttgart\/\" \/>\n<meta property=\"og:locale\" content=\"de_DE\" \/>\n<meta property=\"og:type\" content=\"article\" \/>\n<meta property=\"og:title\" content=\"Indoor-Ski auf der Messe &quot;Motor, Sport, Freizeit&quot; in Stuttgart - Abisag T\u00fcllmann\" \/>\n<meta property=\"og:description\" content=\"Indoor-Skipiste von Hubert Sohler, Gr\u00fcnder der Skifabrik Sohler in Wangen im Allg\u00e4u\" \/>\n<meta property=\"og:url\" content=\"https:\/\/bpk-archive.de\/tuellmann\/produkt\/indoor-ski-auf-der-messe-motor-sport-freizeit-in-stuttgart\/\" \/>\n<meta property=\"og:site_name\" content=\"Abisag T\u00fcllmann\" \/>\n<meta property=\"article:modified_time\" content=\"2021-11-17T10:05:30+00:00\" \/>\n<meta property=\"og:image\" content=\"https:\/\/bpk-archive.de\/tuellmann\/wp-content\/uploads\/2019\/08\/bpk_70366535.jpg\" \/>\n\t<meta property=\"og:image:width\" content=\"1200\" \/>\n\t<meta property=\"og:image:height\" content=\"981\" \/>\n\t<meta property=\"og:image:type\" content=\"image\/jpeg\" \/>\n<meta name=\"twitter:card\" content=\"summary_large_image\" \/>\n<meta name=\"twitter:label1\" content=\"Gesch\u00e4tzte Lesezeit\" \/>\n\t<meta name=\"twitter:data1\" content=\"1\u00a0Minute\" \/>\n<script type=\"application\/ld+json\" class=\"yoast-schema-graph\">{\"@context\":\"https:\\\/\\\/schema.org\",\"@graph\":[{\"@type\":\"WebPage\",\"@id\":\"https:\\\/\\\/bpk-archive.de\\\/tuellmann\\\/produkt\\\/indoor-ski-auf-der-messe-motor-sport-freizeit-in-stuttgart\\\/\",\"url\":\"https:\\\/\\\/bpk-archive.de\\\/tuellmann\\\/produkt\\\/indoor-ski-auf-der-messe-motor-sport-freizeit-in-stuttgart\\\/\",\"name\":\"Indoor-Ski auf der Messe \\\"Motor, Sport, Freizeit\\\" in Stuttgart - Abisag T\u00fcllmann\",\"isPartOf\":{\"@id\":\"https:\\\/\\\/bpk-archive.de\\\/tuellmann\\\/#website\"},\"primaryImageOfPage\":{\"@id\":\"https:\\\/\\\/bpk-archive.de\\\/tuellmann\\\/produkt\\\/indoor-ski-auf-der-messe-motor-sport-freizeit-in-stuttgart\\\/#primaryimage\"},\"image\":{\"@id\":\"https:\\\/\\\/bpk-archive.de\\\/tuellmann\\\/produkt\\\/indoor-ski-auf-der-messe-motor-sport-freizeit-in-stuttgart\\\/#primaryimage\"},\"thumbnailUrl\":\"https:\\\/\\\/bpk-archive.de\\\/tuellmann\\\/wp-content\\\/uploads\\\/2019\\\/08\\\/bpk_70366535.jpg\",\"datePublished\":\"2019-09-05T14:09:34+00:00\",\"dateModified\":\"2021-11-17T10:05:30+00:00\",\"breadcrumb\":{\"@id\":\"https:\\\/\\\/bpk-archive.de\\\/tuellmann\\\/produkt\\\/indoor-ski-auf-der-messe-motor-sport-freizeit-in-stuttgart\\\/#breadcrumb\"},\"inLanguage\":\"de\",\"potentialAction\":[{\"@type\":\"ReadAction\",\"target\":[\"https:\\\/\\\/bpk-archive.de\\\/tuellmann\\\/produkt\\\/indoor-ski-auf-der-messe-motor-sport-freizeit-in-stuttgart\\\/\"]}]},{\"@type\":\"ImageObject\",\"inLanguage\":\"de\",\"@id\":\"https:\\\/\\\/bpk-archive.de\\\/tuellmann\\\/produkt\\\/indoor-ski-auf-der-messe-motor-sport-freizeit-in-stuttgart\\\/#primaryimage\",\"url\":\"https:\\\/\\\/bpk-archive.de\\\/tuellmann\\\/wp-content\\\/uploads\\\/2019\\\/08\\\/bpk_70366535.jpg\",\"contentUrl\":\"https:\\\/\\\/bpk-archive.de\\\/tuellmann\\\/wp-content\\\/uploads\\\/2019\\\/08\\\/bpk_70366535.jpg\",\"width\":1200,\"height\":981,\"caption\":\"Indoor-Ski auf der Messe \\\"Motor, Sport, Freizeit\\\" in Stuttgart\"},{\"@type\":\"BreadcrumbList\",\"@id\":\"https:\\\/\\\/bpk-archive.de\\\/tuellmann\\\/produkt\\\/indoor-ski-auf-der-messe-motor-sport-freizeit-in-stuttgart\\\/#breadcrumb\",\"itemListElement\":[{\"@type\":\"ListItem\",\"position\":1,\"name\":\"Startseite\",\"item\":\"https:\\\/\\\/bpk-archive.de\\\/tuellmann\\\/\"},{\"@type\":\"ListItem\",\"position\":2,\"name\":\"Shop\",\"item\":\"https:\\\/\\\/bpk-archive.de\\\/tuellmann\\\/shop\\\/\"},{\"@type\":\"ListItem\",\"position\":3,\"name\":\"Indoor-Ski auf der Messe &#8220;Motor, Sport, Freizeit&#8221; in Stuttgart\"}]},{\"@type\":\"WebSite\",\"@id\":\"https:\\\/\\\/bpk-archive.de\\\/tuellmann\\\/#website\",\"url\":\"https:\\\/\\\/bpk-archive.de\\\/tuellmann\\\/\",\"name\":\"Abisag T\u00fcllmann\",\"description\":\"Eine weitere WordPress-Website\",\"potentialAction\":[{\"@type\":\"SearchAction\",\"target\":{\"@type\":\"EntryPoint\",\"urlTemplate\":\"https:\\\/\\\/bpk-archive.de\\\/tuellmann\\\/?s={search_term_string}\"},\"query-input\":{\"@type\":\"PropertyValueSpecification\",\"valueRequired\":true,\"valueName\":\"search_term_string\"}}],\"inLanguage\":\"de\"}]}<\/script>\n<!-- \/ Yoast SEO plugin. -->","yoast_head_json":{"title":"Indoor-Ski auf der Messe \"Motor, Sport, Freizeit\" in Stuttgart - Abisag T\u00fcllmann","robots":{"index":"index","follow":"follow","max-snippet":"max-snippet:-1","max-image-preview":"max-image-preview:large","max-video-preview":"max-video-preview:-1"},"canonical":"https:\/\/bpk-archive.de\/tuellmann\/produkt\/indoor-ski-auf-der-messe-motor-sport-freizeit-in-stuttgart\/","og_locale":"de_DE","og_type":"article","og_title":"Indoor-Ski auf der Messe \"Motor, Sport, Freizeit\" in Stuttgart - Abisag T\u00fcllmann","og_description":"Indoor-Skipiste von Hubert Sohler, Gr\u00fcnder der Skifabrik Sohler in Wangen im Allg\u00e4u","og_url":"https:\/\/bpk-archive.de\/tuellmann\/produkt\/indoor-ski-auf-der-messe-motor-sport-freizeit-in-stuttgart\/","og_site_name":"Abisag T\u00fcllmann","article_modified_time":"2021-11-17T10:05:30+00:00","og_image":[{"width":1200,"height":981,"url":"https:\/\/bpk-archive.de\/tuellmann\/wp-content\/uploads\/2019\/08\/bpk_70366535.jpg","type":"image\/jpeg"}],"twitter_card":"summary_large_image","twitter_misc":{"Gesch\u00e4tzte Lesezeit":"1\u00a0Minute"},"schema":{"@context":"https:\/\/schema.org","@graph":[{"@type":"WebPage","@id":"https:\/\/bpk-archive.de\/tuellmann\/produkt\/indoor-ski-auf-der-messe-motor-sport-freizeit-in-stuttgart\/","url":"https:\/\/bpk-archive.de\/tuellmann\/produkt\/indoor-ski-auf-der-messe-motor-sport-freizeit-in-stuttgart\/","name":"Indoor-Ski auf der Messe \"Motor, Sport, Freizeit\" in Stuttgart - Abisag T\u00fcllmann","isPartOf":{"@id":"https:\/\/bpk-archive.de\/tuellmann\/#website"},"primaryImageOfPage":{"@id":"https:\/\/bpk-archive.de\/tuellmann\/produkt\/indoor-ski-auf-der-messe-motor-sport-freizeit-in-stuttgart\/#primaryimage"},"image":{"@id":"https:\/\/bpk-archive.de\/tuellmann\/produkt\/indoor-ski-auf-der-messe-motor-sport-freizeit-in-stuttgart\/#primaryimage"},"thumbnailUrl":"https:\/\/bpk-archive.de\/tuellmann\/wp-content\/uploads\/2019\/08\/bpk_70366535.jpg","datePublished":"2019-09-05T14:09:34+00:00","dateModified":"2021-11-17T10:05:30+00:00","breadcrumb":{"@id":"https:\/\/bpk-archive.de\/tuellmann\/produkt\/indoor-ski-auf-der-messe-motor-sport-freizeit-in-stuttgart\/#breadcrumb"},"inLanguage":"de","potentialAction":[{"@type":"ReadAction","target":["https:\/\/bpk-archive.de\/tuellmann\/produkt\/indoor-ski-auf-der-messe-motor-sport-freizeit-in-stuttgart\/"]}]},{"@type":"ImageObject","inLanguage":"de","@id":"https:\/\/bpk-archive.de\/tuellmann\/produkt\/indoor-ski-auf-der-messe-motor-sport-freizeit-in-stuttgart\/#primaryimage","url":"https:\/\/bpk-archive.de\/tuellmann\/wp-content\/uploads\/2019\/08\/bpk_70366535.jpg","contentUrl":"https:\/\/bpk-archive.de\/tuellmann\/wp-content\/uploads\/2019\/08\/bpk_70366535.jpg","width":1200,"height":981,"caption":"Indoor-Ski auf der Messe \"Motor, Sport, Freizeit\" in Stuttgart"},{"@type":"BreadcrumbList","@id":"https:\/\/bpk-archive.de\/tuellmann\/produkt\/indoor-ski-auf-der-messe-motor-sport-freizeit-in-stuttgart\/#breadcrumb","itemListElement":[{"@type":"ListItem","position":1,"name":"Startseite","item":"https:\/\/bpk-archive.de\/tuellmann\/"},{"@type":"ListItem","position":2,"name":"Shop","item":"https:\/\/bpk-archive.de\/tuellmann\/shop\/"},{"@type":"ListItem","position":3,"name":"Indoor-Ski auf der Messe &#8220;Motor, Sport, Freizeit&#8221; in Stuttgart"}]},{"@type":"WebSite","@id":"https:\/\/bpk-archive.de\/tuellmann\/#website","url":"https:\/\/bpk-archive.de\/tuellmann\/","name":"Abisag T\u00fcllmann","description":"Eine weitere WordPress-Website","potentialAction":[{"@type":"SearchAction","target":{"@type":"EntryPoint","urlTemplate":"https:\/\/bpk-archive.de\/tuellmann\/?s={search_term_string}"},"query-input":{"@type":"PropertyValueSpecification","valueRequired":true,"valueName":"search_term_string"}}],"inLanguage":"de"}]}},"_links":{"self":[{"href":"https:\/\/bpk-archive.de\/tuellmann\/wp-json\/wp\/v2\/product\/70296734","targetHints":{"allow":["GET"]}}],"collection":[{"href":"https:\/\/bpk-archive.de\/tuellmann\/wp-json\/wp\/v2\/product"}],"about":[{"href":"https:\/\/bpk-archive.de\/tuellmann\/wp-json\/wp\/v2\/types\/product"}],"wp:featuredmedia":[{"embeddable":true,"href":"https:\/\/bpk-archive.de\/tuellmann\/wp-json\/wp\/v2\/media\/70293492"}],"wp:attachment":[{"href":"https:\/\/bpk-archive.de\/tuellmann\/wp-json\/wp\/v2\/media?parent=70296734"}],"wp:term":[{"taxonomy":"product_brand","embeddable":true,"href":"https:\/\/bpk-archive.de\/tuellmann\/wp-json\/wp\/v2\/product_brand?post=70296734"},{"taxonomy":"product_cat","embeddable":true,"href":"https:\/\/bpk-archive.de\/tuellmann\/wp-json\/wp\/v2\/product_cat?post=70296734"},{"taxonomy":"product_tag","embeddable":true,"href":"https:\/\/bpk-archive.de\/tuellmann\/wp-json\/wp\/v2\/product_tag?post=70296734"}],"curies":[{"name":"wp","href":"https:\/\/api.w.org\/{rel}","templated":true}]}}