{"id":70296585,"date":"2019-09-05T16:07:38","date_gmt":"2019-09-05T14:07:38","guid":{"rendered":"http:\/\/abisagtuellmann.bpk-news.de\/atbild\/teach-in-vor-dem-stand-des-eugen-diederichs-verlages-auf-der-frankfurter-buchmesse\/"},"modified":"2019-09-05T16:07:45","modified_gmt":"2019-09-05T14:07:45","slug":"teach-in-vor-dem-stand-des-eugen-diederichs-verlages-auf-der-frankfurter-buchmesse","status":"publish","type":"product","link":"https:\/\/bpk-archive.de\/tuellmann\/produkt\/teach-in-vor-dem-stand-des-eugen-diederichs-verlages-auf-der-frankfurter-buchmesse\/","title":{"rendered":"Teach-in vor dem Stand des Eugen Diederichs Verlages auf der Frankfurter Buchmesse"},"content":{"rendered":"<p>Starke Proteste begleiten 1968 die Verleihung des Friedenspreises des Deutschen Buchhandels an Leopold S. Senghor. Um weitere Demonstrationen zu verhindern, schlie\u00dft die Messeleitung die Ausstellungshallen zeitweise f\u00fcr die \u00d6ffentlichkeit R\u00fcckseitenbeschriftung von Hand der Fotografin: &#8222;Buchmesse 1968, vor dem Diederichs-Stand&#8220;<\/p>\n","protected":false},"excerpt":{"rendered":"<p>Starke Proteste begleiten 1968 die Verleihung des Friedenspreises des Deutschen Buchhandels an Leopold S. Senghor. Um weitere Demonstrationen zu verhindern, schlie\u00dft die Messeleitung die Ausstellungshallen zeitweise f\u00fcr die \u00d6ffentlichkeit R\u00fcckseitenbeschriftung von Hand der Fotografin: &#8222;Buchmesse 1968, vor dem Diederichs-Stand&#8220;<\/p>\n","protected":false},"featured_media":70292075,"template":"","meta":[],"product_brand":[],"product_cat":[],"product_tag":[13774,14054,14055,13232,13234,13231,13233,13775,14056,14057,62469,13777,14058,54332,14059,13250,54333,13469,13470,13608,13609,13253,13254,13255,13256,13257,13471,13472,13260,13261,13268,13269,13270,13271,13293,13786,13787,13294,13295,13296,13297,13485,13486,13482,13481,13483,13484,14066,13492,13493,13494,13495,13496,13497,13301,53567,53668,53568,53669,13328,13827,13828,13329,13330,13331,13332,48322,13843,13641,13642,13877,13879,13865,13864,13866,13351,13352,13353,13858,13859,13860,13861,13862,13863,13867,13869,13870,13871,13872,13876,13878,13880],"class_list":{"0":"post-70296585","1":"product","2":"type-product","3":"status-publish","4":"has-post-thumbnail","6":"product_tag-1960er-jahre","7":"product_tag-1968er","8":"product_tag-1968er-bewegung","9":"product_tag-20-jahrhundert-nach-chr","10":"product_tag-20-jh-n-chr","11":"product_tag-20-jahrhundert","12":"product_tag-20-jh","13":"product_tag-60er","14":"product_tag-68er","15":"product_tag-68er-bewegung","16":"product_tag-abt_006","17":"product_tag-abzug","18":"product_tag-achtundsechziger","19":"product_tag-apo","20":"product_tag-at_studentenbewegung","21":"product_tag-aussen","22":"product_tag-ausserparlamentarische-opposition","23":"product_tag-brd","24":"product_tag-bundesrepublik-deutschland","25":"product_tag-demonstrant","26":"product_tag-demonstranten","27":"product_tag-deutsch","28":"product_tag-deutsche","29":"product_tag-deutschen","30":"product_tag-deutscher","31":"product_tag-deutsches","32":"product_tag-deutschland","33":"product_tag-deutschlands","34":"product_tag-draussen","35":"product_tag-dunkelhaeutiger","36":"product_tag-farbige","37":"product_tag-farbigen","38":"product_tag-farbiger","39":"product_tag-farbiges","40":"product_tag-foto","41":"product_tag-fotoabzug","42":"product_tag-fotoabzuege","43":"product_tag-fotografie","44":"product_tag-fotografien","45":"product_tag-fotografin","46":"product_tag-fotografinnen","47":"product_tag-frankfurt-m","48":"product_tag-frankfurt-main","49":"product_tag-frankfurt-a-main","50":"product_tag-frankfurt-a-m","51":"product_tag-frankfurt-am-main","52":"product_tag-frankfurter","53":"product_tag-geschichte","54":"product_tag-hessen","55":"product_tag-hessisch","56":"product_tag-hessische","57":"product_tag-hessischen","58":"product_tag-hessischer","59":"product_tag-hessisches","60":"product_tag-im-freien","61":"product_tag-megafon","62":"product_tag-megafone","63":"product_tag-megaphon","64":"product_tag-megaphone","65":"product_tag-photo","66":"product_tag-photoabzug","67":"product_tag-photoabzuege","68":"product_tag-photographie","69":"product_tag-photographien","70":"product_tag-photographin","71":"product_tag-photographinnen","72":"product_tag-politik","73":"product_tag-print","74":"product_tag-protest","75":"product_tag-proteste","76":"product_tag-s-w-fotografie","77":"product_tag-s-w-photographie","78":"product_tag-schwarzweissphotographie","79":"product_tag-schwarz-weiss-fotografie","80":"product_tag-schwarz-weiss-photographie","81":"product_tag-schwarze","82":"product_tag-schwarzen","83":"product_tag-schwarzer","84":"product_tag-schwarzweiss","85":"product_tag-schwarzweisse","86":"product_tag-schwarzweissen","87":"product_tag-schwarzweisser","88":"product_tag-schwarzweisses","89":"product_tag-schwarzweissfotografie","90":"product_tag-sechziger","91":"product_tag-silbergelatine","92":"product_tag-silbergelatineabzug","93":"product_tag-silbergelatineabzuege","94":"product_tag-silbergelatineprint","95":"product_tag-studentenbewegung","96":"product_tag-sw-fotografie","97":"product_tag-sw-photographie","98":"pa_datierung-september-1968","99":"pa_fotograf-abisag-tuellmann","100":"pa_geografischer_bezug-aufnahmeort-frankfurt-am-main-deutschland","101":"pa_grunddaten_material_technik-foto-silbergelatine-auf-barytpapier","102":"pa_inventarnummer-tue-68-219-10a","103":"pa_jahr_von-14267","104":"pa_massangaben-bildformat-foto-236-x-294-cm","105":"pa_mediennummer-63920","106":"pa_objekt_typ-fotografie","108":"first","109":"instock","110":"product-type-simple"},"yoast_head":"<!-- This site is optimized with the Yoast SEO plugin v27.4 - https:\/\/yoast.com\/product\/yoast-seo-wordpress\/ -->\n<title>Teach-in vor dem Stand des Eugen Diederichs Verlages auf der Frankfurter Buchmesse - Abisag T\u00fcllmann<\/title>\n<meta name=\"robots\" content=\"index, follow, max-snippet:-1, max-image-preview:large, max-video-preview:-1\" \/>\n<link rel=\"canonical\" href=\"https:\/\/bpk-archive.de\/tuellmann\/produkt\/teach-in-vor-dem-stand-des-eugen-diederichs-verlages-auf-der-frankfurter-buchmesse\/\" \/>\n<meta property=\"og:locale\" content=\"de_DE\" \/>\n<meta property=\"og:type\" content=\"article\" \/>\n<meta property=\"og:title\" content=\"Teach-in vor dem Stand des Eugen Diederichs Verlages auf der Frankfurter Buchmesse - Abisag T\u00fcllmann\" \/>\n<meta property=\"og:description\" content=\"Starke Proteste begleiten 1968 die Verleihung des Friedenspreises des Deutschen Buchhandels an Leopold S. Senghor. Um weitere Demonstrationen zu verhindern, schlie\u00dft die Messeleitung die Ausstellungshallen zeitweise f\u00fcr die \u00d6ffentlichkeit R\u00fcckseitenbeschriftung von Hand der Fotografin: &#8222;Buchmesse 1968, vor dem Diederichs-Stand&#8220;\" \/>\n<meta property=\"og:url\" content=\"https:\/\/bpk-archive.de\/tuellmann\/produkt\/teach-in-vor-dem-stand-des-eugen-diederichs-verlages-auf-der-frankfurter-buchmesse\/\" \/>\n<meta property=\"og:site_name\" content=\"Abisag T\u00fcllmann\" \/>\n<meta property=\"article:modified_time\" content=\"2019-09-05T14:07:45+00:00\" \/>\n<meta property=\"og:image\" content=\"https:\/\/bpk-archive.de\/tuellmann\/wp-content\/uploads\/2019\/08\/bpk_70242740.jpg\" \/>\n\t<meta property=\"og:image:width\" content=\"1200\" \/>\n\t<meta property=\"og:image:height\" content=\"974\" \/>\n\t<meta property=\"og:image:type\" content=\"image\/jpeg\" \/>\n<meta name=\"twitter:card\" content=\"summary_large_image\" \/>\n<script type=\"application\/ld+json\" class=\"yoast-schema-graph\">{\"@context\":\"https:\\\/\\\/schema.org\",\"@graph\":[{\"@type\":\"WebPage\",\"@id\":\"https:\\\/\\\/bpk-archive.de\\\/tuellmann\\\/produkt\\\/teach-in-vor-dem-stand-des-eugen-diederichs-verlages-auf-der-frankfurter-buchmesse\\\/\",\"url\":\"https:\\\/\\\/bpk-archive.de\\\/tuellmann\\\/produkt\\\/teach-in-vor-dem-stand-des-eugen-diederichs-verlages-auf-der-frankfurter-buchmesse\\\/\",\"name\":\"Teach-in vor dem Stand des Eugen Diederichs Verlages auf der Frankfurter Buchmesse - Abisag T\u00fcllmann\",\"isPartOf\":{\"@id\":\"https:\\\/\\\/bpk-archive.de\\\/tuellmann\\\/#website\"},\"primaryImageOfPage\":{\"@id\":\"https:\\\/\\\/bpk-archive.de\\\/tuellmann\\\/produkt\\\/teach-in-vor-dem-stand-des-eugen-diederichs-verlages-auf-der-frankfurter-buchmesse\\\/#primaryimage\"},\"image\":{\"@id\":\"https:\\\/\\\/bpk-archive.de\\\/tuellmann\\\/produkt\\\/teach-in-vor-dem-stand-des-eugen-diederichs-verlages-auf-der-frankfurter-buchmesse\\\/#primaryimage\"},\"thumbnailUrl\":\"https:\\\/\\\/bpk-archive.de\\\/tuellmann\\\/wp-content\\\/uploads\\\/2019\\\/08\\\/bpk_70242740.jpg\",\"datePublished\":\"2019-09-05T14:07:38+00:00\",\"dateModified\":\"2019-09-05T14:07:45+00:00\",\"breadcrumb\":{\"@id\":\"https:\\\/\\\/bpk-archive.de\\\/tuellmann\\\/produkt\\\/teach-in-vor-dem-stand-des-eugen-diederichs-verlages-auf-der-frankfurter-buchmesse\\\/#breadcrumb\"},\"inLanguage\":\"de\",\"potentialAction\":[{\"@type\":\"ReadAction\",\"target\":[\"https:\\\/\\\/bpk-archive.de\\\/tuellmann\\\/produkt\\\/teach-in-vor-dem-stand-des-eugen-diederichs-verlages-auf-der-frankfurter-buchmesse\\\/\"]}]},{\"@type\":\"ImageObject\",\"inLanguage\":\"de\",\"@id\":\"https:\\\/\\\/bpk-archive.de\\\/tuellmann\\\/produkt\\\/teach-in-vor-dem-stand-des-eugen-diederichs-verlages-auf-der-frankfurter-buchmesse\\\/#primaryimage\",\"url\":\"https:\\\/\\\/bpk-archive.de\\\/tuellmann\\\/wp-content\\\/uploads\\\/2019\\\/08\\\/bpk_70242740.jpg\",\"contentUrl\":\"https:\\\/\\\/bpk-archive.de\\\/tuellmann\\\/wp-content\\\/uploads\\\/2019\\\/08\\\/bpk_70242740.jpg\",\"width\":1200,\"height\":974,\"caption\":\"Teach-in vor dem Stand des Eugen Diederichs Verlages auf der Frankfurter Buchmesse\"},{\"@type\":\"BreadcrumbList\",\"@id\":\"https:\\\/\\\/bpk-archive.de\\\/tuellmann\\\/produkt\\\/teach-in-vor-dem-stand-des-eugen-diederichs-verlages-auf-der-frankfurter-buchmesse\\\/#breadcrumb\",\"itemListElement\":[{\"@type\":\"ListItem\",\"position\":1,\"name\":\"Startseite\",\"item\":\"https:\\\/\\\/bpk-archive.de\\\/tuellmann\\\/\"},{\"@type\":\"ListItem\",\"position\":2,\"name\":\"Shop\",\"item\":\"https:\\\/\\\/bpk-archive.de\\\/tuellmann\\\/shop\\\/\"},{\"@type\":\"ListItem\",\"position\":3,\"name\":\"Teach-in vor dem Stand des Eugen Diederichs Verlages auf der Frankfurter Buchmesse\"}]},{\"@type\":\"WebSite\",\"@id\":\"https:\\\/\\\/bpk-archive.de\\\/tuellmann\\\/#website\",\"url\":\"https:\\\/\\\/bpk-archive.de\\\/tuellmann\\\/\",\"name\":\"Abisag T\u00fcllmann\",\"description\":\"Eine weitere WordPress-Website\",\"potentialAction\":[{\"@type\":\"SearchAction\",\"target\":{\"@type\":\"EntryPoint\",\"urlTemplate\":\"https:\\\/\\\/bpk-archive.de\\\/tuellmann\\\/?s={search_term_string}\"},\"query-input\":{\"@type\":\"PropertyValueSpecification\",\"valueRequired\":true,\"valueName\":\"search_term_string\"}}],\"inLanguage\":\"de\"}]}<\/script>\n<!-- \/ Yoast SEO plugin. -->","yoast_head_json":{"title":"Teach-in vor dem Stand des Eugen Diederichs Verlages auf der Frankfurter Buchmesse - Abisag T\u00fcllmann","robots":{"index":"index","follow":"follow","max-snippet":"max-snippet:-1","max-image-preview":"max-image-preview:large","max-video-preview":"max-video-preview:-1"},"canonical":"https:\/\/bpk-archive.de\/tuellmann\/produkt\/teach-in-vor-dem-stand-des-eugen-diederichs-verlages-auf-der-frankfurter-buchmesse\/","og_locale":"de_DE","og_type":"article","og_title":"Teach-in vor dem Stand des Eugen Diederichs Verlages auf der Frankfurter Buchmesse - Abisag T\u00fcllmann","og_description":"Starke Proteste begleiten 1968 die Verleihung des Friedenspreises des Deutschen Buchhandels an Leopold S. Senghor. Um weitere Demonstrationen zu verhindern, schlie\u00dft die Messeleitung die Ausstellungshallen zeitweise f\u00fcr die \u00d6ffentlichkeit R\u00fcckseitenbeschriftung von Hand der Fotografin: &#8222;Buchmesse 1968, vor dem Diederichs-Stand&#8220;","og_url":"https:\/\/bpk-archive.de\/tuellmann\/produkt\/teach-in-vor-dem-stand-des-eugen-diederichs-verlages-auf-der-frankfurter-buchmesse\/","og_site_name":"Abisag T\u00fcllmann","article_modified_time":"2019-09-05T14:07:45+00:00","og_image":[{"width":1200,"height":974,"url":"https:\/\/bpk-archive.de\/tuellmann\/wp-content\/uploads\/2019\/08\/bpk_70242740.jpg","type":"image\/jpeg"}],"twitter_card":"summary_large_image","schema":{"@context":"https:\/\/schema.org","@graph":[{"@type":"WebPage","@id":"https:\/\/bpk-archive.de\/tuellmann\/produkt\/teach-in-vor-dem-stand-des-eugen-diederichs-verlages-auf-der-frankfurter-buchmesse\/","url":"https:\/\/bpk-archive.de\/tuellmann\/produkt\/teach-in-vor-dem-stand-des-eugen-diederichs-verlages-auf-der-frankfurter-buchmesse\/","name":"Teach-in vor dem Stand des Eugen Diederichs Verlages auf der Frankfurter Buchmesse - Abisag T\u00fcllmann","isPartOf":{"@id":"https:\/\/bpk-archive.de\/tuellmann\/#website"},"primaryImageOfPage":{"@id":"https:\/\/bpk-archive.de\/tuellmann\/produkt\/teach-in-vor-dem-stand-des-eugen-diederichs-verlages-auf-der-frankfurter-buchmesse\/#primaryimage"},"image":{"@id":"https:\/\/bpk-archive.de\/tuellmann\/produkt\/teach-in-vor-dem-stand-des-eugen-diederichs-verlages-auf-der-frankfurter-buchmesse\/#primaryimage"},"thumbnailUrl":"https:\/\/bpk-archive.de\/tuellmann\/wp-content\/uploads\/2019\/08\/bpk_70242740.jpg","datePublished":"2019-09-05T14:07:38+00:00","dateModified":"2019-09-05T14:07:45+00:00","breadcrumb":{"@id":"https:\/\/bpk-archive.de\/tuellmann\/produkt\/teach-in-vor-dem-stand-des-eugen-diederichs-verlages-auf-der-frankfurter-buchmesse\/#breadcrumb"},"inLanguage":"de","potentialAction":[{"@type":"ReadAction","target":["https:\/\/bpk-archive.de\/tuellmann\/produkt\/teach-in-vor-dem-stand-des-eugen-diederichs-verlages-auf-der-frankfurter-buchmesse\/"]}]},{"@type":"ImageObject","inLanguage":"de","@id":"https:\/\/bpk-archive.de\/tuellmann\/produkt\/teach-in-vor-dem-stand-des-eugen-diederichs-verlages-auf-der-frankfurter-buchmesse\/#primaryimage","url":"https:\/\/bpk-archive.de\/tuellmann\/wp-content\/uploads\/2019\/08\/bpk_70242740.jpg","contentUrl":"https:\/\/bpk-archive.de\/tuellmann\/wp-content\/uploads\/2019\/08\/bpk_70242740.jpg","width":1200,"height":974,"caption":"Teach-in vor dem Stand des Eugen Diederichs Verlages auf der Frankfurter Buchmesse"},{"@type":"BreadcrumbList","@id":"https:\/\/bpk-archive.de\/tuellmann\/produkt\/teach-in-vor-dem-stand-des-eugen-diederichs-verlages-auf-der-frankfurter-buchmesse\/#breadcrumb","itemListElement":[{"@type":"ListItem","position":1,"name":"Startseite","item":"https:\/\/bpk-archive.de\/tuellmann\/"},{"@type":"ListItem","position":2,"name":"Shop","item":"https:\/\/bpk-archive.de\/tuellmann\/shop\/"},{"@type":"ListItem","position":3,"name":"Teach-in vor dem Stand des Eugen Diederichs Verlages auf der Frankfurter Buchmesse"}]},{"@type":"WebSite","@id":"https:\/\/bpk-archive.de\/tuellmann\/#website","url":"https:\/\/bpk-archive.de\/tuellmann\/","name":"Abisag T\u00fcllmann","description":"Eine weitere WordPress-Website","potentialAction":[{"@type":"SearchAction","target":{"@type":"EntryPoint","urlTemplate":"https:\/\/bpk-archive.de\/tuellmann\/?s={search_term_string}"},"query-input":{"@type":"PropertyValueSpecification","valueRequired":true,"valueName":"search_term_string"}}],"inLanguage":"de"}]}},"_links":{"self":[{"href":"https:\/\/bpk-archive.de\/tuellmann\/wp-json\/wp\/v2\/product\/70296585","targetHints":{"allow":["GET"]}}],"collection":[{"href":"https:\/\/bpk-archive.de\/tuellmann\/wp-json\/wp\/v2\/product"}],"about":[{"href":"https:\/\/bpk-archive.de\/tuellmann\/wp-json\/wp\/v2\/types\/product"}],"wp:featuredmedia":[{"embeddable":true,"href":"https:\/\/bpk-archive.de\/tuellmann\/wp-json\/wp\/v2\/media\/70292075"}],"wp:attachment":[{"href":"https:\/\/bpk-archive.de\/tuellmann\/wp-json\/wp\/v2\/media?parent=70296585"}],"wp:term":[{"taxonomy":"product_brand","embeddable":true,"href":"https:\/\/bpk-archive.de\/tuellmann\/wp-json\/wp\/v2\/product_brand?post=70296585"},{"taxonomy":"product_cat","embeddable":true,"href":"https:\/\/bpk-archive.de\/tuellmann\/wp-json\/wp\/v2\/product_cat?post=70296585"},{"taxonomy":"product_tag","embeddable":true,"href":"https:\/\/bpk-archive.de\/tuellmann\/wp-json\/wp\/v2\/product_tag?post=70296585"}],"curies":[{"name":"wp","href":"https:\/\/api.w.org\/{rel}","templated":true}]}}