{"id":70296537,"date":"2019-09-05T16:01:33","date_gmt":"2019-09-05T14:01:33","guid":{"rendered":"http:\/\/abisagtuellmann.bpk-news.de\/atbild\/kundgebung-auf-dem-roemerberg-beim-vom-sozialistischen-buero-sb-organisierten-pfingstkongress-3\/"},"modified":"2019-09-05T16:01:47","modified_gmt":"2019-09-05T14:01:47","slug":"kundgebung-auf-dem-roemerberg-beim-vom-sozialistischen-buero-sb-organisierten-pfingstkongress-3","status":"publish","type":"product","link":"https:\/\/bpk-archive.de\/tuellmann\/produkt\/kundgebung-auf-dem-roemerberg-beim-vom-sozialistischen-buero-sb-organisierten-pfingstkongress-3\/","title":{"rendered":"Kundgebung auf dem R\u00f6merberg beim vom Sozialistischen B\u00fcro (SB) organisierten Pfingstkongress"},"content":{"rendered":"<p>R\u00fcckseitenbeschriftung von Hand der Fotografin: &#8222;1976, Pfingstkongre\u00df des Sozialistischen B\u00fcro&#8220;<\/p>\n","protected":false},"excerpt":{"rendered":"<p>R\u00fcckseitenbeschriftung von Hand der Fotografin: &#8222;1976, Pfingstkongre\u00df des Sozialistischen B\u00fcro&#8220;<\/p>\n","protected":false},"featured_media":70292021,"template":"","meta":[],"product_brand":[],"product_cat":[],"product_tag":[14054,14055,13230,13232,13234,13231,13233,14056,14057,13235,62469,13777,14058,14059,13250,13469,13470,13253,13254,13255,13256,13257,13471,13472,13260,13293,13786,13787,13294,13295,13296,13297,13485,13486,13482,13481,13483,13484,14066,13492,13493,13494,13495,13496,13497,13301,13319,13320,13321,13322,13323,13328,13827,13828,13329,13330,13331,13332,48322,13843,13641,62470,13642,13877,13879,13865,13864,13866,13858,13859,13860,13861,13862,13863,13354,13869,13870,13871,13872,56233,56234,56235,56236,56237,56238,56239,13876,13878,13880,49653,49654,49655,49656],"class_list":{"0":"post-70296537","1":"product","2":"type-product","3":"status-publish","4":"has-post-thumbnail","6":"product_tag-1968er","7":"product_tag-1968er-bewegung","8":"product_tag-1970er-jahre","9":"product_tag-20-jahrhundert-nach-chr","10":"product_tag-20-jh-n-chr","11":"product_tag-20-jahrhundert","12":"product_tag-20-jh","13":"product_tag-68er","14":"product_tag-68er-bewegung","15":"product_tag-70er","16":"product_tag-abt_006","17":"product_tag-abzug","18":"product_tag-achtundsechziger","19":"product_tag-at_studentenbewegung","20":"product_tag-aussen","21":"product_tag-brd","22":"product_tag-bundesrepublik-deutschland","23":"product_tag-deutsch","24":"product_tag-deutsche","25":"product_tag-deutschen","26":"product_tag-deutscher","27":"product_tag-deutsches","28":"product_tag-deutschland","29":"product_tag-deutschlands","30":"product_tag-draussen","31":"product_tag-foto","32":"product_tag-fotoabzug","33":"product_tag-fotoabzuege","34":"product_tag-fotografie","35":"product_tag-fotografien","36":"product_tag-fotografin","37":"product_tag-fotografinnen","38":"product_tag-frankfurt-m","39":"product_tag-frankfurt-main","40":"product_tag-frankfurt-a-main","41":"product_tag-frankfurt-a-m","42":"product_tag-frankfurt-am-main","43":"product_tag-frankfurter","44":"product_tag-geschichte","45":"product_tag-hessen","46":"product_tag-hessisch","47":"product_tag-hessische","48":"product_tag-hessischen","49":"product_tag-hessischer","50":"product_tag-hessisches","51":"product_tag-im-freien","52":"product_tag-menschenansammlung","53":"product_tag-menschenauflauf","54":"product_tag-menschenmassen","55":"product_tag-menschenmenge","56":"product_tag-menschenschar","57":"product_tag-photo","58":"product_tag-photoabzug","59":"product_tag-photoabzuege","60":"product_tag-photographie","61":"product_tag-photographien","62":"product_tag-photographin","63":"product_tag-photographinnen","64":"product_tag-politik","65":"product_tag-print","66":"product_tag-protest","67":"product_tag-protestbewegung","68":"product_tag-proteste","69":"product_tag-s-w-fotografie","70":"product_tag-s-w-photographie","71":"product_tag-schwarzweissphotographie","72":"product_tag-schwarz-weiss-fotografie","73":"product_tag-schwarz-weiss-photographie","74":"product_tag-schwarzweiss","75":"product_tag-schwarzweisse","76":"product_tag-schwarzweissen","77":"product_tag-schwarzweisser","78":"product_tag-schwarzweisses","79":"product_tag-schwarzweissfotografie","80":"product_tag-siebziger","81":"product_tag-silbergelatine","82":"product_tag-silbergelatineabzug","83":"product_tag-silbergelatineabzuege","84":"product_tag-silbergelatineprint","85":"product_tag-sozialismus","86":"product_tag-sozialistisch","87":"product_tag-sozialistische","88":"product_tag-sozialistischem","89":"product_tag-sozialistischen","90":"product_tag-sozialistischer","91":"product_tag-sozialistisches","92":"product_tag-studentenbewegung","93":"product_tag-sw-fotografie","94":"product_tag-sw-photographie","95":"product_tag-versammeln","96":"product_tag-versammelt","97":"product_tag-versammlung","98":"product_tag-versammlungen","99":"pa_datierung-juni-1976","100":"pa_fotograf-abisag-tuellmann","101":"pa_geografischer_bezug-aufnahmeort-frankfurt-am-main-deutschland","102":"pa_grunddaten_material_technik-foto-silbergelatine-auf-barytpapier","103":"pa_inventarnummer-tue-76-100-06","104":"pa_jahr_von-54713","105":"pa_massangaben-bildformat-foto-233-x-302-cm","106":"pa_mediennummer-63689","107":"pa_objekt_typ-fotografie","109":"first","110":"instock","111":"product-type-simple"},"yoast_head":"<!-- This site is optimized with the Yoast SEO plugin v27.4 - https:\/\/yoast.com\/product\/yoast-seo-wordpress\/ -->\n<title>Kundgebung auf dem R\u00f6merberg beim vom Sozialistischen B\u00fcro (SB) organisierten Pfingstkongress - Abisag T\u00fcllmann<\/title>\n<meta name=\"robots\" content=\"index, follow, max-snippet:-1, max-image-preview:large, max-video-preview:-1\" \/>\n<link rel=\"canonical\" href=\"https:\/\/bpk-archive.de\/tuellmann\/produkt\/kundgebung-auf-dem-roemerberg-beim-vom-sozialistischen-buero-sb-organisierten-pfingstkongress-3\/\" \/>\n<meta property=\"og:locale\" content=\"de_DE\" \/>\n<meta property=\"og:type\" content=\"article\" \/>\n<meta property=\"og:title\" content=\"Kundgebung auf dem R\u00f6merberg beim vom Sozialistischen B\u00fcro (SB) organisierten Pfingstkongress - Abisag T\u00fcllmann\" \/>\n<meta property=\"og:description\" content=\"R\u00fcckseitenbeschriftung von Hand der Fotografin: &#8222;1976, Pfingstkongre\u00df des Sozialistischen B\u00fcro&#8220;\" \/>\n<meta property=\"og:url\" content=\"https:\/\/bpk-archive.de\/tuellmann\/produkt\/kundgebung-auf-dem-roemerberg-beim-vom-sozialistischen-buero-sb-organisierten-pfingstkongress-3\/\" \/>\n<meta property=\"og:site_name\" content=\"Abisag T\u00fcllmann\" \/>\n<meta property=\"article:modified_time\" content=\"2019-09-05T14:01:47+00:00\" \/>\n<meta property=\"og:image\" content=\"https:\/\/bpk-archive.de\/tuellmann\/wp-content\/uploads\/2019\/08\/bpk_70242722.jpg\" \/>\n\t<meta property=\"og:image:width\" content=\"1200\" \/>\n\t<meta property=\"og:image:height\" content=\"935\" \/>\n\t<meta property=\"og:image:type\" content=\"image\/jpeg\" \/>\n<meta name=\"twitter:card\" content=\"summary_large_image\" \/>\n<script type=\"application\/ld+json\" class=\"yoast-schema-graph\">{\"@context\":\"https:\\\/\\\/schema.org\",\"@graph\":[{\"@type\":\"WebPage\",\"@id\":\"https:\\\/\\\/bpk-archive.de\\\/tuellmann\\\/produkt\\\/kundgebung-auf-dem-roemerberg-beim-vom-sozialistischen-buero-sb-organisierten-pfingstkongress-3\\\/\",\"url\":\"https:\\\/\\\/bpk-archive.de\\\/tuellmann\\\/produkt\\\/kundgebung-auf-dem-roemerberg-beim-vom-sozialistischen-buero-sb-organisierten-pfingstkongress-3\\\/\",\"name\":\"Kundgebung auf dem R\u00f6merberg beim vom Sozialistischen B\u00fcro (SB) organisierten Pfingstkongress - Abisag T\u00fcllmann\",\"isPartOf\":{\"@id\":\"https:\\\/\\\/bpk-archive.de\\\/tuellmann\\\/#website\"},\"primaryImageOfPage\":{\"@id\":\"https:\\\/\\\/bpk-archive.de\\\/tuellmann\\\/produkt\\\/kundgebung-auf-dem-roemerberg-beim-vom-sozialistischen-buero-sb-organisierten-pfingstkongress-3\\\/#primaryimage\"},\"image\":{\"@id\":\"https:\\\/\\\/bpk-archive.de\\\/tuellmann\\\/produkt\\\/kundgebung-auf-dem-roemerberg-beim-vom-sozialistischen-buero-sb-organisierten-pfingstkongress-3\\\/#primaryimage\"},\"thumbnailUrl\":\"https:\\\/\\\/bpk-archive.de\\\/tuellmann\\\/wp-content\\\/uploads\\\/2019\\\/08\\\/bpk_70242722.jpg\",\"datePublished\":\"2019-09-05T14:01:33+00:00\",\"dateModified\":\"2019-09-05T14:01:47+00:00\",\"breadcrumb\":{\"@id\":\"https:\\\/\\\/bpk-archive.de\\\/tuellmann\\\/produkt\\\/kundgebung-auf-dem-roemerberg-beim-vom-sozialistischen-buero-sb-organisierten-pfingstkongress-3\\\/#breadcrumb\"},\"inLanguage\":\"de\",\"potentialAction\":[{\"@type\":\"ReadAction\",\"target\":[\"https:\\\/\\\/bpk-archive.de\\\/tuellmann\\\/produkt\\\/kundgebung-auf-dem-roemerberg-beim-vom-sozialistischen-buero-sb-organisierten-pfingstkongress-3\\\/\"]}]},{\"@type\":\"ImageObject\",\"inLanguage\":\"de\",\"@id\":\"https:\\\/\\\/bpk-archive.de\\\/tuellmann\\\/produkt\\\/kundgebung-auf-dem-roemerberg-beim-vom-sozialistischen-buero-sb-organisierten-pfingstkongress-3\\\/#primaryimage\",\"url\":\"https:\\\/\\\/bpk-archive.de\\\/tuellmann\\\/wp-content\\\/uploads\\\/2019\\\/08\\\/bpk_70242722.jpg\",\"contentUrl\":\"https:\\\/\\\/bpk-archive.de\\\/tuellmann\\\/wp-content\\\/uploads\\\/2019\\\/08\\\/bpk_70242722.jpg\",\"width\":1200,\"height\":935,\"caption\":\"Kundgebung auf dem R\u00f6merberg beim vom Sozialistischen B\u00fcro (SB) organisierten Pfingstkongress\"},{\"@type\":\"BreadcrumbList\",\"@id\":\"https:\\\/\\\/bpk-archive.de\\\/tuellmann\\\/produkt\\\/kundgebung-auf-dem-roemerberg-beim-vom-sozialistischen-buero-sb-organisierten-pfingstkongress-3\\\/#breadcrumb\",\"itemListElement\":[{\"@type\":\"ListItem\",\"position\":1,\"name\":\"Startseite\",\"item\":\"https:\\\/\\\/bpk-archive.de\\\/tuellmann\\\/\"},{\"@type\":\"ListItem\",\"position\":2,\"name\":\"Shop\",\"item\":\"https:\\\/\\\/bpk-archive.de\\\/tuellmann\\\/shop\\\/\"},{\"@type\":\"ListItem\",\"position\":3,\"name\":\"Kundgebung auf dem R\u00f6merberg beim vom Sozialistischen B\u00fcro (SB) organisierten Pfingstkongress\"}]},{\"@type\":\"WebSite\",\"@id\":\"https:\\\/\\\/bpk-archive.de\\\/tuellmann\\\/#website\",\"url\":\"https:\\\/\\\/bpk-archive.de\\\/tuellmann\\\/\",\"name\":\"Abisag T\u00fcllmann\",\"description\":\"Eine weitere WordPress-Website\",\"potentialAction\":[{\"@type\":\"SearchAction\",\"target\":{\"@type\":\"EntryPoint\",\"urlTemplate\":\"https:\\\/\\\/bpk-archive.de\\\/tuellmann\\\/?s={search_term_string}\"},\"query-input\":{\"@type\":\"PropertyValueSpecification\",\"valueRequired\":true,\"valueName\":\"search_term_string\"}}],\"inLanguage\":\"de\"}]}<\/script>\n<!-- \/ Yoast SEO plugin. -->","yoast_head_json":{"title":"Kundgebung auf dem R\u00f6merberg beim vom Sozialistischen B\u00fcro (SB) organisierten Pfingstkongress - Abisag T\u00fcllmann","robots":{"index":"index","follow":"follow","max-snippet":"max-snippet:-1","max-image-preview":"max-image-preview:large","max-video-preview":"max-video-preview:-1"},"canonical":"https:\/\/bpk-archive.de\/tuellmann\/produkt\/kundgebung-auf-dem-roemerberg-beim-vom-sozialistischen-buero-sb-organisierten-pfingstkongress-3\/","og_locale":"de_DE","og_type":"article","og_title":"Kundgebung auf dem R\u00f6merberg beim vom Sozialistischen B\u00fcro (SB) organisierten Pfingstkongress - Abisag T\u00fcllmann","og_description":"R\u00fcckseitenbeschriftung von Hand der Fotografin: &#8222;1976, Pfingstkongre\u00df des Sozialistischen B\u00fcro&#8220;","og_url":"https:\/\/bpk-archive.de\/tuellmann\/produkt\/kundgebung-auf-dem-roemerberg-beim-vom-sozialistischen-buero-sb-organisierten-pfingstkongress-3\/","og_site_name":"Abisag T\u00fcllmann","article_modified_time":"2019-09-05T14:01:47+00:00","og_image":[{"width":1200,"height":935,"url":"https:\/\/bpk-archive.de\/tuellmann\/wp-content\/uploads\/2019\/08\/bpk_70242722.jpg","type":"image\/jpeg"}],"twitter_card":"summary_large_image","schema":{"@context":"https:\/\/schema.org","@graph":[{"@type":"WebPage","@id":"https:\/\/bpk-archive.de\/tuellmann\/produkt\/kundgebung-auf-dem-roemerberg-beim-vom-sozialistischen-buero-sb-organisierten-pfingstkongress-3\/","url":"https:\/\/bpk-archive.de\/tuellmann\/produkt\/kundgebung-auf-dem-roemerberg-beim-vom-sozialistischen-buero-sb-organisierten-pfingstkongress-3\/","name":"Kundgebung auf dem R\u00f6merberg beim vom Sozialistischen B\u00fcro (SB) organisierten Pfingstkongress - Abisag T\u00fcllmann","isPartOf":{"@id":"https:\/\/bpk-archive.de\/tuellmann\/#website"},"primaryImageOfPage":{"@id":"https:\/\/bpk-archive.de\/tuellmann\/produkt\/kundgebung-auf-dem-roemerberg-beim-vom-sozialistischen-buero-sb-organisierten-pfingstkongress-3\/#primaryimage"},"image":{"@id":"https:\/\/bpk-archive.de\/tuellmann\/produkt\/kundgebung-auf-dem-roemerberg-beim-vom-sozialistischen-buero-sb-organisierten-pfingstkongress-3\/#primaryimage"},"thumbnailUrl":"https:\/\/bpk-archive.de\/tuellmann\/wp-content\/uploads\/2019\/08\/bpk_70242722.jpg","datePublished":"2019-09-05T14:01:33+00:00","dateModified":"2019-09-05T14:01:47+00:00","breadcrumb":{"@id":"https:\/\/bpk-archive.de\/tuellmann\/produkt\/kundgebung-auf-dem-roemerberg-beim-vom-sozialistischen-buero-sb-organisierten-pfingstkongress-3\/#breadcrumb"},"inLanguage":"de","potentialAction":[{"@type":"ReadAction","target":["https:\/\/bpk-archive.de\/tuellmann\/produkt\/kundgebung-auf-dem-roemerberg-beim-vom-sozialistischen-buero-sb-organisierten-pfingstkongress-3\/"]}]},{"@type":"ImageObject","inLanguage":"de","@id":"https:\/\/bpk-archive.de\/tuellmann\/produkt\/kundgebung-auf-dem-roemerberg-beim-vom-sozialistischen-buero-sb-organisierten-pfingstkongress-3\/#primaryimage","url":"https:\/\/bpk-archive.de\/tuellmann\/wp-content\/uploads\/2019\/08\/bpk_70242722.jpg","contentUrl":"https:\/\/bpk-archive.de\/tuellmann\/wp-content\/uploads\/2019\/08\/bpk_70242722.jpg","width":1200,"height":935,"caption":"Kundgebung auf dem R\u00f6merberg beim vom Sozialistischen B\u00fcro (SB) organisierten Pfingstkongress"},{"@type":"BreadcrumbList","@id":"https:\/\/bpk-archive.de\/tuellmann\/produkt\/kundgebung-auf-dem-roemerberg-beim-vom-sozialistischen-buero-sb-organisierten-pfingstkongress-3\/#breadcrumb","itemListElement":[{"@type":"ListItem","position":1,"name":"Startseite","item":"https:\/\/bpk-archive.de\/tuellmann\/"},{"@type":"ListItem","position":2,"name":"Shop","item":"https:\/\/bpk-archive.de\/tuellmann\/shop\/"},{"@type":"ListItem","position":3,"name":"Kundgebung auf dem R\u00f6merberg beim vom Sozialistischen B\u00fcro (SB) organisierten Pfingstkongress"}]},{"@type":"WebSite","@id":"https:\/\/bpk-archive.de\/tuellmann\/#website","url":"https:\/\/bpk-archive.de\/tuellmann\/","name":"Abisag T\u00fcllmann","description":"Eine weitere WordPress-Website","potentialAction":[{"@type":"SearchAction","target":{"@type":"EntryPoint","urlTemplate":"https:\/\/bpk-archive.de\/tuellmann\/?s={search_term_string}"},"query-input":{"@type":"PropertyValueSpecification","valueRequired":true,"valueName":"search_term_string"}}],"inLanguage":"de"}]}},"_links":{"self":[{"href":"https:\/\/bpk-archive.de\/tuellmann\/wp-json\/wp\/v2\/product\/70296537","targetHints":{"allow":["GET"]}}],"collection":[{"href":"https:\/\/bpk-archive.de\/tuellmann\/wp-json\/wp\/v2\/product"}],"about":[{"href":"https:\/\/bpk-archive.de\/tuellmann\/wp-json\/wp\/v2\/types\/product"}],"wp:featuredmedia":[{"embeddable":true,"href":"https:\/\/bpk-archive.de\/tuellmann\/wp-json\/wp\/v2\/media\/70292021"}],"wp:attachment":[{"href":"https:\/\/bpk-archive.de\/tuellmann\/wp-json\/wp\/v2\/media?parent=70296537"}],"wp:term":[{"taxonomy":"product_brand","embeddable":true,"href":"https:\/\/bpk-archive.de\/tuellmann\/wp-json\/wp\/v2\/product_brand?post=70296537"},{"taxonomy":"product_cat","embeddable":true,"href":"https:\/\/bpk-archive.de\/tuellmann\/wp-json\/wp\/v2\/product_cat?post=70296537"},{"taxonomy":"product_tag","embeddable":true,"href":"https:\/\/bpk-archive.de\/tuellmann\/wp-json\/wp\/v2\/product_tag?post=70296537"}],"curies":[{"name":"wp","href":"https:\/\/api.w.org\/{rel}","templated":true}]}}