{"id":70296523,"date":"2019-09-05T16:01:33","date_gmt":"2019-09-05T14:01:33","guid":{"rendered":"http:\/\/abisagtuellmann.bpk-news.de\/atbild\/teach-in-in-hoersaal-vi-wegen-der-in-kambodscha-stationierten-amerikanischen-streitkraefte\/"},"modified":"2019-09-05T16:01:38","modified_gmt":"2019-09-05T14:01:38","slug":"teach-in-in-hoersaal-vi-wegen-der-in-kambodscha-stationierten-amerikanischen-streitkraefte","status":"publish","type":"product","link":"https:\/\/bpk-archive.de\/tuellmann\/produkt\/teach-in-in-hoersaal-vi-wegen-der-in-kambodscha-stationierten-amerikanischen-streitkraefte\/","title":{"rendered":"Teach-in in H\u00f6rsaal VI wegen der in Kambodscha stationierten amerikanischen Streitkr\u00e4fte"},"content":{"rendered":"<p>Am Mikrofon: Mike Kn\u00f6ss R\u00fcckseitenbeschriftung von anderer Hand: &#8222;Mike Kn\u00f6ss im H VI&#8220;&#8220;<\/p>\n","protected":false},"excerpt":{"rendered":"<p>Am Mikrofon: Mike Kn\u00f6ss R\u00fcckseitenbeschriftung von anderer Hand: &#8222;Mike Kn\u00f6ss im H VI&#8220;&#8220;<\/p>\n","protected":false},"featured_media":70292036,"template":"","meta":[],"product_brand":[],"product_cat":[],"product_tag":[14054,14055,13230,13232,13234,13231,13233,14056,14057,13235,62469,13777,14058,49061,50914,54332,14059,63283,63284,54333,13469,13470,13253,13254,13255,13256,13257,13471,13472,13473,13293,13786,13787,13294,13295,13296,13297,13485,13486,13482,13481,13483,13484,50917,14066,13492,13493,13494,13495,13496,13497,55422,55423,63331,13498,63622,63623,63613,63614,63615,63616,63617,47295,47296,47297,58216,13626,13627,13818,13819,13826,13319,13320,13321,13322,13323,14071,14072,47899,47900,13328,13827,13828,13329,13330,13331,13332,48322,51049,51050,51051,51052,51053,51054,13843,13641,62470,13642,13643,13644,13645,13646,13647,13648,13649,51807,51808,49065,49066,49067,49068,49070,13877,13879,13865,13864,13866,13858,13859,13860,13861,13862,13863,13354,13869,13870,13871,13872,14243,14244,14245,14246,14247,14248,14249,63624,63625,49006,13519,13520,13521,13522,13523,13524,13874,13875,13876,13878,13880,58838,58836,14079,14080,58837,13375,13376,58840,58839,49653,49654,49655,49656,63337,63338,63339,63340,63341,63342,63343,63344,63345,13525,49008,49009,49010,49011,49012,49013,49014,49015,49016,51814,51817,51818],"class_list":{"0":"post-70296523","1":"product","2":"type-product","3":"status-publish","4":"has-post-thumbnail","6":"product_tag-1968er","7":"product_tag-1968er-bewegung","8":"product_tag-1970er-jahre","9":"product_tag-20-jahrhundert-nach-chr","10":"product_tag-20-jh-n-chr","11":"product_tag-20-jahrhundert","12":"product_tag-20-jh","13":"product_tag-68er","14":"product_tag-68er-bewegung","15":"product_tag-70er","16":"product_tag-abt_006","17":"product_tag-abzug","18":"product_tag-achtundsechziger","19":"product_tag-ansprache","20":"product_tag-antikriegsbewegung","21":"product_tag-apo","22":"product_tag-at_studentenbewegung","23":"product_tag-auditorien","24":"product_tag-auditorium","25":"product_tag-ausserparlamentarische-opposition","26":"product_tag-brd","27":"product_tag-bundesrepublik-deutschland","28":"product_tag-deutsch","29":"product_tag-deutsche","30":"product_tag-deutschen","31":"product_tag-deutscher","32":"product_tag-deutsches","33":"product_tag-deutschland","34":"product_tag-deutschlands","35":"product_tag-drinnen","36":"product_tag-foto","37":"product_tag-fotoabzug","38":"product_tag-fotoabzuege","39":"product_tag-fotografie","40":"product_tag-fotografien","41":"product_tag-fotografin","42":"product_tag-fotografinnen","43":"product_tag-frankfurt-m","44":"product_tag-frankfurt-main","45":"product_tag-frankfurt-a-main","46":"product_tag-frankfurt-a-m","47":"product_tag-frankfurt-am-main","48":"product_tag-frankfurter","49":"product_tag-friedensbewegung","50":"product_tag-geschichte","51":"product_tag-hessen","52":"product_tag-hessisch","53":"product_tag-hessische","54":"product_tag-hessischen","55":"product_tag-hessischer","56":"product_tag-hessisches","57":"product_tag-hoersaal","58":"product_tag-hoersaele","59":"product_tag-indochina","60":"product_tag-innen","61":"product_tag-jurist","62":"product_tag-juristen","63":"product_tag-kambodschanisch","64":"product_tag-kambodschanische","65":"product_tag-kambodschanischen","66":"product_tag-kambodschanischer","67":"product_tag-kambodschanisches","68":"product_tag-krieg","69":"product_tag-kriege","70":"product_tag-krieges","71":"product_tag-kriegsgegner","72":"product_tag-kundgebung","73":"product_tag-kundgebungen","74":"product_tag-mann","75":"product_tag-maenner","76":"product_tag-mannes","77":"product_tag-menschenansammlung","78":"product_tag-menschenauflauf","79":"product_tag-menschenmassen","80":"product_tag-menschenmenge","81":"product_tag-menschenschar","82":"product_tag-mikrofon","83":"product_tag-mikrophon","84":"product_tag-persoenlichkeit","85":"product_tag-persoenlichkeiten","86":"product_tag-photo","87":"product_tag-photoabzug","88":"product_tag-photoabzuege","89":"product_tag-photographie","90":"product_tag-photographien","91":"product_tag-photographin","92":"product_tag-photographinnen","93":"product_tag-politik","94":"product_tag-politisch","95":"product_tag-politische","96":"product_tag-politischem","97":"product_tag-politischen","98":"product_tag-politischer","99":"product_tag-politisches","100":"product_tag-print","101":"product_tag-protest","102":"product_tag-protestbewegung","103":"product_tag-proteste","104":"product_tag-protestieren","105":"product_tag-protestierend","106":"product_tag-protestierende","107":"product_tag-protestierenden","108":"product_tag-protestierender","109":"product_tag-protestierendes","110":"product_tag-protestiert","111":"product_tag-publikum","112":"product_tag-publikums","113":"product_tag-rede","114":"product_tag-redner","115":"product_tag-rednerpose","116":"product_tag-rednerposen","117":"product_tag-redners","118":"product_tag-s-w-fotografie","119":"product_tag-s-w-photographie","120":"product_tag-schwarzweissphotographie","121":"product_tag-schwarz-weiss-fotografie","122":"product_tag-schwarz-weiss-photographie","123":"product_tag-schwarzweiss","124":"product_tag-schwarzweisse","125":"product_tag-schwarzweissen","126":"product_tag-schwarzweisser","127":"product_tag-schwarzweisses","128":"product_tag-schwarzweissfotografie","129":"product_tag-siebziger","130":"product_tag-silbergelatine","131":"product_tag-silbergelatineabzug","132":"product_tag-silbergelatineabzuege","133":"product_tag-silbergelatineprint","134":"product_tag-sitzen","135":"product_tag-sitzend","136":"product_tag-sitzende","137":"product_tag-sitzenden","138":"product_tag-sitzender","139":"product_tag-sitzendes","140":"product_tag-sitzt","141":"product_tag-sponti","142":"product_tag-spontis","143":"product_tag-sprechen","144":"product_tag-stehen","145":"product_tag-stehend","146":"product_tag-stehende","147":"product_tag-stehenden","148":"product_tag-stehender","149":"product_tag-stehendes","150":"product_tag-student","151":"product_tag-studenten","152":"product_tag-studentenbewegung","153":"product_tag-sw-fotografie","154":"product_tag-sw-photographie","155":"product_tag-u-s-a","156":"product_tag-united-states-of-america","157":"product_tag-universitaet","158":"product_tag-universitaeten","159":"product_tag-usa","160":"product_tag-veranstaltung","161":"product_tag-veranstaltungen","162":"product_tag-vereinigte-staaten-von-amerika","163":"product_tag-vereinigten-staaten-von-amerika","164":"product_tag-versammeln","165":"product_tag-versammelt","166":"product_tag-versammlung","167":"product_tag-versammlungen","168":"product_tag-vietnam","169":"product_tag-vietnamesisch","170":"product_tag-vietnamesische","171":"product_tag-vietnamesischen","172":"product_tag-vietnamesischer","173":"product_tag-vietnamesisches","174":"product_tag-vietnamkrieg","175":"product_tag-vietnamkrieges","176":"product_tag-vietnamkriegs","177":"product_tag-von-innen","178":"product_tag-zuhoeren","179":"product_tag-zuhoerend","180":"product_tag-zuhoerende","181":"product_tag-zuhoerenden","182":"product_tag-zuhoerender","183":"product_tag-zuhoerendes","184":"product_tag-zuhoerer","185":"product_tag-zuhoerern","186":"product_tag-zuhoerers","187":"product_tag-zuschauer","188":"product_tag-zuschauern","189":"product_tag-zuschauers","190":"pa_datierung-mai-1970","191":"pa_fotograf-abisag-tuellmann","192":"pa_geografischer_bezug-aufnahmeort-frankfurt-am-main-deutschland","193":"pa_grunddaten_material_technik-foto-silbergelatine-auf-barytpapier","194":"pa_inventarnummer-tue-70-149-21a","195":"pa_jahr_von-53324","196":"pa_massangaben-bildformat-foto-231-x-301-cm","197":"pa_mediennummer-63618","198":"pa_objekt_typ-fotografie","200":"first","201":"instock","202":"product-type-simple"},"yoast_head":"<!-- This site is optimized with the Yoast SEO plugin v27.4 - https:\/\/yoast.com\/product\/yoast-seo-wordpress\/ -->\n<title>Teach-in in H\u00f6rsaal VI wegen der in Kambodscha stationierten amerikanischen Streitkr\u00e4fte - Abisag T\u00fcllmann<\/title>\n<meta name=\"robots\" content=\"index, follow, max-snippet:-1, max-image-preview:large, max-video-preview:-1\" \/>\n<link rel=\"canonical\" href=\"https:\/\/bpk-archive.de\/tuellmann\/produkt\/teach-in-in-hoersaal-vi-wegen-der-in-kambodscha-stationierten-amerikanischen-streitkraefte\/\" \/>\n<meta property=\"og:locale\" content=\"de_DE\" \/>\n<meta property=\"og:type\" content=\"article\" \/>\n<meta property=\"og:title\" content=\"Teach-in in H\u00f6rsaal VI wegen der in Kambodscha stationierten amerikanischen Streitkr\u00e4fte - Abisag T\u00fcllmann\" \/>\n<meta property=\"og:description\" content=\"Am Mikrofon: Mike Kn\u00f6ss R\u00fcckseitenbeschriftung von anderer Hand: &#8222;Mike Kn\u00f6ss im H VI&#8220;&#8220;\" \/>\n<meta property=\"og:url\" content=\"https:\/\/bpk-archive.de\/tuellmann\/produkt\/teach-in-in-hoersaal-vi-wegen-der-in-kambodscha-stationierten-amerikanischen-streitkraefte\/\" \/>\n<meta property=\"og:site_name\" content=\"Abisag T\u00fcllmann\" \/>\n<meta property=\"article:modified_time\" content=\"2019-09-05T14:01:38+00:00\" \/>\n<meta property=\"og:image\" content=\"https:\/\/bpk-archive.de\/tuellmann\/wp-content\/uploads\/2019\/08\/bpk_70242727.jpg\" \/>\n\t<meta property=\"og:image:width\" content=\"1200\" \/>\n\t<meta property=\"og:image:height\" content=\"938\" \/>\n\t<meta property=\"og:image:type\" content=\"image\/jpeg\" \/>\n<meta name=\"twitter:card\" content=\"summary_large_image\" \/>\n<script type=\"application\/ld+json\" class=\"yoast-schema-graph\">{\"@context\":\"https:\\\/\\\/schema.org\",\"@graph\":[{\"@type\":\"WebPage\",\"@id\":\"https:\\\/\\\/bpk-archive.de\\\/tuellmann\\\/produkt\\\/teach-in-in-hoersaal-vi-wegen-der-in-kambodscha-stationierten-amerikanischen-streitkraefte\\\/\",\"url\":\"https:\\\/\\\/bpk-archive.de\\\/tuellmann\\\/produkt\\\/teach-in-in-hoersaal-vi-wegen-der-in-kambodscha-stationierten-amerikanischen-streitkraefte\\\/\",\"name\":\"Teach-in in H\u00f6rsaal VI wegen der in Kambodscha stationierten amerikanischen Streitkr\u00e4fte - Abisag T\u00fcllmann\",\"isPartOf\":{\"@id\":\"https:\\\/\\\/bpk-archive.de\\\/tuellmann\\\/#website\"},\"primaryImageOfPage\":{\"@id\":\"https:\\\/\\\/bpk-archive.de\\\/tuellmann\\\/produkt\\\/teach-in-in-hoersaal-vi-wegen-der-in-kambodscha-stationierten-amerikanischen-streitkraefte\\\/#primaryimage\"},\"image\":{\"@id\":\"https:\\\/\\\/bpk-archive.de\\\/tuellmann\\\/produkt\\\/teach-in-in-hoersaal-vi-wegen-der-in-kambodscha-stationierten-amerikanischen-streitkraefte\\\/#primaryimage\"},\"thumbnailUrl\":\"https:\\\/\\\/bpk-archive.de\\\/tuellmann\\\/wp-content\\\/uploads\\\/2019\\\/08\\\/bpk_70242727.jpg\",\"datePublished\":\"2019-09-05T14:01:33+00:00\",\"dateModified\":\"2019-09-05T14:01:38+00:00\",\"breadcrumb\":{\"@id\":\"https:\\\/\\\/bpk-archive.de\\\/tuellmann\\\/produkt\\\/teach-in-in-hoersaal-vi-wegen-der-in-kambodscha-stationierten-amerikanischen-streitkraefte\\\/#breadcrumb\"},\"inLanguage\":\"de\",\"potentialAction\":[{\"@type\":\"ReadAction\",\"target\":[\"https:\\\/\\\/bpk-archive.de\\\/tuellmann\\\/produkt\\\/teach-in-in-hoersaal-vi-wegen-der-in-kambodscha-stationierten-amerikanischen-streitkraefte\\\/\"]}]},{\"@type\":\"ImageObject\",\"inLanguage\":\"de\",\"@id\":\"https:\\\/\\\/bpk-archive.de\\\/tuellmann\\\/produkt\\\/teach-in-in-hoersaal-vi-wegen-der-in-kambodscha-stationierten-amerikanischen-streitkraefte\\\/#primaryimage\",\"url\":\"https:\\\/\\\/bpk-archive.de\\\/tuellmann\\\/wp-content\\\/uploads\\\/2019\\\/08\\\/bpk_70242727.jpg\",\"contentUrl\":\"https:\\\/\\\/bpk-archive.de\\\/tuellmann\\\/wp-content\\\/uploads\\\/2019\\\/08\\\/bpk_70242727.jpg\",\"width\":1200,\"height\":938,\"caption\":\"Teach-in in H\u00f6rsaal VI wegen der in Kambodscha stationierten amerikanischen Streitkr\u00e4fte\"},{\"@type\":\"BreadcrumbList\",\"@id\":\"https:\\\/\\\/bpk-archive.de\\\/tuellmann\\\/produkt\\\/teach-in-in-hoersaal-vi-wegen-der-in-kambodscha-stationierten-amerikanischen-streitkraefte\\\/#breadcrumb\",\"itemListElement\":[{\"@type\":\"ListItem\",\"position\":1,\"name\":\"Startseite\",\"item\":\"https:\\\/\\\/bpk-archive.de\\\/tuellmann\\\/\"},{\"@type\":\"ListItem\",\"position\":2,\"name\":\"Shop\",\"item\":\"https:\\\/\\\/bpk-archive.de\\\/tuellmann\\\/shop\\\/\"},{\"@type\":\"ListItem\",\"position\":3,\"name\":\"Teach-in in H\u00f6rsaal VI wegen der in Kambodscha stationierten amerikanischen Streitkr\u00e4fte\"}]},{\"@type\":\"WebSite\",\"@id\":\"https:\\\/\\\/bpk-archive.de\\\/tuellmann\\\/#website\",\"url\":\"https:\\\/\\\/bpk-archive.de\\\/tuellmann\\\/\",\"name\":\"Abisag T\u00fcllmann\",\"description\":\"Eine weitere WordPress-Website\",\"potentialAction\":[{\"@type\":\"SearchAction\",\"target\":{\"@type\":\"EntryPoint\",\"urlTemplate\":\"https:\\\/\\\/bpk-archive.de\\\/tuellmann\\\/?s={search_term_string}\"},\"query-input\":{\"@type\":\"PropertyValueSpecification\",\"valueRequired\":true,\"valueName\":\"search_term_string\"}}],\"inLanguage\":\"de\"}]}<\/script>\n<!-- \/ Yoast SEO plugin. -->","yoast_head_json":{"title":"Teach-in in H\u00f6rsaal VI wegen der in Kambodscha stationierten amerikanischen Streitkr\u00e4fte - Abisag T\u00fcllmann","robots":{"index":"index","follow":"follow","max-snippet":"max-snippet:-1","max-image-preview":"max-image-preview:large","max-video-preview":"max-video-preview:-1"},"canonical":"https:\/\/bpk-archive.de\/tuellmann\/produkt\/teach-in-in-hoersaal-vi-wegen-der-in-kambodscha-stationierten-amerikanischen-streitkraefte\/","og_locale":"de_DE","og_type":"article","og_title":"Teach-in in H\u00f6rsaal VI wegen der in Kambodscha stationierten amerikanischen Streitkr\u00e4fte - Abisag T\u00fcllmann","og_description":"Am Mikrofon: Mike Kn\u00f6ss R\u00fcckseitenbeschriftung von anderer Hand: &#8222;Mike Kn\u00f6ss im H VI&#8220;&#8220;","og_url":"https:\/\/bpk-archive.de\/tuellmann\/produkt\/teach-in-in-hoersaal-vi-wegen-der-in-kambodscha-stationierten-amerikanischen-streitkraefte\/","og_site_name":"Abisag T\u00fcllmann","article_modified_time":"2019-09-05T14:01:38+00:00","og_image":[{"width":1200,"height":938,"url":"https:\/\/bpk-archive.de\/tuellmann\/wp-content\/uploads\/2019\/08\/bpk_70242727.jpg","type":"image\/jpeg"}],"twitter_card":"summary_large_image","schema":{"@context":"https:\/\/schema.org","@graph":[{"@type":"WebPage","@id":"https:\/\/bpk-archive.de\/tuellmann\/produkt\/teach-in-in-hoersaal-vi-wegen-der-in-kambodscha-stationierten-amerikanischen-streitkraefte\/","url":"https:\/\/bpk-archive.de\/tuellmann\/produkt\/teach-in-in-hoersaal-vi-wegen-der-in-kambodscha-stationierten-amerikanischen-streitkraefte\/","name":"Teach-in in H\u00f6rsaal VI wegen der in Kambodscha stationierten amerikanischen Streitkr\u00e4fte - Abisag T\u00fcllmann","isPartOf":{"@id":"https:\/\/bpk-archive.de\/tuellmann\/#website"},"primaryImageOfPage":{"@id":"https:\/\/bpk-archive.de\/tuellmann\/produkt\/teach-in-in-hoersaal-vi-wegen-der-in-kambodscha-stationierten-amerikanischen-streitkraefte\/#primaryimage"},"image":{"@id":"https:\/\/bpk-archive.de\/tuellmann\/produkt\/teach-in-in-hoersaal-vi-wegen-der-in-kambodscha-stationierten-amerikanischen-streitkraefte\/#primaryimage"},"thumbnailUrl":"https:\/\/bpk-archive.de\/tuellmann\/wp-content\/uploads\/2019\/08\/bpk_70242727.jpg","datePublished":"2019-09-05T14:01:33+00:00","dateModified":"2019-09-05T14:01:38+00:00","breadcrumb":{"@id":"https:\/\/bpk-archive.de\/tuellmann\/produkt\/teach-in-in-hoersaal-vi-wegen-der-in-kambodscha-stationierten-amerikanischen-streitkraefte\/#breadcrumb"},"inLanguage":"de","potentialAction":[{"@type":"ReadAction","target":["https:\/\/bpk-archive.de\/tuellmann\/produkt\/teach-in-in-hoersaal-vi-wegen-der-in-kambodscha-stationierten-amerikanischen-streitkraefte\/"]}]},{"@type":"ImageObject","inLanguage":"de","@id":"https:\/\/bpk-archive.de\/tuellmann\/produkt\/teach-in-in-hoersaal-vi-wegen-der-in-kambodscha-stationierten-amerikanischen-streitkraefte\/#primaryimage","url":"https:\/\/bpk-archive.de\/tuellmann\/wp-content\/uploads\/2019\/08\/bpk_70242727.jpg","contentUrl":"https:\/\/bpk-archive.de\/tuellmann\/wp-content\/uploads\/2019\/08\/bpk_70242727.jpg","width":1200,"height":938,"caption":"Teach-in in H\u00f6rsaal VI wegen der in Kambodscha stationierten amerikanischen Streitkr\u00e4fte"},{"@type":"BreadcrumbList","@id":"https:\/\/bpk-archive.de\/tuellmann\/produkt\/teach-in-in-hoersaal-vi-wegen-der-in-kambodscha-stationierten-amerikanischen-streitkraefte\/#breadcrumb","itemListElement":[{"@type":"ListItem","position":1,"name":"Startseite","item":"https:\/\/bpk-archive.de\/tuellmann\/"},{"@type":"ListItem","position":2,"name":"Shop","item":"https:\/\/bpk-archive.de\/tuellmann\/shop\/"},{"@type":"ListItem","position":3,"name":"Teach-in in H\u00f6rsaal VI wegen der in Kambodscha stationierten amerikanischen Streitkr\u00e4fte"}]},{"@type":"WebSite","@id":"https:\/\/bpk-archive.de\/tuellmann\/#website","url":"https:\/\/bpk-archive.de\/tuellmann\/","name":"Abisag T\u00fcllmann","description":"Eine weitere WordPress-Website","potentialAction":[{"@type":"SearchAction","target":{"@type":"EntryPoint","urlTemplate":"https:\/\/bpk-archive.de\/tuellmann\/?s={search_term_string}"},"query-input":{"@type":"PropertyValueSpecification","valueRequired":true,"valueName":"search_term_string"}}],"inLanguage":"de"}]}},"_links":{"self":[{"href":"https:\/\/bpk-archive.de\/tuellmann\/wp-json\/wp\/v2\/product\/70296523","targetHints":{"allow":["GET"]}}],"collection":[{"href":"https:\/\/bpk-archive.de\/tuellmann\/wp-json\/wp\/v2\/product"}],"about":[{"href":"https:\/\/bpk-archive.de\/tuellmann\/wp-json\/wp\/v2\/types\/product"}],"wp:featuredmedia":[{"embeddable":true,"href":"https:\/\/bpk-archive.de\/tuellmann\/wp-json\/wp\/v2\/media\/70292036"}],"wp:attachment":[{"href":"https:\/\/bpk-archive.de\/tuellmann\/wp-json\/wp\/v2\/media?parent=70296523"}],"wp:term":[{"taxonomy":"product_brand","embeddable":true,"href":"https:\/\/bpk-archive.de\/tuellmann\/wp-json\/wp\/v2\/product_brand?post=70296523"},{"taxonomy":"product_cat","embeddable":true,"href":"https:\/\/bpk-archive.de\/tuellmann\/wp-json\/wp\/v2\/product_cat?post=70296523"},{"taxonomy":"product_tag","embeddable":true,"href":"https:\/\/bpk-archive.de\/tuellmann\/wp-json\/wp\/v2\/product_tag?post=70296523"}],"curies":[{"name":"wp","href":"https:\/\/api.w.org\/{rel}","templated":true}]}}