{"id":70296513,"date":"2019-09-05T16:01:17","date_gmt":"2019-09-05T14:01:17","guid":{"rendered":"http:\/\/abisagtuellmann.bpk-news.de\/atbild\/zuhoerer-bei-einer-lesung-in-der-u-bahn-baustelle-an-der-hauptwache-im-rahmen-des-literaturforums\/"},"modified":"2019-09-05T16:01:29","modified_gmt":"2019-09-05T14:01:29","slug":"zuhoerer-bei-einer-lesung-in-der-u-bahn-baustelle-an-der-hauptwache-im-rahmen-des-literaturforums","status":"publish","type":"product","link":"https:\/\/bpk-archive.de\/tuellmann\/produkt\/zuhoerer-bei-einer-lesung-in-der-u-bahn-baustelle-an-der-hauptwache-im-rahmen-des-literaturforums\/","title":{"rendered":"Zuh\u00f6rer bei einer Lesung in der U-Bahn-Baustelle an der Hauptwache im Rahmen des Literaturforums"},"content":{"rendered":"<p>R\u00fcckseitenbeschriftung von anderer Hand: &#8222;Literaturforum&#8220;<\/p>\n","protected":false},"excerpt":{"rendered":"<p>R\u00fcckseitenbeschriftung von anderer Hand: &#8222;Literaturforum&#8220;<\/p>\n","protected":false},"featured_media":70292019,"template":"","meta":[],"product_brand":[],"product_cat":[],"product_tag":[13774,13232,49666,13234,49667,13231,13233,13775,62469,13777,47512,47514,63098,58851,58852,58853,58854,58855,52727,52728,51937,51938,51940,51941,14177,13469,13470,13253,13254,13255,13256,13257,13471,13472,13473,58631,58632,13293,13786,13787,13294,13295,13296,13297,47267,13485,13486,13482,13481,13483,13484,13487,13488,13492,13493,13494,13495,13496,13497,13498,13812,13813,13814,13815,13816,50152,50153,50154,50155,50156,50157,50158,56428,56463,63431,63432,63388,63389,49309,13818,13819,13826,13319,13320,13321,13322,13323,57302,13328,13827,13828,13329,13330,13331,13332,47332,53482,53803,53483,53484,53804,53485,13843,51807,51808,57500,57501,47333,47334,47335,47336,47337,13877,13879,52738,13865,13864,13866,13858,13859,13860,13861,13862,13863,13867,13869,13870,13871,13872,14243,14244,14245,14246,14247,14248,14249,13878,13880,57306,57307,57308,57305,57310,57311,57312,57313,13375,13376,13525,49008,49009,49010,49011,49012,49013,49014,51812,51813,49015,49016,51814,51817,51818],"class_list":{"0":"post-70296513","1":"product","2":"type-product","3":"status-publish","4":"has-post-thumbnail","6":"product_tag-1960er-jahre","7":"product_tag-20-jahrhundert-nach-chr","8":"product_tag-20-jahrhundert-vor-chr","9":"product_tag-20-jh-n-chr","10":"product_tag-20-jh-v-chr","11":"product_tag-20-jahrhundert","12":"product_tag-20-jh","13":"product_tag-60er","14":"product_tag-abt_006","15":"product_tag-abzug","16":"product_tag-andrang","17":"product_tag-ansturm","18":"product_tag-at_literatur-wissenschaft","19":"product_tag-aufmerksam","20":"product_tag-aufmerksame","21":"product_tag-aufmerksamer","22":"product_tag-aufmerksames","23":"product_tag-aufmerksamkeit","24":"product_tag-autor","25":"product_tag-autoren","26":"product_tag-bauplatz","27":"product_tag-bauplaetze","28":"product_tag-baustelle","29":"product_tag-baustellen","30":"product_tag-blickkontakt","31":"product_tag-brd","32":"product_tag-bundesrepublik-deutschland","33":"product_tag-deutsch","34":"product_tag-deutsche","35":"product_tag-deutschen","36":"product_tag-deutscher","37":"product_tag-deutsches","38":"product_tag-deutschland","39":"product_tag-deutschlands","40":"product_tag-drinnen","41":"product_tag-festival","42":"product_tag-festivals","43":"product_tag-foto","44":"product_tag-fotoabzug","45":"product_tag-fotoabzuege","46":"product_tag-fotografie","47":"product_tag-fotografien","48":"product_tag-fotografin","49":"product_tag-fotografinnen","50":"product_tag-fotoreportage","51":"product_tag-frankfurt-m","52":"product_tag-frankfurt-main","53":"product_tag-frankfurt-a-main","54":"product_tag-frankfurt-a-m","55":"product_tag-frankfurt-am-main","56":"product_tag-frankfurter","57":"product_tag-frau","58":"product_tag-frauen","59":"product_tag-hessen","60":"product_tag-hessisch","61":"product_tag-hessische","62":"product_tag-hessischen","63":"product_tag-hessischer","64":"product_tag-hessisches","65":"product_tag-innen","66":"product_tag-jung","67":"product_tag-junge","68":"product_tag-jungen","69":"product_tag-junger","70":"product_tag-junges","71":"product_tag-konzentiertes","72":"product_tag-konzentration","73":"product_tag-konzentrieren","74":"product_tag-konzentriert","75":"product_tag-konzentrierte","76":"product_tag-konzentrierten","77":"product_tag-konzentrierter","78":"product_tag-kultur","79":"product_tag-kulturbetrieb","80":"product_tag-kulturelle","81":"product_tag-kulturen","82":"product_tag-lesung","83":"product_tag-lesungen","84":"product_tag-literatur","85":"product_tag-mann","86":"product_tag-maenner","87":"product_tag-mannes","88":"product_tag-menschenansammlung","89":"product_tag-menschenauflauf","90":"product_tag-menschenmassen","91":"product_tag-menschenmenge","92":"product_tag-menschenschar","93":"product_tag-metro","94":"product_tag-photo","95":"product_tag-photoabzug","96":"product_tag-photoabzuege","97":"product_tag-photographie","98":"product_tag-photographien","99":"product_tag-photographin","100":"product_tag-photographinnen","101":"product_tag-photoreportage","102":"product_tag-pressefoto","103":"product_tag-pressefotografie","104":"product_tag-pressefotos","105":"product_tag-pressephoto","106":"product_tag-pressephotographie","107":"product_tag-pressephotos","108":"product_tag-print","109":"product_tag-publikum","110":"product_tag-publikums","111":"product_tag-publikumsattraktion","112":"product_tag-publikumsattraktionen","113":"product_tag-reportage","114":"product_tag-reportagefoto","115":"product_tag-reportagefotografie","116":"product_tag-reportagephoto","117":"product_tag-reportagephotographie","118":"product_tag-s-w-fotografie","119":"product_tag-s-w-photographie","120":"product_tag-schriftsteller","121":"product_tag-schwarzweissphotographie","122":"product_tag-schwarz-weiss-fotografie","123":"product_tag-schwarz-weiss-photographie","124":"product_tag-schwarzweiss","125":"product_tag-schwarzweisse","126":"product_tag-schwarzweissen","127":"product_tag-schwarzweisser","128":"product_tag-schwarzweisses","129":"product_tag-schwarzweissfotografie","130":"product_tag-sechziger","131":"product_tag-silbergelatine","132":"product_tag-silbergelatineabzug","133":"product_tag-silbergelatineabzuege","134":"product_tag-silbergelatineprint","135":"product_tag-sitzen","136":"product_tag-sitzend","137":"product_tag-sitzende","138":"product_tag-sitzenden","139":"product_tag-sitzender","140":"product_tag-sitzendes","141":"product_tag-sitzt","142":"product_tag-sw-fotografie","143":"product_tag-sw-photographie","144":"product_tag-u-bahn","145":"product_tag-u-bahnhof","146":"product_tag-u-bahnhoefe","147":"product_tag-ubahn","148":"product_tag-untergrundbahn","149":"product_tag-untergrundbahnhof","150":"product_tag-untergrundbahnhoefe","151":"product_tag-untergrundbahnhofs","152":"product_tag-veranstaltung","153":"product_tag-veranstaltungen","154":"product_tag-von-innen","155":"product_tag-zuhoeren","156":"product_tag-zuhoerend","157":"product_tag-zuhoerende","158":"product_tag-zuhoerenden","159":"product_tag-zuhoerender","160":"product_tag-zuhoerendes","161":"product_tag-zuhoerer","162":"product_tag-zuhoererin","163":"product_tag-zuhoererinnen","164":"product_tag-zuhoerern","165":"product_tag-zuhoerers","166":"product_tag-zuschauer","167":"product_tag-zuschauern","168":"product_tag-zuschauers","169":"pa_datierung-november-1967","170":"pa_fotograf-abisag-tuellmann","171":"pa_geografischer_bezug-aufnahmeort-frankfurt-am-main-deutschland","172":"pa_grunddaten_material_technik-foto-silbergelatine-auf-barytpapier","173":"pa_inventarnummer-tue-67-184-49","174":"pa_jahr_von-53582","175":"pa_massangaben-bildformat-foto-237-x-292-cm","176":"pa_mediennummer-63549","177":"pa_objekt_typ-fotografie","179":"first","180":"instock","181":"product-type-simple"},"yoast_head":"<!-- This site is optimized with the Yoast SEO plugin v27.4 - https:\/\/yoast.com\/product\/yoast-seo-wordpress\/ -->\n<title>Zuh\u00f6rer bei einer Lesung in der U-Bahn-Baustelle an der Hauptwache im Rahmen des Literaturforums - Abisag T\u00fcllmann<\/title>\n<meta name=\"robots\" content=\"index, follow, max-snippet:-1, max-image-preview:large, max-video-preview:-1\" \/>\n<link rel=\"canonical\" href=\"https:\/\/bpk-archive.de\/tuellmann\/produkt\/zuhoerer-bei-einer-lesung-in-der-u-bahn-baustelle-an-der-hauptwache-im-rahmen-des-literaturforums\/\" \/>\n<meta property=\"og:locale\" content=\"de_DE\" \/>\n<meta property=\"og:type\" content=\"article\" \/>\n<meta property=\"og:title\" content=\"Zuh\u00f6rer bei einer Lesung in der U-Bahn-Baustelle an der Hauptwache im Rahmen des Literaturforums - Abisag T\u00fcllmann\" \/>\n<meta property=\"og:description\" content=\"R\u00fcckseitenbeschriftung von anderer Hand: &#8222;Literaturforum&#8220;\" \/>\n<meta property=\"og:url\" content=\"https:\/\/bpk-archive.de\/tuellmann\/produkt\/zuhoerer-bei-einer-lesung-in-der-u-bahn-baustelle-an-der-hauptwache-im-rahmen-des-literaturforums\/\" \/>\n<meta property=\"og:site_name\" content=\"Abisag T\u00fcllmann\" \/>\n<meta property=\"article:modified_time\" content=\"2019-09-05T14:01:29+00:00\" \/>\n<meta property=\"og:image\" content=\"https:\/\/bpk-archive.de\/tuellmann\/wp-content\/uploads\/2019\/08\/bpk_70242622.jpg\" \/>\n\t<meta property=\"og:image:width\" content=\"1200\" \/>\n\t<meta property=\"og:image:height\" content=\"984\" \/>\n\t<meta property=\"og:image:type\" content=\"image\/jpeg\" \/>\n<meta name=\"twitter:card\" content=\"summary_large_image\" \/>\n<script type=\"application\/ld+json\" class=\"yoast-schema-graph\">{\"@context\":\"https:\\\/\\\/schema.org\",\"@graph\":[{\"@type\":\"WebPage\",\"@id\":\"https:\\\/\\\/bpk-archive.de\\\/tuellmann\\\/produkt\\\/zuhoerer-bei-einer-lesung-in-der-u-bahn-baustelle-an-der-hauptwache-im-rahmen-des-literaturforums\\\/\",\"url\":\"https:\\\/\\\/bpk-archive.de\\\/tuellmann\\\/produkt\\\/zuhoerer-bei-einer-lesung-in-der-u-bahn-baustelle-an-der-hauptwache-im-rahmen-des-literaturforums\\\/\",\"name\":\"Zuh\u00f6rer bei einer Lesung in der U-Bahn-Baustelle an der Hauptwache im Rahmen des Literaturforums - Abisag T\u00fcllmann\",\"isPartOf\":{\"@id\":\"https:\\\/\\\/bpk-archive.de\\\/tuellmann\\\/#website\"},\"primaryImageOfPage\":{\"@id\":\"https:\\\/\\\/bpk-archive.de\\\/tuellmann\\\/produkt\\\/zuhoerer-bei-einer-lesung-in-der-u-bahn-baustelle-an-der-hauptwache-im-rahmen-des-literaturforums\\\/#primaryimage\"},\"image\":{\"@id\":\"https:\\\/\\\/bpk-archive.de\\\/tuellmann\\\/produkt\\\/zuhoerer-bei-einer-lesung-in-der-u-bahn-baustelle-an-der-hauptwache-im-rahmen-des-literaturforums\\\/#primaryimage\"},\"thumbnailUrl\":\"https:\\\/\\\/bpk-archive.de\\\/tuellmann\\\/wp-content\\\/uploads\\\/2019\\\/08\\\/bpk_70242622.jpg\",\"datePublished\":\"2019-09-05T14:01:17+00:00\",\"dateModified\":\"2019-09-05T14:01:29+00:00\",\"breadcrumb\":{\"@id\":\"https:\\\/\\\/bpk-archive.de\\\/tuellmann\\\/produkt\\\/zuhoerer-bei-einer-lesung-in-der-u-bahn-baustelle-an-der-hauptwache-im-rahmen-des-literaturforums\\\/#breadcrumb\"},\"inLanguage\":\"de\",\"potentialAction\":[{\"@type\":\"ReadAction\",\"target\":[\"https:\\\/\\\/bpk-archive.de\\\/tuellmann\\\/produkt\\\/zuhoerer-bei-einer-lesung-in-der-u-bahn-baustelle-an-der-hauptwache-im-rahmen-des-literaturforums\\\/\"]}]},{\"@type\":\"ImageObject\",\"inLanguage\":\"de\",\"@id\":\"https:\\\/\\\/bpk-archive.de\\\/tuellmann\\\/produkt\\\/zuhoerer-bei-einer-lesung-in-der-u-bahn-baustelle-an-der-hauptwache-im-rahmen-des-literaturforums\\\/#primaryimage\",\"url\":\"https:\\\/\\\/bpk-archive.de\\\/tuellmann\\\/wp-content\\\/uploads\\\/2019\\\/08\\\/bpk_70242622.jpg\",\"contentUrl\":\"https:\\\/\\\/bpk-archive.de\\\/tuellmann\\\/wp-content\\\/uploads\\\/2019\\\/08\\\/bpk_70242622.jpg\",\"width\":1200,\"height\":984,\"caption\":\"Zuh\u00f6rer bei einer Lesung in der U-Bahn-Baustelle an der Hauptwache im Rahmen des Literaturforums\"},{\"@type\":\"BreadcrumbList\",\"@id\":\"https:\\\/\\\/bpk-archive.de\\\/tuellmann\\\/produkt\\\/zuhoerer-bei-einer-lesung-in-der-u-bahn-baustelle-an-der-hauptwache-im-rahmen-des-literaturforums\\\/#breadcrumb\",\"itemListElement\":[{\"@type\":\"ListItem\",\"position\":1,\"name\":\"Startseite\",\"item\":\"https:\\\/\\\/bpk-archive.de\\\/tuellmann\\\/\"},{\"@type\":\"ListItem\",\"position\":2,\"name\":\"Shop\",\"item\":\"https:\\\/\\\/bpk-archive.de\\\/tuellmann\\\/shop\\\/\"},{\"@type\":\"ListItem\",\"position\":3,\"name\":\"Zuh\u00f6rer bei einer Lesung in der U-Bahn-Baustelle an der Hauptwache im Rahmen des Literaturforums\"}]},{\"@type\":\"WebSite\",\"@id\":\"https:\\\/\\\/bpk-archive.de\\\/tuellmann\\\/#website\",\"url\":\"https:\\\/\\\/bpk-archive.de\\\/tuellmann\\\/\",\"name\":\"Abisag T\u00fcllmann\",\"description\":\"Eine weitere WordPress-Website\",\"potentialAction\":[{\"@type\":\"SearchAction\",\"target\":{\"@type\":\"EntryPoint\",\"urlTemplate\":\"https:\\\/\\\/bpk-archive.de\\\/tuellmann\\\/?s={search_term_string}\"},\"query-input\":{\"@type\":\"PropertyValueSpecification\",\"valueRequired\":true,\"valueName\":\"search_term_string\"}}],\"inLanguage\":\"de\"}]}<\/script>\n<!-- \/ Yoast SEO plugin. -->","yoast_head_json":{"title":"Zuh\u00f6rer bei einer Lesung in der U-Bahn-Baustelle an der Hauptwache im Rahmen des Literaturforums - Abisag T\u00fcllmann","robots":{"index":"index","follow":"follow","max-snippet":"max-snippet:-1","max-image-preview":"max-image-preview:large","max-video-preview":"max-video-preview:-1"},"canonical":"https:\/\/bpk-archive.de\/tuellmann\/produkt\/zuhoerer-bei-einer-lesung-in-der-u-bahn-baustelle-an-der-hauptwache-im-rahmen-des-literaturforums\/","og_locale":"de_DE","og_type":"article","og_title":"Zuh\u00f6rer bei einer Lesung in der U-Bahn-Baustelle an der Hauptwache im Rahmen des Literaturforums - Abisag T\u00fcllmann","og_description":"R\u00fcckseitenbeschriftung von anderer Hand: &#8222;Literaturforum&#8220;","og_url":"https:\/\/bpk-archive.de\/tuellmann\/produkt\/zuhoerer-bei-einer-lesung-in-der-u-bahn-baustelle-an-der-hauptwache-im-rahmen-des-literaturforums\/","og_site_name":"Abisag T\u00fcllmann","article_modified_time":"2019-09-05T14:01:29+00:00","og_image":[{"width":1200,"height":984,"url":"https:\/\/bpk-archive.de\/tuellmann\/wp-content\/uploads\/2019\/08\/bpk_70242622.jpg","type":"image\/jpeg"}],"twitter_card":"summary_large_image","schema":{"@context":"https:\/\/schema.org","@graph":[{"@type":"WebPage","@id":"https:\/\/bpk-archive.de\/tuellmann\/produkt\/zuhoerer-bei-einer-lesung-in-der-u-bahn-baustelle-an-der-hauptwache-im-rahmen-des-literaturforums\/","url":"https:\/\/bpk-archive.de\/tuellmann\/produkt\/zuhoerer-bei-einer-lesung-in-der-u-bahn-baustelle-an-der-hauptwache-im-rahmen-des-literaturforums\/","name":"Zuh\u00f6rer bei einer Lesung in der U-Bahn-Baustelle an der Hauptwache im Rahmen des Literaturforums - Abisag T\u00fcllmann","isPartOf":{"@id":"https:\/\/bpk-archive.de\/tuellmann\/#website"},"primaryImageOfPage":{"@id":"https:\/\/bpk-archive.de\/tuellmann\/produkt\/zuhoerer-bei-einer-lesung-in-der-u-bahn-baustelle-an-der-hauptwache-im-rahmen-des-literaturforums\/#primaryimage"},"image":{"@id":"https:\/\/bpk-archive.de\/tuellmann\/produkt\/zuhoerer-bei-einer-lesung-in-der-u-bahn-baustelle-an-der-hauptwache-im-rahmen-des-literaturforums\/#primaryimage"},"thumbnailUrl":"https:\/\/bpk-archive.de\/tuellmann\/wp-content\/uploads\/2019\/08\/bpk_70242622.jpg","datePublished":"2019-09-05T14:01:17+00:00","dateModified":"2019-09-05T14:01:29+00:00","breadcrumb":{"@id":"https:\/\/bpk-archive.de\/tuellmann\/produkt\/zuhoerer-bei-einer-lesung-in-der-u-bahn-baustelle-an-der-hauptwache-im-rahmen-des-literaturforums\/#breadcrumb"},"inLanguage":"de","potentialAction":[{"@type":"ReadAction","target":["https:\/\/bpk-archive.de\/tuellmann\/produkt\/zuhoerer-bei-einer-lesung-in-der-u-bahn-baustelle-an-der-hauptwache-im-rahmen-des-literaturforums\/"]}]},{"@type":"ImageObject","inLanguage":"de","@id":"https:\/\/bpk-archive.de\/tuellmann\/produkt\/zuhoerer-bei-einer-lesung-in-der-u-bahn-baustelle-an-der-hauptwache-im-rahmen-des-literaturforums\/#primaryimage","url":"https:\/\/bpk-archive.de\/tuellmann\/wp-content\/uploads\/2019\/08\/bpk_70242622.jpg","contentUrl":"https:\/\/bpk-archive.de\/tuellmann\/wp-content\/uploads\/2019\/08\/bpk_70242622.jpg","width":1200,"height":984,"caption":"Zuh\u00f6rer bei einer Lesung in der U-Bahn-Baustelle an der Hauptwache im Rahmen des Literaturforums"},{"@type":"BreadcrumbList","@id":"https:\/\/bpk-archive.de\/tuellmann\/produkt\/zuhoerer-bei-einer-lesung-in-der-u-bahn-baustelle-an-der-hauptwache-im-rahmen-des-literaturforums\/#breadcrumb","itemListElement":[{"@type":"ListItem","position":1,"name":"Startseite","item":"https:\/\/bpk-archive.de\/tuellmann\/"},{"@type":"ListItem","position":2,"name":"Shop","item":"https:\/\/bpk-archive.de\/tuellmann\/shop\/"},{"@type":"ListItem","position":3,"name":"Zuh\u00f6rer bei einer Lesung in der U-Bahn-Baustelle an der Hauptwache im Rahmen des Literaturforums"}]},{"@type":"WebSite","@id":"https:\/\/bpk-archive.de\/tuellmann\/#website","url":"https:\/\/bpk-archive.de\/tuellmann\/","name":"Abisag T\u00fcllmann","description":"Eine weitere WordPress-Website","potentialAction":[{"@type":"SearchAction","target":{"@type":"EntryPoint","urlTemplate":"https:\/\/bpk-archive.de\/tuellmann\/?s={search_term_string}"},"query-input":{"@type":"PropertyValueSpecification","valueRequired":true,"valueName":"search_term_string"}}],"inLanguage":"de"}]}},"_links":{"self":[{"href":"https:\/\/bpk-archive.de\/tuellmann\/wp-json\/wp\/v2\/product\/70296513","targetHints":{"allow":["GET"]}}],"collection":[{"href":"https:\/\/bpk-archive.de\/tuellmann\/wp-json\/wp\/v2\/product"}],"about":[{"href":"https:\/\/bpk-archive.de\/tuellmann\/wp-json\/wp\/v2\/types\/product"}],"wp:featuredmedia":[{"embeddable":true,"href":"https:\/\/bpk-archive.de\/tuellmann\/wp-json\/wp\/v2\/media\/70292019"}],"wp:attachment":[{"href":"https:\/\/bpk-archive.de\/tuellmann\/wp-json\/wp\/v2\/media?parent=70296513"}],"wp:term":[{"taxonomy":"product_brand","embeddable":true,"href":"https:\/\/bpk-archive.de\/tuellmann\/wp-json\/wp\/v2\/product_brand?post=70296513"},{"taxonomy":"product_cat","embeddable":true,"href":"https:\/\/bpk-archive.de\/tuellmann\/wp-json\/wp\/v2\/product_cat?post=70296513"},{"taxonomy":"product_tag","embeddable":true,"href":"https:\/\/bpk-archive.de\/tuellmann\/wp-json\/wp\/v2\/product_tag?post=70296513"}],"curies":[{"name":"wp","href":"https:\/\/api.w.org\/{rel}","templated":true}]}}