{"id":70296338,"date":"2019-09-05T15:59:00","date_gmt":"2019-09-05T13:59:00","guid":{"rendered":"http:\/\/abisagtuellmann.bpk-news.de\/atbild\/kinder-in-einer-siedlung-fuer-minenarbeiter-in-kitwe-sambia\/"},"modified":"2020-08-11T17:01:06","modified_gmt":"2020-08-11T15:01:06","slug":"kinder-in-einer-siedlung-fuer-minenarbeiter-in-kitwe-sambia","status":"publish","type":"product","link":"https:\/\/bpk-archive.de\/tuellmann\/produkt\/kinder-in-einer-siedlung-fuer-minenarbeiter-in-kitwe-sambia\/","title":{"rendered":"Kinder in einer Siedlung f\u00fcr Minenarbeiter in Kitwe, Sambia"},"content":{"rendered":"<p>R\u00fcckseitenbeschriftung von Hand der Fotografin: &#8222;Zambia&#8220;<\/p>\n","protected":false},"excerpt":{"rendered":"<p>R\u00fcckseitenbeschriftung von Hand der Fotografin: &#8222;Zambia&#8220;<\/p>\n","protected":false},"featured_media":70292553,"template":"","meta":[],"product_brand":[],"product_cat":[73369],"product_tag":[13230,13232,13234,13231,13233,13235,62361,13777,13236,13237,13240,13241,13242,13243,13244,13245,62399,62400,60555,13250,47365,47366,47367,47573,47574,13784,13785,13253,13254,13255,13256,13257,50851,50852,50853,50854,13260,13261,13268,13269,13270,13271,13293,13786,13787,13294,13295,13296,13297,47377,48986,48987,48988,48989,48990,48991,48992,48993,48994,48995,48996,49216,49217,14195,14196,14197,14198,14199,14200,47583,47584,47585,47586,47587,47588,13301,14205,14206,14207,14211,14212,14213,14218,14219,14000,14001,14002,14003,14004,14005,14006,48005,48006,48007,48008,48009,48010,48011,62077,62078,62079,62080,62081,13328,13827,13828,13329,13330,13331,13332,13829,13830,13831,13832,13833,13834,13835,13836,13837,13838,13839,13840,13841,13842,13843,13877,13879,13333,13334,13335,13338,13339,13340,13341,13342,13865,13864,13866,13351,13352,13353,13858,13859,13860,13861,13862,13863,13354,48160,48161,56953,56954,13869,13870,13871,13872,49605,49606,49607,49608,49609,49610,13363,13364,13365,13366,13367,13368,13369,13878,13880,50110,50848,62441,62442,62444,62446,62443,62445,48431,48432,62377],"class_list":{"0":"post-70296338","1":"product","2":"type-product","3":"status-publish","4":"has-post-thumbnail","6":"product_cat-sambia","7":"product_tag-1970er-jahre","8":"product_tag-20-jahrhundert-nach-chr","9":"product_tag-20-jh-n-chr","10":"product_tag-20-jahrhundert","11":"product_tag-20-jh","12":"product_tag-70er","13":"product_tag-abt_011","14":"product_tag-abzug","15":"product_tag-afrika","16":"product_tag-afrikaner","17":"product_tag-afrikanisch","18":"product_tag-afrikanische","19":"product_tag-afrikanischen","20":"product_tag-afrikanischer","21":"product_tag-afrikanisches","22":"product_tag-afrikas","23":"product_tag-arbeitersiedlung","24":"product_tag-arbeitersiedlungen","25":"product_tag-at_sambia","26":"product_tag-aussen","27":"product_tag-bauten","28":"product_tag-bauwerk","29":"product_tag-bauwerke","30":"product_tag-begruessen","31":"product_tag-begruessung","32":"product_tag-bildnis","33":"product_tag-bildnisse","34":"product_tag-deutsch","35":"product_tag-deutsche","36":"product_tag-deutschen","37":"product_tag-deutscher","38":"product_tag-deutsches","39":"product_tag-dorf","40":"product_tag-dorfe","41":"product_tag-doerfer","42":"product_tag-dorfes","43":"product_tag-draussen","44":"product_tag-dunkelhaeutiger","45":"product_tag-farbige","46":"product_tag-farbigen","47":"product_tag-farbiger","48":"product_tag-farbiges","49":"product_tag-foto","50":"product_tag-fotoabzug","51":"product_tag-fotoabzuege","52":"product_tag-fotografie","53":"product_tag-fotografien","54":"product_tag-fotografin","55":"product_tag-fotografinnen","56":"product_tag-gebaeude","57":"product_tag-geste","58":"product_tag-gesten","59":"product_tag-gestik","60":"product_tag-gestikulation","61":"product_tag-gestikulieren","62":"product_tag-gestikulierend","63":"product_tag-gestikulierende","64":"product_tag-gestikulierenden","65":"product_tag-gestikulierender","66":"product_tag-gestikulierendes","67":"product_tag-gestikuliert","68":"product_tag-graffiti","69":"product_tag-graffito","70":"product_tag-gruppenbild","71":"product_tag-gruppenbilder","72":"product_tag-gruppenportrait","73":"product_tag-gruppenportraits","74":"product_tag-gruppenportraet","75":"product_tag-gruppenportraets","76":"product_tag-gruessen","77":"product_tag-gruessend","78":"product_tag-gruessende","79":"product_tag-gruessenden","80":"product_tag-gruessender","81":"product_tag-gruessendes","82":"product_tag-im-freien","83":"product_tag-kind","84":"product_tag-kinde","85":"product_tag-kinder","86":"product_tag-kindergruppe","87":"product_tag-kindergruppen","88":"product_tag-kindern","89":"product_tag-kindes","90":"product_tag-kindheit","91":"product_tag-laecheln","92":"product_tag-laechelnd","93":"product_tag-laechelnde","94":"product_tag-laechelnden","95":"product_tag-laechelnder","96":"product_tag-laechelndes","97":"product_tag-laechelt","98":"product_tag-lachen","99":"product_tag-lachend","100":"product_tag-lachende","101":"product_tag-lachendem","102":"product_tag-lachenden","103":"product_tag-lachender","104":"product_tag-lachendes","105":"product_tag-mine","106":"product_tag-minen","107":"product_tag-minenarbeiter","108":"product_tag-minenarbeitern","109":"product_tag-minenarbeiters","110":"product_tag-photo","111":"product_tag-photoabzug","112":"product_tag-photoabzuege","113":"product_tag-photographie","114":"product_tag-photographien","115":"product_tag-photographin","116":"product_tag-photographinnen","117":"product_tag-portrait","118":"product_tag-portraitaufnahme","119":"product_tag-portraitfoto","120":"product_tag-portraitfotografie","121":"product_tag-portraitphoto","122":"product_tag-portraitphotographie","123":"product_tag-portraits","124":"product_tag-portraet","125":"product_tag-portraetaufnahme","126":"product_tag-portraetfoto","127":"product_tag-portraetfotografie","128":"product_tag-portraetphoto","129":"product_tag-portraetphotographie","130":"product_tag-portraets","131":"product_tag-print","132":"product_tag-s-w-fotografie","133":"product_tag-s-w-photographie","134":"product_tag-sambia","135":"product_tag-sambias","136":"product_tag-sambier","137":"product_tag-sambisch","138":"product_tag-sambische","139":"product_tag-sambischem","140":"product_tag-sambischen","141":"product_tag-sambischer","142":"product_tag-schwarzweissphotographie","143":"product_tag-schwarz-weiss-fotografie","144":"product_tag-schwarz-weiss-photographie","145":"product_tag-schwarze","146":"product_tag-schwarzen","147":"product_tag-schwarzer","148":"product_tag-schwarzweiss","149":"product_tag-schwarzweisse","150":"product_tag-schwarzweissen","151":"product_tag-schwarzweisser","152":"product_tag-schwarzweisses","153":"product_tag-schwarzweissfotografie","154":"product_tag-siebziger","155":"product_tag-siedlung","156":"product_tag-siedlungen","157":"product_tag-siegergeste","158":"product_tag-siegesgeste","159":"product_tag-silbergelatine","160":"product_tag-silbergelatineabzug","161":"product_tag-silbergelatineabzuege","162":"product_tag-silbergelatineprint","163":"product_tag-spielen","164":"product_tag-spielend","165":"product_tag-spielende","166":"product_tag-spielenden","167":"product_tag-spielender","168":"product_tag-spielendes","169":"product_tag-suedafrika","170":"product_tag-suedafrikanisch","171":"product_tag-suedafrikanische","172":"product_tag-suedafrikanischen","173":"product_tag-suedafrikanischer","174":"product_tag-suedafrikanisches","175":"product_tag-suedafrikas","176":"product_tag-sw-fotografie","177":"product_tag-sw-photographie","178":"product_tag-toben","179":"product_tag-tobend","180":"product_tag-tobende","181":"product_tag-victory","182":"product_tag-victory-geste","183":"product_tag-victory-zeichen","184":"product_tag-victorygeste","185":"product_tag-victoryzeichen","186":"product_tag-wohnsiedlung","187":"product_tag-wohnsiedlungen","188":"product_tag-zambia","189":"pa_datierung-oktober-1974","190":"pa_fotograf-abisag-tuellmann","191":"pa_geografischer_bezug-aufnahmeort-kitwe-sambia","192":"pa_grunddaten_material_technik-foto-silbergelatine-auf-barytpapier","193":"pa_inventarnummer-tue-74-229-08a","194":"pa_jahr_von-51802","195":"pa_massangaben-bildformat-foto-233-x-305-cm","196":"pa_mediennummer-62439","197":"pa_objekt_typ-fotografie","199":"first","200":"instock","201":"product-type-simple"},"yoast_head":"<!-- This site is optimized with the Yoast SEO plugin v27.4 - https:\/\/yoast.com\/product\/yoast-seo-wordpress\/ -->\n<title>Kinder in einer Siedlung f\u00fcr Minenarbeiter in Kitwe, Sambia - Abisag T\u00fcllmann<\/title>\n<meta name=\"robots\" content=\"index, follow, max-snippet:-1, max-image-preview:large, max-video-preview:-1\" \/>\n<link rel=\"canonical\" href=\"https:\/\/bpk-archive.de\/tuellmann\/produkt\/kinder-in-einer-siedlung-fuer-minenarbeiter-in-kitwe-sambia\/\" \/>\n<meta property=\"og:locale\" content=\"de_DE\" \/>\n<meta property=\"og:type\" content=\"article\" \/>\n<meta property=\"og:title\" content=\"Kinder in einer Siedlung f\u00fcr Minenarbeiter in Kitwe, Sambia - Abisag T\u00fcllmann\" \/>\n<meta property=\"og:description\" content=\"R\u00fcckseitenbeschriftung von Hand der Fotografin: &#8222;Zambia&#8220;\" \/>\n<meta property=\"og:url\" content=\"https:\/\/bpk-archive.de\/tuellmann\/produkt\/kinder-in-einer-siedlung-fuer-minenarbeiter-in-kitwe-sambia\/\" \/>\n<meta property=\"og:site_name\" content=\"Abisag T\u00fcllmann\" \/>\n<meta property=\"article:modified_time\" content=\"2020-08-11T15:01:06+00:00\" \/>\n<meta property=\"og:image\" content=\"https:\/\/bpk-archive.de\/tuellmann\/wp-content\/uploads\/2019\/08\/bpk_70243181.jpg\" \/>\n\t<meta property=\"og:image:width\" content=\"1200\" \/>\n\t<meta property=\"og:image:height\" content=\"929\" \/>\n\t<meta property=\"og:image:type\" content=\"image\/jpeg\" \/>\n<meta name=\"twitter:card\" content=\"summary_large_image\" \/>\n<script type=\"application\/ld+json\" class=\"yoast-schema-graph\">{\"@context\":\"https:\\\/\\\/schema.org\",\"@graph\":[{\"@type\":\"WebPage\",\"@id\":\"https:\\\/\\\/bpk-archive.de\\\/tuellmann\\\/produkt\\\/kinder-in-einer-siedlung-fuer-minenarbeiter-in-kitwe-sambia\\\/\",\"url\":\"https:\\\/\\\/bpk-archive.de\\\/tuellmann\\\/produkt\\\/kinder-in-einer-siedlung-fuer-minenarbeiter-in-kitwe-sambia\\\/\",\"name\":\"Kinder in einer Siedlung f\u00fcr Minenarbeiter in Kitwe, Sambia - Abisag T\u00fcllmann\",\"isPartOf\":{\"@id\":\"https:\\\/\\\/bpk-archive.de\\\/tuellmann\\\/#website\"},\"primaryImageOfPage\":{\"@id\":\"https:\\\/\\\/bpk-archive.de\\\/tuellmann\\\/produkt\\\/kinder-in-einer-siedlung-fuer-minenarbeiter-in-kitwe-sambia\\\/#primaryimage\"},\"image\":{\"@id\":\"https:\\\/\\\/bpk-archive.de\\\/tuellmann\\\/produkt\\\/kinder-in-einer-siedlung-fuer-minenarbeiter-in-kitwe-sambia\\\/#primaryimage\"},\"thumbnailUrl\":\"https:\\\/\\\/bpk-archive.de\\\/tuellmann\\\/wp-content\\\/uploads\\\/2019\\\/08\\\/bpk_70243181.jpg\",\"datePublished\":\"2019-09-05T13:59:00+00:00\",\"dateModified\":\"2020-08-11T15:01:06+00:00\",\"breadcrumb\":{\"@id\":\"https:\\\/\\\/bpk-archive.de\\\/tuellmann\\\/produkt\\\/kinder-in-einer-siedlung-fuer-minenarbeiter-in-kitwe-sambia\\\/#breadcrumb\"},\"inLanguage\":\"de\",\"potentialAction\":[{\"@type\":\"ReadAction\",\"target\":[\"https:\\\/\\\/bpk-archive.de\\\/tuellmann\\\/produkt\\\/kinder-in-einer-siedlung-fuer-minenarbeiter-in-kitwe-sambia\\\/\"]}]},{\"@type\":\"ImageObject\",\"inLanguage\":\"de\",\"@id\":\"https:\\\/\\\/bpk-archive.de\\\/tuellmann\\\/produkt\\\/kinder-in-einer-siedlung-fuer-minenarbeiter-in-kitwe-sambia\\\/#primaryimage\",\"url\":\"https:\\\/\\\/bpk-archive.de\\\/tuellmann\\\/wp-content\\\/uploads\\\/2019\\\/08\\\/bpk_70243181.jpg\",\"contentUrl\":\"https:\\\/\\\/bpk-archive.de\\\/tuellmann\\\/wp-content\\\/uploads\\\/2019\\\/08\\\/bpk_70243181.jpg\",\"width\":1200,\"height\":929,\"caption\":\"Kinder in einer Siedlung f\u00fcr Minenarbeiter in Kitwe, Sambia\"},{\"@type\":\"BreadcrumbList\",\"@id\":\"https:\\\/\\\/bpk-archive.de\\\/tuellmann\\\/produkt\\\/kinder-in-einer-siedlung-fuer-minenarbeiter-in-kitwe-sambia\\\/#breadcrumb\",\"itemListElement\":[{\"@type\":\"ListItem\",\"position\":1,\"name\":\"Startseite\",\"item\":\"https:\\\/\\\/bpk-archive.de\\\/tuellmann\\\/\"},{\"@type\":\"ListItem\",\"position\":2,\"name\":\"Shop\",\"item\":\"https:\\\/\\\/bpk-archive.de\\\/tuellmann\\\/shop\\\/\"},{\"@type\":\"ListItem\",\"position\":3,\"name\":\"Kinder in einer Siedlung f\u00fcr Minenarbeiter in Kitwe, Sambia\"}]},{\"@type\":\"WebSite\",\"@id\":\"https:\\\/\\\/bpk-archive.de\\\/tuellmann\\\/#website\",\"url\":\"https:\\\/\\\/bpk-archive.de\\\/tuellmann\\\/\",\"name\":\"Abisag T\u00fcllmann\",\"description\":\"Eine weitere WordPress-Website\",\"potentialAction\":[{\"@type\":\"SearchAction\",\"target\":{\"@type\":\"EntryPoint\",\"urlTemplate\":\"https:\\\/\\\/bpk-archive.de\\\/tuellmann\\\/?s={search_term_string}\"},\"query-input\":{\"@type\":\"PropertyValueSpecification\",\"valueRequired\":true,\"valueName\":\"search_term_string\"}}],\"inLanguage\":\"de\"}]}<\/script>\n<!-- \/ Yoast SEO plugin. -->","yoast_head_json":{"title":"Kinder in einer Siedlung f\u00fcr Minenarbeiter in Kitwe, Sambia - Abisag T\u00fcllmann","robots":{"index":"index","follow":"follow","max-snippet":"max-snippet:-1","max-image-preview":"max-image-preview:large","max-video-preview":"max-video-preview:-1"},"canonical":"https:\/\/bpk-archive.de\/tuellmann\/produkt\/kinder-in-einer-siedlung-fuer-minenarbeiter-in-kitwe-sambia\/","og_locale":"de_DE","og_type":"article","og_title":"Kinder in einer Siedlung f\u00fcr Minenarbeiter in Kitwe, Sambia - Abisag T\u00fcllmann","og_description":"R\u00fcckseitenbeschriftung von Hand der Fotografin: &#8222;Zambia&#8220;","og_url":"https:\/\/bpk-archive.de\/tuellmann\/produkt\/kinder-in-einer-siedlung-fuer-minenarbeiter-in-kitwe-sambia\/","og_site_name":"Abisag T\u00fcllmann","article_modified_time":"2020-08-11T15:01:06+00:00","og_image":[{"width":1200,"height":929,"url":"https:\/\/bpk-archive.de\/tuellmann\/wp-content\/uploads\/2019\/08\/bpk_70243181.jpg","type":"image\/jpeg"}],"twitter_card":"summary_large_image","schema":{"@context":"https:\/\/schema.org","@graph":[{"@type":"WebPage","@id":"https:\/\/bpk-archive.de\/tuellmann\/produkt\/kinder-in-einer-siedlung-fuer-minenarbeiter-in-kitwe-sambia\/","url":"https:\/\/bpk-archive.de\/tuellmann\/produkt\/kinder-in-einer-siedlung-fuer-minenarbeiter-in-kitwe-sambia\/","name":"Kinder in einer Siedlung f\u00fcr Minenarbeiter in Kitwe, Sambia - Abisag T\u00fcllmann","isPartOf":{"@id":"https:\/\/bpk-archive.de\/tuellmann\/#website"},"primaryImageOfPage":{"@id":"https:\/\/bpk-archive.de\/tuellmann\/produkt\/kinder-in-einer-siedlung-fuer-minenarbeiter-in-kitwe-sambia\/#primaryimage"},"image":{"@id":"https:\/\/bpk-archive.de\/tuellmann\/produkt\/kinder-in-einer-siedlung-fuer-minenarbeiter-in-kitwe-sambia\/#primaryimage"},"thumbnailUrl":"https:\/\/bpk-archive.de\/tuellmann\/wp-content\/uploads\/2019\/08\/bpk_70243181.jpg","datePublished":"2019-09-05T13:59:00+00:00","dateModified":"2020-08-11T15:01:06+00:00","breadcrumb":{"@id":"https:\/\/bpk-archive.de\/tuellmann\/produkt\/kinder-in-einer-siedlung-fuer-minenarbeiter-in-kitwe-sambia\/#breadcrumb"},"inLanguage":"de","potentialAction":[{"@type":"ReadAction","target":["https:\/\/bpk-archive.de\/tuellmann\/produkt\/kinder-in-einer-siedlung-fuer-minenarbeiter-in-kitwe-sambia\/"]}]},{"@type":"ImageObject","inLanguage":"de","@id":"https:\/\/bpk-archive.de\/tuellmann\/produkt\/kinder-in-einer-siedlung-fuer-minenarbeiter-in-kitwe-sambia\/#primaryimage","url":"https:\/\/bpk-archive.de\/tuellmann\/wp-content\/uploads\/2019\/08\/bpk_70243181.jpg","contentUrl":"https:\/\/bpk-archive.de\/tuellmann\/wp-content\/uploads\/2019\/08\/bpk_70243181.jpg","width":1200,"height":929,"caption":"Kinder in einer Siedlung f\u00fcr Minenarbeiter in Kitwe, Sambia"},{"@type":"BreadcrumbList","@id":"https:\/\/bpk-archive.de\/tuellmann\/produkt\/kinder-in-einer-siedlung-fuer-minenarbeiter-in-kitwe-sambia\/#breadcrumb","itemListElement":[{"@type":"ListItem","position":1,"name":"Startseite","item":"https:\/\/bpk-archive.de\/tuellmann\/"},{"@type":"ListItem","position":2,"name":"Shop","item":"https:\/\/bpk-archive.de\/tuellmann\/shop\/"},{"@type":"ListItem","position":3,"name":"Kinder in einer Siedlung f\u00fcr Minenarbeiter in Kitwe, Sambia"}]},{"@type":"WebSite","@id":"https:\/\/bpk-archive.de\/tuellmann\/#website","url":"https:\/\/bpk-archive.de\/tuellmann\/","name":"Abisag T\u00fcllmann","description":"Eine weitere WordPress-Website","potentialAction":[{"@type":"SearchAction","target":{"@type":"EntryPoint","urlTemplate":"https:\/\/bpk-archive.de\/tuellmann\/?s={search_term_string}"},"query-input":{"@type":"PropertyValueSpecification","valueRequired":true,"valueName":"search_term_string"}}],"inLanguage":"de"}]}},"_links":{"self":[{"href":"https:\/\/bpk-archive.de\/tuellmann\/wp-json\/wp\/v2\/product\/70296338","targetHints":{"allow":["GET"]}}],"collection":[{"href":"https:\/\/bpk-archive.de\/tuellmann\/wp-json\/wp\/v2\/product"}],"about":[{"href":"https:\/\/bpk-archive.de\/tuellmann\/wp-json\/wp\/v2\/types\/product"}],"wp:featuredmedia":[{"embeddable":true,"href":"https:\/\/bpk-archive.de\/tuellmann\/wp-json\/wp\/v2\/media\/70292553"}],"wp:attachment":[{"href":"https:\/\/bpk-archive.de\/tuellmann\/wp-json\/wp\/v2\/media?parent=70296338"}],"wp:term":[{"taxonomy":"product_brand","embeddable":true,"href":"https:\/\/bpk-archive.de\/tuellmann\/wp-json\/wp\/v2\/product_brand?post=70296338"},{"taxonomy":"product_cat","embeddable":true,"href":"https:\/\/bpk-archive.de\/tuellmann\/wp-json\/wp\/v2\/product_cat?post=70296338"},{"taxonomy":"product_tag","embeddable":true,"href":"https:\/\/bpk-archive.de\/tuellmann\/wp-json\/wp\/v2\/product_tag?post=70296338"}],"curies":[{"name":"wp","href":"https:\/\/api.w.org\/{rel}","templated":true}]}}