{"id":70295918,"date":"2019-09-05T15:23:36","date_gmt":"2019-09-05T13:23:36","guid":{"rendered":"http:\/\/abisagtuellmann.bpk-news.de\/atbild\/veranstaltung-radikale-traeumer-im-frankfurter-roemer-u-a-mit-joschka-fischer-peter-schneider-oskar-negt\/"},"modified":"2019-09-05T15:23:39","modified_gmt":"2019-09-05T13:23:39","slug":"veranstaltung-radikale-traeumer-im-frankfurter-roemer-u-a-mit-joschka-fischer-peter-schneider-oskar-negt","status":"publish","type":"product","link":"https:\/\/bpk-archive.de\/tuellmann\/produkt\/veranstaltung-radikale-traeumer-im-frankfurter-roemer-u-a-mit-joschka-fischer-peter-schneider-oskar-negt\/","title":{"rendered":"Veranstaltung &#8222;Radikale Tr\u00e4umer&#8220; im Frankfurter R\u00f6mer, u.a. mit Joschka Fischer, Peter Schneider, Oskar Negt"},"content":{"rendered":"","protected":false},"excerpt":{"rendered":"","protected":false},"featured_media":70294256,"template":"","meta":[],"product_brand":[],"product_cat":[],"product_tag":[14308,13232,13234,13231,13233,14309,52727,52728,52729,52730,52731,52732,13784,13785,13469,13470,13253,13254,13255,13256,13257,13471,13472,13258,13259,14062,14063,13473,13262,13263,13264,13265,13266,13267,13272,13273,13293,13294,13295,13296,13297,13485,13486,13482,13481,13483,13484,13492,13493,13494,13495,13496,13497,13498,13818,13819,13820,13821,13822,13823,13824,13825,13826,14071,14072,14328,47899,47900,58998,13328,13329,13330,13331,13332,51073,48322,47901,47902,58713,13829,13835,13836,13842,49066,49067,49068,49070,58999,52738,52739,52740,52741,52742,14243,14244,14245,14246,14247,14248,14249,49006,13370,13371,13375,13376,13525],"class_list":{"0":"post-70295918","1":"product","2":"type-product","3":"status-publish","4":"has-post-thumbnail","6":"product_tag-1990er-jahre","7":"product_tag-20-jahrhundert-nach-chr","8":"product_tag-20-jh-n-chr","9":"product_tag-20-jahrhundert","10":"product_tag-20-jh","11":"product_tag-90er","12":"product_tag-autor","13":"product_tag-autoren","14":"product_tag-autorenportrait","15":"product_tag-autorenportraits","16":"product_tag-autorenportraet","17":"product_tag-autorenportraets","18":"product_tag-bildnis","19":"product_tag-bildnisse","20":"product_tag-brd","21":"product_tag-bundesrepublik-deutschland","22":"product_tag-deutsch","23":"product_tag-deutsche","24":"product_tag-deutschen","25":"product_tag-deutscher","26":"product_tag-deutsches","27":"product_tag-deutschland","28":"product_tag-deutschlands","29":"product_tag-dia","30":"product_tag-diapositiv","31":"product_tag-diskussion","32":"product_tag-diskussionen","33":"product_tag-drinnen","34":"product_tag-farbdia","35":"product_tag-farbdiapositiv","36":"product_tag-farbe","37":"product_tag-farben","38":"product_tag-farbfoto","39":"product_tag-farbfotografie","40":"product_tag-farbphoto","41":"product_tag-farbphotographie","42":"product_tag-foto","43":"product_tag-fotografie","44":"product_tag-fotografien","45":"product_tag-fotografin","46":"product_tag-fotografinnen","47":"product_tag-frankfurt-m","48":"product_tag-frankfurt-main","49":"product_tag-frankfurt-a-main","50":"product_tag-frankfurt-a-m","51":"product_tag-frankfurt-am-main","52":"product_tag-frankfurter","53":"product_tag-hessen","54":"product_tag-hessisch","55":"product_tag-hessische","56":"product_tag-hessischen","57":"product_tag-hessischer","58":"product_tag-hessisches","59":"product_tag-innen","60":"product_tag-mann","61":"product_tag-maenner","62":"product_tag-maennerbildnis","63":"product_tag-maennerbildnisse","64":"product_tag-maennerportrait","65":"product_tag-maennerportraits","66":"product_tag-maennerportraet","67":"product_tag-maennerportraets","68":"product_tag-mannes","69":"product_tag-mikrofon","70":"product_tag-mikrophon","71":"product_tag-neunziger","72":"product_tag-persoenlichkeit","73":"product_tag-persoenlichkeiten","74":"product_tag-peter","75":"product_tag-photo","76":"product_tag-photographie","77":"product_tag-photographien","78":"product_tag-photographin","79":"product_tag-photographinnen","80":"product_tag-podium","81":"product_tag-politik","82":"product_tag-politiker","83":"product_tag-politikers","84":"product_tag-politikveranstaltung","85":"product_tag-portrait","86":"product_tag-portraits","87":"product_tag-portraet","88":"product_tag-portraets","89":"product_tag-redner","90":"product_tag-rednerpose","91":"product_tag-rednerposen","92":"product_tag-redners","93":"product_tag-schneider","94":"product_tag-schriftsteller","95":"product_tag-schriftstellerportrait","96":"product_tag-schriftstellerportraits","97":"product_tag-schriftstellerportraet","98":"product_tag-schriftstellerportraets","99":"product_tag-sitzen","100":"product_tag-sitzend","101":"product_tag-sitzende","102":"product_tag-sitzenden","103":"product_tag-sitzender","104":"product_tag-sitzendes","105":"product_tag-sitzt","106":"product_tag-sprechen","107":"product_tag-tribuene","108":"product_tag-tribuenen","109":"product_tag-veranstaltung","110":"product_tag-veranstaltungen","111":"product_tag-von-innen","112":"pa_datierung-25653","113":"pa_fotograf-abisag-tuellmann","114":"pa_geografischer_bezug-aufnahmeort-frankfurt-am-main-deutschland","115":"pa_grunddaten_material_technik-foto-farbdia","116":"pa_interne_nummer-at_d_930307_6","117":"pa_inventarnummer-tue_f93-03-07-06","118":"pa_jahr_bis-58709","119":"pa_mediennummer-58995","120":"pa_objekt_typ-fotografie","122":"first","123":"instock","124":"product-type-simple"},"yoast_head":"<!-- This site is optimized with the Yoast SEO plugin v27.4 - https:\/\/yoast.com\/product\/yoast-seo-wordpress\/ -->\n<title>Veranstaltung &quot;Radikale Tr\u00e4umer&quot; im Frankfurter R\u00f6mer, u.a. mit Joschka Fischer, Peter Schneider, Oskar Negt - Abisag T\u00fcllmann<\/title>\n<meta name=\"robots\" content=\"index, follow, max-snippet:-1, max-image-preview:large, max-video-preview:-1\" \/>\n<link rel=\"canonical\" href=\"https:\/\/bpk-archive.de\/tuellmann\/produkt\/veranstaltung-radikale-traeumer-im-frankfurter-roemer-u-a-mit-joschka-fischer-peter-schneider-oskar-negt\/\" \/>\n<meta property=\"og:locale\" content=\"de_DE\" \/>\n<meta property=\"og:type\" content=\"article\" \/>\n<meta property=\"og:title\" content=\"Veranstaltung &quot;Radikale Tr\u00e4umer&quot; im Frankfurter R\u00f6mer, u.a. mit Joschka Fischer, Peter Schneider, Oskar Negt - Abisag T\u00fcllmann\" \/>\n<meta property=\"og:url\" content=\"https:\/\/bpk-archive.de\/tuellmann\/produkt\/veranstaltung-radikale-traeumer-im-frankfurter-roemer-u-a-mit-joschka-fischer-peter-schneider-oskar-negt\/\" \/>\n<meta property=\"og:site_name\" content=\"Abisag T\u00fcllmann\" \/>\n<meta property=\"article:modified_time\" content=\"2019-09-05T13:23:39+00:00\" \/>\n<meta property=\"og:image\" content=\"https:\/\/bpk-archive.de\/tuellmann\/wp-content\/uploads\/2019\/08\/bpk_70371670.jpg\" \/>\n\t<meta property=\"og:image:width\" content=\"1200\" \/>\n\t<meta property=\"og:image:height\" content=\"811\" \/>\n\t<meta property=\"og:image:type\" content=\"image\/jpeg\" \/>\n<meta name=\"twitter:card\" content=\"summary_large_image\" \/>\n<script type=\"application\/ld+json\" class=\"yoast-schema-graph\">{\"@context\":\"https:\\\/\\\/schema.org\",\"@graph\":[{\"@type\":\"WebPage\",\"@id\":\"https:\\\/\\\/bpk-archive.de\\\/tuellmann\\\/produkt\\\/veranstaltung-radikale-traeumer-im-frankfurter-roemer-u-a-mit-joschka-fischer-peter-schneider-oskar-negt\\\/\",\"url\":\"https:\\\/\\\/bpk-archive.de\\\/tuellmann\\\/produkt\\\/veranstaltung-radikale-traeumer-im-frankfurter-roemer-u-a-mit-joschka-fischer-peter-schneider-oskar-negt\\\/\",\"name\":\"Veranstaltung \\\"Radikale Tr\u00e4umer\\\" im Frankfurter R\u00f6mer, u.a. mit Joschka Fischer, Peter Schneider, Oskar Negt - Abisag T\u00fcllmann\",\"isPartOf\":{\"@id\":\"https:\\\/\\\/bpk-archive.de\\\/tuellmann\\\/#website\"},\"primaryImageOfPage\":{\"@id\":\"https:\\\/\\\/bpk-archive.de\\\/tuellmann\\\/produkt\\\/veranstaltung-radikale-traeumer-im-frankfurter-roemer-u-a-mit-joschka-fischer-peter-schneider-oskar-negt\\\/#primaryimage\"},\"image\":{\"@id\":\"https:\\\/\\\/bpk-archive.de\\\/tuellmann\\\/produkt\\\/veranstaltung-radikale-traeumer-im-frankfurter-roemer-u-a-mit-joschka-fischer-peter-schneider-oskar-negt\\\/#primaryimage\"},\"thumbnailUrl\":\"https:\\\/\\\/bpk-archive.de\\\/tuellmann\\\/wp-content\\\/uploads\\\/2019\\\/08\\\/bpk_70371670.jpg\",\"datePublished\":\"2019-09-05T13:23:36+00:00\",\"dateModified\":\"2019-09-05T13:23:39+00:00\",\"breadcrumb\":{\"@id\":\"https:\\\/\\\/bpk-archive.de\\\/tuellmann\\\/produkt\\\/veranstaltung-radikale-traeumer-im-frankfurter-roemer-u-a-mit-joschka-fischer-peter-schneider-oskar-negt\\\/#breadcrumb\"},\"inLanguage\":\"de\",\"potentialAction\":[{\"@type\":\"ReadAction\",\"target\":[\"https:\\\/\\\/bpk-archive.de\\\/tuellmann\\\/produkt\\\/veranstaltung-radikale-traeumer-im-frankfurter-roemer-u-a-mit-joschka-fischer-peter-schneider-oskar-negt\\\/\"]}]},{\"@type\":\"ImageObject\",\"inLanguage\":\"de\",\"@id\":\"https:\\\/\\\/bpk-archive.de\\\/tuellmann\\\/produkt\\\/veranstaltung-radikale-traeumer-im-frankfurter-roemer-u-a-mit-joschka-fischer-peter-schneider-oskar-negt\\\/#primaryimage\",\"url\":\"https:\\\/\\\/bpk-archive.de\\\/tuellmann\\\/wp-content\\\/uploads\\\/2019\\\/08\\\/bpk_70371670.jpg\",\"contentUrl\":\"https:\\\/\\\/bpk-archive.de\\\/tuellmann\\\/wp-content\\\/uploads\\\/2019\\\/08\\\/bpk_70371670.jpg\",\"width\":1200,\"height\":811,\"caption\":\"Veranstaltung \\\"Radikale Tr\u00e4umer\\\" im Frankfurter R\u00f6mer, u.a. mit Joschka Fischer, Peter Schneider, Oskar Negt\"},{\"@type\":\"BreadcrumbList\",\"@id\":\"https:\\\/\\\/bpk-archive.de\\\/tuellmann\\\/produkt\\\/veranstaltung-radikale-traeumer-im-frankfurter-roemer-u-a-mit-joschka-fischer-peter-schneider-oskar-negt\\\/#breadcrumb\",\"itemListElement\":[{\"@type\":\"ListItem\",\"position\":1,\"name\":\"Startseite\",\"item\":\"https:\\\/\\\/bpk-archive.de\\\/tuellmann\\\/\"},{\"@type\":\"ListItem\",\"position\":2,\"name\":\"Shop\",\"item\":\"https:\\\/\\\/bpk-archive.de\\\/tuellmann\\\/shop\\\/\"},{\"@type\":\"ListItem\",\"position\":3,\"name\":\"Veranstaltung &#8220;Radikale Tr\u00e4umer&#8221; im Frankfurter R\u00f6mer, u.a. mit Joschka Fischer, Peter Schneider, Oskar Negt\"}]},{\"@type\":\"WebSite\",\"@id\":\"https:\\\/\\\/bpk-archive.de\\\/tuellmann\\\/#website\",\"url\":\"https:\\\/\\\/bpk-archive.de\\\/tuellmann\\\/\",\"name\":\"Abisag T\u00fcllmann\",\"description\":\"Eine weitere WordPress-Website\",\"potentialAction\":[{\"@type\":\"SearchAction\",\"target\":{\"@type\":\"EntryPoint\",\"urlTemplate\":\"https:\\\/\\\/bpk-archive.de\\\/tuellmann\\\/?s={search_term_string}\"},\"query-input\":{\"@type\":\"PropertyValueSpecification\",\"valueRequired\":true,\"valueName\":\"search_term_string\"}}],\"inLanguage\":\"de\"}]}<\/script>\n<!-- \/ Yoast SEO plugin. -->","yoast_head_json":{"title":"Veranstaltung \"Radikale Tr\u00e4umer\" im Frankfurter R\u00f6mer, u.a. mit Joschka Fischer, Peter Schneider, Oskar Negt - Abisag T\u00fcllmann","robots":{"index":"index","follow":"follow","max-snippet":"max-snippet:-1","max-image-preview":"max-image-preview:large","max-video-preview":"max-video-preview:-1"},"canonical":"https:\/\/bpk-archive.de\/tuellmann\/produkt\/veranstaltung-radikale-traeumer-im-frankfurter-roemer-u-a-mit-joschka-fischer-peter-schneider-oskar-negt\/","og_locale":"de_DE","og_type":"article","og_title":"Veranstaltung \"Radikale Tr\u00e4umer\" im Frankfurter R\u00f6mer, u.a. mit Joschka Fischer, Peter Schneider, Oskar Negt - Abisag T\u00fcllmann","og_url":"https:\/\/bpk-archive.de\/tuellmann\/produkt\/veranstaltung-radikale-traeumer-im-frankfurter-roemer-u-a-mit-joschka-fischer-peter-schneider-oskar-negt\/","og_site_name":"Abisag T\u00fcllmann","article_modified_time":"2019-09-05T13:23:39+00:00","og_image":[{"width":1200,"height":811,"url":"https:\/\/bpk-archive.de\/tuellmann\/wp-content\/uploads\/2019\/08\/bpk_70371670.jpg","type":"image\/jpeg"}],"twitter_card":"summary_large_image","schema":{"@context":"https:\/\/schema.org","@graph":[{"@type":"WebPage","@id":"https:\/\/bpk-archive.de\/tuellmann\/produkt\/veranstaltung-radikale-traeumer-im-frankfurter-roemer-u-a-mit-joschka-fischer-peter-schneider-oskar-negt\/","url":"https:\/\/bpk-archive.de\/tuellmann\/produkt\/veranstaltung-radikale-traeumer-im-frankfurter-roemer-u-a-mit-joschka-fischer-peter-schneider-oskar-negt\/","name":"Veranstaltung \"Radikale Tr\u00e4umer\" im Frankfurter R\u00f6mer, u.a. mit Joschka Fischer, Peter Schneider, Oskar Negt - Abisag T\u00fcllmann","isPartOf":{"@id":"https:\/\/bpk-archive.de\/tuellmann\/#website"},"primaryImageOfPage":{"@id":"https:\/\/bpk-archive.de\/tuellmann\/produkt\/veranstaltung-radikale-traeumer-im-frankfurter-roemer-u-a-mit-joschka-fischer-peter-schneider-oskar-negt\/#primaryimage"},"image":{"@id":"https:\/\/bpk-archive.de\/tuellmann\/produkt\/veranstaltung-radikale-traeumer-im-frankfurter-roemer-u-a-mit-joschka-fischer-peter-schneider-oskar-negt\/#primaryimage"},"thumbnailUrl":"https:\/\/bpk-archive.de\/tuellmann\/wp-content\/uploads\/2019\/08\/bpk_70371670.jpg","datePublished":"2019-09-05T13:23:36+00:00","dateModified":"2019-09-05T13:23:39+00:00","breadcrumb":{"@id":"https:\/\/bpk-archive.de\/tuellmann\/produkt\/veranstaltung-radikale-traeumer-im-frankfurter-roemer-u-a-mit-joschka-fischer-peter-schneider-oskar-negt\/#breadcrumb"},"inLanguage":"de","potentialAction":[{"@type":"ReadAction","target":["https:\/\/bpk-archive.de\/tuellmann\/produkt\/veranstaltung-radikale-traeumer-im-frankfurter-roemer-u-a-mit-joschka-fischer-peter-schneider-oskar-negt\/"]}]},{"@type":"ImageObject","inLanguage":"de","@id":"https:\/\/bpk-archive.de\/tuellmann\/produkt\/veranstaltung-radikale-traeumer-im-frankfurter-roemer-u-a-mit-joschka-fischer-peter-schneider-oskar-negt\/#primaryimage","url":"https:\/\/bpk-archive.de\/tuellmann\/wp-content\/uploads\/2019\/08\/bpk_70371670.jpg","contentUrl":"https:\/\/bpk-archive.de\/tuellmann\/wp-content\/uploads\/2019\/08\/bpk_70371670.jpg","width":1200,"height":811,"caption":"Veranstaltung \"Radikale Tr\u00e4umer\" im Frankfurter R\u00f6mer, u.a. mit Joschka Fischer, Peter Schneider, Oskar Negt"},{"@type":"BreadcrumbList","@id":"https:\/\/bpk-archive.de\/tuellmann\/produkt\/veranstaltung-radikale-traeumer-im-frankfurter-roemer-u-a-mit-joschka-fischer-peter-schneider-oskar-negt\/#breadcrumb","itemListElement":[{"@type":"ListItem","position":1,"name":"Startseite","item":"https:\/\/bpk-archive.de\/tuellmann\/"},{"@type":"ListItem","position":2,"name":"Shop","item":"https:\/\/bpk-archive.de\/tuellmann\/shop\/"},{"@type":"ListItem","position":3,"name":"Veranstaltung &#8220;Radikale Tr\u00e4umer&#8221; im Frankfurter R\u00f6mer, u.a. mit Joschka Fischer, Peter Schneider, Oskar Negt"}]},{"@type":"WebSite","@id":"https:\/\/bpk-archive.de\/tuellmann\/#website","url":"https:\/\/bpk-archive.de\/tuellmann\/","name":"Abisag T\u00fcllmann","description":"Eine weitere WordPress-Website","potentialAction":[{"@type":"SearchAction","target":{"@type":"EntryPoint","urlTemplate":"https:\/\/bpk-archive.de\/tuellmann\/?s={search_term_string}"},"query-input":{"@type":"PropertyValueSpecification","valueRequired":true,"valueName":"search_term_string"}}],"inLanguage":"de"}]}},"_links":{"self":[{"href":"https:\/\/bpk-archive.de\/tuellmann\/wp-json\/wp\/v2\/product\/70295918","targetHints":{"allow":["GET"]}}],"collection":[{"href":"https:\/\/bpk-archive.de\/tuellmann\/wp-json\/wp\/v2\/product"}],"about":[{"href":"https:\/\/bpk-archive.de\/tuellmann\/wp-json\/wp\/v2\/types\/product"}],"wp:featuredmedia":[{"embeddable":true,"href":"https:\/\/bpk-archive.de\/tuellmann\/wp-json\/wp\/v2\/media\/70294256"}],"wp:attachment":[{"href":"https:\/\/bpk-archive.de\/tuellmann\/wp-json\/wp\/v2\/media?parent=70295918"}],"wp:term":[{"taxonomy":"product_brand","embeddable":true,"href":"https:\/\/bpk-archive.de\/tuellmann\/wp-json\/wp\/v2\/product_brand?post=70295918"},{"taxonomy":"product_cat","embeddable":true,"href":"https:\/\/bpk-archive.de\/tuellmann\/wp-json\/wp\/v2\/product_cat?post=70295918"},{"taxonomy":"product_tag","embeddable":true,"href":"https:\/\/bpk-archive.de\/tuellmann\/wp-json\/wp\/v2\/product_tag?post=70295918"}],"curies":[{"name":"wp","href":"https:\/\/api.w.org\/{rel}","templated":true}]}}