{"id":70295898,"date":"2019-09-05T15:23:21","date_gmt":"2019-09-05T13:23:21","guid":{"rendered":"http:\/\/abisagtuellmann.bpk-news.de\/atbild\/altes-paar-inmitten-von-truemmern-im-palaestinensischen-fluechtlingslager-burj-al-shamali-bei-tyros-libanon\/"},"modified":"2019-09-05T15:23:24","modified_gmt":"2019-09-05T13:23:24","slug":"altes-paar-inmitten-von-truemmern-im-palaestinensischen-fluechtlingslager-burj-al-shamali-bei-tyros-libanon","status":"publish","type":"product","link":"https:\/\/bpk-archive.de\/tuellmann\/produkt\/altes-paar-inmitten-von-truemmern-im-palaestinensischen-fluechtlingslager-burj-al-shamali-bei-tyros-libanon\/","title":{"rendered":"Altes Paar inmitten von Tr\u00fcmmern im pal\u00e4stinensischen Fl\u00fcchtlingslager Burj Al Shamali bei Tyros, Libanon"},"content":{"rendered":"","protected":false},"excerpt":{"rendered":"","protected":false},"featured_media":70294242,"template":"","meta":[],"product_brand":[],"product_cat":[],"product_tag":[47237,13232,13234,13231,13233,47238,47240,47418,47419,47420,47421,47422,47423,47424,13250,47628,47245,47246,47247,47248,47249,47250,47251,47252,47253,47254,47255,47463,14178,14179,47257,47258,47259,13253,13254,13255,13256,13257,13258,13259,13260,47629,47630,47631,47632,47633,47634,47635,47636,47637,47638,47639,47640,47641,47642,47425,47426,13262,13263,13264,13265,13266,13267,13272,13273,47464,47465,47466,47467,47468,47469,47470,47471,47472,47473,47474,47475,47476,47477,47478,47479,14186,14187,14188,14189,14190,14191,47265,47266,14192,14193,14194,13293,13294,13295,13296,13297,47267,13487,13488,47643,47644,47645,47646,47378,47379,47380,47381,47382,47647,47648,47649,47650,47651,47652,47653,47654,47655,47656,13301,47279,47280,47281,47282,47283,47284,13813,13814,14203,14204,47657,47658,14205,14206,14207,14213,14218,14219,14220,14221,47295,47296,47297,47299,47300,14222,47303,47304,47305,47306,47307,47308,47309,13818,13819,13826,47447,47448,47394,47319,47320,47322,47321,14225,14226,14227,14228,47323,14007,14008,47324,47325,47326,47327,47328,47329,47330,47331,14009,13328,13329,13330,13331,13332,47332,47333,47334,47335,47336,47337,47480,47481,47482,47483,47484,47659,47660,47661,47662,47663,47664,47665,47666,47667,47668,47485,47486,47487,47412,47413,47488,47669,47670,47671,47672,47349,47350,47351,47352,47353,47354,47355,47356],"class_list":{"0":"post-70295898","1":"product","2":"type-product","3":"status-publish","4":"has-post-thumbnail","6":"product_tag-1980er-jahre","7":"product_tag-20-jahrhundert-nach-chr","8":"product_tag-20-jh-n-chr","9":"product_tag-20-jahrhundert","10":"product_tag-20-jh","11":"product_tag-80er","12":"product_tag-achtziger","13":"product_tag-alt","14":"product_tag-alte","15":"product_tag-alten","16":"product_tag-alter","17":"product_tag-aeltere","18":"product_tag-aelterer","19":"product_tag-altes","20":"product_tag-aussen","21":"product_tag-bauholz","22":"product_tag-besatzungszeit","23":"product_tag-besatzungszone","24":"product_tag-besatzungszonen","25":"product_tag-besetzen","26":"product_tag-besetzt","27":"product_tag-besetzte","28":"product_tag-besetzten","29":"product_tag-besetzter","30":"product_tag-besetztes","31":"product_tag-besetzung","32":"product_tag-besetzungen","33":"product_tag-brennholz","34":"product_tag-bube","35":"product_tag-buben","36":"product_tag-buergerkrieg","37":"product_tag-buergerkriege","38":"product_tag-buergerkrieges","39":"product_tag-deutsch","40":"product_tag-deutsche","41":"product_tag-deutschen","42":"product_tag-deutscher","43":"product_tag-deutsches","44":"product_tag-dia","45":"product_tag-diapositiv","46":"product_tag-draussen","47":"product_tag-drei","48":"product_tag-ehefrau","49":"product_tag-ehefrauen","50":"product_tag-eheleute","51":"product_tag-ehemann","52":"product_tag-ehemaenner","53":"product_tag-ehepaar","54":"product_tag-ehepaare","55":"product_tag-ehepaares","56":"product_tag-ehepaars","57":"product_tag-eltern","58":"product_tag-enkel","59":"product_tag-enkelkind","60":"product_tag-enkelkinder","61":"product_tag-familie","62":"product_tag-familien","63":"product_tag-farbdia","64":"product_tag-farbdiapositiv","65":"product_tag-farbe","66":"product_tag-farben","67":"product_tag-farbfoto","68":"product_tag-farbfotografie","69":"product_tag-farbphoto","70":"product_tag-farbphotographie","71":"product_tag-feuerholz","72":"product_tag-fliehen","73":"product_tag-fliehend","74":"product_tag-fliehende","75":"product_tag-fliehenden","76":"product_tag-fliehendes","77":"product_tag-fliehener","78":"product_tag-flieht","79":"product_tag-flucht","80":"product_tag-fluechten","81":"product_tag-fluechtend","82":"product_tag-fluechtende","83":"product_tag-fluechtenden","84":"product_tag-fluechtender","85":"product_tag-fluechtendes","86":"product_tag-fluechtet","87":"product_tag-fluechtling","88":"product_tag-fluechtlinge","89":"product_tag-fluechtlingen","90":"product_tag-fluechtlings","91":"product_tag-fluechtlingsheim","92":"product_tag-fluechtlingsheime","93":"product_tag-fluechtlingskind","94":"product_tag-fluechtlingskinder","95":"product_tag-fluechtlingslager","96":"product_tag-fluechtlingsunterkunft","97":"product_tag-fluechtlingsunterkuenfte","98":"product_tag-foto","99":"product_tag-fotografie","100":"product_tag-fotografien","101":"product_tag-fotografin","102":"product_tag-fotografinnen","103":"product_tag-fotoreportage","104":"product_tag-frau","105":"product_tag-frauen","106":"product_tag-gatte","107":"product_tag-gatten","108":"product_tag-gattin","109":"product_tag-gattinnen","110":"product_tag-gehen","111":"product_tag-gehend","112":"product_tag-gehende","113":"product_tag-gehender","114":"product_tag-gehendes","115":"product_tag-gemahl","116":"product_tag-gemahlin","117":"product_tag-gemahlinnen","118":"product_tag-greis","119":"product_tag-greise","120":"product_tag-greises","121":"product_tag-greisin","122":"product_tag-greisinnen","123":"product_tag-grosseltern","124":"product_tag-holz","125":"product_tag-im-freien","126":"product_tag-israel","127":"product_tag-israelisch","128":"product_tag-israelische","129":"product_tag-israelischer","130":"product_tag-israelisches","131":"product_tag-israels","132":"product_tag-junge","133":"product_tag-jungen","134":"product_tag-jungens","135":"product_tag-jungs","136":"product_tag-katastrophe","137":"product_tag-katastrophen","138":"product_tag-kind","139":"product_tag-kinde","140":"product_tag-kinder","141":"product_tag-kindern","142":"product_tag-kindes","143":"product_tag-kindheit","144":"product_tag-knabe","145":"product_tag-knaben","146":"product_tag-krieg","147":"product_tag-kriege","148":"product_tag-krieges","149":"product_tag-kriegszerstoerung","150":"product_tag-kriegszerstoerungen","151":"product_tag-lager","152":"product_tag-libanese","153":"product_tag-libanesisch","154":"product_tag-libanesische","155":"product_tag-libanesischen","156":"product_tag-libanesischer","157":"product_tag-libanesisches","158":"product_tag-libanon","159":"product_tag-mann","160":"product_tag-maenner","161":"product_tag-mannes","162":"product_tag-menschengruppe","163":"product_tag-menschengruppen","164":"product_tag-mutter","165":"product_tag-naher-osten","166":"product_tag-nahost","167":"product_tag-nahost-konflikt","168":"product_tag-nahostkonflikt","169":"product_tag-not","170":"product_tag-noete","171":"product_tag-notlage","172":"product_tag-notlagen","173":"product_tag-okkupation","174":"product_tag-paar","175":"product_tag-paare","176":"product_tag-palaestinenser","177":"product_tag-palaestinenserin","178":"product_tag-palaestinenserinnen","179":"product_tag-palaestinensisch","180":"product_tag-palaestinensische","181":"product_tag-palaestinensischen","182":"product_tag-palaestinensischer","183":"product_tag-palaestinensisches","184":"product_tag-paerchen","185":"product_tag-photo","186":"product_tag-photographie","187":"product_tag-photographien","188":"product_tag-photographin","189":"product_tag-photographinnen","190":"product_tag-photoreportage","191":"product_tag-reportage","192":"product_tag-reportagefoto","193":"product_tag-reportagefotografie","194":"product_tag-reportagephoto","195":"product_tag-reportagephotographie","196":"product_tag-schutt","197":"product_tag-schuttberg","198":"product_tag-schuttberge","199":"product_tag-schutthaufen","200":"product_tag-schutthaufens","201":"product_tag-sohn","202":"product_tag-soehne","203":"product_tag-soehnen","204":"product_tag-sohnes","205":"product_tag-tragen","206":"product_tag-tragend","207":"product_tag-tragende","208":"product_tag-tragenden","209":"product_tag-tragender","210":"product_tag-tragendes","211":"product_tag-truemmer","212":"product_tag-truemmerhaufen","213":"product_tag-truemmerhaufens","214":"product_tag-truemmerlandschaft","215":"product_tag-truemmerlandschaften","216":"product_tag-truemmern","217":"product_tag-vater","218":"product_tag-vaters","219":"product_tag-vertreibung","220":"product_tag-vertreibungen","221":"product_tag-zerstoeren","222":"product_tag-zerstoert","223":"product_tag-zerstoerte","224":"product_tag-zerstoerten","225":"product_tag-zerstoerter","226":"product_tag-zerstoertes","227":"product_tag-zerstoerung","228":"product_tag-zerstoerungen","229":"pa_datierung-28396","230":"pa_fotograf-abisag-tuellmann","231":"pa_geografischer_bezug-aufnahmeort-tyros-libanon","232":"pa_grunddaten_material_technik-foto-farbdia","233":"pa_interne_nummer-at_d_920002_17","234":"pa_inventarnummer-tue_f92-00-0207-17","235":"pa_jahr_bis-58203","236":"pa_mediennummer-58777","237":"pa_objekt_typ-fotografie","239":"first","240":"instock","241":"product-type-simple"},"yoast_head":"<!-- This site is optimized with the Yoast SEO plugin v27.4 - https:\/\/yoast.com\/product\/yoast-seo-wordpress\/ -->\n<title>Altes Paar inmitten von Tr\u00fcmmern im pal\u00e4stinensischen Fl\u00fcchtlingslager Burj Al Shamali bei Tyros, Libanon - Abisag T\u00fcllmann<\/title>\n<meta name=\"robots\" content=\"index, follow, max-snippet:-1, max-image-preview:large, max-video-preview:-1\" \/>\n<link rel=\"canonical\" href=\"https:\/\/bpk-archive.de\/tuellmann\/produkt\/altes-paar-inmitten-von-truemmern-im-palaestinensischen-fluechtlingslager-burj-al-shamali-bei-tyros-libanon\/\" \/>\n<meta property=\"og:locale\" content=\"de_DE\" \/>\n<meta property=\"og:type\" content=\"article\" \/>\n<meta property=\"og:title\" content=\"Altes Paar inmitten von Tr\u00fcmmern im pal\u00e4stinensischen Fl\u00fcchtlingslager Burj Al Shamali bei Tyros, Libanon - Abisag T\u00fcllmann\" \/>\n<meta property=\"og:url\" content=\"https:\/\/bpk-archive.de\/tuellmann\/produkt\/altes-paar-inmitten-von-truemmern-im-palaestinensischen-fluechtlingslager-burj-al-shamali-bei-tyros-libanon\/\" \/>\n<meta property=\"og:site_name\" content=\"Abisag T\u00fcllmann\" \/>\n<meta property=\"article:modified_time\" content=\"2019-09-05T13:23:24+00:00\" \/>\n<meta property=\"og:image\" content=\"https:\/\/bpk-archive.de\/tuellmann\/wp-content\/uploads\/2019\/08\/bpk_70371659.jpg\" \/>\n\t<meta property=\"og:image:width\" content=\"1200\" \/>\n\t<meta property=\"og:image:height\" content=\"815\" \/>\n\t<meta property=\"og:image:type\" content=\"image\/jpeg\" \/>\n<meta name=\"twitter:card\" content=\"summary_large_image\" \/>\n<script type=\"application\/ld+json\" class=\"yoast-schema-graph\">{\"@context\":\"https:\\\/\\\/schema.org\",\"@graph\":[{\"@type\":\"WebPage\",\"@id\":\"https:\\\/\\\/bpk-archive.de\\\/tuellmann\\\/produkt\\\/altes-paar-inmitten-von-truemmern-im-palaestinensischen-fluechtlingslager-burj-al-shamali-bei-tyros-libanon\\\/\",\"url\":\"https:\\\/\\\/bpk-archive.de\\\/tuellmann\\\/produkt\\\/altes-paar-inmitten-von-truemmern-im-palaestinensischen-fluechtlingslager-burj-al-shamali-bei-tyros-libanon\\\/\",\"name\":\"Altes Paar inmitten von Tr\u00fcmmern im pal\u00e4stinensischen Fl\u00fcchtlingslager Burj Al Shamali bei Tyros, Libanon - Abisag T\u00fcllmann\",\"isPartOf\":{\"@id\":\"https:\\\/\\\/bpk-archive.de\\\/tuellmann\\\/#website\"},\"primaryImageOfPage\":{\"@id\":\"https:\\\/\\\/bpk-archive.de\\\/tuellmann\\\/produkt\\\/altes-paar-inmitten-von-truemmern-im-palaestinensischen-fluechtlingslager-burj-al-shamali-bei-tyros-libanon\\\/#primaryimage\"},\"image\":{\"@id\":\"https:\\\/\\\/bpk-archive.de\\\/tuellmann\\\/produkt\\\/altes-paar-inmitten-von-truemmern-im-palaestinensischen-fluechtlingslager-burj-al-shamali-bei-tyros-libanon\\\/#primaryimage\"},\"thumbnailUrl\":\"https:\\\/\\\/bpk-archive.de\\\/tuellmann\\\/wp-content\\\/uploads\\\/2019\\\/08\\\/bpk_70371659.jpg\",\"datePublished\":\"2019-09-05T13:23:21+00:00\",\"dateModified\":\"2019-09-05T13:23:24+00:00\",\"breadcrumb\":{\"@id\":\"https:\\\/\\\/bpk-archive.de\\\/tuellmann\\\/produkt\\\/altes-paar-inmitten-von-truemmern-im-palaestinensischen-fluechtlingslager-burj-al-shamali-bei-tyros-libanon\\\/#breadcrumb\"},\"inLanguage\":\"de\",\"potentialAction\":[{\"@type\":\"ReadAction\",\"target\":[\"https:\\\/\\\/bpk-archive.de\\\/tuellmann\\\/produkt\\\/altes-paar-inmitten-von-truemmern-im-palaestinensischen-fluechtlingslager-burj-al-shamali-bei-tyros-libanon\\\/\"]}]},{\"@type\":\"ImageObject\",\"inLanguage\":\"de\",\"@id\":\"https:\\\/\\\/bpk-archive.de\\\/tuellmann\\\/produkt\\\/altes-paar-inmitten-von-truemmern-im-palaestinensischen-fluechtlingslager-burj-al-shamali-bei-tyros-libanon\\\/#primaryimage\",\"url\":\"https:\\\/\\\/bpk-archive.de\\\/tuellmann\\\/wp-content\\\/uploads\\\/2019\\\/08\\\/bpk_70371659.jpg\",\"contentUrl\":\"https:\\\/\\\/bpk-archive.de\\\/tuellmann\\\/wp-content\\\/uploads\\\/2019\\\/08\\\/bpk_70371659.jpg\",\"width\":1200,\"height\":815,\"caption\":\"Altes Paar inmitten von Tr\u00fcmmern im pal\u00e4stinensischen Fl\u00fcchtlingslager Burj Al Shamali bei Tyros, Libanon\"},{\"@type\":\"BreadcrumbList\",\"@id\":\"https:\\\/\\\/bpk-archive.de\\\/tuellmann\\\/produkt\\\/altes-paar-inmitten-von-truemmern-im-palaestinensischen-fluechtlingslager-burj-al-shamali-bei-tyros-libanon\\\/#breadcrumb\",\"itemListElement\":[{\"@type\":\"ListItem\",\"position\":1,\"name\":\"Startseite\",\"item\":\"https:\\\/\\\/bpk-archive.de\\\/tuellmann\\\/\"},{\"@type\":\"ListItem\",\"position\":2,\"name\":\"Shop\",\"item\":\"https:\\\/\\\/bpk-archive.de\\\/tuellmann\\\/shop\\\/\"},{\"@type\":\"ListItem\",\"position\":3,\"name\":\"Altes Paar inmitten von Tr\u00fcmmern im pal\u00e4stinensischen Fl\u00fcchtlingslager Burj Al Shamali bei Tyros, Libanon\"}]},{\"@type\":\"WebSite\",\"@id\":\"https:\\\/\\\/bpk-archive.de\\\/tuellmann\\\/#website\",\"url\":\"https:\\\/\\\/bpk-archive.de\\\/tuellmann\\\/\",\"name\":\"Abisag T\u00fcllmann\",\"description\":\"Eine weitere WordPress-Website\",\"potentialAction\":[{\"@type\":\"SearchAction\",\"target\":{\"@type\":\"EntryPoint\",\"urlTemplate\":\"https:\\\/\\\/bpk-archive.de\\\/tuellmann\\\/?s={search_term_string}\"},\"query-input\":{\"@type\":\"PropertyValueSpecification\",\"valueRequired\":true,\"valueName\":\"search_term_string\"}}],\"inLanguage\":\"de\"}]}<\/script>\n<!-- \/ Yoast SEO plugin. -->","yoast_head_json":{"title":"Altes Paar inmitten von Tr\u00fcmmern im pal\u00e4stinensischen Fl\u00fcchtlingslager Burj Al Shamali bei Tyros, Libanon - Abisag T\u00fcllmann","robots":{"index":"index","follow":"follow","max-snippet":"max-snippet:-1","max-image-preview":"max-image-preview:large","max-video-preview":"max-video-preview:-1"},"canonical":"https:\/\/bpk-archive.de\/tuellmann\/produkt\/altes-paar-inmitten-von-truemmern-im-palaestinensischen-fluechtlingslager-burj-al-shamali-bei-tyros-libanon\/","og_locale":"de_DE","og_type":"article","og_title":"Altes Paar inmitten von Tr\u00fcmmern im pal\u00e4stinensischen Fl\u00fcchtlingslager Burj Al Shamali bei Tyros, Libanon - Abisag T\u00fcllmann","og_url":"https:\/\/bpk-archive.de\/tuellmann\/produkt\/altes-paar-inmitten-von-truemmern-im-palaestinensischen-fluechtlingslager-burj-al-shamali-bei-tyros-libanon\/","og_site_name":"Abisag T\u00fcllmann","article_modified_time":"2019-09-05T13:23:24+00:00","og_image":[{"width":1200,"height":815,"url":"https:\/\/bpk-archive.de\/tuellmann\/wp-content\/uploads\/2019\/08\/bpk_70371659.jpg","type":"image\/jpeg"}],"twitter_card":"summary_large_image","schema":{"@context":"https:\/\/schema.org","@graph":[{"@type":"WebPage","@id":"https:\/\/bpk-archive.de\/tuellmann\/produkt\/altes-paar-inmitten-von-truemmern-im-palaestinensischen-fluechtlingslager-burj-al-shamali-bei-tyros-libanon\/","url":"https:\/\/bpk-archive.de\/tuellmann\/produkt\/altes-paar-inmitten-von-truemmern-im-palaestinensischen-fluechtlingslager-burj-al-shamali-bei-tyros-libanon\/","name":"Altes Paar inmitten von Tr\u00fcmmern im pal\u00e4stinensischen Fl\u00fcchtlingslager Burj Al Shamali bei Tyros, Libanon - Abisag T\u00fcllmann","isPartOf":{"@id":"https:\/\/bpk-archive.de\/tuellmann\/#website"},"primaryImageOfPage":{"@id":"https:\/\/bpk-archive.de\/tuellmann\/produkt\/altes-paar-inmitten-von-truemmern-im-palaestinensischen-fluechtlingslager-burj-al-shamali-bei-tyros-libanon\/#primaryimage"},"image":{"@id":"https:\/\/bpk-archive.de\/tuellmann\/produkt\/altes-paar-inmitten-von-truemmern-im-palaestinensischen-fluechtlingslager-burj-al-shamali-bei-tyros-libanon\/#primaryimage"},"thumbnailUrl":"https:\/\/bpk-archive.de\/tuellmann\/wp-content\/uploads\/2019\/08\/bpk_70371659.jpg","datePublished":"2019-09-05T13:23:21+00:00","dateModified":"2019-09-05T13:23:24+00:00","breadcrumb":{"@id":"https:\/\/bpk-archive.de\/tuellmann\/produkt\/altes-paar-inmitten-von-truemmern-im-palaestinensischen-fluechtlingslager-burj-al-shamali-bei-tyros-libanon\/#breadcrumb"},"inLanguage":"de","potentialAction":[{"@type":"ReadAction","target":["https:\/\/bpk-archive.de\/tuellmann\/produkt\/altes-paar-inmitten-von-truemmern-im-palaestinensischen-fluechtlingslager-burj-al-shamali-bei-tyros-libanon\/"]}]},{"@type":"ImageObject","inLanguage":"de","@id":"https:\/\/bpk-archive.de\/tuellmann\/produkt\/altes-paar-inmitten-von-truemmern-im-palaestinensischen-fluechtlingslager-burj-al-shamali-bei-tyros-libanon\/#primaryimage","url":"https:\/\/bpk-archive.de\/tuellmann\/wp-content\/uploads\/2019\/08\/bpk_70371659.jpg","contentUrl":"https:\/\/bpk-archive.de\/tuellmann\/wp-content\/uploads\/2019\/08\/bpk_70371659.jpg","width":1200,"height":815,"caption":"Altes Paar inmitten von Tr\u00fcmmern im pal\u00e4stinensischen Fl\u00fcchtlingslager Burj Al Shamali bei Tyros, Libanon"},{"@type":"BreadcrumbList","@id":"https:\/\/bpk-archive.de\/tuellmann\/produkt\/altes-paar-inmitten-von-truemmern-im-palaestinensischen-fluechtlingslager-burj-al-shamali-bei-tyros-libanon\/#breadcrumb","itemListElement":[{"@type":"ListItem","position":1,"name":"Startseite","item":"https:\/\/bpk-archive.de\/tuellmann\/"},{"@type":"ListItem","position":2,"name":"Shop","item":"https:\/\/bpk-archive.de\/tuellmann\/shop\/"},{"@type":"ListItem","position":3,"name":"Altes Paar inmitten von Tr\u00fcmmern im pal\u00e4stinensischen Fl\u00fcchtlingslager Burj Al Shamali bei Tyros, Libanon"}]},{"@type":"WebSite","@id":"https:\/\/bpk-archive.de\/tuellmann\/#website","url":"https:\/\/bpk-archive.de\/tuellmann\/","name":"Abisag T\u00fcllmann","description":"Eine weitere WordPress-Website","potentialAction":[{"@type":"SearchAction","target":{"@type":"EntryPoint","urlTemplate":"https:\/\/bpk-archive.de\/tuellmann\/?s={search_term_string}"},"query-input":{"@type":"PropertyValueSpecification","valueRequired":true,"valueName":"search_term_string"}}],"inLanguage":"de"}]}},"_links":{"self":[{"href":"https:\/\/bpk-archive.de\/tuellmann\/wp-json\/wp\/v2\/product\/70295898","targetHints":{"allow":["GET"]}}],"collection":[{"href":"https:\/\/bpk-archive.de\/tuellmann\/wp-json\/wp\/v2\/product"}],"about":[{"href":"https:\/\/bpk-archive.de\/tuellmann\/wp-json\/wp\/v2\/types\/product"}],"wp:featuredmedia":[{"embeddable":true,"href":"https:\/\/bpk-archive.de\/tuellmann\/wp-json\/wp\/v2\/media\/70294242"}],"wp:attachment":[{"href":"https:\/\/bpk-archive.de\/tuellmann\/wp-json\/wp\/v2\/media?parent=70295898"}],"wp:term":[{"taxonomy":"product_brand","embeddable":true,"href":"https:\/\/bpk-archive.de\/tuellmann\/wp-json\/wp\/v2\/product_brand?post=70295898"},{"taxonomy":"product_cat","embeddable":true,"href":"https:\/\/bpk-archive.de\/tuellmann\/wp-json\/wp\/v2\/product_cat?post=70295898"},{"taxonomy":"product_tag","embeddable":true,"href":"https:\/\/bpk-archive.de\/tuellmann\/wp-json\/wp\/v2\/product_tag?post=70295898"}],"curies":[{"name":"wp","href":"https:\/\/api.w.org\/{rel}","templated":true}]}}