{"id":70295543,"date":"2019-09-05T15:09:20","date_gmt":"2019-09-05T13:09:20","guid":{"rendered":"http:\/\/abisagtuellmann.bpk-news.de\/atbild\/frauengespraechsgruppentreffen-in-goeppingen-7\/"},"modified":"2019-09-05T15:09:32","modified_gmt":"2019-09-05T13:09:32","slug":"frauengespraechsgruppentreffen-in-goeppingen-7","status":"publish","type":"product","link":"https:\/\/bpk-archive.de\/tuellmann\/produkt\/frauengespraechsgruppentreffen-in-goeppingen-7\/","title":{"rendered":"Frauengespr\u00e4chsgruppentreffen in G\u00f6ppingen"},"content":{"rendered":"","protected":false},"excerpt":{"rendered":"","protected":false},"featured_media":70293050,"template":"","meta":[],"product_brand":[],"product_cat":[],"product_tag":[13230,13232,13234,13231,13233,13235,54978,54979,49668,13777,54773,13250,49675,13784,13785,13469,13470,54919,13253,13254,13255,13256,13257,13471,13472,13260,13473,53792,53793,53794,53795,53796,13293,13786,13787,13294,13295,13296,13297,13487,13488,53797,47735,47736,49863,49864,14066,54110,14327,47579,47580,47581,47582,54920,54921,54922,54923,54972,54973,14195,14196,14197,14198,14199,14200,54980,13301,13498,47589,47590,13328,13827,13828,13329,13330,13331,13332,13829,13830,13831,13832,13833,13834,13835,13836,13837,13838,13839,13840,13841,13842,13843,53887,53888,53889,13877,13879,49712,49713,49714,49715,49716,49717,13865,13864,13866,13858,13859,13860,13861,13862,13863,54803,13354,13869,13870,13871,13872,14243,14244,14245,14246,14247,14248,14249,49722,49723,49724,49725,49726,49727,49728,13878,13880,49651,49652,49653,49654,49655,49656,13525,50111,50112,49732,49733,49734,49735,49736,49737,49738,49739,54930,54931],"class_list":{"0":"post-70295543","1":"product","2":"type-product","3":"status-publish","4":"has-post-thumbnail","6":"product_tag-1970er-jahre","7":"product_tag-20-jahrhundert-nach-chr","8":"product_tag-20-jh-n-chr","9":"product_tag-20-jahrhundert","10":"product_tag-20-jh","11":"product_tag-70er","12":"product_tag-abstimmung","13":"product_tag-abstimmungen","14":"product_tag-abt_002","15":"product_tag-abzug","16":"product_tag-at_frauenbewegung","17":"product_tag-aussen","18":"product_tag-baden-wuerttemberg","19":"product_tag-bildnis","20":"product_tag-bildnisse","21":"product_tag-brd","22":"product_tag-bundesrepublik-deutschland","23":"product_tag-consciousness-raising-groups","24":"product_tag-deutsch","25":"product_tag-deutsche","26":"product_tag-deutschen","27":"product_tag-deutscher","28":"product_tag-deutsches","29":"product_tag-deutschland","30":"product_tag-deutschlands","31":"product_tag-draussen","32":"product_tag-drinnen","33":"product_tag-feminismus","34":"product_tag-feministisch","35":"product_tag-feministische","36":"product_tag-feministischer","37":"product_tag-feministisches","38":"product_tag-foto","39":"product_tag-fotoabzug","40":"product_tag-fotoabzuege","41":"product_tag-fotografie","42":"product_tag-fotografien","43":"product_tag-fotografin","44":"product_tag-fotografinnen","45":"product_tag-frau","46":"product_tag-frauen","47":"product_tag-frauenbewegung","48":"product_tag-frauengruppe","49":"product_tag-frauengruppen","50":"product_tag-garten","51":"product_tag-gartens","52":"product_tag-geschichte","53":"product_tag-geschlechterverhaeltnis","54":"product_tag-gesellschaft","55":"product_tag-gespraech","56":"product_tag-gespraeche","57":"product_tag-gespraeches","58":"product_tag-gespraechs","59":"product_tag-gespraechsgruppe","60":"product_tag-gespraechsgruppen","61":"product_tag-gespraechsrunde","62":"product_tag-gleichberechtigung","63":"product_tag-gras","64":"product_tag-graeser","65":"product_tag-gruppenbild","66":"product_tag-gruppenbilder","67":"product_tag-gruppenportrait","68":"product_tag-gruppenportraits","69":"product_tag-gruppenportraet","70":"product_tag-gruppenportraets","71":"product_tag-handzeichen","72":"product_tag-im-freien","73":"product_tag-innen","74":"product_tag-konversation","75":"product_tag-konversationen","76":"product_tag-photo","77":"product_tag-photoabzug","78":"product_tag-photoabzuege","79":"product_tag-photographie","80":"product_tag-photographien","81":"product_tag-photographin","82":"product_tag-photographinnen","83":"product_tag-portrait","84":"product_tag-portraitaufnahme","85":"product_tag-portraitfoto","86":"product_tag-portraitfotografie","87":"product_tag-portraitphoto","88":"product_tag-portraitphotographie","89":"product_tag-portraits","90":"product_tag-portraet","91":"product_tag-portraetaufnahme","92":"product_tag-portraetfoto","93":"product_tag-portraetfotografie","94":"product_tag-portraetphoto","95":"product_tag-portraetphotographie","96":"product_tag-portraets","97":"product_tag-print","98":"product_tag-rasen","99":"product_tag-rasenflaeche","100":"product_tag-rasenflaechen","101":"product_tag-s-w-fotografie","102":"product_tag-s-w-photographie","103":"product_tag-schwaben","104":"product_tag-schwaebisch","105":"product_tag-schwaebische","106":"product_tag-schwaebischen","107":"product_tag-schwaebischer","108":"product_tag-schwaebisches","109":"product_tag-schwarzweissphotographie","110":"product_tag-schwarz-weiss-fotografie","111":"product_tag-schwarz-weiss-photographie","112":"product_tag-schwarzweiss","113":"product_tag-schwarzweisse","114":"product_tag-schwarzweissen","115":"product_tag-schwarzweisser","116":"product_tag-schwarzweisses","117":"product_tag-schwarzweissfotografie","118":"product_tag-selbsthilfe","119":"product_tag-siebziger","120":"product_tag-silbergelatine","121":"product_tag-silbergelatineabzug","122":"product_tag-silbergelatineabzuege","123":"product_tag-silbergelatineprint","124":"product_tag-sitzen","125":"product_tag-sitzend","126":"product_tag-sitzende","127":"product_tag-sitzenden","128":"product_tag-sitzender","129":"product_tag-sitzendes","130":"product_tag-sitzt","131":"product_tag-sueddeutsch","132":"product_tag-sueddeutsche","133":"product_tag-sueddeutschen","134":"product_tag-sueddeutscher","135":"product_tag-sueddeutsches","136":"product_tag-sueddeutschland","137":"product_tag-sueddeutschlands","138":"product_tag-sw-fotografie","139":"product_tag-sw-photographie","140":"product_tag-treffen","141":"product_tag-treffens","142":"product_tag-versammeln","143":"product_tag-versammelt","144":"product_tag-versammlung","145":"product_tag-versammlungen","146":"product_tag-von-innen","147":"product_tag-wiese","148":"product_tag-wiesen","149":"product_tag-wirtenberg","150":"product_tag-wuertemberg","151":"product_tag-wuerttemberg","152":"product_tag-wuerttembergisch","153":"product_tag-wuerttembergische","154":"product_tag-wuerttembergischen","155":"product_tag-wuerttembergischer","156":"product_tag-wuerttembergisches","157":"product_tag-zusammenkunft","158":"product_tag-zusammenkuenfte","159":"pa_datierung-april-1976","160":"pa_fotograf-abisag-tuellmann","161":"pa_geografischer_bezug-aufnahmeort-goeppingen-deutschland","162":"pa_grunddaten_material_technik-foto-silbergelatine-auf-barytpapier","163":"pa_inventarnummer-tue-76-060-32","164":"pa_jahr_von-54713","165":"pa_massangaben-bildformat-foto-227-x-304-cm","166":"pa_mediennummer-54975","167":"pa_objekt_typ-fotografie","169":"first","170":"instock","171":"product-type-simple"},"yoast_head":"<!-- This site is optimized with the Yoast SEO plugin v27.4 - https:\/\/yoast.com\/product\/yoast-seo-wordpress\/ -->\n<title>Frauengespr\u00e4chsgruppentreffen in G\u00f6ppingen - Abisag T\u00fcllmann<\/title>\n<meta name=\"robots\" content=\"index, follow, max-snippet:-1, max-image-preview:large, max-video-preview:-1\" \/>\n<link rel=\"canonical\" href=\"https:\/\/bpk-archive.de\/tuellmann\/produkt\/frauengespraechsgruppentreffen-in-goeppingen-7\/\" \/>\n<meta property=\"og:locale\" content=\"de_DE\" \/>\n<meta property=\"og:type\" content=\"article\" \/>\n<meta property=\"og:title\" content=\"Frauengespr\u00e4chsgruppentreffen in G\u00f6ppingen - Abisag T\u00fcllmann\" \/>\n<meta property=\"og:url\" content=\"https:\/\/bpk-archive.de\/tuellmann\/produkt\/frauengespraechsgruppentreffen-in-goeppingen-7\/\" \/>\n<meta property=\"og:site_name\" content=\"Abisag T\u00fcllmann\" \/>\n<meta property=\"article:modified_time\" content=\"2019-09-05T13:09:32+00:00\" \/>\n<meta property=\"og:image\" content=\"https:\/\/bpk-archive.de\/tuellmann\/wp-content\/uploads\/2019\/08\/bpk_70279136.jpg\" \/>\n\t<meta property=\"og:image:width\" content=\"1200\" \/>\n\t<meta property=\"og:image:height\" content=\"910\" \/>\n\t<meta property=\"og:image:type\" content=\"image\/jpeg\" \/>\n<meta name=\"twitter:card\" content=\"summary_large_image\" \/>\n<script type=\"application\/ld+json\" class=\"yoast-schema-graph\">{\"@context\":\"https:\\\/\\\/schema.org\",\"@graph\":[{\"@type\":\"WebPage\",\"@id\":\"https:\\\/\\\/bpk-archive.de\\\/tuellmann\\\/produkt\\\/frauengespraechsgruppentreffen-in-goeppingen-7\\\/\",\"url\":\"https:\\\/\\\/bpk-archive.de\\\/tuellmann\\\/produkt\\\/frauengespraechsgruppentreffen-in-goeppingen-7\\\/\",\"name\":\"Frauengespr\u00e4chsgruppentreffen in G\u00f6ppingen - Abisag T\u00fcllmann\",\"isPartOf\":{\"@id\":\"https:\\\/\\\/bpk-archive.de\\\/tuellmann\\\/#website\"},\"primaryImageOfPage\":{\"@id\":\"https:\\\/\\\/bpk-archive.de\\\/tuellmann\\\/produkt\\\/frauengespraechsgruppentreffen-in-goeppingen-7\\\/#primaryimage\"},\"image\":{\"@id\":\"https:\\\/\\\/bpk-archive.de\\\/tuellmann\\\/produkt\\\/frauengespraechsgruppentreffen-in-goeppingen-7\\\/#primaryimage\"},\"thumbnailUrl\":\"https:\\\/\\\/bpk-archive.de\\\/tuellmann\\\/wp-content\\\/uploads\\\/2019\\\/08\\\/bpk_70279136.jpg\",\"datePublished\":\"2019-09-05T13:09:20+00:00\",\"dateModified\":\"2019-09-05T13:09:32+00:00\",\"breadcrumb\":{\"@id\":\"https:\\\/\\\/bpk-archive.de\\\/tuellmann\\\/produkt\\\/frauengespraechsgruppentreffen-in-goeppingen-7\\\/#breadcrumb\"},\"inLanguage\":\"de\",\"potentialAction\":[{\"@type\":\"ReadAction\",\"target\":[\"https:\\\/\\\/bpk-archive.de\\\/tuellmann\\\/produkt\\\/frauengespraechsgruppentreffen-in-goeppingen-7\\\/\"]}]},{\"@type\":\"ImageObject\",\"inLanguage\":\"de\",\"@id\":\"https:\\\/\\\/bpk-archive.de\\\/tuellmann\\\/produkt\\\/frauengespraechsgruppentreffen-in-goeppingen-7\\\/#primaryimage\",\"url\":\"https:\\\/\\\/bpk-archive.de\\\/tuellmann\\\/wp-content\\\/uploads\\\/2019\\\/08\\\/bpk_70279136.jpg\",\"contentUrl\":\"https:\\\/\\\/bpk-archive.de\\\/tuellmann\\\/wp-content\\\/uploads\\\/2019\\\/08\\\/bpk_70279136.jpg\",\"width\":1200,\"height\":910,\"caption\":\"Frauengespr\u00e4chsgruppentreffen in G\u00f6ppingen\"},{\"@type\":\"BreadcrumbList\",\"@id\":\"https:\\\/\\\/bpk-archive.de\\\/tuellmann\\\/produkt\\\/frauengespraechsgruppentreffen-in-goeppingen-7\\\/#breadcrumb\",\"itemListElement\":[{\"@type\":\"ListItem\",\"position\":1,\"name\":\"Startseite\",\"item\":\"https:\\\/\\\/bpk-archive.de\\\/tuellmann\\\/\"},{\"@type\":\"ListItem\",\"position\":2,\"name\":\"Shop\",\"item\":\"https:\\\/\\\/bpk-archive.de\\\/tuellmann\\\/shop\\\/\"},{\"@type\":\"ListItem\",\"position\":3,\"name\":\"Frauengespr\u00e4chsgruppentreffen in G\u00f6ppingen\"}]},{\"@type\":\"WebSite\",\"@id\":\"https:\\\/\\\/bpk-archive.de\\\/tuellmann\\\/#website\",\"url\":\"https:\\\/\\\/bpk-archive.de\\\/tuellmann\\\/\",\"name\":\"Abisag T\u00fcllmann\",\"description\":\"Eine weitere WordPress-Website\",\"potentialAction\":[{\"@type\":\"SearchAction\",\"target\":{\"@type\":\"EntryPoint\",\"urlTemplate\":\"https:\\\/\\\/bpk-archive.de\\\/tuellmann\\\/?s={search_term_string}\"},\"query-input\":{\"@type\":\"PropertyValueSpecification\",\"valueRequired\":true,\"valueName\":\"search_term_string\"}}],\"inLanguage\":\"de\"}]}<\/script>\n<!-- \/ Yoast SEO plugin. -->","yoast_head_json":{"title":"Frauengespr\u00e4chsgruppentreffen in G\u00f6ppingen - Abisag T\u00fcllmann","robots":{"index":"index","follow":"follow","max-snippet":"max-snippet:-1","max-image-preview":"max-image-preview:large","max-video-preview":"max-video-preview:-1"},"canonical":"https:\/\/bpk-archive.de\/tuellmann\/produkt\/frauengespraechsgruppentreffen-in-goeppingen-7\/","og_locale":"de_DE","og_type":"article","og_title":"Frauengespr\u00e4chsgruppentreffen in G\u00f6ppingen - Abisag T\u00fcllmann","og_url":"https:\/\/bpk-archive.de\/tuellmann\/produkt\/frauengespraechsgruppentreffen-in-goeppingen-7\/","og_site_name":"Abisag T\u00fcllmann","article_modified_time":"2019-09-05T13:09:32+00:00","og_image":[{"width":1200,"height":910,"url":"https:\/\/bpk-archive.de\/tuellmann\/wp-content\/uploads\/2019\/08\/bpk_70279136.jpg","type":"image\/jpeg"}],"twitter_card":"summary_large_image","schema":{"@context":"https:\/\/schema.org","@graph":[{"@type":"WebPage","@id":"https:\/\/bpk-archive.de\/tuellmann\/produkt\/frauengespraechsgruppentreffen-in-goeppingen-7\/","url":"https:\/\/bpk-archive.de\/tuellmann\/produkt\/frauengespraechsgruppentreffen-in-goeppingen-7\/","name":"Frauengespr\u00e4chsgruppentreffen in G\u00f6ppingen - Abisag T\u00fcllmann","isPartOf":{"@id":"https:\/\/bpk-archive.de\/tuellmann\/#website"},"primaryImageOfPage":{"@id":"https:\/\/bpk-archive.de\/tuellmann\/produkt\/frauengespraechsgruppentreffen-in-goeppingen-7\/#primaryimage"},"image":{"@id":"https:\/\/bpk-archive.de\/tuellmann\/produkt\/frauengespraechsgruppentreffen-in-goeppingen-7\/#primaryimage"},"thumbnailUrl":"https:\/\/bpk-archive.de\/tuellmann\/wp-content\/uploads\/2019\/08\/bpk_70279136.jpg","datePublished":"2019-09-05T13:09:20+00:00","dateModified":"2019-09-05T13:09:32+00:00","breadcrumb":{"@id":"https:\/\/bpk-archive.de\/tuellmann\/produkt\/frauengespraechsgruppentreffen-in-goeppingen-7\/#breadcrumb"},"inLanguage":"de","potentialAction":[{"@type":"ReadAction","target":["https:\/\/bpk-archive.de\/tuellmann\/produkt\/frauengespraechsgruppentreffen-in-goeppingen-7\/"]}]},{"@type":"ImageObject","inLanguage":"de","@id":"https:\/\/bpk-archive.de\/tuellmann\/produkt\/frauengespraechsgruppentreffen-in-goeppingen-7\/#primaryimage","url":"https:\/\/bpk-archive.de\/tuellmann\/wp-content\/uploads\/2019\/08\/bpk_70279136.jpg","contentUrl":"https:\/\/bpk-archive.de\/tuellmann\/wp-content\/uploads\/2019\/08\/bpk_70279136.jpg","width":1200,"height":910,"caption":"Frauengespr\u00e4chsgruppentreffen in G\u00f6ppingen"},{"@type":"BreadcrumbList","@id":"https:\/\/bpk-archive.de\/tuellmann\/produkt\/frauengespraechsgruppentreffen-in-goeppingen-7\/#breadcrumb","itemListElement":[{"@type":"ListItem","position":1,"name":"Startseite","item":"https:\/\/bpk-archive.de\/tuellmann\/"},{"@type":"ListItem","position":2,"name":"Shop","item":"https:\/\/bpk-archive.de\/tuellmann\/shop\/"},{"@type":"ListItem","position":3,"name":"Frauengespr\u00e4chsgruppentreffen in G\u00f6ppingen"}]},{"@type":"WebSite","@id":"https:\/\/bpk-archive.de\/tuellmann\/#website","url":"https:\/\/bpk-archive.de\/tuellmann\/","name":"Abisag T\u00fcllmann","description":"Eine weitere WordPress-Website","potentialAction":[{"@type":"SearchAction","target":{"@type":"EntryPoint","urlTemplate":"https:\/\/bpk-archive.de\/tuellmann\/?s={search_term_string}"},"query-input":{"@type":"PropertyValueSpecification","valueRequired":true,"valueName":"search_term_string"}}],"inLanguage":"de"}]}},"_links":{"self":[{"href":"https:\/\/bpk-archive.de\/tuellmann\/wp-json\/wp\/v2\/product\/70295543","targetHints":{"allow":["GET"]}}],"collection":[{"href":"https:\/\/bpk-archive.de\/tuellmann\/wp-json\/wp\/v2\/product"}],"about":[{"href":"https:\/\/bpk-archive.de\/tuellmann\/wp-json\/wp\/v2\/types\/product"}],"wp:featuredmedia":[{"embeddable":true,"href":"https:\/\/bpk-archive.de\/tuellmann\/wp-json\/wp\/v2\/media\/70293050"}],"wp:attachment":[{"href":"https:\/\/bpk-archive.de\/tuellmann\/wp-json\/wp\/v2\/media?parent=70295543"}],"wp:term":[{"taxonomy":"product_brand","embeddable":true,"href":"https:\/\/bpk-archive.de\/tuellmann\/wp-json\/wp\/v2\/product_brand?post=70295543"},{"taxonomy":"product_cat","embeddable":true,"href":"https:\/\/bpk-archive.de\/tuellmann\/wp-json\/wp\/v2\/product_cat?post=70295543"},{"taxonomy":"product_tag","embeddable":true,"href":"https:\/\/bpk-archive.de\/tuellmann\/wp-json\/wp\/v2\/product_tag?post=70295543"}],"curies":[{"name":"wp","href":"https:\/\/api.w.org\/{rel}","templated":true}]}}