{"id":70295521,"date":"2019-09-05T15:09:01","date_gmt":"2019-09-05T13:09:01","guid":{"rendered":"http:\/\/abisagtuellmann.bpk-news.de\/atbild\/besetztes-haus-im-frankfurter-westend-bockenheimer-landstrasse-111\/"},"modified":"2019-09-05T15:09:11","modified_gmt":"2019-09-05T13:09:11","slug":"besetztes-haus-im-frankfurter-westend-bockenheimer-landstrasse-111","status":"publish","type":"product","link":"https:\/\/bpk-archive.de\/tuellmann\/produkt\/besetztes-haus-im-frankfurter-westend-bockenheimer-landstrasse-111\/","title":{"rendered":"Besetztes Haus im Frankfurter Westend (Bockenheimer Landstra\u00dfe 111)"},"content":{"rendered":"<p>Aufschrift auf einem Transparent am Balkon: &#8222;Machen wir diese Stadt bewohnbar, gegen Zerst\u00f6rung von Wohnraum&#8220; R\u00fcckseitenbeschriftung von Hand der Fotografin: &#8222;Bockenheimer Landstra\u00dfe 111&#8220;<\/p>\n","protected":false},"excerpt":{"rendered":"<p>Aufschrift auf einem Transparent am Balkon: &#8222;Machen wir diese Stadt bewohnbar, gegen Zerst\u00f6rung von Wohnraum&#8220; R\u00fcckseitenbeschriftung von Hand der Fotografin: &#8222;Bockenheimer Landstra\u00dfe 111&#8220;<\/p>\n","protected":false},"featured_media":70293299,"template":"","meta":[],"product_brand":[],"product_cat":[],"product_tag":[13230,13232,13234,13231,13233,13235,14310,13777,53249,53250,53521,48438,13250,48185,48186,47569,47570,13606,47365,47366,47367,47248,47249,47250,47251,47252,47253,47254,47255,13469,13470,13612,13613,13622,13624,13471,13472,13260,49500,49501,13293,13786,13787,13294,13295,13296,13297,13485,13486,13482,13481,13483,13484,47377,14066,49216,49217,47887,47888,47383,53779,53780,53781,47384,53564,47385,47386,13492,13493,13494,13495,13496,13497,13301,47323,49229,49230,13328,13827,13828,13329,13330,13331,13332,13843,13641,13642,13653,13877,13879,13343,13344,13345,13865,13864,13866,13858,13859,13860,13861,13862,13863,13354,13869,13870,13871,13872,49236,13357,13358,13359,47406,47407,53533,53589,48679,48680,48681,13878,13880,13655,13656,48228,53552,53553,47504,47505,47506,49405],"class_list":{"0":"post-70295521","1":"product","2":"type-product","3":"status-publish","4":"has-post-thumbnail","6":"product_tag-1970er-jahre","7":"product_tag-20-jahrhundert-nach-chr","8":"product_tag-20-jh-n-chr","9":"product_tag-20-jahrhundert","10":"product_tag-20-jh","11":"product_tag-70er","12":"product_tag-abt_004","13":"product_tag-abzug","14":"product_tag-altbau","15":"product_tag-altbauten","16":"product_tag-at_westend","17":"product_tag-aufschrift","18":"product_tag-aussen","19":"product_tag-aussenansicht","20":"product_tag-aussenansichten","21":"product_tag-balkon","22":"product_tag-balkone","23":"product_tag-banner","24":"product_tag-bauten","25":"product_tag-bauwerk","26":"product_tag-bauwerke","27":"product_tag-besetzen","28":"product_tag-besetzt","29":"product_tag-besetzte","30":"product_tag-besetzten","31":"product_tag-besetzter","32":"product_tag-besetztes","33":"product_tag-besetzung","34":"product_tag-besetzungen","35":"product_tag-brd","36":"product_tag-bundesrepublik-deutschland","37":"product_tag-demonstrationsplakat","38":"product_tag-demonstrationsschild","39":"product_tag-demoplakat","40":"product_tag-demoschild","41":"product_tag-deutschland","42":"product_tag-deutschlands","43":"product_tag-draussen","44":"product_tag-forderung","45":"product_tag-forderungen","46":"product_tag-foto","47":"product_tag-fotoabzug","48":"product_tag-fotoabzuege","49":"product_tag-fotografie","50":"product_tag-fotografien","51":"product_tag-fotografin","52":"product_tag-fotografinnen","53":"product_tag-frankfurt-m","54":"product_tag-frankfurt-main","55":"product_tag-frankfurt-a-main","56":"product_tag-frankfurt-a-m","57":"product_tag-frankfurt-am-main","58":"product_tag-frankfurter","59":"product_tag-gebaeude","60":"product_tag-geschichte","61":"product_tag-graffiti","62":"product_tag-graffito","63":"product_tag-grossstadt","64":"product_tag-grossstaedte","65":"product_tag-haus","66":"product_tag-hausbesetzer","67":"product_tag-hausbesetzung","68":"product_tag-hausbesetzungen","69":"product_tag-haeuser","70":"product_tag-haeuserkampf","71":"product_tag-haeusern","72":"product_tag-hauses","73":"product_tag-hessen","74":"product_tag-hessisch","75":"product_tag-hessische","76":"product_tag-hessischen","77":"product_tag-hessischer","78":"product_tag-hessisches","79":"product_tag-im-freien","80":"product_tag-okkupation","81":"product_tag-parole","82":"product_tag-parolen","83":"product_tag-photo","84":"product_tag-photoabzug","85":"product_tag-photoabzuege","86":"product_tag-photographie","87":"product_tag-photographien","88":"product_tag-photographin","89":"product_tag-photographinnen","90":"product_tag-print","91":"product_tag-protest","92":"product_tag-proteste","93":"product_tag-protestschild","94":"product_tag-s-w-fotografie","95":"product_tag-s-w-photographie","96":"product_tag-schriftband","97":"product_tag-schriftbaender","98":"product_tag-schriftzug","99":"product_tag-schwarzweissphotographie","100":"product_tag-schwarz-weiss-fotografie","101":"product_tag-schwarz-weiss-photographie","102":"product_tag-schwarzweiss","103":"product_tag-schwarzweisse","104":"product_tag-schwarzweissen","105":"product_tag-schwarzweisser","106":"product_tag-schwarzweisses","107":"product_tag-schwarzweissfotografie","108":"product_tag-siebziger","109":"product_tag-silbergelatine","110":"product_tag-silbergelatineabzug","111":"product_tag-silbergelatineabzuege","112":"product_tag-silbergelatineprint","113":"product_tag-slogan","114":"product_tag-spruchband","115":"product_tag-spruchbaender","116":"product_tag-spruchbaendern","117":"product_tag-stadt","118":"product_tag-staedte","119":"product_tag-stadtgeschichte","120":"product_tag-stadtsanierung","121":"product_tag-stadtteil","122":"product_tag-stadtteils","123":"product_tag-stadtviertel","124":"product_tag-sw-fotografie","125":"product_tag-sw-photographie","126":"product_tag-transparent","127":"product_tag-transparente","128":"product_tag-von-aussen","129":"product_tag-westend","130":"product_tag-westends","131":"product_tag-wohngebaeude","132":"product_tag-wohnhaus","133":"product_tag-wohnhaeuser","134":"product_tag-wohnraum","135":"pa_datierung-oktober-1973","136":"pa_fotograf-abisag-tuellmann","137":"pa_geografischer_bezug-aufnahmeort-frankfurt-am-main-westend-deutschland","138":"pa_grunddaten_material_technik-foto-silbergelatine-auf-barytpapier","139":"pa_inventarnummer-tue-w-73-067-13a","140":"pa_jahr_von-54245","141":"pa_massangaben-bildformat-foto-236-x-298-cm","142":"pa_mediennummer-54718","143":"pa_objekt_typ-fotografie","145":"first","146":"instock","147":"product-type-simple"},"yoast_head":"<!-- This site is optimized with the Yoast SEO plugin v27.4 - https:\/\/yoast.com\/product\/yoast-seo-wordpress\/ -->\n<title>Besetztes Haus im Frankfurter Westend (Bockenheimer Landstra\u00dfe 111) - Abisag T\u00fcllmann<\/title>\n<meta name=\"robots\" content=\"index, follow, max-snippet:-1, max-image-preview:large, max-video-preview:-1\" \/>\n<link rel=\"canonical\" href=\"https:\/\/bpk-archive.de\/tuellmann\/produkt\/besetztes-haus-im-frankfurter-westend-bockenheimer-landstrasse-111\/\" \/>\n<meta property=\"og:locale\" content=\"de_DE\" \/>\n<meta property=\"og:type\" content=\"article\" \/>\n<meta property=\"og:title\" content=\"Besetztes Haus im Frankfurter Westend (Bockenheimer Landstra\u00dfe 111) - Abisag T\u00fcllmann\" \/>\n<meta property=\"og:description\" content=\"Aufschrift auf einem Transparent am Balkon: &#8222;Machen wir diese Stadt bewohnbar, gegen Zerst\u00f6rung von Wohnraum&#8220; R\u00fcckseitenbeschriftung von Hand der Fotografin: &#8222;Bockenheimer Landstra\u00dfe 111&#8220;\" \/>\n<meta property=\"og:url\" content=\"https:\/\/bpk-archive.de\/tuellmann\/produkt\/besetztes-haus-im-frankfurter-westend-bockenheimer-landstrasse-111\/\" \/>\n<meta property=\"og:site_name\" content=\"Abisag T\u00fcllmann\" \/>\n<meta property=\"article:modified_time\" content=\"2019-09-05T13:09:11+00:00\" \/>\n<meta property=\"og:image\" content=\"https:\/\/bpk-archive.de\/tuellmann\/wp-content\/uploads\/2019\/08\/bpk_70298914.jpg\" \/>\n\t<meta property=\"og:image:width\" content=\"1200\" \/>\n\t<meta property=\"og:image:height\" content=\"961\" \/>\n\t<meta property=\"og:image:type\" content=\"image\/jpeg\" \/>\n<meta name=\"twitter:card\" content=\"summary_large_image\" \/>\n<script type=\"application\/ld+json\" class=\"yoast-schema-graph\">{\"@context\":\"https:\\\/\\\/schema.org\",\"@graph\":[{\"@type\":\"WebPage\",\"@id\":\"https:\\\/\\\/bpk-archive.de\\\/tuellmann\\\/produkt\\\/besetztes-haus-im-frankfurter-westend-bockenheimer-landstrasse-111\\\/\",\"url\":\"https:\\\/\\\/bpk-archive.de\\\/tuellmann\\\/produkt\\\/besetztes-haus-im-frankfurter-westend-bockenheimer-landstrasse-111\\\/\",\"name\":\"Besetztes Haus im Frankfurter Westend (Bockenheimer Landstra\u00dfe 111) - Abisag T\u00fcllmann\",\"isPartOf\":{\"@id\":\"https:\\\/\\\/bpk-archive.de\\\/tuellmann\\\/#website\"},\"primaryImageOfPage\":{\"@id\":\"https:\\\/\\\/bpk-archive.de\\\/tuellmann\\\/produkt\\\/besetztes-haus-im-frankfurter-westend-bockenheimer-landstrasse-111\\\/#primaryimage\"},\"image\":{\"@id\":\"https:\\\/\\\/bpk-archive.de\\\/tuellmann\\\/produkt\\\/besetztes-haus-im-frankfurter-westend-bockenheimer-landstrasse-111\\\/#primaryimage\"},\"thumbnailUrl\":\"https:\\\/\\\/bpk-archive.de\\\/tuellmann\\\/wp-content\\\/uploads\\\/2019\\\/08\\\/bpk_70298914.jpg\",\"datePublished\":\"2019-09-05T13:09:01+00:00\",\"dateModified\":\"2019-09-05T13:09:11+00:00\",\"breadcrumb\":{\"@id\":\"https:\\\/\\\/bpk-archive.de\\\/tuellmann\\\/produkt\\\/besetztes-haus-im-frankfurter-westend-bockenheimer-landstrasse-111\\\/#breadcrumb\"},\"inLanguage\":\"de\",\"potentialAction\":[{\"@type\":\"ReadAction\",\"target\":[\"https:\\\/\\\/bpk-archive.de\\\/tuellmann\\\/produkt\\\/besetztes-haus-im-frankfurter-westend-bockenheimer-landstrasse-111\\\/\"]}]},{\"@type\":\"ImageObject\",\"inLanguage\":\"de\",\"@id\":\"https:\\\/\\\/bpk-archive.de\\\/tuellmann\\\/produkt\\\/besetztes-haus-im-frankfurter-westend-bockenheimer-landstrasse-111\\\/#primaryimage\",\"url\":\"https:\\\/\\\/bpk-archive.de\\\/tuellmann\\\/wp-content\\\/uploads\\\/2019\\\/08\\\/bpk_70298914.jpg\",\"contentUrl\":\"https:\\\/\\\/bpk-archive.de\\\/tuellmann\\\/wp-content\\\/uploads\\\/2019\\\/08\\\/bpk_70298914.jpg\",\"width\":1200,\"height\":961,\"caption\":\"Besetztes Haus im Frankfurter Westend (Bockenheimer Landstra\u00dfe 111)\"},{\"@type\":\"BreadcrumbList\",\"@id\":\"https:\\\/\\\/bpk-archive.de\\\/tuellmann\\\/produkt\\\/besetztes-haus-im-frankfurter-westend-bockenheimer-landstrasse-111\\\/#breadcrumb\",\"itemListElement\":[{\"@type\":\"ListItem\",\"position\":1,\"name\":\"Startseite\",\"item\":\"https:\\\/\\\/bpk-archive.de\\\/tuellmann\\\/\"},{\"@type\":\"ListItem\",\"position\":2,\"name\":\"Shop\",\"item\":\"https:\\\/\\\/bpk-archive.de\\\/tuellmann\\\/shop\\\/\"},{\"@type\":\"ListItem\",\"position\":3,\"name\":\"Besetztes Haus im Frankfurter Westend (Bockenheimer Landstra\u00dfe 111)\"}]},{\"@type\":\"WebSite\",\"@id\":\"https:\\\/\\\/bpk-archive.de\\\/tuellmann\\\/#website\",\"url\":\"https:\\\/\\\/bpk-archive.de\\\/tuellmann\\\/\",\"name\":\"Abisag T\u00fcllmann\",\"description\":\"Eine weitere WordPress-Website\",\"potentialAction\":[{\"@type\":\"SearchAction\",\"target\":{\"@type\":\"EntryPoint\",\"urlTemplate\":\"https:\\\/\\\/bpk-archive.de\\\/tuellmann\\\/?s={search_term_string}\"},\"query-input\":{\"@type\":\"PropertyValueSpecification\",\"valueRequired\":true,\"valueName\":\"search_term_string\"}}],\"inLanguage\":\"de\"}]}<\/script>\n<!-- \/ Yoast SEO plugin. -->","yoast_head_json":{"title":"Besetztes Haus im Frankfurter Westend (Bockenheimer Landstra\u00dfe 111) - Abisag T\u00fcllmann","robots":{"index":"index","follow":"follow","max-snippet":"max-snippet:-1","max-image-preview":"max-image-preview:large","max-video-preview":"max-video-preview:-1"},"canonical":"https:\/\/bpk-archive.de\/tuellmann\/produkt\/besetztes-haus-im-frankfurter-westend-bockenheimer-landstrasse-111\/","og_locale":"de_DE","og_type":"article","og_title":"Besetztes Haus im Frankfurter Westend (Bockenheimer Landstra\u00dfe 111) - Abisag T\u00fcllmann","og_description":"Aufschrift auf einem Transparent am Balkon: &#8222;Machen wir diese Stadt bewohnbar, gegen Zerst\u00f6rung von Wohnraum&#8220; R\u00fcckseitenbeschriftung von Hand der Fotografin: &#8222;Bockenheimer Landstra\u00dfe 111&#8220;","og_url":"https:\/\/bpk-archive.de\/tuellmann\/produkt\/besetztes-haus-im-frankfurter-westend-bockenheimer-landstrasse-111\/","og_site_name":"Abisag T\u00fcllmann","article_modified_time":"2019-09-05T13:09:11+00:00","og_image":[{"width":1200,"height":961,"url":"https:\/\/bpk-archive.de\/tuellmann\/wp-content\/uploads\/2019\/08\/bpk_70298914.jpg","type":"image\/jpeg"}],"twitter_card":"summary_large_image","schema":{"@context":"https:\/\/schema.org","@graph":[{"@type":"WebPage","@id":"https:\/\/bpk-archive.de\/tuellmann\/produkt\/besetztes-haus-im-frankfurter-westend-bockenheimer-landstrasse-111\/","url":"https:\/\/bpk-archive.de\/tuellmann\/produkt\/besetztes-haus-im-frankfurter-westend-bockenheimer-landstrasse-111\/","name":"Besetztes Haus im Frankfurter Westend (Bockenheimer Landstra\u00dfe 111) - Abisag T\u00fcllmann","isPartOf":{"@id":"https:\/\/bpk-archive.de\/tuellmann\/#website"},"primaryImageOfPage":{"@id":"https:\/\/bpk-archive.de\/tuellmann\/produkt\/besetztes-haus-im-frankfurter-westend-bockenheimer-landstrasse-111\/#primaryimage"},"image":{"@id":"https:\/\/bpk-archive.de\/tuellmann\/produkt\/besetztes-haus-im-frankfurter-westend-bockenheimer-landstrasse-111\/#primaryimage"},"thumbnailUrl":"https:\/\/bpk-archive.de\/tuellmann\/wp-content\/uploads\/2019\/08\/bpk_70298914.jpg","datePublished":"2019-09-05T13:09:01+00:00","dateModified":"2019-09-05T13:09:11+00:00","breadcrumb":{"@id":"https:\/\/bpk-archive.de\/tuellmann\/produkt\/besetztes-haus-im-frankfurter-westend-bockenheimer-landstrasse-111\/#breadcrumb"},"inLanguage":"de","potentialAction":[{"@type":"ReadAction","target":["https:\/\/bpk-archive.de\/tuellmann\/produkt\/besetztes-haus-im-frankfurter-westend-bockenheimer-landstrasse-111\/"]}]},{"@type":"ImageObject","inLanguage":"de","@id":"https:\/\/bpk-archive.de\/tuellmann\/produkt\/besetztes-haus-im-frankfurter-westend-bockenheimer-landstrasse-111\/#primaryimage","url":"https:\/\/bpk-archive.de\/tuellmann\/wp-content\/uploads\/2019\/08\/bpk_70298914.jpg","contentUrl":"https:\/\/bpk-archive.de\/tuellmann\/wp-content\/uploads\/2019\/08\/bpk_70298914.jpg","width":1200,"height":961,"caption":"Besetztes Haus im Frankfurter Westend (Bockenheimer Landstra\u00dfe 111)"},{"@type":"BreadcrumbList","@id":"https:\/\/bpk-archive.de\/tuellmann\/produkt\/besetztes-haus-im-frankfurter-westend-bockenheimer-landstrasse-111\/#breadcrumb","itemListElement":[{"@type":"ListItem","position":1,"name":"Startseite","item":"https:\/\/bpk-archive.de\/tuellmann\/"},{"@type":"ListItem","position":2,"name":"Shop","item":"https:\/\/bpk-archive.de\/tuellmann\/shop\/"},{"@type":"ListItem","position":3,"name":"Besetztes Haus im Frankfurter Westend (Bockenheimer Landstra\u00dfe 111)"}]},{"@type":"WebSite","@id":"https:\/\/bpk-archive.de\/tuellmann\/#website","url":"https:\/\/bpk-archive.de\/tuellmann\/","name":"Abisag T\u00fcllmann","description":"Eine weitere WordPress-Website","potentialAction":[{"@type":"SearchAction","target":{"@type":"EntryPoint","urlTemplate":"https:\/\/bpk-archive.de\/tuellmann\/?s={search_term_string}"},"query-input":{"@type":"PropertyValueSpecification","valueRequired":true,"valueName":"search_term_string"}}],"inLanguage":"de"}]}},"_links":{"self":[{"href":"https:\/\/bpk-archive.de\/tuellmann\/wp-json\/wp\/v2\/product\/70295521","targetHints":{"allow":["GET"]}}],"collection":[{"href":"https:\/\/bpk-archive.de\/tuellmann\/wp-json\/wp\/v2\/product"}],"about":[{"href":"https:\/\/bpk-archive.de\/tuellmann\/wp-json\/wp\/v2\/types\/product"}],"wp:featuredmedia":[{"embeddable":true,"href":"https:\/\/bpk-archive.de\/tuellmann\/wp-json\/wp\/v2\/media\/70293299"}],"wp:attachment":[{"href":"https:\/\/bpk-archive.de\/tuellmann\/wp-json\/wp\/v2\/media?parent=70295521"}],"wp:term":[{"taxonomy":"product_brand","embeddable":true,"href":"https:\/\/bpk-archive.de\/tuellmann\/wp-json\/wp\/v2\/product_brand?post=70295521"},{"taxonomy":"product_cat","embeddable":true,"href":"https:\/\/bpk-archive.de\/tuellmann\/wp-json\/wp\/v2\/product_cat?post=70295521"},{"taxonomy":"product_tag","embeddable":true,"href":"https:\/\/bpk-archive.de\/tuellmann\/wp-json\/wp\/v2\/product_tag?post=70295521"}],"curies":[{"name":"wp","href":"https:\/\/api.w.org\/{rel}","templated":true}]}}