{"id":70295520,"date":"2019-09-05T15:09:01","date_gmt":"2019-09-05T13:09:01","guid":{"rendered":"http:\/\/abisagtuellmann.bpk-news.de\/atbild\/zum-abriss-vorgesehener-altbau-im-westend-ulmenstrasse-18\/"},"modified":"2019-09-05T15:09:10","modified_gmt":"2019-09-05T13:09:10","slug":"zum-abriss-vorgesehener-altbau-im-westend-ulmenstrasse-18","status":"publish","type":"product","link":"https:\/\/bpk-archive.de\/tuellmann\/produkt\/zum-abriss-vorgesehener-altbau-im-westend-ulmenstrasse-18\/","title":{"rendered":"Zum Abriss vorgesehener Altbau im Westend (Ulmenstra\u00dfe 18)"},"content":{"rendered":"<p>Graffiti an der Hauswand: &#8222;Vom Besitzer selbst zerst\u00f6rt&#8220;<\/p>\n","protected":false},"excerpt":{"rendered":"<p>Graffiti an der Hauswand: &#8222;Vom Besitzer selbst zerst\u00f6rt&#8220;<\/p>\n","protected":false},"featured_media":70293296,"template":"","meta":[],"product_brand":[],"product_cat":[],"product_tag":[13230,13232,13234,13231,13233,13235,53514,53515,53516,53517,53518,53519,14310,13777,53249,53250,51436,51558,51559,51560,51561,51562,51563,53521,13250,48185,48186,47365,47366,47367,54714,13469,13470,13471,13472,13260,54715,13293,13786,13787,13294,13295,13296,13297,13485,13486,13482,13481,13483,13484,47377,54211,14066,49216,49217,47887,47888,54212,47383,53780,53781,47384,53564,47385,47386,13492,13493,13494,13495,13496,13497,13301,54684,53768,49229,49230,13328,13827,13828,13329,13330,13331,13332,13843,13641,13642,13877,13879,13865,13864,13866,13858,13859,13860,13861,13862,13863,13354,13869,13870,13871,13872,49236,47406,47407,53533,53589,48679,48680,48681,13878,13880,54716,54277,54278,54279,54280,54281,48228,51057,51058,51059,51060,53552,53553,47504,47505,47506,47349,47350,47351,47352,47353,47354,47355,47356],"class_list":{"0":"post-70295520","1":"product","2":"type-product","3":"status-publish","4":"has-post-thumbnail","6":"product_tag-1970er-jahre","7":"product_tag-20-jahrhundert-nach-chr","8":"product_tag-20-jh-n-chr","9":"product_tag-20-jahrhundert","10":"product_tag-20-jh","11":"product_tag-70er","12":"product_tag-abbruch","13":"product_tag-abbruchhaus","14":"product_tag-abreissen","15":"product_tag-abriss","16":"product_tag-abrissarbeiten","17":"product_tag-abrisshaus","18":"product_tag-abt_004","19":"product_tag-abzug","20":"product_tag-altbau","21":"product_tag-altbauten","22":"product_tag-architektur","23":"product_tag-architekturaufnahme","24":"product_tag-architekturaufnahmen","25":"product_tag-architekturfotografie","26":"product_tag-architekturfotografien","27":"product_tag-architekturphotographie","28":"product_tag-architekturphotographien","29":"product_tag-at_westend","30":"product_tag-aussen","31":"product_tag-aussenansicht","32":"product_tag-aussenansichten","33":"product_tag-bauten","34":"product_tag-bauwerk","35":"product_tag-bauwerke","36":"product_tag-besitzer","37":"product_tag-brd","38":"product_tag-bundesrepublik-deutschland","39":"product_tag-deutschland","40":"product_tag-deutschlands","41":"product_tag-draussen","42":"product_tag-eigentuemer","43":"product_tag-foto","44":"product_tag-fotoabzug","45":"product_tag-fotoabzuege","46":"product_tag-fotografie","47":"product_tag-fotografien","48":"product_tag-fotografin","49":"product_tag-fotografinnen","50":"product_tag-frankfurt-m","51":"product_tag-frankfurt-main","52":"product_tag-frankfurt-a-main","53":"product_tag-frankfurt-a-m","54":"product_tag-frankfurt-am-main","55":"product_tag-frankfurter","56":"product_tag-gebaeude","57":"product_tag-gesamtansicht","58":"product_tag-geschichte","59":"product_tag-graffiti","60":"product_tag-graffito","61":"product_tag-grossstadt","62":"product_tag-grossstaedte","63":"product_tag-gruenderzeit","64":"product_tag-haus","65":"product_tag-hausbesetzung","66":"product_tag-hausbesetzungen","67":"product_tag-haeuser","68":"product_tag-haeuserkampf","69":"product_tag-haeusern","70":"product_tag-hauses","71":"product_tag-hessen","72":"product_tag-hessisch","73":"product_tag-hessische","74":"product_tag-hessischen","75":"product_tag-hessischer","76":"product_tag-hessisches","77":"product_tag-im-freien","78":"product_tag-kritik","79":"product_tag-leerstand","80":"product_tag-parole","81":"product_tag-parolen","82":"product_tag-photo","83":"product_tag-photoabzug","84":"product_tag-photoabzuege","85":"product_tag-photographie","86":"product_tag-photographien","87":"product_tag-photographin","88":"product_tag-photographinnen","89":"product_tag-print","90":"product_tag-protest","91":"product_tag-proteste","92":"product_tag-s-w-fotografie","93":"product_tag-s-w-photographie","94":"product_tag-schwarzweissphotographie","95":"product_tag-schwarz-weiss-fotografie","96":"product_tag-schwarz-weiss-photographie","97":"product_tag-schwarzweiss","98":"product_tag-schwarzweisse","99":"product_tag-schwarzweissen","100":"product_tag-schwarzweisser","101":"product_tag-schwarzweisses","102":"product_tag-schwarzweissfotografie","103":"product_tag-siebziger","104":"product_tag-silbergelatine","105":"product_tag-silbergelatineabzug","106":"product_tag-silbergelatineabzuege","107":"product_tag-silbergelatineprint","108":"product_tag-slogan","109":"product_tag-stadt","110":"product_tag-staedte","111":"product_tag-stadtgeschichte","112":"product_tag-stadtsanierung","113":"product_tag-stadtteil","114":"product_tag-stadtteils","115":"product_tag-stadtviertel","116":"product_tag-sw-fotografie","117":"product_tag-sw-photographie","118":"product_tag-verfall","119":"product_tag-verfallen","120":"product_tag-verfallene","121":"product_tag-verfallenen","122":"product_tag-verfallener","123":"product_tag-verfallenes","124":"product_tag-von-aussen","125":"product_tag-von-vorn","126":"product_tag-von-vorne","127":"product_tag-vorderansicht","128":"product_tag-vorderseite","129":"product_tag-westend","130":"product_tag-westends","131":"product_tag-wohngebaeude","132":"product_tag-wohnhaus","133":"product_tag-wohnhaeuser","134":"product_tag-zerstoeren","135":"product_tag-zerstoert","136":"product_tag-zerstoerte","137":"product_tag-zerstoerten","138":"product_tag-zerstoerter","139":"product_tag-zerstoertes","140":"product_tag-zerstoerung","141":"product_tag-zerstoerungen","142":"pa_datierung-april-1976","143":"pa_fotograf-abisag-tuellmann","144":"pa_geografischer_bezug-aufnahmeort-frankfurt-am-main-westend-deutschland","145":"pa_grunddaten_material_technik-foto-silbergelatine-auf-barytpapier","146":"pa_inventarnummer-tue-w-76-107-08a","147":"pa_jahr_von-54713","148":"pa_massangaben-bildformat-foto-233-x-304-cm","149":"pa_mediennummer-54710","150":"pa_objekt_typ-fotografie","152":"first","153":"instock","154":"product-type-simple"},"yoast_head":"<!-- This site is optimized with the Yoast SEO plugin v27.4 - https:\/\/yoast.com\/product\/yoast-seo-wordpress\/ -->\n<title>Zum Abriss vorgesehener Altbau im Westend (Ulmenstra\u00dfe 18) - Abisag T\u00fcllmann<\/title>\n<meta name=\"robots\" content=\"index, follow, max-snippet:-1, max-image-preview:large, max-video-preview:-1\" \/>\n<link rel=\"canonical\" href=\"https:\/\/bpk-archive.de\/tuellmann\/produkt\/zum-abriss-vorgesehener-altbau-im-westend-ulmenstrasse-18\/\" \/>\n<meta property=\"og:locale\" content=\"de_DE\" \/>\n<meta property=\"og:type\" content=\"article\" \/>\n<meta property=\"og:title\" content=\"Zum Abriss vorgesehener Altbau im Westend (Ulmenstra\u00dfe 18) - Abisag T\u00fcllmann\" \/>\n<meta property=\"og:description\" content=\"Graffiti an der Hauswand: &#8222;Vom Besitzer selbst zerst\u00f6rt&#8220;\" \/>\n<meta property=\"og:url\" content=\"https:\/\/bpk-archive.de\/tuellmann\/produkt\/zum-abriss-vorgesehener-altbau-im-westend-ulmenstrasse-18\/\" \/>\n<meta property=\"og:site_name\" content=\"Abisag T\u00fcllmann\" \/>\n<meta property=\"article:modified_time\" content=\"2019-09-05T13:09:10+00:00\" \/>\n<meta property=\"og:image\" content=\"https:\/\/bpk-archive.de\/tuellmann\/wp-content\/uploads\/2019\/08\/bpk_70298911.jpg\" \/>\n\t<meta property=\"og:image:width\" content=\"1200\" \/>\n\t<meta property=\"og:image:height\" content=\"935\" \/>\n\t<meta property=\"og:image:type\" content=\"image\/jpeg\" \/>\n<meta name=\"twitter:card\" content=\"summary_large_image\" \/>\n<script type=\"application\/ld+json\" class=\"yoast-schema-graph\">{\"@context\":\"https:\\\/\\\/schema.org\",\"@graph\":[{\"@type\":\"WebPage\",\"@id\":\"https:\\\/\\\/bpk-archive.de\\\/tuellmann\\\/produkt\\\/zum-abriss-vorgesehener-altbau-im-westend-ulmenstrasse-18\\\/\",\"url\":\"https:\\\/\\\/bpk-archive.de\\\/tuellmann\\\/produkt\\\/zum-abriss-vorgesehener-altbau-im-westend-ulmenstrasse-18\\\/\",\"name\":\"Zum Abriss vorgesehener Altbau im Westend (Ulmenstra\u00dfe 18) - Abisag T\u00fcllmann\",\"isPartOf\":{\"@id\":\"https:\\\/\\\/bpk-archive.de\\\/tuellmann\\\/#website\"},\"primaryImageOfPage\":{\"@id\":\"https:\\\/\\\/bpk-archive.de\\\/tuellmann\\\/produkt\\\/zum-abriss-vorgesehener-altbau-im-westend-ulmenstrasse-18\\\/#primaryimage\"},\"image\":{\"@id\":\"https:\\\/\\\/bpk-archive.de\\\/tuellmann\\\/produkt\\\/zum-abriss-vorgesehener-altbau-im-westend-ulmenstrasse-18\\\/#primaryimage\"},\"thumbnailUrl\":\"https:\\\/\\\/bpk-archive.de\\\/tuellmann\\\/wp-content\\\/uploads\\\/2019\\\/08\\\/bpk_70298911.jpg\",\"datePublished\":\"2019-09-05T13:09:01+00:00\",\"dateModified\":\"2019-09-05T13:09:10+00:00\",\"breadcrumb\":{\"@id\":\"https:\\\/\\\/bpk-archive.de\\\/tuellmann\\\/produkt\\\/zum-abriss-vorgesehener-altbau-im-westend-ulmenstrasse-18\\\/#breadcrumb\"},\"inLanguage\":\"de\",\"potentialAction\":[{\"@type\":\"ReadAction\",\"target\":[\"https:\\\/\\\/bpk-archive.de\\\/tuellmann\\\/produkt\\\/zum-abriss-vorgesehener-altbau-im-westend-ulmenstrasse-18\\\/\"]}]},{\"@type\":\"ImageObject\",\"inLanguage\":\"de\",\"@id\":\"https:\\\/\\\/bpk-archive.de\\\/tuellmann\\\/produkt\\\/zum-abriss-vorgesehener-altbau-im-westend-ulmenstrasse-18\\\/#primaryimage\",\"url\":\"https:\\\/\\\/bpk-archive.de\\\/tuellmann\\\/wp-content\\\/uploads\\\/2019\\\/08\\\/bpk_70298911.jpg\",\"contentUrl\":\"https:\\\/\\\/bpk-archive.de\\\/tuellmann\\\/wp-content\\\/uploads\\\/2019\\\/08\\\/bpk_70298911.jpg\",\"width\":1200,\"height\":935,\"caption\":\"Zum Abriss vorgesehener Altbau im Westend (Ulmenstra\u00dfe 18)\"},{\"@type\":\"BreadcrumbList\",\"@id\":\"https:\\\/\\\/bpk-archive.de\\\/tuellmann\\\/produkt\\\/zum-abriss-vorgesehener-altbau-im-westend-ulmenstrasse-18\\\/#breadcrumb\",\"itemListElement\":[{\"@type\":\"ListItem\",\"position\":1,\"name\":\"Startseite\",\"item\":\"https:\\\/\\\/bpk-archive.de\\\/tuellmann\\\/\"},{\"@type\":\"ListItem\",\"position\":2,\"name\":\"Shop\",\"item\":\"https:\\\/\\\/bpk-archive.de\\\/tuellmann\\\/shop\\\/\"},{\"@type\":\"ListItem\",\"position\":3,\"name\":\"Zum Abriss vorgesehener Altbau im Westend (Ulmenstra\u00dfe 18)\"}]},{\"@type\":\"WebSite\",\"@id\":\"https:\\\/\\\/bpk-archive.de\\\/tuellmann\\\/#website\",\"url\":\"https:\\\/\\\/bpk-archive.de\\\/tuellmann\\\/\",\"name\":\"Abisag T\u00fcllmann\",\"description\":\"Eine weitere WordPress-Website\",\"potentialAction\":[{\"@type\":\"SearchAction\",\"target\":{\"@type\":\"EntryPoint\",\"urlTemplate\":\"https:\\\/\\\/bpk-archive.de\\\/tuellmann\\\/?s={search_term_string}\"},\"query-input\":{\"@type\":\"PropertyValueSpecification\",\"valueRequired\":true,\"valueName\":\"search_term_string\"}}],\"inLanguage\":\"de\"}]}<\/script>\n<!-- \/ Yoast SEO plugin. -->","yoast_head_json":{"title":"Zum Abriss vorgesehener Altbau im Westend (Ulmenstra\u00dfe 18) - Abisag T\u00fcllmann","robots":{"index":"index","follow":"follow","max-snippet":"max-snippet:-1","max-image-preview":"max-image-preview:large","max-video-preview":"max-video-preview:-1"},"canonical":"https:\/\/bpk-archive.de\/tuellmann\/produkt\/zum-abriss-vorgesehener-altbau-im-westend-ulmenstrasse-18\/","og_locale":"de_DE","og_type":"article","og_title":"Zum Abriss vorgesehener Altbau im Westend (Ulmenstra\u00dfe 18) - Abisag T\u00fcllmann","og_description":"Graffiti an der Hauswand: &#8222;Vom Besitzer selbst zerst\u00f6rt&#8220;","og_url":"https:\/\/bpk-archive.de\/tuellmann\/produkt\/zum-abriss-vorgesehener-altbau-im-westend-ulmenstrasse-18\/","og_site_name":"Abisag T\u00fcllmann","article_modified_time":"2019-09-05T13:09:10+00:00","og_image":[{"width":1200,"height":935,"url":"https:\/\/bpk-archive.de\/tuellmann\/wp-content\/uploads\/2019\/08\/bpk_70298911.jpg","type":"image\/jpeg"}],"twitter_card":"summary_large_image","schema":{"@context":"https:\/\/schema.org","@graph":[{"@type":"WebPage","@id":"https:\/\/bpk-archive.de\/tuellmann\/produkt\/zum-abriss-vorgesehener-altbau-im-westend-ulmenstrasse-18\/","url":"https:\/\/bpk-archive.de\/tuellmann\/produkt\/zum-abriss-vorgesehener-altbau-im-westend-ulmenstrasse-18\/","name":"Zum Abriss vorgesehener Altbau im Westend (Ulmenstra\u00dfe 18) - Abisag T\u00fcllmann","isPartOf":{"@id":"https:\/\/bpk-archive.de\/tuellmann\/#website"},"primaryImageOfPage":{"@id":"https:\/\/bpk-archive.de\/tuellmann\/produkt\/zum-abriss-vorgesehener-altbau-im-westend-ulmenstrasse-18\/#primaryimage"},"image":{"@id":"https:\/\/bpk-archive.de\/tuellmann\/produkt\/zum-abriss-vorgesehener-altbau-im-westend-ulmenstrasse-18\/#primaryimage"},"thumbnailUrl":"https:\/\/bpk-archive.de\/tuellmann\/wp-content\/uploads\/2019\/08\/bpk_70298911.jpg","datePublished":"2019-09-05T13:09:01+00:00","dateModified":"2019-09-05T13:09:10+00:00","breadcrumb":{"@id":"https:\/\/bpk-archive.de\/tuellmann\/produkt\/zum-abriss-vorgesehener-altbau-im-westend-ulmenstrasse-18\/#breadcrumb"},"inLanguage":"de","potentialAction":[{"@type":"ReadAction","target":["https:\/\/bpk-archive.de\/tuellmann\/produkt\/zum-abriss-vorgesehener-altbau-im-westend-ulmenstrasse-18\/"]}]},{"@type":"ImageObject","inLanguage":"de","@id":"https:\/\/bpk-archive.de\/tuellmann\/produkt\/zum-abriss-vorgesehener-altbau-im-westend-ulmenstrasse-18\/#primaryimage","url":"https:\/\/bpk-archive.de\/tuellmann\/wp-content\/uploads\/2019\/08\/bpk_70298911.jpg","contentUrl":"https:\/\/bpk-archive.de\/tuellmann\/wp-content\/uploads\/2019\/08\/bpk_70298911.jpg","width":1200,"height":935,"caption":"Zum Abriss vorgesehener Altbau im Westend (Ulmenstra\u00dfe 18)"},{"@type":"BreadcrumbList","@id":"https:\/\/bpk-archive.de\/tuellmann\/produkt\/zum-abriss-vorgesehener-altbau-im-westend-ulmenstrasse-18\/#breadcrumb","itemListElement":[{"@type":"ListItem","position":1,"name":"Startseite","item":"https:\/\/bpk-archive.de\/tuellmann\/"},{"@type":"ListItem","position":2,"name":"Shop","item":"https:\/\/bpk-archive.de\/tuellmann\/shop\/"},{"@type":"ListItem","position":3,"name":"Zum Abriss vorgesehener Altbau im Westend (Ulmenstra\u00dfe 18)"}]},{"@type":"WebSite","@id":"https:\/\/bpk-archive.de\/tuellmann\/#website","url":"https:\/\/bpk-archive.de\/tuellmann\/","name":"Abisag T\u00fcllmann","description":"Eine weitere WordPress-Website","potentialAction":[{"@type":"SearchAction","target":{"@type":"EntryPoint","urlTemplate":"https:\/\/bpk-archive.de\/tuellmann\/?s={search_term_string}"},"query-input":{"@type":"PropertyValueSpecification","valueRequired":true,"valueName":"search_term_string"}}],"inLanguage":"de"}]}},"_links":{"self":[{"href":"https:\/\/bpk-archive.de\/tuellmann\/wp-json\/wp\/v2\/product\/70295520","targetHints":{"allow":["GET"]}}],"collection":[{"href":"https:\/\/bpk-archive.de\/tuellmann\/wp-json\/wp\/v2\/product"}],"about":[{"href":"https:\/\/bpk-archive.de\/tuellmann\/wp-json\/wp\/v2\/types\/product"}],"wp:featuredmedia":[{"embeddable":true,"href":"https:\/\/bpk-archive.de\/tuellmann\/wp-json\/wp\/v2\/media\/70293296"}],"wp:attachment":[{"href":"https:\/\/bpk-archive.de\/tuellmann\/wp-json\/wp\/v2\/media?parent=70295520"}],"wp:term":[{"taxonomy":"product_brand","embeddable":true,"href":"https:\/\/bpk-archive.de\/tuellmann\/wp-json\/wp\/v2\/product_brand?post=70295520"},{"taxonomy":"product_cat","embeddable":true,"href":"https:\/\/bpk-archive.de\/tuellmann\/wp-json\/wp\/v2\/product_cat?post=70295520"},{"taxonomy":"product_tag","embeddable":true,"href":"https:\/\/bpk-archive.de\/tuellmann\/wp-json\/wp\/v2\/product_tag?post=70295520"}],"curies":[{"name":"wp","href":"https:\/\/api.w.org\/{rel}","templated":true}]}}