{"id":70295512,"date":"2019-09-05T15:09:01","date_gmt":"2019-09-05T13:09:01","guid":{"rendered":"http:\/\/abisagtuellmann.bpk-news.de\/atbild\/errichtung-eines-neubaus-im-frankfurter-westend-bockenheimer-landstrasse-schumannstrasse\/"},"modified":"2019-09-05T15:09:03","modified_gmt":"2019-09-05T13:09:03","slug":"errichtung-eines-neubaus-im-frankfurter-westend-bockenheimer-landstrasse-schumannstrasse","status":"publish","type":"product","link":"https:\/\/bpk-archive.de\/tuellmann\/produkt\/errichtung-eines-neubaus-im-frankfurter-westend-bockenheimer-landstrasse-schumannstrasse\/","title":{"rendered":"Errichtung eines Neubaus im Frankfurter Westend (Bockenheimer Landstra\u00dfe \/ Schumannstra\u00dfe)"},"content":{"rendered":"<p>R\u00fcckseitenbeschriftung von Hand der Fotografin: &#8222;Bockenheimer Landstra\u00dfe \/ Schumannstra\u00dfe, 1985&#8220;<\/p>\n","protected":false},"excerpt":{"rendered":"<p>R\u00fcckseitenbeschriftung von Hand der Fotografin: &#8222;Bockenheimer Landstra\u00dfe \/ Schumannstra\u00dfe, 1985&#8220;<\/p>\n","protected":false},"featured_media":70293309,"template":"","meta":[],"product_brand":[],"product_cat":[],"product_tag":[47237,13232,13234,13231,13233,47238,14310,13777,47240,51436,53521,13250,48185,48186,51437,51936,52137,52138,51438,51940,51941,47365,47366,47367,13469,13470,13471,13472,13260,13293,13786,13787,13294,13295,13296,13297,13485,13486,13482,13481,13483,13484,47556,47377,54211,14066,47887,47888,47383,47384,47385,47386,13492,13493,13494,13495,13496,13497,13301,52139,52140,48150,48151,47561,47562,13328,13827,13828,13329,13330,13331,13332,13843,52174,52175,13877,13879,13865,13864,13866,13858,13859,13860,13861,13862,13863,13869,13870,13871,13872,47406,47407,53533,53589,48679,48680,48681,13878,13880,48228,53552,53553],"class_list":{"0":"post-70295512","1":"product","2":"type-product","3":"status-publish","4":"has-post-thumbnail","6":"product_tag-1980er-jahre","7":"product_tag-20-jahrhundert-nach-chr","8":"product_tag-20-jh-n-chr","9":"product_tag-20-jahrhundert","10":"product_tag-20-jh","11":"product_tag-80er","12":"product_tag-abt_004","13":"product_tag-abzug","14":"product_tag-achtziger","15":"product_tag-architektur","16":"product_tag-at_westend","17":"product_tag-aussen","18":"product_tag-aussenansicht","19":"product_tag-aussenansichten","20":"product_tag-bauarbeiten","21":"product_tag-baugeschehen","22":"product_tag-baukran","23":"product_tag-baukraene","24":"product_tag-baumassnahmen","25":"product_tag-baustelle","26":"product_tag-baustellen","27":"product_tag-bauten","28":"product_tag-bauwerk","29":"product_tag-bauwerke","30":"product_tag-brd","31":"product_tag-bundesrepublik-deutschland","32":"product_tag-deutschland","33":"product_tag-deutschlands","34":"product_tag-draussen","35":"product_tag-foto","36":"product_tag-fotoabzug","37":"product_tag-fotoabzuege","38":"product_tag-fotografie","39":"product_tag-fotografien","40":"product_tag-fotografin","41":"product_tag-fotografinnen","42":"product_tag-frankfurt-m","43":"product_tag-frankfurt-main","44":"product_tag-frankfurt-a-main","45":"product_tag-frankfurt-a-m","46":"product_tag-frankfurt-am-main","47":"product_tag-frankfurter","48":"product_tag-fussgaenger","49":"product_tag-gebaeude","50":"product_tag-gesamtansicht","51":"product_tag-geschichte","52":"product_tag-grossstadt","53":"product_tag-grossstaedte","54":"product_tag-haus","55":"product_tag-haeuser","56":"product_tag-haeusern","57":"product_tag-hauses","58":"product_tag-hessen","59":"product_tag-hessisch","60":"product_tag-hessische","61":"product_tag-hessischen","62":"product_tag-hessischer","63":"product_tag-hessisches","64":"product_tag-im-freien","65":"product_tag-kran","66":"product_tag-kraene","67":"product_tag-neubau","68":"product_tag-neubauten","69":"product_tag-passant","70":"product_tag-passanten","71":"product_tag-photo","72":"product_tag-photoabzug","73":"product_tag-photoabzuege","74":"product_tag-photographie","75":"product_tag-photographien","76":"product_tag-photographin","77":"product_tag-photographinnen","78":"product_tag-print","79":"product_tag-rohbau","80":"product_tag-rohbaus","81":"product_tag-s-w-fotografie","82":"product_tag-s-w-photographie","83":"product_tag-schwarzweissphotographie","84":"product_tag-schwarz-weiss-fotografie","85":"product_tag-schwarz-weiss-photographie","86":"product_tag-schwarzweiss","87":"product_tag-schwarzweisse","88":"product_tag-schwarzweissen","89":"product_tag-schwarzweisser","90":"product_tag-schwarzweisses","91":"product_tag-schwarzweissfotografie","92":"product_tag-silbergelatine","93":"product_tag-silbergelatineabzug","94":"product_tag-silbergelatineabzuege","95":"product_tag-silbergelatineprint","96":"product_tag-stadt","97":"product_tag-staedte","98":"product_tag-stadtgeschichte","99":"product_tag-stadtsanierung","100":"product_tag-stadtteil","101":"product_tag-stadtteils","102":"product_tag-stadtviertel","103":"product_tag-sw-fotografie","104":"product_tag-sw-photographie","105":"product_tag-von-aussen","106":"product_tag-westend","107":"product_tag-westends","108":"pa_datierung-27120","109":"pa_fotograf-abisag-tuellmann","110":"pa_geografischer_bezug-aufnahmeort-frankfurt-am-main-westend-deutschland","111":"pa_grunddaten_material_technik-foto-silbergelatine-auf-barytpapier","112":"pa_inventarnummer-tue-85-132-13","113":"pa_jahr_von-49144","114":"pa_massangaben-bildformat-foto-233-x-305-cm","115":"pa_mediennummer-54658","116":"pa_objekt_typ-fotografie","118":"first","119":"instock","120":"product-type-simple"},"yoast_head":"<!-- This site is optimized with the Yoast SEO plugin v27.4 - https:\/\/yoast.com\/product\/yoast-seo-wordpress\/ -->\n<title>Errichtung eines Neubaus im Frankfurter Westend (Bockenheimer Landstra\u00dfe \/ Schumannstra\u00dfe) - Abisag T\u00fcllmann<\/title>\n<meta name=\"robots\" content=\"index, follow, max-snippet:-1, max-image-preview:large, max-video-preview:-1\" \/>\n<link rel=\"canonical\" href=\"https:\/\/bpk-archive.de\/tuellmann\/produkt\/errichtung-eines-neubaus-im-frankfurter-westend-bockenheimer-landstrasse-schumannstrasse\/\" \/>\n<meta property=\"og:locale\" content=\"de_DE\" \/>\n<meta property=\"og:type\" content=\"article\" \/>\n<meta property=\"og:title\" content=\"Errichtung eines Neubaus im Frankfurter Westend (Bockenheimer Landstra\u00dfe \/ Schumannstra\u00dfe) - Abisag T\u00fcllmann\" \/>\n<meta property=\"og:description\" content=\"R\u00fcckseitenbeschriftung von Hand der Fotografin: &#8222;Bockenheimer Landstra\u00dfe \/ Schumannstra\u00dfe, 1985&#8220;\" \/>\n<meta property=\"og:url\" content=\"https:\/\/bpk-archive.de\/tuellmann\/produkt\/errichtung-eines-neubaus-im-frankfurter-westend-bockenheimer-landstrasse-schumannstrasse\/\" \/>\n<meta property=\"og:site_name\" content=\"Abisag T\u00fcllmann\" \/>\n<meta property=\"article:modified_time\" content=\"2019-09-05T13:09:03+00:00\" \/>\n<meta property=\"og:image\" content=\"https:\/\/bpk-archive.de\/tuellmann\/wp-content\/uploads\/2019\/08\/bpk_70345430.jpg\" \/>\n\t<meta property=\"og:image:width\" content=\"1200\" \/>\n\t<meta property=\"og:image:height\" content=\"928\" \/>\n\t<meta property=\"og:image:type\" content=\"image\/jpeg\" \/>\n<meta name=\"twitter:card\" content=\"summary_large_image\" \/>\n<script type=\"application\/ld+json\" class=\"yoast-schema-graph\">{\"@context\":\"https:\\\/\\\/schema.org\",\"@graph\":[{\"@type\":\"WebPage\",\"@id\":\"https:\\\/\\\/bpk-archive.de\\\/tuellmann\\\/produkt\\\/errichtung-eines-neubaus-im-frankfurter-westend-bockenheimer-landstrasse-schumannstrasse\\\/\",\"url\":\"https:\\\/\\\/bpk-archive.de\\\/tuellmann\\\/produkt\\\/errichtung-eines-neubaus-im-frankfurter-westend-bockenheimer-landstrasse-schumannstrasse\\\/\",\"name\":\"Errichtung eines Neubaus im Frankfurter Westend (Bockenheimer Landstra\u00dfe \\\/ Schumannstra\u00dfe) - Abisag T\u00fcllmann\",\"isPartOf\":{\"@id\":\"https:\\\/\\\/bpk-archive.de\\\/tuellmann\\\/#website\"},\"primaryImageOfPage\":{\"@id\":\"https:\\\/\\\/bpk-archive.de\\\/tuellmann\\\/produkt\\\/errichtung-eines-neubaus-im-frankfurter-westend-bockenheimer-landstrasse-schumannstrasse\\\/#primaryimage\"},\"image\":{\"@id\":\"https:\\\/\\\/bpk-archive.de\\\/tuellmann\\\/produkt\\\/errichtung-eines-neubaus-im-frankfurter-westend-bockenheimer-landstrasse-schumannstrasse\\\/#primaryimage\"},\"thumbnailUrl\":\"https:\\\/\\\/bpk-archive.de\\\/tuellmann\\\/wp-content\\\/uploads\\\/2019\\\/08\\\/bpk_70345430.jpg\",\"datePublished\":\"2019-09-05T13:09:01+00:00\",\"dateModified\":\"2019-09-05T13:09:03+00:00\",\"breadcrumb\":{\"@id\":\"https:\\\/\\\/bpk-archive.de\\\/tuellmann\\\/produkt\\\/errichtung-eines-neubaus-im-frankfurter-westend-bockenheimer-landstrasse-schumannstrasse\\\/#breadcrumb\"},\"inLanguage\":\"de\",\"potentialAction\":[{\"@type\":\"ReadAction\",\"target\":[\"https:\\\/\\\/bpk-archive.de\\\/tuellmann\\\/produkt\\\/errichtung-eines-neubaus-im-frankfurter-westend-bockenheimer-landstrasse-schumannstrasse\\\/\"]}]},{\"@type\":\"ImageObject\",\"inLanguage\":\"de\",\"@id\":\"https:\\\/\\\/bpk-archive.de\\\/tuellmann\\\/produkt\\\/errichtung-eines-neubaus-im-frankfurter-westend-bockenheimer-landstrasse-schumannstrasse\\\/#primaryimage\",\"url\":\"https:\\\/\\\/bpk-archive.de\\\/tuellmann\\\/wp-content\\\/uploads\\\/2019\\\/08\\\/bpk_70345430.jpg\",\"contentUrl\":\"https:\\\/\\\/bpk-archive.de\\\/tuellmann\\\/wp-content\\\/uploads\\\/2019\\\/08\\\/bpk_70345430.jpg\",\"width\":1200,\"height\":928,\"caption\":\"Errichtung eines Neubaus im Frankfurter Westend (Bockenheimer Landstra\u00dfe \\\/ Schumannstra\u00dfe)\"},{\"@type\":\"BreadcrumbList\",\"@id\":\"https:\\\/\\\/bpk-archive.de\\\/tuellmann\\\/produkt\\\/errichtung-eines-neubaus-im-frankfurter-westend-bockenheimer-landstrasse-schumannstrasse\\\/#breadcrumb\",\"itemListElement\":[{\"@type\":\"ListItem\",\"position\":1,\"name\":\"Startseite\",\"item\":\"https:\\\/\\\/bpk-archive.de\\\/tuellmann\\\/\"},{\"@type\":\"ListItem\",\"position\":2,\"name\":\"Shop\",\"item\":\"https:\\\/\\\/bpk-archive.de\\\/tuellmann\\\/shop\\\/\"},{\"@type\":\"ListItem\",\"position\":3,\"name\":\"Errichtung eines Neubaus im Frankfurter Westend (Bockenheimer Landstra\u00dfe \\\/ Schumannstra\u00dfe)\"}]},{\"@type\":\"WebSite\",\"@id\":\"https:\\\/\\\/bpk-archive.de\\\/tuellmann\\\/#website\",\"url\":\"https:\\\/\\\/bpk-archive.de\\\/tuellmann\\\/\",\"name\":\"Abisag T\u00fcllmann\",\"description\":\"Eine weitere WordPress-Website\",\"potentialAction\":[{\"@type\":\"SearchAction\",\"target\":{\"@type\":\"EntryPoint\",\"urlTemplate\":\"https:\\\/\\\/bpk-archive.de\\\/tuellmann\\\/?s={search_term_string}\"},\"query-input\":{\"@type\":\"PropertyValueSpecification\",\"valueRequired\":true,\"valueName\":\"search_term_string\"}}],\"inLanguage\":\"de\"}]}<\/script>\n<!-- \/ Yoast SEO plugin. -->","yoast_head_json":{"title":"Errichtung eines Neubaus im Frankfurter Westend (Bockenheimer Landstra\u00dfe \/ Schumannstra\u00dfe) - Abisag T\u00fcllmann","robots":{"index":"index","follow":"follow","max-snippet":"max-snippet:-1","max-image-preview":"max-image-preview:large","max-video-preview":"max-video-preview:-1"},"canonical":"https:\/\/bpk-archive.de\/tuellmann\/produkt\/errichtung-eines-neubaus-im-frankfurter-westend-bockenheimer-landstrasse-schumannstrasse\/","og_locale":"de_DE","og_type":"article","og_title":"Errichtung eines Neubaus im Frankfurter Westend (Bockenheimer Landstra\u00dfe \/ Schumannstra\u00dfe) - Abisag T\u00fcllmann","og_description":"R\u00fcckseitenbeschriftung von Hand der Fotografin: &#8222;Bockenheimer Landstra\u00dfe \/ Schumannstra\u00dfe, 1985&#8220;","og_url":"https:\/\/bpk-archive.de\/tuellmann\/produkt\/errichtung-eines-neubaus-im-frankfurter-westend-bockenheimer-landstrasse-schumannstrasse\/","og_site_name":"Abisag T\u00fcllmann","article_modified_time":"2019-09-05T13:09:03+00:00","og_image":[{"width":1200,"height":928,"url":"https:\/\/bpk-archive.de\/tuellmann\/wp-content\/uploads\/2019\/08\/bpk_70345430.jpg","type":"image\/jpeg"}],"twitter_card":"summary_large_image","schema":{"@context":"https:\/\/schema.org","@graph":[{"@type":"WebPage","@id":"https:\/\/bpk-archive.de\/tuellmann\/produkt\/errichtung-eines-neubaus-im-frankfurter-westend-bockenheimer-landstrasse-schumannstrasse\/","url":"https:\/\/bpk-archive.de\/tuellmann\/produkt\/errichtung-eines-neubaus-im-frankfurter-westend-bockenheimer-landstrasse-schumannstrasse\/","name":"Errichtung eines Neubaus im Frankfurter Westend (Bockenheimer Landstra\u00dfe \/ Schumannstra\u00dfe) - Abisag T\u00fcllmann","isPartOf":{"@id":"https:\/\/bpk-archive.de\/tuellmann\/#website"},"primaryImageOfPage":{"@id":"https:\/\/bpk-archive.de\/tuellmann\/produkt\/errichtung-eines-neubaus-im-frankfurter-westend-bockenheimer-landstrasse-schumannstrasse\/#primaryimage"},"image":{"@id":"https:\/\/bpk-archive.de\/tuellmann\/produkt\/errichtung-eines-neubaus-im-frankfurter-westend-bockenheimer-landstrasse-schumannstrasse\/#primaryimage"},"thumbnailUrl":"https:\/\/bpk-archive.de\/tuellmann\/wp-content\/uploads\/2019\/08\/bpk_70345430.jpg","datePublished":"2019-09-05T13:09:01+00:00","dateModified":"2019-09-05T13:09:03+00:00","breadcrumb":{"@id":"https:\/\/bpk-archive.de\/tuellmann\/produkt\/errichtung-eines-neubaus-im-frankfurter-westend-bockenheimer-landstrasse-schumannstrasse\/#breadcrumb"},"inLanguage":"de","potentialAction":[{"@type":"ReadAction","target":["https:\/\/bpk-archive.de\/tuellmann\/produkt\/errichtung-eines-neubaus-im-frankfurter-westend-bockenheimer-landstrasse-schumannstrasse\/"]}]},{"@type":"ImageObject","inLanguage":"de","@id":"https:\/\/bpk-archive.de\/tuellmann\/produkt\/errichtung-eines-neubaus-im-frankfurter-westend-bockenheimer-landstrasse-schumannstrasse\/#primaryimage","url":"https:\/\/bpk-archive.de\/tuellmann\/wp-content\/uploads\/2019\/08\/bpk_70345430.jpg","contentUrl":"https:\/\/bpk-archive.de\/tuellmann\/wp-content\/uploads\/2019\/08\/bpk_70345430.jpg","width":1200,"height":928,"caption":"Errichtung eines Neubaus im Frankfurter Westend (Bockenheimer Landstra\u00dfe \/ Schumannstra\u00dfe)"},{"@type":"BreadcrumbList","@id":"https:\/\/bpk-archive.de\/tuellmann\/produkt\/errichtung-eines-neubaus-im-frankfurter-westend-bockenheimer-landstrasse-schumannstrasse\/#breadcrumb","itemListElement":[{"@type":"ListItem","position":1,"name":"Startseite","item":"https:\/\/bpk-archive.de\/tuellmann\/"},{"@type":"ListItem","position":2,"name":"Shop","item":"https:\/\/bpk-archive.de\/tuellmann\/shop\/"},{"@type":"ListItem","position":3,"name":"Errichtung eines Neubaus im Frankfurter Westend (Bockenheimer Landstra\u00dfe \/ Schumannstra\u00dfe)"}]},{"@type":"WebSite","@id":"https:\/\/bpk-archive.de\/tuellmann\/#website","url":"https:\/\/bpk-archive.de\/tuellmann\/","name":"Abisag T\u00fcllmann","description":"Eine weitere WordPress-Website","potentialAction":[{"@type":"SearchAction","target":{"@type":"EntryPoint","urlTemplate":"https:\/\/bpk-archive.de\/tuellmann\/?s={search_term_string}"},"query-input":{"@type":"PropertyValueSpecification","valueRequired":true,"valueName":"search_term_string"}}],"inLanguage":"de"}]}},"_links":{"self":[{"href":"https:\/\/bpk-archive.de\/tuellmann\/wp-json\/wp\/v2\/product\/70295512","targetHints":{"allow":["GET"]}}],"collection":[{"href":"https:\/\/bpk-archive.de\/tuellmann\/wp-json\/wp\/v2\/product"}],"about":[{"href":"https:\/\/bpk-archive.de\/tuellmann\/wp-json\/wp\/v2\/types\/product"}],"wp:featuredmedia":[{"embeddable":true,"href":"https:\/\/bpk-archive.de\/tuellmann\/wp-json\/wp\/v2\/media\/70293309"}],"wp:attachment":[{"href":"https:\/\/bpk-archive.de\/tuellmann\/wp-json\/wp\/v2\/media?parent=70295512"}],"wp:term":[{"taxonomy":"product_brand","embeddable":true,"href":"https:\/\/bpk-archive.de\/tuellmann\/wp-json\/wp\/v2\/product_brand?post=70295512"},{"taxonomy":"product_cat","embeddable":true,"href":"https:\/\/bpk-archive.de\/tuellmann\/wp-json\/wp\/v2\/product_cat?post=70295512"},{"taxonomy":"product_tag","embeddable":true,"href":"https:\/\/bpk-archive.de\/tuellmann\/wp-json\/wp\/v2\/product_tag?post=70295512"}],"curies":[{"name":"wp","href":"https:\/\/api.w.org\/{rel}","templated":true}]}}