{"id":70295501,"date":"2019-09-05T15:08:40","date_gmt":"2019-09-05T13:08:40","guid":{"rendered":"http:\/\/abisagtuellmann.bpk-news.de\/atbild\/buerohaus-der-hochtief-ag-im-frankfurter-westend-bockenheimer-landstrasse-24\/"},"modified":"2019-09-05T15:08:50","modified_gmt":"2019-09-05T13:08:50","slug":"buerohaus-der-hochtief-ag-im-frankfurter-westend-bockenheimer-landstrasse-24","status":"publish","type":"product","link":"https:\/\/bpk-archive.de\/tuellmann\/produkt\/buerohaus-der-hochtief-ag-im-frankfurter-westend-bockenheimer-landstrasse-24\/","title":{"rendered":"B\u00fcrohaus der Hochtief AG im Frankfurter Westend (Bockenheimer Landstra\u00dfe 24)"},"content":{"rendered":"<p>R\u00fcckseitenbeschriftung von Hand der Fotografin: &#8222;Bockenheimer Landstra\u00dfe 24, 1982&#8220;<\/p>\n","protected":false},"excerpt":{"rendered":"<p>R\u00fcckseitenbeschriftung von Hand der Fotografin: &#8222;Bockenheimer Landstra\u00dfe 24, 1982&#8220;<\/p>\n","protected":false},"featured_media":70293281,"template":"","meta":[],"product_brand":[],"product_cat":[],"product_tag":[47237,13232,13234,13231,13233,47238,53520,13777,47240,50425,50426,53521,13250,48185,48186,49963,54459,53522,47365,47366,47367,13469,13470,47881,47882,54380,54381,54382,51751,13253,13254,13255,13256,13257,13471,13472,13260,54460,54461,54592,54593,54288,13293,13786,13787,13294,13295,13296,13297,13485,13486,13482,13481,13483,13484,47377,53523,14066,47579,47580,47581,47582,47887,47888,47383,47384,47385,47386,50434,50435,13492,13493,13494,13495,13496,13497,13301,53525,51234,47589,47590,13818,13819,13826,48150,48151,13328,13827,13828,13329,13330,13331,13332,13843,13877,13879,13865,13864,13866,13858,13859,13860,13861,13862,13863,13869,13870,13871,13872,53528,47406,47407,53529,53530,53531,53532,53533,53534,53535,53536,53537,53538,51772,53589,48679,48680,48681,51243,51244,51245,13519,13520,13521,13522,13523,13524,13878,13880,53539,53540,53541,53542,53543,53544,53545,53546,53547,53548,53549,48228,53550,53551,53552,53553,47359],"class_list":{"0":"post-70295501","1":"product","2":"type-product","3":"status-publish","4":"has-post-thumbnail","6":"product_tag-1980er-jahre","7":"product_tag-20-jahrhundert-nach-chr","8":"product_tag-20-jh-n-chr","9":"product_tag-20-jahrhundert","10":"product_tag-20-jh","11":"product_tag-80er","12":"product_tag-abt_023","13":"product_tag-abzug","14":"product_tag-achtziger","15":"product_tag-anzug","16":"product_tag-anzuege","17":"product_tag-at_westend","18":"product_tag-aussen","19":"product_tag-aussenansicht","20":"product_tag-aussenansichten","21":"product_tag-baufirma","22":"product_tag-baukonzern","23":"product_tag-bauspekulation","24":"product_tag-bauten","25":"product_tag-bauwerk","26":"product_tag-bauwerke","27":"product_tag-brd","28":"product_tag-bundesrepublik-deutschland","29":"product_tag-bureau","30":"product_tag-buero","31":"product_tag-buerogebaeude","32":"product_tag-buerohaus","33":"product_tag-buerohaeuser","34":"product_tag-city","35":"product_tag-deutsch","36":"product_tag-deutsche","37":"product_tag-deutschen","38":"product_tag-deutscher","39":"product_tag-deutsches","40":"product_tag-deutschland","41":"product_tag-deutschlands","42":"product_tag-draussen","43":"product_tag-firma","44":"product_tag-firmen","45":"product_tag-firmenschild","46":"product_tag-firmenschilder","47":"product_tag-firmensitz","48":"product_tag-foto","49":"product_tag-fotoabzug","50":"product_tag-fotoabzuege","51":"product_tag-fotografie","52":"product_tag-fotografien","53":"product_tag-fotografin","54":"product_tag-fotografinnen","55":"product_tag-frankfurt-m","56":"product_tag-frankfurt-main","57":"product_tag-frankfurt-a-main","58":"product_tag-frankfurt-a-m","59":"product_tag-frankfurt-am-main","60":"product_tag-frankfurter","61":"product_tag-gebaeude","62":"product_tag-gentrifizierung","63":"product_tag-geschichte","64":"product_tag-gespraech","65":"product_tag-gespraeche","66":"product_tag-gespraeches","67":"product_tag-gespraechs","68":"product_tag-grossstadt","69":"product_tag-grossstaedte","70":"product_tag-haus","71":"product_tag-haeuser","72":"product_tag-haeusern","73":"product_tag-hauses","74":"product_tag-herrenanzug","75":"product_tag-herrenanzuege","76":"product_tag-hessen","77":"product_tag-hessisch","78":"product_tag-hessische","79":"product_tag-hessischen","80":"product_tag-hessischer","81":"product_tag-hessisches","82":"product_tag-im-freien","83":"product_tag-immobilienwirtschaft","84":"product_tag-innenstadt","85":"product_tag-konversation","86":"product_tag-konversationen","87":"product_tag-mann","88":"product_tag-maenner","89":"product_tag-mannes","90":"product_tag-neubau","91":"product_tag-neubauten","92":"product_tag-photo","93":"product_tag-photoabzug","94":"product_tag-photoabzuege","95":"product_tag-photographie","96":"product_tag-photographien","97":"product_tag-photographin","98":"product_tag-photographinnen","99":"product_tag-print","100":"product_tag-s-w-fotografie","101":"product_tag-s-w-photographie","102":"product_tag-schwarzweissphotographie","103":"product_tag-schwarz-weiss-fotografie","104":"product_tag-schwarz-weiss-photographie","105":"product_tag-schwarzweiss","106":"product_tag-schwarzweisse","107":"product_tag-schwarzweissen","108":"product_tag-schwarzweisser","109":"product_tag-schwarzweisses","110":"product_tag-schwarzweissfotografie","111":"product_tag-silbergelatine","112":"product_tag-silbergelatineabzug","113":"product_tag-silbergelatineabzuege","114":"product_tag-silbergelatineprint","115":"product_tag-spekulation","116":"product_tag-stadt","117":"product_tag-staedte","118":"product_tag-staedtebau","119":"product_tag-staedtebaulich","120":"product_tag-staedtebauliche","121":"product_tag-staedtebaulicher","122":"product_tag-stadtgeschichte","123":"product_tag-staedtisch","124":"product_tag-staedtische","125":"product_tag-staedtischen","126":"product_tag-staedtischer","127":"product_tag-staedtisches","128":"product_tag-stadtmitte","129":"product_tag-stadtsanierung","130":"product_tag-stadtteil","131":"product_tag-stadtteils","132":"product_tag-stadtviertel","133":"product_tag-stadtzentren","134":"product_tag-stadtzentrum","135":"product_tag-stadtzentrums","136":"product_tag-stehen","137":"product_tag-stehend","138":"product_tag-stehende","139":"product_tag-stehenden","140":"product_tag-stehender","141":"product_tag-stehendes","142":"product_tag-sw-fotografie","143":"product_tag-sw-photographie","144":"product_tag-urban","145":"product_tag-urbane","146":"product_tag-urbanen","147":"product_tag-urbaner","148":"product_tag-urbanes","149":"product_tag-urbanistik","150":"product_tag-urbanitaet","151":"product_tag-veraenderung","152":"product_tag-veraenderungen","153":"product_tag-verwandlung","154":"product_tag-verwandlungen","155":"product_tag-von-aussen","156":"product_tag-wandel","157":"product_tag-wandels","158":"product_tag-westend","159":"product_tag-westends","160":"product_tag-zwei","161":"pa_datierung-mai-1982","162":"pa_fotograf-abisag-tuellmann","163":"pa_geografischer_bezug-aufnahmeort-frankfurt-am-main-westend-deutschland","164":"pa_grunddaten_material_technik-foto-silbergelatine-auf-barytpapier","165":"pa_inventarnummer-tue-w-82-097-37","166":"pa_jahr_von-47235","167":"pa_massangaben-bildformat-foto-272-x-399-cm","168":"pa_mediennummer-54589","169":"pa_objekt_typ-fotografie","171":"first","172":"instock","173":"product-type-simple"},"yoast_head":"<!-- This site is optimized with the Yoast SEO plugin v27.4 - https:\/\/yoast.com\/product\/yoast-seo-wordpress\/ -->\n<title>B\u00fcrohaus der Hochtief AG im Frankfurter Westend (Bockenheimer Landstra\u00dfe 24) - Abisag T\u00fcllmann<\/title>\n<meta name=\"robots\" content=\"index, follow, max-snippet:-1, max-image-preview:large, max-video-preview:-1\" \/>\n<link rel=\"canonical\" href=\"https:\/\/bpk-archive.de\/tuellmann\/produkt\/buerohaus-der-hochtief-ag-im-frankfurter-westend-bockenheimer-landstrasse-24\/\" \/>\n<meta property=\"og:locale\" content=\"de_DE\" \/>\n<meta property=\"og:type\" content=\"article\" \/>\n<meta property=\"og:title\" content=\"B\u00fcrohaus der Hochtief AG im Frankfurter Westend (Bockenheimer Landstra\u00dfe 24) - Abisag T\u00fcllmann\" \/>\n<meta property=\"og:description\" content=\"R\u00fcckseitenbeschriftung von Hand der Fotografin: &#8222;Bockenheimer Landstra\u00dfe 24, 1982&#8220;\" \/>\n<meta property=\"og:url\" content=\"https:\/\/bpk-archive.de\/tuellmann\/produkt\/buerohaus-der-hochtief-ag-im-frankfurter-westend-bockenheimer-landstrasse-24\/\" \/>\n<meta property=\"og:site_name\" content=\"Abisag T\u00fcllmann\" \/>\n<meta property=\"article:modified_time\" content=\"2019-09-05T13:08:50+00:00\" \/>\n<meta property=\"og:image\" content=\"https:\/\/bpk-archive.de\/tuellmann\/wp-content\/uploads\/2019\/08\/bpk_70298892.jpg\" \/>\n\t<meta property=\"og:image:width\" content=\"1200\" \/>\n\t<meta property=\"og:image:height\" content=\"826\" \/>\n\t<meta property=\"og:image:type\" content=\"image\/jpeg\" \/>\n<meta name=\"twitter:card\" content=\"summary_large_image\" \/>\n<script type=\"application\/ld+json\" class=\"yoast-schema-graph\">{\"@context\":\"https:\\\/\\\/schema.org\",\"@graph\":[{\"@type\":\"WebPage\",\"@id\":\"https:\\\/\\\/bpk-archive.de\\\/tuellmann\\\/produkt\\\/buerohaus-der-hochtief-ag-im-frankfurter-westend-bockenheimer-landstrasse-24\\\/\",\"url\":\"https:\\\/\\\/bpk-archive.de\\\/tuellmann\\\/produkt\\\/buerohaus-der-hochtief-ag-im-frankfurter-westend-bockenheimer-landstrasse-24\\\/\",\"name\":\"B\u00fcrohaus der Hochtief AG im Frankfurter Westend (Bockenheimer Landstra\u00dfe 24) - Abisag T\u00fcllmann\",\"isPartOf\":{\"@id\":\"https:\\\/\\\/bpk-archive.de\\\/tuellmann\\\/#website\"},\"primaryImageOfPage\":{\"@id\":\"https:\\\/\\\/bpk-archive.de\\\/tuellmann\\\/produkt\\\/buerohaus-der-hochtief-ag-im-frankfurter-westend-bockenheimer-landstrasse-24\\\/#primaryimage\"},\"image\":{\"@id\":\"https:\\\/\\\/bpk-archive.de\\\/tuellmann\\\/produkt\\\/buerohaus-der-hochtief-ag-im-frankfurter-westend-bockenheimer-landstrasse-24\\\/#primaryimage\"},\"thumbnailUrl\":\"https:\\\/\\\/bpk-archive.de\\\/tuellmann\\\/wp-content\\\/uploads\\\/2019\\\/08\\\/bpk_70298892.jpg\",\"datePublished\":\"2019-09-05T13:08:40+00:00\",\"dateModified\":\"2019-09-05T13:08:50+00:00\",\"breadcrumb\":{\"@id\":\"https:\\\/\\\/bpk-archive.de\\\/tuellmann\\\/produkt\\\/buerohaus-der-hochtief-ag-im-frankfurter-westend-bockenheimer-landstrasse-24\\\/#breadcrumb\"},\"inLanguage\":\"de\",\"potentialAction\":[{\"@type\":\"ReadAction\",\"target\":[\"https:\\\/\\\/bpk-archive.de\\\/tuellmann\\\/produkt\\\/buerohaus-der-hochtief-ag-im-frankfurter-westend-bockenheimer-landstrasse-24\\\/\"]}]},{\"@type\":\"ImageObject\",\"inLanguage\":\"de\",\"@id\":\"https:\\\/\\\/bpk-archive.de\\\/tuellmann\\\/produkt\\\/buerohaus-der-hochtief-ag-im-frankfurter-westend-bockenheimer-landstrasse-24\\\/#primaryimage\",\"url\":\"https:\\\/\\\/bpk-archive.de\\\/tuellmann\\\/wp-content\\\/uploads\\\/2019\\\/08\\\/bpk_70298892.jpg\",\"contentUrl\":\"https:\\\/\\\/bpk-archive.de\\\/tuellmann\\\/wp-content\\\/uploads\\\/2019\\\/08\\\/bpk_70298892.jpg\",\"width\":1200,\"height\":826,\"caption\":\"B\u00fcrohaus der Hochtief AG im Frankfurter Westend (Bockenheimer Landstra\u00dfe 24)\"},{\"@type\":\"BreadcrumbList\",\"@id\":\"https:\\\/\\\/bpk-archive.de\\\/tuellmann\\\/produkt\\\/buerohaus-der-hochtief-ag-im-frankfurter-westend-bockenheimer-landstrasse-24\\\/#breadcrumb\",\"itemListElement\":[{\"@type\":\"ListItem\",\"position\":1,\"name\":\"Startseite\",\"item\":\"https:\\\/\\\/bpk-archive.de\\\/tuellmann\\\/\"},{\"@type\":\"ListItem\",\"position\":2,\"name\":\"Shop\",\"item\":\"https:\\\/\\\/bpk-archive.de\\\/tuellmann\\\/shop\\\/\"},{\"@type\":\"ListItem\",\"position\":3,\"name\":\"B\u00fcrohaus der Hochtief AG im Frankfurter Westend (Bockenheimer Landstra\u00dfe 24)\"}]},{\"@type\":\"WebSite\",\"@id\":\"https:\\\/\\\/bpk-archive.de\\\/tuellmann\\\/#website\",\"url\":\"https:\\\/\\\/bpk-archive.de\\\/tuellmann\\\/\",\"name\":\"Abisag T\u00fcllmann\",\"description\":\"Eine weitere WordPress-Website\",\"potentialAction\":[{\"@type\":\"SearchAction\",\"target\":{\"@type\":\"EntryPoint\",\"urlTemplate\":\"https:\\\/\\\/bpk-archive.de\\\/tuellmann\\\/?s={search_term_string}\"},\"query-input\":{\"@type\":\"PropertyValueSpecification\",\"valueRequired\":true,\"valueName\":\"search_term_string\"}}],\"inLanguage\":\"de\"}]}<\/script>\n<!-- \/ Yoast SEO plugin. -->","yoast_head_json":{"title":"B\u00fcrohaus der Hochtief AG im Frankfurter Westend (Bockenheimer Landstra\u00dfe 24) - Abisag T\u00fcllmann","robots":{"index":"index","follow":"follow","max-snippet":"max-snippet:-1","max-image-preview":"max-image-preview:large","max-video-preview":"max-video-preview:-1"},"canonical":"https:\/\/bpk-archive.de\/tuellmann\/produkt\/buerohaus-der-hochtief-ag-im-frankfurter-westend-bockenheimer-landstrasse-24\/","og_locale":"de_DE","og_type":"article","og_title":"B\u00fcrohaus der Hochtief AG im Frankfurter Westend (Bockenheimer Landstra\u00dfe 24) - Abisag T\u00fcllmann","og_description":"R\u00fcckseitenbeschriftung von Hand der Fotografin: &#8222;Bockenheimer Landstra\u00dfe 24, 1982&#8220;","og_url":"https:\/\/bpk-archive.de\/tuellmann\/produkt\/buerohaus-der-hochtief-ag-im-frankfurter-westend-bockenheimer-landstrasse-24\/","og_site_name":"Abisag T\u00fcllmann","article_modified_time":"2019-09-05T13:08:50+00:00","og_image":[{"width":1200,"height":826,"url":"https:\/\/bpk-archive.de\/tuellmann\/wp-content\/uploads\/2019\/08\/bpk_70298892.jpg","type":"image\/jpeg"}],"twitter_card":"summary_large_image","schema":{"@context":"https:\/\/schema.org","@graph":[{"@type":"WebPage","@id":"https:\/\/bpk-archive.de\/tuellmann\/produkt\/buerohaus-der-hochtief-ag-im-frankfurter-westend-bockenheimer-landstrasse-24\/","url":"https:\/\/bpk-archive.de\/tuellmann\/produkt\/buerohaus-der-hochtief-ag-im-frankfurter-westend-bockenheimer-landstrasse-24\/","name":"B\u00fcrohaus der Hochtief AG im Frankfurter Westend (Bockenheimer Landstra\u00dfe 24) - Abisag T\u00fcllmann","isPartOf":{"@id":"https:\/\/bpk-archive.de\/tuellmann\/#website"},"primaryImageOfPage":{"@id":"https:\/\/bpk-archive.de\/tuellmann\/produkt\/buerohaus-der-hochtief-ag-im-frankfurter-westend-bockenheimer-landstrasse-24\/#primaryimage"},"image":{"@id":"https:\/\/bpk-archive.de\/tuellmann\/produkt\/buerohaus-der-hochtief-ag-im-frankfurter-westend-bockenheimer-landstrasse-24\/#primaryimage"},"thumbnailUrl":"https:\/\/bpk-archive.de\/tuellmann\/wp-content\/uploads\/2019\/08\/bpk_70298892.jpg","datePublished":"2019-09-05T13:08:40+00:00","dateModified":"2019-09-05T13:08:50+00:00","breadcrumb":{"@id":"https:\/\/bpk-archive.de\/tuellmann\/produkt\/buerohaus-der-hochtief-ag-im-frankfurter-westend-bockenheimer-landstrasse-24\/#breadcrumb"},"inLanguage":"de","potentialAction":[{"@type":"ReadAction","target":["https:\/\/bpk-archive.de\/tuellmann\/produkt\/buerohaus-der-hochtief-ag-im-frankfurter-westend-bockenheimer-landstrasse-24\/"]}]},{"@type":"ImageObject","inLanguage":"de","@id":"https:\/\/bpk-archive.de\/tuellmann\/produkt\/buerohaus-der-hochtief-ag-im-frankfurter-westend-bockenheimer-landstrasse-24\/#primaryimage","url":"https:\/\/bpk-archive.de\/tuellmann\/wp-content\/uploads\/2019\/08\/bpk_70298892.jpg","contentUrl":"https:\/\/bpk-archive.de\/tuellmann\/wp-content\/uploads\/2019\/08\/bpk_70298892.jpg","width":1200,"height":826,"caption":"B\u00fcrohaus der Hochtief AG im Frankfurter Westend (Bockenheimer Landstra\u00dfe 24)"},{"@type":"BreadcrumbList","@id":"https:\/\/bpk-archive.de\/tuellmann\/produkt\/buerohaus-der-hochtief-ag-im-frankfurter-westend-bockenheimer-landstrasse-24\/#breadcrumb","itemListElement":[{"@type":"ListItem","position":1,"name":"Startseite","item":"https:\/\/bpk-archive.de\/tuellmann\/"},{"@type":"ListItem","position":2,"name":"Shop","item":"https:\/\/bpk-archive.de\/tuellmann\/shop\/"},{"@type":"ListItem","position":3,"name":"B\u00fcrohaus der Hochtief AG im Frankfurter Westend (Bockenheimer Landstra\u00dfe 24)"}]},{"@type":"WebSite","@id":"https:\/\/bpk-archive.de\/tuellmann\/#website","url":"https:\/\/bpk-archive.de\/tuellmann\/","name":"Abisag T\u00fcllmann","description":"Eine weitere WordPress-Website","potentialAction":[{"@type":"SearchAction","target":{"@type":"EntryPoint","urlTemplate":"https:\/\/bpk-archive.de\/tuellmann\/?s={search_term_string}"},"query-input":{"@type":"PropertyValueSpecification","valueRequired":true,"valueName":"search_term_string"}}],"inLanguage":"de"}]}},"_links":{"self":[{"href":"https:\/\/bpk-archive.de\/tuellmann\/wp-json\/wp\/v2\/product\/70295501","targetHints":{"allow":["GET"]}}],"collection":[{"href":"https:\/\/bpk-archive.de\/tuellmann\/wp-json\/wp\/v2\/product"}],"about":[{"href":"https:\/\/bpk-archive.de\/tuellmann\/wp-json\/wp\/v2\/types\/product"}],"wp:featuredmedia":[{"embeddable":true,"href":"https:\/\/bpk-archive.de\/tuellmann\/wp-json\/wp\/v2\/media\/70293281"}],"wp:attachment":[{"href":"https:\/\/bpk-archive.de\/tuellmann\/wp-json\/wp\/v2\/media?parent=70295501"}],"wp:term":[{"taxonomy":"product_brand","embeddable":true,"href":"https:\/\/bpk-archive.de\/tuellmann\/wp-json\/wp\/v2\/product_brand?post=70295501"},{"taxonomy":"product_cat","embeddable":true,"href":"https:\/\/bpk-archive.de\/tuellmann\/wp-json\/wp\/v2\/product_cat?post=70295501"},{"taxonomy":"product_tag","embeddable":true,"href":"https:\/\/bpk-archive.de\/tuellmann\/wp-json\/wp\/v2\/product_tag?post=70295501"}],"curies":[{"name":"wp","href":"https:\/\/api.w.org\/{rel}","templated":true}]}}