{"id":70295490,"date":"2019-09-05T15:08:19","date_gmt":"2019-09-05T13:08:19","guid":{"rendered":"http:\/\/abisagtuellmann.bpk-news.de\/atbild\/bauluecke-nach-abriss-eines-altbaus-im-westend-feldbergstrasse-51-und-53\/"},"modified":"2019-09-05T15:08:39","modified_gmt":"2019-09-05T13:08:39","slug":"bauluecke-nach-abriss-eines-altbaus-im-westend-feldbergstrasse-51-und-53","status":"publish","type":"product","link":"https:\/\/bpk-archive.de\/tuellmann\/produkt\/bauluecke-nach-abriss-eines-altbaus-im-westend-feldbergstrasse-51-und-53\/","title":{"rendered":"Baul\u00fccke nach Abriss eines Altbaus im Westend (Feldbergstra\u00dfe 51 und 53)"},"content":{"rendered":"<p>R\u00fcckseitenbeschriftung von Hand der Fotografin: &#8222;Feldbergstra\u00dfe 51 + 53, Dez. 1982&#8220;<\/p>\n","protected":false},"excerpt":{"rendered":"<p>R\u00fcckseitenbeschriftung von Hand der Fotografin: &#8222;Feldbergstra\u00dfe 51 + 53, Dez. 1982&#8220;<\/p>\n","protected":false},"featured_media":70293286,"template":"","meta":[],"product_brand":[],"product_cat":[],"product_tag":[47237,13232,13234,13231,13233,47238,53514,53516,53517,53518,14310,13777,47240,53249,53250,53521,13250,48185,48186,47549,47550,47551,47552,47553,54388,54389,51937,51938,51940,51941,47365,47366,47367,13469,13470,13471,13472,13260,48211,48212,48213,48214,48215,49919,49920,49921,49922,50939,50940,50941,49923,48216,13293,13786,13787,13294,13295,13296,13297,13485,13486,13482,13481,13483,13484,47377,48510,48511,48512,48513,48514,14066,47887,47888,47383,47384,47385,47386,13492,13493,13494,13495,13496,13497,13301,13818,13819,13826,48520,49707,49708,13328,13827,13828,13329,13330,13331,13332,13843,50942,50943,50944,50945,13877,13879,13865,13864,13866,13858,13859,13860,13861,13862,13863,13869,13870,13871,13872,47406,47407,53533,53589,48679,48680,48681,48165,48166,47408,47564,47409,13878,13880,48228,53552,53553,47504,47505,47506,47349,47350,47351,47352,47353,47354,47355,47356],"class_list":{"0":"post-70295490","1":"product","2":"type-product","3":"status-publish","4":"has-post-thumbnail","6":"product_tag-1980er-jahre","7":"product_tag-20-jahrhundert-nach-chr","8":"product_tag-20-jh-n-chr","9":"product_tag-20-jahrhundert","10":"product_tag-20-jh","11":"product_tag-80er","12":"product_tag-abbruch","13":"product_tag-abreissen","14":"product_tag-abriss","15":"product_tag-abrissarbeiten","16":"product_tag-abt_004","17":"product_tag-abzug","18":"product_tag-achtziger","19":"product_tag-altbau","20":"product_tag-altbauten","21":"product_tag-at_westend","22":"product_tag-aussen","23":"product_tag-aussenansicht","24":"product_tag-aussenansichten","25":"product_tag-auto","26":"product_tag-automobil","27":"product_tag-automobile","28":"product_tag-automobils","29":"product_tag-autos","30":"product_tag-bauluecke","31":"product_tag-bauluecken","32":"product_tag-bauplatz","33":"product_tag-bauplaetze","34":"product_tag-baustelle","35":"product_tag-baustellen","36":"product_tag-bauten","37":"product_tag-bauwerk","38":"product_tag-bauwerke","39":"product_tag-brd","40":"product_tag-bundesrepublik-deutschland","41":"product_tag-deutschland","42":"product_tag-deutschlands","43":"product_tag-draussen","44":"product_tag-fahren","45":"product_tag-fahrend","46":"product_tag-fahrende","47":"product_tag-fahrender","48":"product_tag-fahrendes","49":"product_tag-fahrrad","50":"product_tag-fahrraeder","51":"product_tag-fahrraedern","52":"product_tag-fahrrades","53":"product_tag-fahrradfahrer","54":"product_tag-fahrradfahrern","55":"product_tag-fahrradfahrers","56":"product_tag-fahrrads","57":"product_tag-faehrt","58":"product_tag-foto","59":"product_tag-fotoabzug","60":"product_tag-fotoabzuege","61":"product_tag-fotografie","62":"product_tag-fotografien","63":"product_tag-fotografin","64":"product_tag-fotografinnen","65":"product_tag-frankfurt-m","66":"product_tag-frankfurt-main","67":"product_tag-frankfurt-a-main","68":"product_tag-frankfurt-a-m","69":"product_tag-frankfurt-am-main","70":"product_tag-frankfurter","71":"product_tag-gebaeude","72":"product_tag-geparkt","73":"product_tag-geparkte","74":"product_tag-geparkten","75":"product_tag-geparkter","76":"product_tag-geparktes","77":"product_tag-geschichte","78":"product_tag-grossstadt","79":"product_tag-grossstaedte","80":"product_tag-haus","81":"product_tag-haeuser","82":"product_tag-haeusern","83":"product_tag-hauses","84":"product_tag-hessen","85":"product_tag-hessisch","86":"product_tag-hessische","87":"product_tag-hessischen","88":"product_tag-hessischer","89":"product_tag-hessisches","90":"product_tag-im-freien","91":"product_tag-mann","92":"product_tag-maenner","93":"product_tag-mannes","94":"product_tag-parken","95":"product_tag-parkplatz","96":"product_tag-parkplaetze","97":"product_tag-photo","98":"product_tag-photoabzug","99":"product_tag-photoabzuege","100":"product_tag-photographie","101":"product_tag-photographien","102":"product_tag-photographin","103":"product_tag-photographinnen","104":"product_tag-print","105":"product_tag-radfahrer","106":"product_tag-radfahrern","107":"product_tag-radfahrers","108":"product_tag-radler","109":"product_tag-s-w-fotografie","110":"product_tag-s-w-photographie","111":"product_tag-schwarzweissphotographie","112":"product_tag-schwarz-weiss-fotografie","113":"product_tag-schwarz-weiss-photographie","114":"product_tag-schwarzweiss","115":"product_tag-schwarzweisse","116":"product_tag-schwarzweissen","117":"product_tag-schwarzweisser","118":"product_tag-schwarzweisses","119":"product_tag-schwarzweissfotografie","120":"product_tag-silbergelatine","121":"product_tag-silbergelatineabzug","122":"product_tag-silbergelatineabzuege","123":"product_tag-silbergelatineprint","124":"product_tag-stadt","125":"product_tag-staedte","126":"product_tag-stadtgeschichte","127":"product_tag-stadtsanierung","128":"product_tag-stadtteil","129":"product_tag-stadtteils","130":"product_tag-stadtviertel","131":"product_tag-strasse","132":"product_tag-strassen","133":"product_tag-strassenleben","134":"product_tag-strassenrand","135":"product_tag-strassenszene","136":"product_tag-sw-fotografie","137":"product_tag-sw-photographie","138":"product_tag-von-aussen","139":"product_tag-westend","140":"product_tag-westends","141":"product_tag-wohngebaeude","142":"product_tag-wohnhaus","143":"product_tag-wohnhaeuser","144":"product_tag-zerstoeren","145":"product_tag-zerstoert","146":"product_tag-zerstoerte","147":"product_tag-zerstoerten","148":"product_tag-zerstoerter","149":"product_tag-zerstoertes","150":"product_tag-zerstoerung","151":"product_tag-zerstoerungen","152":"pa_datierung-dezember-1982","153":"pa_fotograf-abisag-tuellmann","154":"pa_geografischer_bezug-aufnahmeort-frankfurt-am-main-westend-deutschland","155":"pa_grunddaten_material_technik-foto-silbergelatine-auf-barytpapier","156":"pa_inventarnummer-tue-w-82-113-20a","157":"pa_jahr_von-47235","158":"pa_massangaben-bildformat-foto-20-x-305-cm","159":"pa_mediennummer-54516","160":"pa_objekt_typ-fotografie","162":"first","163":"instock","164":"product-type-simple"},"yoast_head":"<!-- This site is optimized with the Yoast SEO plugin v27.4 - https:\/\/yoast.com\/product\/yoast-seo-wordpress\/ -->\n<title>Baul\u00fccke nach Abriss eines Altbaus im Westend (Feldbergstra\u00dfe 51 und 53) - Abisag T\u00fcllmann<\/title>\n<meta name=\"robots\" content=\"index, follow, max-snippet:-1, max-image-preview:large, max-video-preview:-1\" \/>\n<link rel=\"canonical\" href=\"https:\/\/bpk-archive.de\/tuellmann\/produkt\/bauluecke-nach-abriss-eines-altbaus-im-westend-feldbergstrasse-51-und-53\/\" \/>\n<meta property=\"og:locale\" content=\"de_DE\" \/>\n<meta property=\"og:type\" content=\"article\" \/>\n<meta property=\"og:title\" content=\"Baul\u00fccke nach Abriss eines Altbaus im Westend (Feldbergstra\u00dfe 51 und 53) - Abisag T\u00fcllmann\" \/>\n<meta property=\"og:description\" content=\"R\u00fcckseitenbeschriftung von Hand der Fotografin: &#8222;Feldbergstra\u00dfe 51 + 53, Dez. 1982&#8220;\" \/>\n<meta property=\"og:url\" content=\"https:\/\/bpk-archive.de\/tuellmann\/produkt\/bauluecke-nach-abriss-eines-altbaus-im-westend-feldbergstrasse-51-und-53\/\" \/>\n<meta property=\"og:site_name\" content=\"Abisag T\u00fcllmann\" \/>\n<meta property=\"article:modified_time\" content=\"2019-09-05T13:08:39+00:00\" \/>\n<meta property=\"og:image\" content=\"https:\/\/bpk-archive.de\/tuellmann\/wp-content\/uploads\/2019\/08\/bpk_70298902.jpg\" \/>\n\t<meta property=\"og:image:width\" content=\"1200\" \/>\n\t<meta property=\"og:image:height\" content=\"806\" \/>\n\t<meta property=\"og:image:type\" content=\"image\/jpeg\" \/>\n<meta name=\"twitter:card\" content=\"summary_large_image\" \/>\n<script type=\"application\/ld+json\" class=\"yoast-schema-graph\">{\"@context\":\"https:\\\/\\\/schema.org\",\"@graph\":[{\"@type\":\"WebPage\",\"@id\":\"https:\\\/\\\/bpk-archive.de\\\/tuellmann\\\/produkt\\\/bauluecke-nach-abriss-eines-altbaus-im-westend-feldbergstrasse-51-und-53\\\/\",\"url\":\"https:\\\/\\\/bpk-archive.de\\\/tuellmann\\\/produkt\\\/bauluecke-nach-abriss-eines-altbaus-im-westend-feldbergstrasse-51-und-53\\\/\",\"name\":\"Baul\u00fccke nach Abriss eines Altbaus im Westend (Feldbergstra\u00dfe 51 und 53) - Abisag T\u00fcllmann\",\"isPartOf\":{\"@id\":\"https:\\\/\\\/bpk-archive.de\\\/tuellmann\\\/#website\"},\"primaryImageOfPage\":{\"@id\":\"https:\\\/\\\/bpk-archive.de\\\/tuellmann\\\/produkt\\\/bauluecke-nach-abriss-eines-altbaus-im-westend-feldbergstrasse-51-und-53\\\/#primaryimage\"},\"image\":{\"@id\":\"https:\\\/\\\/bpk-archive.de\\\/tuellmann\\\/produkt\\\/bauluecke-nach-abriss-eines-altbaus-im-westend-feldbergstrasse-51-und-53\\\/#primaryimage\"},\"thumbnailUrl\":\"https:\\\/\\\/bpk-archive.de\\\/tuellmann\\\/wp-content\\\/uploads\\\/2019\\\/08\\\/bpk_70298902.jpg\",\"datePublished\":\"2019-09-05T13:08:19+00:00\",\"dateModified\":\"2019-09-05T13:08:39+00:00\",\"breadcrumb\":{\"@id\":\"https:\\\/\\\/bpk-archive.de\\\/tuellmann\\\/produkt\\\/bauluecke-nach-abriss-eines-altbaus-im-westend-feldbergstrasse-51-und-53\\\/#breadcrumb\"},\"inLanguage\":\"de\",\"potentialAction\":[{\"@type\":\"ReadAction\",\"target\":[\"https:\\\/\\\/bpk-archive.de\\\/tuellmann\\\/produkt\\\/bauluecke-nach-abriss-eines-altbaus-im-westend-feldbergstrasse-51-und-53\\\/\"]}]},{\"@type\":\"ImageObject\",\"inLanguage\":\"de\",\"@id\":\"https:\\\/\\\/bpk-archive.de\\\/tuellmann\\\/produkt\\\/bauluecke-nach-abriss-eines-altbaus-im-westend-feldbergstrasse-51-und-53\\\/#primaryimage\",\"url\":\"https:\\\/\\\/bpk-archive.de\\\/tuellmann\\\/wp-content\\\/uploads\\\/2019\\\/08\\\/bpk_70298902.jpg\",\"contentUrl\":\"https:\\\/\\\/bpk-archive.de\\\/tuellmann\\\/wp-content\\\/uploads\\\/2019\\\/08\\\/bpk_70298902.jpg\",\"width\":1200,\"height\":806,\"caption\":\"Baul\u00fccke nach Abriss eines Altbaus im Westend (Feldbergstra\u00dfe 51 und 53)\"},{\"@type\":\"BreadcrumbList\",\"@id\":\"https:\\\/\\\/bpk-archive.de\\\/tuellmann\\\/produkt\\\/bauluecke-nach-abriss-eines-altbaus-im-westend-feldbergstrasse-51-und-53\\\/#breadcrumb\",\"itemListElement\":[{\"@type\":\"ListItem\",\"position\":1,\"name\":\"Startseite\",\"item\":\"https:\\\/\\\/bpk-archive.de\\\/tuellmann\\\/\"},{\"@type\":\"ListItem\",\"position\":2,\"name\":\"Shop\",\"item\":\"https:\\\/\\\/bpk-archive.de\\\/tuellmann\\\/shop\\\/\"},{\"@type\":\"ListItem\",\"position\":3,\"name\":\"Baul\u00fccke nach Abriss eines Altbaus im Westend (Feldbergstra\u00dfe 51 und 53)\"}]},{\"@type\":\"WebSite\",\"@id\":\"https:\\\/\\\/bpk-archive.de\\\/tuellmann\\\/#website\",\"url\":\"https:\\\/\\\/bpk-archive.de\\\/tuellmann\\\/\",\"name\":\"Abisag T\u00fcllmann\",\"description\":\"Eine weitere WordPress-Website\",\"potentialAction\":[{\"@type\":\"SearchAction\",\"target\":{\"@type\":\"EntryPoint\",\"urlTemplate\":\"https:\\\/\\\/bpk-archive.de\\\/tuellmann\\\/?s={search_term_string}\"},\"query-input\":{\"@type\":\"PropertyValueSpecification\",\"valueRequired\":true,\"valueName\":\"search_term_string\"}}],\"inLanguage\":\"de\"}]}<\/script>\n<!-- \/ Yoast SEO plugin. -->","yoast_head_json":{"title":"Baul\u00fccke nach Abriss eines Altbaus im Westend (Feldbergstra\u00dfe 51 und 53) - Abisag T\u00fcllmann","robots":{"index":"index","follow":"follow","max-snippet":"max-snippet:-1","max-image-preview":"max-image-preview:large","max-video-preview":"max-video-preview:-1"},"canonical":"https:\/\/bpk-archive.de\/tuellmann\/produkt\/bauluecke-nach-abriss-eines-altbaus-im-westend-feldbergstrasse-51-und-53\/","og_locale":"de_DE","og_type":"article","og_title":"Baul\u00fccke nach Abriss eines Altbaus im Westend (Feldbergstra\u00dfe 51 und 53) - Abisag T\u00fcllmann","og_description":"R\u00fcckseitenbeschriftung von Hand der Fotografin: &#8222;Feldbergstra\u00dfe 51 + 53, Dez. 1982&#8220;","og_url":"https:\/\/bpk-archive.de\/tuellmann\/produkt\/bauluecke-nach-abriss-eines-altbaus-im-westend-feldbergstrasse-51-und-53\/","og_site_name":"Abisag T\u00fcllmann","article_modified_time":"2019-09-05T13:08:39+00:00","og_image":[{"width":1200,"height":806,"url":"https:\/\/bpk-archive.de\/tuellmann\/wp-content\/uploads\/2019\/08\/bpk_70298902.jpg","type":"image\/jpeg"}],"twitter_card":"summary_large_image","schema":{"@context":"https:\/\/schema.org","@graph":[{"@type":"WebPage","@id":"https:\/\/bpk-archive.de\/tuellmann\/produkt\/bauluecke-nach-abriss-eines-altbaus-im-westend-feldbergstrasse-51-und-53\/","url":"https:\/\/bpk-archive.de\/tuellmann\/produkt\/bauluecke-nach-abriss-eines-altbaus-im-westend-feldbergstrasse-51-und-53\/","name":"Baul\u00fccke nach Abriss eines Altbaus im Westend (Feldbergstra\u00dfe 51 und 53) - Abisag T\u00fcllmann","isPartOf":{"@id":"https:\/\/bpk-archive.de\/tuellmann\/#website"},"primaryImageOfPage":{"@id":"https:\/\/bpk-archive.de\/tuellmann\/produkt\/bauluecke-nach-abriss-eines-altbaus-im-westend-feldbergstrasse-51-und-53\/#primaryimage"},"image":{"@id":"https:\/\/bpk-archive.de\/tuellmann\/produkt\/bauluecke-nach-abriss-eines-altbaus-im-westend-feldbergstrasse-51-und-53\/#primaryimage"},"thumbnailUrl":"https:\/\/bpk-archive.de\/tuellmann\/wp-content\/uploads\/2019\/08\/bpk_70298902.jpg","datePublished":"2019-09-05T13:08:19+00:00","dateModified":"2019-09-05T13:08:39+00:00","breadcrumb":{"@id":"https:\/\/bpk-archive.de\/tuellmann\/produkt\/bauluecke-nach-abriss-eines-altbaus-im-westend-feldbergstrasse-51-und-53\/#breadcrumb"},"inLanguage":"de","potentialAction":[{"@type":"ReadAction","target":["https:\/\/bpk-archive.de\/tuellmann\/produkt\/bauluecke-nach-abriss-eines-altbaus-im-westend-feldbergstrasse-51-und-53\/"]}]},{"@type":"ImageObject","inLanguage":"de","@id":"https:\/\/bpk-archive.de\/tuellmann\/produkt\/bauluecke-nach-abriss-eines-altbaus-im-westend-feldbergstrasse-51-und-53\/#primaryimage","url":"https:\/\/bpk-archive.de\/tuellmann\/wp-content\/uploads\/2019\/08\/bpk_70298902.jpg","contentUrl":"https:\/\/bpk-archive.de\/tuellmann\/wp-content\/uploads\/2019\/08\/bpk_70298902.jpg","width":1200,"height":806,"caption":"Baul\u00fccke nach Abriss eines Altbaus im Westend (Feldbergstra\u00dfe 51 und 53)"},{"@type":"BreadcrumbList","@id":"https:\/\/bpk-archive.de\/tuellmann\/produkt\/bauluecke-nach-abriss-eines-altbaus-im-westend-feldbergstrasse-51-und-53\/#breadcrumb","itemListElement":[{"@type":"ListItem","position":1,"name":"Startseite","item":"https:\/\/bpk-archive.de\/tuellmann\/"},{"@type":"ListItem","position":2,"name":"Shop","item":"https:\/\/bpk-archive.de\/tuellmann\/shop\/"},{"@type":"ListItem","position":3,"name":"Baul\u00fccke nach Abriss eines Altbaus im Westend (Feldbergstra\u00dfe 51 und 53)"}]},{"@type":"WebSite","@id":"https:\/\/bpk-archive.de\/tuellmann\/#website","url":"https:\/\/bpk-archive.de\/tuellmann\/","name":"Abisag T\u00fcllmann","description":"Eine weitere WordPress-Website","potentialAction":[{"@type":"SearchAction","target":{"@type":"EntryPoint","urlTemplate":"https:\/\/bpk-archive.de\/tuellmann\/?s={search_term_string}"},"query-input":{"@type":"PropertyValueSpecification","valueRequired":true,"valueName":"search_term_string"}}],"inLanguage":"de"}]}},"_links":{"self":[{"href":"https:\/\/bpk-archive.de\/tuellmann\/wp-json\/wp\/v2\/product\/70295490","targetHints":{"allow":["GET"]}}],"collection":[{"href":"https:\/\/bpk-archive.de\/tuellmann\/wp-json\/wp\/v2\/product"}],"about":[{"href":"https:\/\/bpk-archive.de\/tuellmann\/wp-json\/wp\/v2\/types\/product"}],"wp:featuredmedia":[{"embeddable":true,"href":"https:\/\/bpk-archive.de\/tuellmann\/wp-json\/wp\/v2\/media\/70293286"}],"wp:attachment":[{"href":"https:\/\/bpk-archive.de\/tuellmann\/wp-json\/wp\/v2\/media?parent=70295490"}],"wp:term":[{"taxonomy":"product_brand","embeddable":true,"href":"https:\/\/bpk-archive.de\/tuellmann\/wp-json\/wp\/v2\/product_brand?post=70295490"},{"taxonomy":"product_cat","embeddable":true,"href":"https:\/\/bpk-archive.de\/tuellmann\/wp-json\/wp\/v2\/product_cat?post=70295490"},{"taxonomy":"product_tag","embeddable":true,"href":"https:\/\/bpk-archive.de\/tuellmann\/wp-json\/wp\/v2\/product_tag?post=70295490"}],"curies":[{"name":"wp","href":"https:\/\/api.w.org\/{rel}","templated":true}]}}