{"id":70295464,"date":"2019-09-05T15:07:59","date_gmt":"2019-09-05T13:07:59","guid":{"rendered":"http:\/\/abisagtuellmann.bpk-news.de\/atbild\/polizeiliche-raeumung-des-besetzten-hauses-kettenhofweg-51-im-frankfurter-westend\/"},"modified":"2020-08-12T10:33:01","modified_gmt":"2020-08-12T08:33:01","slug":"polizeiliche-raeumung-des-besetzten-hauses-kettenhofweg-51-im-frankfurter-westend","status":"publish","type":"product","link":"https:\/\/bpk-archive.de\/tuellmann\/produkt\/polizeiliche-raeumung-des-besetzten-hauses-kettenhofweg-51-im-frankfurter-westend\/","title":{"rendered":"Polizeiliche R\u00e4umung des besetzten Hauses Kettenhofweg 51 im Frankfurter Westend"},"content":{"rendered":"<p>R\u00fcckseitenbeschriftung von anderer Hand: &#8222;Frankfurt am Main &#8211; Westend: R\u00e4umung Kettenhofweg&#8220;<\/p>\n","protected":false},"excerpt":{"rendered":"<p>R\u00fcckseitenbeschriftung von anderer Hand: &#8222;Frankfurt am Main &#8211; Westend: R\u00e4umung Kettenhofweg&#8220;<\/p>\n","protected":false},"featured_media":70293318,"template":"","meta":[],"product_brand":[],"product_cat":[73398],"product_tag":[13230,13232,13234,13231,13233,13235,53515,54331,53519,14310,13777,53249,53250,54332,53521,13250,54333,47248,47249,47250,47251,47252,47253,47254,47255,13469,13470,13471,13472,13260,13293,13786,13787,13294,13295,13296,13297,13485,13486,13482,13481,13483,13484,13487,13488,54334,54335,51110,51111,54336,54337,54338,47378,47379,47380,47381,47382,14066,48986,48987,47887,47888,47383,53779,53780,53781,47384,53564,47385,47386,48821,48822,13492,13493,13494,13495,13496,13497,13301,13818,13819,48012,48013,13826,47323,13328,13827,13828,13329,13330,13331,13332,48496,51762,54339,54340,48497,48498,13843,13641,13642,13877,13879,13865,13864,13866,13858,13859,13860,13861,13862,13863,13354,13869,13870,13871,13872,47406,47407,53533,53589,48679,48680,48681,13519,13520,13521,13522,13523,13524,13874,13875,13876,13878,13880,53552,53553,51371,51372,47504,47505,47506,53782,53783],"class_list":{"0":"post-70295464","1":"product","2":"type-product","3":"status-publish","4":"has-post-thumbnail","6":"product_cat-westend","7":"product_tag-1970er-jahre","8":"product_tag-20-jahrhundert-nach-chr","9":"product_tag-20-jh-n-chr","10":"product_tag-20-jahrhundert","11":"product_tag-20-jh","12":"product_tag-70er","13":"product_tag-abbruchhaus","14":"product_tag-abfuehren","15":"product_tag-abrisshaus","16":"product_tag-abt_004","17":"product_tag-abzug","18":"product_tag-altbau","19":"product_tag-altbauten","20":"product_tag-apo","21":"product_tag-at_westend","22":"product_tag-aussen","23":"product_tag-ausserparlamentarische-opposition","24":"product_tag-besetzen","25":"product_tag-besetzt","26":"product_tag-besetzte","27":"product_tag-besetzten","28":"product_tag-besetzter","29":"product_tag-besetztes","30":"product_tag-besetzung","31":"product_tag-besetzungen","32":"product_tag-brd","33":"product_tag-bundesrepublik-deutschland","34":"product_tag-deutschland","35":"product_tag-deutschlands","36":"product_tag-draussen","37":"product_tag-foto","38":"product_tag-fotoabzug","39":"product_tag-fotoabzuege","40":"product_tag-fotografie","41":"product_tag-fotografien","42":"product_tag-fotografin","43":"product_tag-fotografinnen","44":"product_tag-frankfurt-m","45":"product_tag-frankfurt-main","46":"product_tag-frankfurt-a-main","47":"product_tag-frankfurt-a-m","48":"product_tag-frankfurt-am-main","49":"product_tag-frankfurter","50":"product_tag-frau","51":"product_tag-frauen","52":"product_tag-geballt","53":"product_tag-geballte","54":"product_tag-geballte-faust","55":"product_tag-geballte-faeuste","56":"product_tag-geballten","57":"product_tag-geballter","58":"product_tag-geballtes","59":"product_tag-gehen","60":"product_tag-gehend","61":"product_tag-gehende","62":"product_tag-gehender","63":"product_tag-gehendes","64":"product_tag-geschichte","65":"product_tag-geste","66":"product_tag-gesten","67":"product_tag-grossstadt","68":"product_tag-grossstaedte","69":"product_tag-haus","70":"product_tag-hausbesetzer","71":"product_tag-hausbesetzung","72":"product_tag-hausbesetzungen","73":"product_tag-haeuser","74":"product_tag-haeuserkampf","75":"product_tag-haeusern","76":"product_tag-hauses","77":"product_tag-haustuer","78":"product_tag-haustueren","79":"product_tag-hessen","80":"product_tag-hessisch","81":"product_tag-hessische","82":"product_tag-hessischen","83":"product_tag-hessischer","84":"product_tag-hessisches","85":"product_tag-im-freien","86":"product_tag-mann","87":"product_tag-maenner","88":"product_tag-maennergruppe","89":"product_tag-maennergruppen","90":"product_tag-mannes","91":"product_tag-okkupation","92":"product_tag-photo","93":"product_tag-photoabzug","94":"product_tag-photoabzuege","95":"product_tag-photographie","96":"product_tag-photographien","97":"product_tag-photographin","98":"product_tag-photographinnen","99":"product_tag-polizei","100":"product_tag-polizeieinsatz","101":"product_tag-polizeiuniform","102":"product_tag-polizeiuniformen","103":"product_tag-polizist","104":"product_tag-polizisten","105":"product_tag-print","106":"product_tag-protest","107":"product_tag-proteste","108":"product_tag-s-w-fotografie","109":"product_tag-s-w-photographie","110":"product_tag-schwarzweissphotographie","111":"product_tag-schwarz-weiss-fotografie","112":"product_tag-schwarz-weiss-photographie","113":"product_tag-schwarzweiss","114":"product_tag-schwarzweisse","115":"product_tag-schwarzweissen","116":"product_tag-schwarzweisser","117":"product_tag-schwarzweisses","118":"product_tag-schwarzweissfotografie","119":"product_tag-siebziger","120":"product_tag-silbergelatine","121":"product_tag-silbergelatineabzug","122":"product_tag-silbergelatineabzuege","123":"product_tag-silbergelatineprint","124":"product_tag-stadt","125":"product_tag-staedte","126":"product_tag-stadtgeschichte","127":"product_tag-stadtsanierung","128":"product_tag-stadtteil","129":"product_tag-stadtteils","130":"product_tag-stadtviertel","131":"product_tag-stehen","132":"product_tag-stehend","133":"product_tag-stehende","134":"product_tag-stehenden","135":"product_tag-stehender","136":"product_tag-stehendes","137":"product_tag-student","138":"product_tag-studenten","139":"product_tag-studentenbewegung","140":"product_tag-sw-fotografie","141":"product_tag-sw-photographie","142":"product_tag-westend","143":"product_tag-westends","144":"product_tag-widerstand","145":"product_tag-widerstands","146":"product_tag-wohngebaeude","147":"product_tag-wohnhaus","148":"product_tag-wohnhaeuser","149":"product_tag-zwangsraeumung","150":"product_tag-zwangsraeumungen","151":"pa_datierung-april-1973","152":"pa_fotograf-abisag-tuellmann","153":"pa_geografischer_bezug-aufnahmeort-frankfurt-am-main-westend-deutschland","154":"pa_grunddaten_material_technik-foto-silbergelatine-auf-barytpapier","155":"pa_inventarnummer-tue-w-73-064-17a","156":"pa_jahr_von-54245","157":"pa_massangaben-bildformat-foto-233-x-303-cm","158":"pa_mediennummer-54328","159":"pa_objekt_typ-fotografie","161":"first","162":"instock","163":"product-type-simple"},"yoast_head":"<!-- This site is optimized with the Yoast SEO plugin v27.4 - https:\/\/yoast.com\/product\/yoast-seo-wordpress\/ -->\n<title>Polizeiliche R\u00e4umung des besetzten Hauses Kettenhofweg 51 im Frankfurter Westend - Abisag T\u00fcllmann<\/title>\n<meta name=\"robots\" content=\"index, follow, max-snippet:-1, max-image-preview:large, max-video-preview:-1\" \/>\n<link rel=\"canonical\" href=\"https:\/\/bpk-archive.de\/tuellmann\/produkt\/polizeiliche-raeumung-des-besetzten-hauses-kettenhofweg-51-im-frankfurter-westend\/\" \/>\n<meta property=\"og:locale\" content=\"de_DE\" \/>\n<meta property=\"og:type\" content=\"article\" \/>\n<meta property=\"og:title\" content=\"Polizeiliche R\u00e4umung des besetzten Hauses Kettenhofweg 51 im Frankfurter Westend - Abisag T\u00fcllmann\" \/>\n<meta property=\"og:description\" content=\"R\u00fcckseitenbeschriftung von anderer Hand: &#8222;Frankfurt am Main &#8211; Westend: R\u00e4umung Kettenhofweg&#8220;\" \/>\n<meta property=\"og:url\" content=\"https:\/\/bpk-archive.de\/tuellmann\/produkt\/polizeiliche-raeumung-des-besetzten-hauses-kettenhofweg-51-im-frankfurter-westend\/\" \/>\n<meta property=\"og:site_name\" content=\"Abisag T\u00fcllmann\" \/>\n<meta property=\"article:modified_time\" content=\"2020-08-12T08:33:01+00:00\" \/>\n<meta property=\"og:image\" content=\"https:\/\/bpk-archive.de\/tuellmann\/wp-content\/uploads\/2019\/08\/bpk_70345439.jpg\" \/>\n\t<meta property=\"og:image:width\" content=\"1200\" \/>\n\t<meta property=\"og:image:height\" content=\"937\" \/>\n\t<meta property=\"og:image:type\" content=\"image\/jpeg\" \/>\n<meta name=\"twitter:card\" content=\"summary_large_image\" \/>\n<script type=\"application\/ld+json\" class=\"yoast-schema-graph\">{\"@context\":\"https:\\\/\\\/schema.org\",\"@graph\":[{\"@type\":\"WebPage\",\"@id\":\"https:\\\/\\\/bpk-archive.de\\\/tuellmann\\\/produkt\\\/polizeiliche-raeumung-des-besetzten-hauses-kettenhofweg-51-im-frankfurter-westend\\\/\",\"url\":\"https:\\\/\\\/bpk-archive.de\\\/tuellmann\\\/produkt\\\/polizeiliche-raeumung-des-besetzten-hauses-kettenhofweg-51-im-frankfurter-westend\\\/\",\"name\":\"Polizeiliche R\u00e4umung des besetzten Hauses Kettenhofweg 51 im Frankfurter Westend - Abisag T\u00fcllmann\",\"isPartOf\":{\"@id\":\"https:\\\/\\\/bpk-archive.de\\\/tuellmann\\\/#website\"},\"primaryImageOfPage\":{\"@id\":\"https:\\\/\\\/bpk-archive.de\\\/tuellmann\\\/produkt\\\/polizeiliche-raeumung-des-besetzten-hauses-kettenhofweg-51-im-frankfurter-westend\\\/#primaryimage\"},\"image\":{\"@id\":\"https:\\\/\\\/bpk-archive.de\\\/tuellmann\\\/produkt\\\/polizeiliche-raeumung-des-besetzten-hauses-kettenhofweg-51-im-frankfurter-westend\\\/#primaryimage\"},\"thumbnailUrl\":\"https:\\\/\\\/bpk-archive.de\\\/tuellmann\\\/wp-content\\\/uploads\\\/2019\\\/08\\\/bpk_70345439.jpg\",\"datePublished\":\"2019-09-05T13:07:59+00:00\",\"dateModified\":\"2020-08-12T08:33:01+00:00\",\"breadcrumb\":{\"@id\":\"https:\\\/\\\/bpk-archive.de\\\/tuellmann\\\/produkt\\\/polizeiliche-raeumung-des-besetzten-hauses-kettenhofweg-51-im-frankfurter-westend\\\/#breadcrumb\"},\"inLanguage\":\"de\",\"potentialAction\":[{\"@type\":\"ReadAction\",\"target\":[\"https:\\\/\\\/bpk-archive.de\\\/tuellmann\\\/produkt\\\/polizeiliche-raeumung-des-besetzten-hauses-kettenhofweg-51-im-frankfurter-westend\\\/\"]}]},{\"@type\":\"ImageObject\",\"inLanguage\":\"de\",\"@id\":\"https:\\\/\\\/bpk-archive.de\\\/tuellmann\\\/produkt\\\/polizeiliche-raeumung-des-besetzten-hauses-kettenhofweg-51-im-frankfurter-westend\\\/#primaryimage\",\"url\":\"https:\\\/\\\/bpk-archive.de\\\/tuellmann\\\/wp-content\\\/uploads\\\/2019\\\/08\\\/bpk_70345439.jpg\",\"contentUrl\":\"https:\\\/\\\/bpk-archive.de\\\/tuellmann\\\/wp-content\\\/uploads\\\/2019\\\/08\\\/bpk_70345439.jpg\",\"width\":1200,\"height\":937,\"caption\":\"Polizeiliche R\u00e4umung des besetzten Hauses Kettenhofweg 51 im Frankfurter Westend\"},{\"@type\":\"BreadcrumbList\",\"@id\":\"https:\\\/\\\/bpk-archive.de\\\/tuellmann\\\/produkt\\\/polizeiliche-raeumung-des-besetzten-hauses-kettenhofweg-51-im-frankfurter-westend\\\/#breadcrumb\",\"itemListElement\":[{\"@type\":\"ListItem\",\"position\":1,\"name\":\"Startseite\",\"item\":\"https:\\\/\\\/bpk-archive.de\\\/tuellmann\\\/\"},{\"@type\":\"ListItem\",\"position\":2,\"name\":\"Shop\",\"item\":\"https:\\\/\\\/bpk-archive.de\\\/tuellmann\\\/shop\\\/\"},{\"@type\":\"ListItem\",\"position\":3,\"name\":\"Polizeiliche R\u00e4umung des besetzten Hauses Kettenhofweg 51 im Frankfurter Westend\"}]},{\"@type\":\"WebSite\",\"@id\":\"https:\\\/\\\/bpk-archive.de\\\/tuellmann\\\/#website\",\"url\":\"https:\\\/\\\/bpk-archive.de\\\/tuellmann\\\/\",\"name\":\"Abisag T\u00fcllmann\",\"description\":\"Eine weitere WordPress-Website\",\"potentialAction\":[{\"@type\":\"SearchAction\",\"target\":{\"@type\":\"EntryPoint\",\"urlTemplate\":\"https:\\\/\\\/bpk-archive.de\\\/tuellmann\\\/?s={search_term_string}\"},\"query-input\":{\"@type\":\"PropertyValueSpecification\",\"valueRequired\":true,\"valueName\":\"search_term_string\"}}],\"inLanguage\":\"de\"}]}<\/script>\n<!-- \/ Yoast SEO plugin. -->","yoast_head_json":{"title":"Polizeiliche R\u00e4umung des besetzten Hauses Kettenhofweg 51 im Frankfurter Westend - Abisag T\u00fcllmann","robots":{"index":"index","follow":"follow","max-snippet":"max-snippet:-1","max-image-preview":"max-image-preview:large","max-video-preview":"max-video-preview:-1"},"canonical":"https:\/\/bpk-archive.de\/tuellmann\/produkt\/polizeiliche-raeumung-des-besetzten-hauses-kettenhofweg-51-im-frankfurter-westend\/","og_locale":"de_DE","og_type":"article","og_title":"Polizeiliche R\u00e4umung des besetzten Hauses Kettenhofweg 51 im Frankfurter Westend - Abisag T\u00fcllmann","og_description":"R\u00fcckseitenbeschriftung von anderer Hand: &#8222;Frankfurt am Main &#8211; Westend: R\u00e4umung Kettenhofweg&#8220;","og_url":"https:\/\/bpk-archive.de\/tuellmann\/produkt\/polizeiliche-raeumung-des-besetzten-hauses-kettenhofweg-51-im-frankfurter-westend\/","og_site_name":"Abisag T\u00fcllmann","article_modified_time":"2020-08-12T08:33:01+00:00","og_image":[{"width":1200,"height":937,"url":"https:\/\/bpk-archive.de\/tuellmann\/wp-content\/uploads\/2019\/08\/bpk_70345439.jpg","type":"image\/jpeg"}],"twitter_card":"summary_large_image","schema":{"@context":"https:\/\/schema.org","@graph":[{"@type":"WebPage","@id":"https:\/\/bpk-archive.de\/tuellmann\/produkt\/polizeiliche-raeumung-des-besetzten-hauses-kettenhofweg-51-im-frankfurter-westend\/","url":"https:\/\/bpk-archive.de\/tuellmann\/produkt\/polizeiliche-raeumung-des-besetzten-hauses-kettenhofweg-51-im-frankfurter-westend\/","name":"Polizeiliche R\u00e4umung des besetzten Hauses Kettenhofweg 51 im Frankfurter Westend - Abisag T\u00fcllmann","isPartOf":{"@id":"https:\/\/bpk-archive.de\/tuellmann\/#website"},"primaryImageOfPage":{"@id":"https:\/\/bpk-archive.de\/tuellmann\/produkt\/polizeiliche-raeumung-des-besetzten-hauses-kettenhofweg-51-im-frankfurter-westend\/#primaryimage"},"image":{"@id":"https:\/\/bpk-archive.de\/tuellmann\/produkt\/polizeiliche-raeumung-des-besetzten-hauses-kettenhofweg-51-im-frankfurter-westend\/#primaryimage"},"thumbnailUrl":"https:\/\/bpk-archive.de\/tuellmann\/wp-content\/uploads\/2019\/08\/bpk_70345439.jpg","datePublished":"2019-09-05T13:07:59+00:00","dateModified":"2020-08-12T08:33:01+00:00","breadcrumb":{"@id":"https:\/\/bpk-archive.de\/tuellmann\/produkt\/polizeiliche-raeumung-des-besetzten-hauses-kettenhofweg-51-im-frankfurter-westend\/#breadcrumb"},"inLanguage":"de","potentialAction":[{"@type":"ReadAction","target":["https:\/\/bpk-archive.de\/tuellmann\/produkt\/polizeiliche-raeumung-des-besetzten-hauses-kettenhofweg-51-im-frankfurter-westend\/"]}]},{"@type":"ImageObject","inLanguage":"de","@id":"https:\/\/bpk-archive.de\/tuellmann\/produkt\/polizeiliche-raeumung-des-besetzten-hauses-kettenhofweg-51-im-frankfurter-westend\/#primaryimage","url":"https:\/\/bpk-archive.de\/tuellmann\/wp-content\/uploads\/2019\/08\/bpk_70345439.jpg","contentUrl":"https:\/\/bpk-archive.de\/tuellmann\/wp-content\/uploads\/2019\/08\/bpk_70345439.jpg","width":1200,"height":937,"caption":"Polizeiliche R\u00e4umung des besetzten Hauses Kettenhofweg 51 im Frankfurter Westend"},{"@type":"BreadcrumbList","@id":"https:\/\/bpk-archive.de\/tuellmann\/produkt\/polizeiliche-raeumung-des-besetzten-hauses-kettenhofweg-51-im-frankfurter-westend\/#breadcrumb","itemListElement":[{"@type":"ListItem","position":1,"name":"Startseite","item":"https:\/\/bpk-archive.de\/tuellmann\/"},{"@type":"ListItem","position":2,"name":"Shop","item":"https:\/\/bpk-archive.de\/tuellmann\/shop\/"},{"@type":"ListItem","position":3,"name":"Polizeiliche R\u00e4umung des besetzten Hauses Kettenhofweg 51 im Frankfurter Westend"}]},{"@type":"WebSite","@id":"https:\/\/bpk-archive.de\/tuellmann\/#website","url":"https:\/\/bpk-archive.de\/tuellmann\/","name":"Abisag T\u00fcllmann","description":"Eine weitere WordPress-Website","potentialAction":[{"@type":"SearchAction","target":{"@type":"EntryPoint","urlTemplate":"https:\/\/bpk-archive.de\/tuellmann\/?s={search_term_string}"},"query-input":{"@type":"PropertyValueSpecification","valueRequired":true,"valueName":"search_term_string"}}],"inLanguage":"de"}]}},"_links":{"self":[{"href":"https:\/\/bpk-archive.de\/tuellmann\/wp-json\/wp\/v2\/product\/70295464","targetHints":{"allow":["GET"]}}],"collection":[{"href":"https:\/\/bpk-archive.de\/tuellmann\/wp-json\/wp\/v2\/product"}],"about":[{"href":"https:\/\/bpk-archive.de\/tuellmann\/wp-json\/wp\/v2\/types\/product"}],"wp:featuredmedia":[{"embeddable":true,"href":"https:\/\/bpk-archive.de\/tuellmann\/wp-json\/wp\/v2\/media\/70293318"}],"wp:attachment":[{"href":"https:\/\/bpk-archive.de\/tuellmann\/wp-json\/wp\/v2\/media?parent=70295464"}],"wp:term":[{"taxonomy":"product_brand","embeddable":true,"href":"https:\/\/bpk-archive.de\/tuellmann\/wp-json\/wp\/v2\/product_brand?post=70295464"},{"taxonomy":"product_cat","embeddable":true,"href":"https:\/\/bpk-archive.de\/tuellmann\/wp-json\/wp\/v2\/product_cat?post=70295464"},{"taxonomy":"product_tag","embeddable":true,"href":"https:\/\/bpk-archive.de\/tuellmann\/wp-json\/wp\/v2\/product_tag?post=70295464"}],"curies":[{"name":"wp","href":"https:\/\/api.w.org\/{rel}","templated":true}]}}