{"id":70295421,"date":"2019-09-05T15:07:16","date_gmt":"2019-09-05T13:07:16","guid":{"rendered":"http:\/\/abisagtuellmann.bpk-news.de\/atbild\/rueckseite-von-ankunft-von-in-spanien-angeworbenen-arbeitern-in-wohnheimen-der-opel-werke\/"},"modified":"2019-09-05T15:07:28","modified_gmt":"2019-09-05T13:07:28","slug":"rueckseite-von-ankunft-von-in-spanien-angeworbenen-arbeitern-in-wohnheimen-der-opel-werke","status":"publish","type":"product","link":"https:\/\/bpk-archive.de\/tuellmann\/produkt\/rueckseite-von-ankunft-von-in-spanien-angeworbenen-arbeitern-in-wohnheimen-der-opel-werke\/","title":{"rendered":"R\u00fcckseite von: Ankunft von in Spanien angeworbenen Arbeitern in Wohnheimen der Opel-Werke"},"content":{"rendered":"<p>Vorderseite siehe: 20034777 R\u00fcckseitenbeschriftung von Hand der Fotografin: &#8222;Opelwerke, R\u00fcsselsheim&#8220; R\u00fcckseitenbeschriftung von anderer Hand: &#8222;Spanische Gastarbeiter&#8220;<\/p>\n","protected":false},"excerpt":{"rendered":"<p>Vorderseite siehe: 20034777 R\u00fcckseitenbeschriftung von Hand der Fotografin: &#8222;Opelwerke, R\u00fcsselsheim&#8220; R\u00fcckseitenbeschriftung von anderer Hand: &#8222;Spanische Gastarbeiter&#8220;<\/p>\n","protected":false},"featured_media":70293219,"template":"","meta":[],"product_brand":[],"product_cat":[],"product_tag":[13774,13232,13234,13231,13233,13775,53918,53919,53289,13777,47456,47457,47458,47459,47460,47461,47462,13604,13605,53193,53194,53195,51828,48354,53196,53197,47720,47721,47722,47723,53873,53874,53875,47876,47877,47878,47879,48355,48356,48357,48358,48359,48360,14326,13469,13470,53920,53921,13471,13472,47727,47728,47729,47730,47731,47734,51833,47844,47845,13293,13786,13787,13294,13295,13296,13297,47267,53202,53203,53204,53206,53209,53210,53922,53923,53924,53925,53926,53927,53153,53154,53155,14327,48440,48442,48443,48444,48445,48446,13492,13493,13494,13495,13496,13497,47744,47745,47746,47854,53883,47855,53884,53928,53929,13818,13819,13826,49816,47786,47787,49544,51841,51842,53885,53886,48451,48452,13328,13827,13828,13329,13330,13331,13332,47332,13843,48363,53170,53171,53930,53931,53932,47333,47334,47335,47336,47337,47594,47595,53890,53891,13877,13879,48364,48365,13865,13864,13866,13858,13859,13860,13861,13862,13863,13867,13869,13870,13871,13872,53227,53228,53229,53230,53231,48454,48455,48456,48457,48458,48459,48460,48461,48462,13878,13880,48366,51849,48367,47615,48368,47914,47915,51858,47792],"class_list":{"0":"post-70295421","1":"product","2":"type-product","3":"status-publish","4":"has-post-thumbnail","6":"product_tag-1960er-jahre","7":"product_tag-20-jahrhundert-nach-chr","8":"product_tag-20-jh-n-chr","9":"product_tag-20-jahrhundert","10":"product_tag-20-jh","11":"product_tag-60er","12":"product_tag-abdruck","13":"product_tag-abdrucke","14":"product_tag-abt_003","15":"product_tag-abzug","16":"product_tag-arbeit","17":"product_tag-arbeiten","18":"product_tag-arbeitend","19":"product_tag-arbeitende","20":"product_tag-arbeitenden","21":"product_tag-arbeitender","22":"product_tag-arbeitendes","23":"product_tag-arbeiter","24":"product_tag-arbeitern","25":"product_tag-arbeitsmigrant","26":"product_tag-arbeitsmigranten","27":"product_tag-at_migranten","28":"product_tag-aufgeklebt","29":"product_tag-aufkleber","30":"product_tag-ausland","31":"product_tag-auslaender","32":"product_tag-auswanderer","33":"product_tag-auswanderern","34":"product_tag-auswandern","35":"product_tag-auswanderung","36":"product_tag-autobauer","37":"product_tag-autoindustrie","38":"product_tag-automobilindustrie","39":"product_tag-beruf","40":"product_tag-berufe","41":"product_tag-berufes","42":"product_tag-berufs","43":"product_tag-beschriftet","44":"product_tag-beschriftete","45":"product_tag-beschrifteter","46":"product_tag-beschriftetes","47":"product_tag-beschriftung","48":"product_tag-beschriftungen","49":"product_tag-bevoelkerung","50":"product_tag-brd","51":"product_tag-bundesrepublik-deutschland","52":"product_tag-db","53":"product_tag-deutsche-bauzeitschrift","54":"product_tag-deutschland","55":"product_tag-deutschlands","56":"product_tag-einwanderer","57":"product_tag-einwandern","58":"product_tag-einwanderung","59":"product_tag-emigrant","60":"product_tag-emigranten","61":"product_tag-emigration","62":"product_tag-erstveroeffentlichung","63":"product_tag-fabrikarbeiter","64":"product_tag-fabrikarbeitern","65":"product_tag-foto","66":"product_tag-fotoabzug","67":"product_tag-fotoabzuege","68":"product_tag-fotografie","69":"product_tag-fotografien","70":"product_tag-fotografin","71":"product_tag-fotografinnen","72":"product_tag-fotoreportage","73":"product_tag-fremdarbeiter","74":"product_tag-fremdarbeitern","75":"product_tag-fremdarbeiters","76":"product_tag-gastarbeiter","77":"product_tag-gastarbeitern","78":"product_tag-gastarbeiters","79":"product_tag-gelb","80":"product_tag-gelbe","81":"product_tag-gelbem","82":"product_tag-gelben","83":"product_tag-gelber","84":"product_tag-gelbes","85":"product_tag-gepaeck","86":"product_tag-gepaeckstueck","87":"product_tag-gepaeckstuecke","88":"product_tag-gesellschaft","89":"product_tag-handschrift","90":"product_tag-handschriftlich","91":"product_tag-handschriftliche","92":"product_tag-handschriftlichen","93":"product_tag-handschriftlicher","94":"product_tag-handschriftliches","95":"product_tag-hessen","96":"product_tag-hessisch","97":"product_tag-hessische","98":"product_tag-hessischen","99":"product_tag-hessischer","100":"product_tag-hessisches","101":"product_tag-immigrant","102":"product_tag-immigranten","103":"product_tag-immigration","104":"product_tag-industrie","105":"product_tag-industriearbeiter","106":"product_tag-industrien","107":"product_tag-kraftfahrzeugindustrie","108":"product_tag-magazin","109":"product_tag-magazine","110":"product_tag-mann","111":"product_tag-maenner","112":"product_tag-mannes","113":"product_tag-migrant","114":"product_tag-migranten","115":"product_tag-migration","116":"product_tag-minderheit","117":"product_tag-notiz","118":"product_tag-notizen","119":"product_tag-opel","120":"product_tag-opels","121":"product_tag-pendant","122":"product_tag-pendants","123":"product_tag-photo","124":"product_tag-photoabzug","125":"product_tag-photoabzuege","126":"product_tag-photographie","127":"product_tag-photographien","128":"product_tag-photographin","129":"product_tag-photographinnen","130":"product_tag-photoreportage","131":"product_tag-print","132":"product_tag-publikation","133":"product_tag-reisegepaeck","134":"product_tag-reisegepaecks","135":"product_tag-reisende","136":"product_tag-reisenden","137":"product_tag-reisender","138":"product_tag-reportage","139":"product_tag-reportagefoto","140":"product_tag-reportagefotografie","141":"product_tag-reportagephoto","142":"product_tag-reportagephotographie","143":"product_tag-rueckansicht","144":"product_tag-rueckseite","145":"product_tag-ruesselsheim","146":"product_tag-ruesselsheimer","147":"product_tag-s-w-fotografie","148":"product_tag-s-w-photographie","149":"product_tag-schrift","150":"product_tag-schriften","151":"product_tag-schwarzweissphotographie","152":"product_tag-schwarz-weiss-fotografie","153":"product_tag-schwarz-weiss-photographie","154":"product_tag-schwarzweiss","155":"product_tag-schwarzweisse","156":"product_tag-schwarzweissen","157":"product_tag-schwarzweisser","158":"product_tag-schwarzweisses","159":"product_tag-schwarzweissfotografie","160":"product_tag-sechziger","161":"product_tag-silbergelatine","162":"product_tag-silbergelatineabzug","163":"product_tag-silbergelatineabzuege","164":"product_tag-silbergelatineprint","165":"product_tag-spanisch","166":"product_tag-spanische","167":"product_tag-spanischen","168":"product_tag-spanischer","169":"product_tag-spanisches","170":"product_tag-stempel","171":"product_tag-stempelabdruck","172":"product_tag-stempelabdruecke","173":"product_tag-stempelabdruckes","174":"product_tag-stempelabdrucks","175":"product_tag-stempeldruck","176":"product_tag-stempeldrucke","177":"product_tag-stempeldruckes","178":"product_tag-stempeldrucks","179":"product_tag-sw-fotografie","180":"product_tag-sw-photographie","181":"product_tag-v","182":"product_tag-veroeffentlichung","183":"product_tag-verso","184":"product_tag-von-hinten","185":"product_tag-vs","186":"product_tag-zeitschrift","187":"product_tag-zeitschriften","188":"product_tag-zettel","189":"product_tag-zuwanderer","190":"pa_datierung-januar-1969","191":"pa_fotograf-abisag-tuellmann","192":"pa_geografischer_bezug-aufnahmeort-ruesselsheim-am-main-deutschland","193":"pa_grunddaten_material_technik-foto-silbergelatine-auf-barytpapier","194":"pa_inventarnummer-tue-69-032-17","195":"pa_jahr_von-14258","196":"pa_massangaben-bildformat-foto-233-x-296-cm","197":"pa_mediennummer-53916","198":"pa_objekt_typ-fotografie","200":"first","201":"instock","202":"product-type-simple"},"yoast_head":"<!-- This site is optimized with the Yoast SEO plugin v27.4 - https:\/\/yoast.com\/product\/yoast-seo-wordpress\/ -->\n<title>R\u00fcckseite von: Ankunft von in Spanien angeworbenen Arbeitern in Wohnheimen der Opel-Werke - Abisag T\u00fcllmann<\/title>\n<meta name=\"robots\" content=\"index, follow, max-snippet:-1, max-image-preview:large, max-video-preview:-1\" \/>\n<link rel=\"canonical\" href=\"https:\/\/bpk-archive.de\/tuellmann\/produkt\/rueckseite-von-ankunft-von-in-spanien-angeworbenen-arbeitern-in-wohnheimen-der-opel-werke\/\" \/>\n<meta property=\"og:locale\" content=\"de_DE\" \/>\n<meta property=\"og:type\" content=\"article\" \/>\n<meta property=\"og:title\" content=\"R\u00fcckseite von: Ankunft von in Spanien angeworbenen Arbeitern in Wohnheimen der Opel-Werke - Abisag T\u00fcllmann\" \/>\n<meta property=\"og:description\" content=\"Vorderseite siehe: 20034777 R\u00fcckseitenbeschriftung von Hand der Fotografin: &#8222;Opelwerke, R\u00fcsselsheim&#8220; R\u00fcckseitenbeschriftung von anderer Hand: &#8222;Spanische Gastarbeiter&#8220;\" \/>\n<meta property=\"og:url\" content=\"https:\/\/bpk-archive.de\/tuellmann\/produkt\/rueckseite-von-ankunft-von-in-spanien-angeworbenen-arbeitern-in-wohnheimen-der-opel-werke\/\" \/>\n<meta property=\"og:site_name\" content=\"Abisag T\u00fcllmann\" \/>\n<meta property=\"article:modified_time\" content=\"2019-09-05T13:07:28+00:00\" \/>\n<meta property=\"og:image\" content=\"https:\/\/bpk-archive.de\/tuellmann\/wp-content\/uploads\/2019\/08\/bpk_70296472.jpg\" \/>\n\t<meta property=\"og:image:width\" content=\"1200\" \/>\n\t<meta property=\"og:image:height\" content=\"955\" \/>\n\t<meta property=\"og:image:type\" content=\"image\/jpeg\" \/>\n<meta name=\"twitter:card\" content=\"summary_large_image\" \/>\n<script type=\"application\/ld+json\" class=\"yoast-schema-graph\">{\"@context\":\"https:\\\/\\\/schema.org\",\"@graph\":[{\"@type\":\"WebPage\",\"@id\":\"https:\\\/\\\/bpk-archive.de\\\/tuellmann\\\/produkt\\\/rueckseite-von-ankunft-von-in-spanien-angeworbenen-arbeitern-in-wohnheimen-der-opel-werke\\\/\",\"url\":\"https:\\\/\\\/bpk-archive.de\\\/tuellmann\\\/produkt\\\/rueckseite-von-ankunft-von-in-spanien-angeworbenen-arbeitern-in-wohnheimen-der-opel-werke\\\/\",\"name\":\"R\u00fcckseite von: Ankunft von in Spanien angeworbenen Arbeitern in Wohnheimen der Opel-Werke - Abisag T\u00fcllmann\",\"isPartOf\":{\"@id\":\"https:\\\/\\\/bpk-archive.de\\\/tuellmann\\\/#website\"},\"primaryImageOfPage\":{\"@id\":\"https:\\\/\\\/bpk-archive.de\\\/tuellmann\\\/produkt\\\/rueckseite-von-ankunft-von-in-spanien-angeworbenen-arbeitern-in-wohnheimen-der-opel-werke\\\/#primaryimage\"},\"image\":{\"@id\":\"https:\\\/\\\/bpk-archive.de\\\/tuellmann\\\/produkt\\\/rueckseite-von-ankunft-von-in-spanien-angeworbenen-arbeitern-in-wohnheimen-der-opel-werke\\\/#primaryimage\"},\"thumbnailUrl\":\"https:\\\/\\\/bpk-archive.de\\\/tuellmann\\\/wp-content\\\/uploads\\\/2019\\\/08\\\/bpk_70296472.jpg\",\"datePublished\":\"2019-09-05T13:07:16+00:00\",\"dateModified\":\"2019-09-05T13:07:28+00:00\",\"breadcrumb\":{\"@id\":\"https:\\\/\\\/bpk-archive.de\\\/tuellmann\\\/produkt\\\/rueckseite-von-ankunft-von-in-spanien-angeworbenen-arbeitern-in-wohnheimen-der-opel-werke\\\/#breadcrumb\"},\"inLanguage\":\"de\",\"potentialAction\":[{\"@type\":\"ReadAction\",\"target\":[\"https:\\\/\\\/bpk-archive.de\\\/tuellmann\\\/produkt\\\/rueckseite-von-ankunft-von-in-spanien-angeworbenen-arbeitern-in-wohnheimen-der-opel-werke\\\/\"]}]},{\"@type\":\"ImageObject\",\"inLanguage\":\"de\",\"@id\":\"https:\\\/\\\/bpk-archive.de\\\/tuellmann\\\/produkt\\\/rueckseite-von-ankunft-von-in-spanien-angeworbenen-arbeitern-in-wohnheimen-der-opel-werke\\\/#primaryimage\",\"url\":\"https:\\\/\\\/bpk-archive.de\\\/tuellmann\\\/wp-content\\\/uploads\\\/2019\\\/08\\\/bpk_70296472.jpg\",\"contentUrl\":\"https:\\\/\\\/bpk-archive.de\\\/tuellmann\\\/wp-content\\\/uploads\\\/2019\\\/08\\\/bpk_70296472.jpg\",\"width\":1200,\"height\":955,\"caption\":\"R\u00fcckseite von: Ankunft von in Spanien angeworbenen Arbeitern in Wohnheimen der Opel-Werke\"},{\"@type\":\"BreadcrumbList\",\"@id\":\"https:\\\/\\\/bpk-archive.de\\\/tuellmann\\\/produkt\\\/rueckseite-von-ankunft-von-in-spanien-angeworbenen-arbeitern-in-wohnheimen-der-opel-werke\\\/#breadcrumb\",\"itemListElement\":[{\"@type\":\"ListItem\",\"position\":1,\"name\":\"Startseite\",\"item\":\"https:\\\/\\\/bpk-archive.de\\\/tuellmann\\\/\"},{\"@type\":\"ListItem\",\"position\":2,\"name\":\"Shop\",\"item\":\"https:\\\/\\\/bpk-archive.de\\\/tuellmann\\\/shop\\\/\"},{\"@type\":\"ListItem\",\"position\":3,\"name\":\"R\u00fcckseite von: Ankunft von in Spanien angeworbenen Arbeitern in Wohnheimen der Opel-Werke\"}]},{\"@type\":\"WebSite\",\"@id\":\"https:\\\/\\\/bpk-archive.de\\\/tuellmann\\\/#website\",\"url\":\"https:\\\/\\\/bpk-archive.de\\\/tuellmann\\\/\",\"name\":\"Abisag T\u00fcllmann\",\"description\":\"Eine weitere WordPress-Website\",\"potentialAction\":[{\"@type\":\"SearchAction\",\"target\":{\"@type\":\"EntryPoint\",\"urlTemplate\":\"https:\\\/\\\/bpk-archive.de\\\/tuellmann\\\/?s={search_term_string}\"},\"query-input\":{\"@type\":\"PropertyValueSpecification\",\"valueRequired\":true,\"valueName\":\"search_term_string\"}}],\"inLanguage\":\"de\"}]}<\/script>\n<!-- \/ Yoast SEO plugin. -->","yoast_head_json":{"title":"R\u00fcckseite von: Ankunft von in Spanien angeworbenen Arbeitern in Wohnheimen der Opel-Werke - Abisag T\u00fcllmann","robots":{"index":"index","follow":"follow","max-snippet":"max-snippet:-1","max-image-preview":"max-image-preview:large","max-video-preview":"max-video-preview:-1"},"canonical":"https:\/\/bpk-archive.de\/tuellmann\/produkt\/rueckseite-von-ankunft-von-in-spanien-angeworbenen-arbeitern-in-wohnheimen-der-opel-werke\/","og_locale":"de_DE","og_type":"article","og_title":"R\u00fcckseite von: Ankunft von in Spanien angeworbenen Arbeitern in Wohnheimen der Opel-Werke - Abisag T\u00fcllmann","og_description":"Vorderseite siehe: 20034777 R\u00fcckseitenbeschriftung von Hand der Fotografin: &#8222;Opelwerke, R\u00fcsselsheim&#8220; R\u00fcckseitenbeschriftung von anderer Hand: &#8222;Spanische Gastarbeiter&#8220;","og_url":"https:\/\/bpk-archive.de\/tuellmann\/produkt\/rueckseite-von-ankunft-von-in-spanien-angeworbenen-arbeitern-in-wohnheimen-der-opel-werke\/","og_site_name":"Abisag T\u00fcllmann","article_modified_time":"2019-09-05T13:07:28+00:00","og_image":[{"width":1200,"height":955,"url":"https:\/\/bpk-archive.de\/tuellmann\/wp-content\/uploads\/2019\/08\/bpk_70296472.jpg","type":"image\/jpeg"}],"twitter_card":"summary_large_image","schema":{"@context":"https:\/\/schema.org","@graph":[{"@type":"WebPage","@id":"https:\/\/bpk-archive.de\/tuellmann\/produkt\/rueckseite-von-ankunft-von-in-spanien-angeworbenen-arbeitern-in-wohnheimen-der-opel-werke\/","url":"https:\/\/bpk-archive.de\/tuellmann\/produkt\/rueckseite-von-ankunft-von-in-spanien-angeworbenen-arbeitern-in-wohnheimen-der-opel-werke\/","name":"R\u00fcckseite von: Ankunft von in Spanien angeworbenen Arbeitern in Wohnheimen der Opel-Werke - Abisag T\u00fcllmann","isPartOf":{"@id":"https:\/\/bpk-archive.de\/tuellmann\/#website"},"primaryImageOfPage":{"@id":"https:\/\/bpk-archive.de\/tuellmann\/produkt\/rueckseite-von-ankunft-von-in-spanien-angeworbenen-arbeitern-in-wohnheimen-der-opel-werke\/#primaryimage"},"image":{"@id":"https:\/\/bpk-archive.de\/tuellmann\/produkt\/rueckseite-von-ankunft-von-in-spanien-angeworbenen-arbeitern-in-wohnheimen-der-opel-werke\/#primaryimage"},"thumbnailUrl":"https:\/\/bpk-archive.de\/tuellmann\/wp-content\/uploads\/2019\/08\/bpk_70296472.jpg","datePublished":"2019-09-05T13:07:16+00:00","dateModified":"2019-09-05T13:07:28+00:00","breadcrumb":{"@id":"https:\/\/bpk-archive.de\/tuellmann\/produkt\/rueckseite-von-ankunft-von-in-spanien-angeworbenen-arbeitern-in-wohnheimen-der-opel-werke\/#breadcrumb"},"inLanguage":"de","potentialAction":[{"@type":"ReadAction","target":["https:\/\/bpk-archive.de\/tuellmann\/produkt\/rueckseite-von-ankunft-von-in-spanien-angeworbenen-arbeitern-in-wohnheimen-der-opel-werke\/"]}]},{"@type":"ImageObject","inLanguage":"de","@id":"https:\/\/bpk-archive.de\/tuellmann\/produkt\/rueckseite-von-ankunft-von-in-spanien-angeworbenen-arbeitern-in-wohnheimen-der-opel-werke\/#primaryimage","url":"https:\/\/bpk-archive.de\/tuellmann\/wp-content\/uploads\/2019\/08\/bpk_70296472.jpg","contentUrl":"https:\/\/bpk-archive.de\/tuellmann\/wp-content\/uploads\/2019\/08\/bpk_70296472.jpg","width":1200,"height":955,"caption":"R\u00fcckseite von: Ankunft von in Spanien angeworbenen Arbeitern in Wohnheimen der Opel-Werke"},{"@type":"BreadcrumbList","@id":"https:\/\/bpk-archive.de\/tuellmann\/produkt\/rueckseite-von-ankunft-von-in-spanien-angeworbenen-arbeitern-in-wohnheimen-der-opel-werke\/#breadcrumb","itemListElement":[{"@type":"ListItem","position":1,"name":"Startseite","item":"https:\/\/bpk-archive.de\/tuellmann\/"},{"@type":"ListItem","position":2,"name":"Shop","item":"https:\/\/bpk-archive.de\/tuellmann\/shop\/"},{"@type":"ListItem","position":3,"name":"R\u00fcckseite von: Ankunft von in Spanien angeworbenen Arbeitern in Wohnheimen der Opel-Werke"}]},{"@type":"WebSite","@id":"https:\/\/bpk-archive.de\/tuellmann\/#website","url":"https:\/\/bpk-archive.de\/tuellmann\/","name":"Abisag T\u00fcllmann","description":"Eine weitere WordPress-Website","potentialAction":[{"@type":"SearchAction","target":{"@type":"EntryPoint","urlTemplate":"https:\/\/bpk-archive.de\/tuellmann\/?s={search_term_string}"},"query-input":{"@type":"PropertyValueSpecification","valueRequired":true,"valueName":"search_term_string"}}],"inLanguage":"de"}]}},"_links":{"self":[{"href":"https:\/\/bpk-archive.de\/tuellmann\/wp-json\/wp\/v2\/product\/70295421","targetHints":{"allow":["GET"]}}],"collection":[{"href":"https:\/\/bpk-archive.de\/tuellmann\/wp-json\/wp\/v2\/product"}],"about":[{"href":"https:\/\/bpk-archive.de\/tuellmann\/wp-json\/wp\/v2\/types\/product"}],"wp:featuredmedia":[{"embeddable":true,"href":"https:\/\/bpk-archive.de\/tuellmann\/wp-json\/wp\/v2\/media\/70293219"}],"wp:attachment":[{"href":"https:\/\/bpk-archive.de\/tuellmann\/wp-json\/wp\/v2\/media?parent=70295421"}],"wp:term":[{"taxonomy":"product_brand","embeddable":true,"href":"https:\/\/bpk-archive.de\/tuellmann\/wp-json\/wp\/v2\/product_brand?post=70295421"},{"taxonomy":"product_cat","embeddable":true,"href":"https:\/\/bpk-archive.de\/tuellmann\/wp-json\/wp\/v2\/product_cat?post=70295421"},{"taxonomy":"product_tag","embeddable":true,"href":"https:\/\/bpk-archive.de\/tuellmann\/wp-json\/wp\/v2\/product_tag?post=70295421"}],"curies":[{"name":"wp","href":"https:\/\/api.w.org\/{rel}","templated":true}]}}