{"id":70295401,"date":"2019-09-05T15:06:49","date_gmt":"2019-09-05T13:06:49","guid":{"rendered":"http:\/\/abisagtuellmann.bpk-news.de\/atbild\/eingang-eines-hauses-im-westend-das-an-gastarbeiter-vermietet-wird-oberlindau-59\/"},"modified":"2019-09-05T15:07:03","modified_gmt":"2019-09-05T13:07:03","slug":"eingang-eines-hauses-im-westend-das-an-gastarbeiter-vermietet-wird-oberlindau-59","status":"publish","type":"product","link":"https:\/\/bpk-archive.de\/tuellmann\/produkt\/eingang-eines-hauses-im-westend-das-an-gastarbeiter-vermietet-wird-oberlindau-59\/","title":{"rendered":"Eingang eines Hauses im Westend, das an Gastarbeiter vermietet wird (Oberlindau 59)"},"content":{"rendered":"<p>R\u00fcckseitenbeschriftung von Hand der Fotografin: &#8222;Oberlindau 59&#8220; R\u00fcckseitenbeschriftung von anderer Hand: &#8222;Eingang eines Hauses im Frankfurter Westend in dem Gastarbeiter f\u00fcr hohe Mieten wohnen d\u00fcrfen&#8220;<\/p>\n","protected":false},"excerpt":{"rendered":"<p>R\u00fcckseitenbeschriftung von Hand der Fotografin: &#8222;Oberlindau 59&#8220; R\u00fcckseitenbeschriftung von anderer Hand: &#8222;Eingang eines Hauses im Frankfurter Westend in dem Gastarbeiter f\u00fcr hohe Mieten wohnen d\u00fcrfen&#8220;<\/p>\n","protected":false},"featured_media":70293272,"template":"","meta":[],"product_brand":[],"product_cat":[],"product_tag":[13230,13232,13234,13231,13233,13235,47985,47986,47987,53520,13777,47456,47457,47458,47459,47460,47461,47462,53193,53194,53639,53640,53641,53642,53643,53644,53521,53196,53197,13250,48185,48186,47720,47721,47722,47723,47365,47366,47367,47876,47877,47878,47879,48355,48356,48357,48358,48359,48360,13469,53645,13470,51751,13253,13254,13255,13256,13257,13471,13472,13260,53646,48698,47727,47728,47729,47730,47731,47734,53647,53648,13293,13786,13787,13294,13295,13296,13297,47267,13485,13486,13482,13481,13483,13484,53202,53203,53204,53206,53209,53210,47377,14066,14327,47887,47888,47383,48101,48102,47384,47385,47386,48821,48822,13492,13493,13494,13495,13496,13497,13301,47744,47745,47746,53525,51234,51508,51509,51510,51511,51512,51513,51514,51515,51516,53649,53650,53651,53652,53653,53654,53655,53656,49816,47786,47787,48014,48017,14223,14224,53657,53658,53659,14229,13328,13827,13828,13329,13330,13331,13332,47332,53660,13843,47956,47957,47333,47334,47335,47336,47337,13877,13879,48364,48365,13865,13864,13866,13858,13859,13860,13861,13862,13863,13354,13869,13870,13871,13872,53528,47406,47407,53529,53530,53531,53532,53533,53534,53535,53536,53537,53538,51772,48679,48680,48681,51243,51244,51245,13878,13880,14250,14251,53539,53540,53541,53542,53543,53544,53545,53546,53547,53661,53548,53549,48228,53550,53551,53552,53553,47504,47505,47506,53662,53663,47792],"class_list":{"0":"post-70295401","1":"product","2":"type-product","3":"status-publish","4":"has-post-thumbnail","6":"product_tag-1970er-jahre","7":"product_tag-20-jahrhundert-nach-chr","8":"product_tag-20-jh-n-chr","9":"product_tag-20-jahrhundert","10":"product_tag-20-jh","11":"product_tag-70er","12":"product_tag-abfall","13":"product_tag-abfaelle","14":"product_tag-abfalls","15":"product_tag-abt_023","16":"product_tag-abzug","17":"product_tag-arbeit","18":"product_tag-arbeiten","19":"product_tag-arbeitend","20":"product_tag-arbeitende","21":"product_tag-arbeitenden","22":"product_tag-arbeitender","23":"product_tag-arbeitendes","24":"product_tag-arbeitsmigrant","25":"product_tag-arbeitsmigranten","26":"product_tag-aermlich","27":"product_tag-aermliche","28":"product_tag-aermlichem","29":"product_tag-aermlichen","30":"product_tag-aermlicher","31":"product_tag-aermliches","32":"product_tag-at_westend","33":"product_tag-ausland","34":"product_tag-auslaender","35":"product_tag-aussen","36":"product_tag-aussenansicht","37":"product_tag-aussenansichten","38":"product_tag-auswanderer","39":"product_tag-auswanderern","40":"product_tag-auswandern","41":"product_tag-auswanderung","42":"product_tag-bauten","43":"product_tag-bauwerk","44":"product_tag-bauwerke","45":"product_tag-beruf","46":"product_tag-berufe","47":"product_tag-berufes","48":"product_tag-berufs","49":"product_tag-beschriftet","50":"product_tag-beschriftete","51":"product_tag-beschrifteter","52":"product_tag-beschriftetes","53":"product_tag-beschriftung","54":"product_tag-beschriftungen","55":"product_tag-brd","56":"product_tag-briefkasten","57":"product_tag-bundesrepublik-deutschland","58":"product_tag-city","59":"product_tag-deutsch","60":"product_tag-deutsche","61":"product_tag-deutschen","62":"product_tag-deutscher","63":"product_tag-deutsches","64":"product_tag-deutschland","65":"product_tag-deutschlands","66":"product_tag-draussen","67":"product_tag-durcheinander","68":"product_tag-eingang","69":"product_tag-einwanderer","70":"product_tag-einwandern","71":"product_tag-einwanderung","72":"product_tag-emigrant","73":"product_tag-emigranten","74":"product_tag-emigration","75":"product_tag-familienname","76":"product_tag-familiennamen","77":"product_tag-foto","78":"product_tag-fotoabzug","79":"product_tag-fotoabzuege","80":"product_tag-fotografie","81":"product_tag-fotografien","82":"product_tag-fotografin","83":"product_tag-fotografinnen","84":"product_tag-fotoreportage","85":"product_tag-frankfurt-m","86":"product_tag-frankfurt-main","87":"product_tag-frankfurt-a-main","88":"product_tag-frankfurt-a-m","89":"product_tag-frankfurt-am-main","90":"product_tag-frankfurter","91":"product_tag-fremdarbeiter","92":"product_tag-fremdarbeitern","93":"product_tag-fremdarbeiters","94":"product_tag-gastarbeiter","95":"product_tag-gastarbeitern","96":"product_tag-gastarbeiters","97":"product_tag-gebaeude","98":"product_tag-geschichte","99":"product_tag-gesellschaft","100":"product_tag-grossstadt","101":"product_tag-grossstaedte","102":"product_tag-haus","103":"product_tag-hauseingang","104":"product_tag-hauseingaenge","105":"product_tag-haeuser","106":"product_tag-haeusern","107":"product_tag-hauses","108":"product_tag-haustuer","109":"product_tag-haustueren","110":"product_tag-hessen","111":"product_tag-hessisch","112":"product_tag-hessische","113":"product_tag-hessischen","114":"product_tag-hessischer","115":"product_tag-hessisches","116":"product_tag-im-freien","117":"product_tag-immigrant","118":"product_tag-immigranten","119":"product_tag-immigration","120":"product_tag-immobilienwirtschaft","121":"product_tag-innenstadt","122":"product_tag-italien","123":"product_tag-italiener","124":"product_tag-italienern","125":"product_tag-italienisch","126":"product_tag-italienische","127":"product_tag-italienischen","128":"product_tag-italienischer","129":"product_tag-italienisches","130":"product_tag-italiens","131":"product_tag-mieter","132":"product_tag-mietshaus","133":"product_tag-mietshaeuser","134":"product_tag-mietshauses","135":"product_tag-mietspekulation","136":"product_tag-mietwohnung","137":"product_tag-mietwohnungen","138":"product_tag-mietwucher","139":"product_tag-migrant","140":"product_tag-migranten","141":"product_tag-migration","142":"product_tag-muell","143":"product_tag-muells","144":"product_tag-muelltonne","145":"product_tag-muelltonnen","146":"product_tag-namensschild","147":"product_tag-namensschilder","148":"product_tag-namenszug","149":"product_tag-obdach","150":"product_tag-photo","151":"product_tag-photoabzug","152":"product_tag-photoabzuege","153":"product_tag-photographie","154":"product_tag-photographien","155":"product_tag-photographin","156":"product_tag-photographinnen","157":"product_tag-photoreportage","158":"product_tag-preiswucher","159":"product_tag-print","160":"product_tag-quartier","161":"product_tag-quartiere","162":"product_tag-reportage","163":"product_tag-reportagefoto","164":"product_tag-reportagefotografie","165":"product_tag-reportagephoto","166":"product_tag-reportagephotographie","167":"product_tag-s-w-fotografie","168":"product_tag-s-w-photographie","169":"product_tag-schrift","170":"product_tag-schriften","171":"product_tag-schwarzweissphotographie","172":"product_tag-schwarz-weiss-fotografie","173":"product_tag-schwarz-weiss-photographie","174":"product_tag-schwarzweiss","175":"product_tag-schwarzweisse","176":"product_tag-schwarzweissen","177":"product_tag-schwarzweisser","178":"product_tag-schwarzweisses","179":"product_tag-schwarzweissfotografie","180":"product_tag-siebziger","181":"product_tag-silbergelatine","182":"product_tag-silbergelatineabzug","183":"product_tag-silbergelatineabzuege","184":"product_tag-silbergelatineprint","185":"product_tag-spekulation","186":"product_tag-stadt","187":"product_tag-staedte","188":"product_tag-staedtebau","189":"product_tag-staedtebaulich","190":"product_tag-staedtebauliche","191":"product_tag-staedtebaulicher","192":"product_tag-stadtgeschichte","193":"product_tag-staedtisch","194":"product_tag-staedtische","195":"product_tag-staedtischen","196":"product_tag-staedtischer","197":"product_tag-staedtisches","198":"product_tag-stadtmitte","199":"product_tag-stadtteil","200":"product_tag-stadtteils","201":"product_tag-stadtviertel","202":"product_tag-stadtzentren","203":"product_tag-stadtzentrum","204":"product_tag-stadtzentrums","205":"product_tag-sw-fotografie","206":"product_tag-sw-photographie","207":"product_tag-unterkunft","208":"product_tag-unterkuenfte","209":"product_tag-urban","210":"product_tag-urbane","211":"product_tag-urbanen","212":"product_tag-urbaner","213":"product_tag-urbanes","214":"product_tag-urbanistik","215":"product_tag-urbanitaet","216":"product_tag-veraenderung","217":"product_tag-veraenderungen","218":"product_tag-vermuellt","219":"product_tag-verwandlung","220":"product_tag-verwandlungen","221":"product_tag-von-aussen","222":"product_tag-wandel","223":"product_tag-wandels","224":"product_tag-westend","225":"product_tag-westends","226":"product_tag-wohngebaeude","227":"product_tag-wohnhaus","228":"product_tag-wohnhaeuser","229":"product_tag-wohnungsnot","230":"product_tag-wucher","231":"product_tag-zuwanderer","232":"pa_datierung-februar-1970","233":"pa_fotograf-abisag-tuellmann","234":"pa_geografischer_bezug-aufnahmeort-frankfurt-am-main-westend-deutschland","235":"pa_grunddaten_material_technik-foto-silbergelatine-auf-barytpapier","236":"pa_inventarnummer-tue-w-70-055-30a","237":"pa_jahr_von-53324","238":"pa_massangaben-bildformat-foto-274-x-392-cm","239":"pa_mediennummer-53635","240":"pa_objekt_typ-fotografie","242":"first","243":"instock","244":"product-type-simple"},"yoast_head":"<!-- This site is optimized with the Yoast SEO plugin v27.4 - https:\/\/yoast.com\/product\/yoast-seo-wordpress\/ -->\n<title>Eingang eines Hauses im Westend, das an Gastarbeiter vermietet wird (Oberlindau 59) - Abisag T\u00fcllmann<\/title>\n<meta name=\"robots\" content=\"index, follow, max-snippet:-1, max-image-preview:large, max-video-preview:-1\" \/>\n<link rel=\"canonical\" href=\"https:\/\/bpk-archive.de\/tuellmann\/produkt\/eingang-eines-hauses-im-westend-das-an-gastarbeiter-vermietet-wird-oberlindau-59\/\" \/>\n<meta property=\"og:locale\" content=\"de_DE\" \/>\n<meta property=\"og:type\" content=\"article\" \/>\n<meta property=\"og:title\" content=\"Eingang eines Hauses im Westend, das an Gastarbeiter vermietet wird (Oberlindau 59) - Abisag T\u00fcllmann\" \/>\n<meta property=\"og:description\" content=\"R\u00fcckseitenbeschriftung von Hand der Fotografin: &#8222;Oberlindau 59&#8220; R\u00fcckseitenbeschriftung von anderer Hand: &#8222;Eingang eines Hauses im Frankfurter Westend in dem Gastarbeiter f\u00fcr hohe Mieten wohnen d\u00fcrfen&#8220;\" \/>\n<meta property=\"og:url\" content=\"https:\/\/bpk-archive.de\/tuellmann\/produkt\/eingang-eines-hauses-im-westend-das-an-gastarbeiter-vermietet-wird-oberlindau-59\/\" \/>\n<meta property=\"og:site_name\" content=\"Abisag T\u00fcllmann\" \/>\n<meta property=\"article:modified_time\" content=\"2019-09-05T13:07:03+00:00\" \/>\n<meta property=\"og:image\" content=\"https:\/\/bpk-archive.de\/tuellmann\/wp-content\/uploads\/2019\/08\/bpk_70298887.jpg\" \/>\n\t<meta property=\"og:image:width\" content=\"1200\" \/>\n\t<meta property=\"og:image:height\" content=\"845\" \/>\n\t<meta property=\"og:image:type\" content=\"image\/jpeg\" \/>\n<meta name=\"twitter:card\" content=\"summary_large_image\" \/>\n<script type=\"application\/ld+json\" class=\"yoast-schema-graph\">{\"@context\":\"https:\\\/\\\/schema.org\",\"@graph\":[{\"@type\":\"WebPage\",\"@id\":\"https:\\\/\\\/bpk-archive.de\\\/tuellmann\\\/produkt\\\/eingang-eines-hauses-im-westend-das-an-gastarbeiter-vermietet-wird-oberlindau-59\\\/\",\"url\":\"https:\\\/\\\/bpk-archive.de\\\/tuellmann\\\/produkt\\\/eingang-eines-hauses-im-westend-das-an-gastarbeiter-vermietet-wird-oberlindau-59\\\/\",\"name\":\"Eingang eines Hauses im Westend, das an Gastarbeiter vermietet wird (Oberlindau 59) - Abisag T\u00fcllmann\",\"isPartOf\":{\"@id\":\"https:\\\/\\\/bpk-archive.de\\\/tuellmann\\\/#website\"},\"primaryImageOfPage\":{\"@id\":\"https:\\\/\\\/bpk-archive.de\\\/tuellmann\\\/produkt\\\/eingang-eines-hauses-im-westend-das-an-gastarbeiter-vermietet-wird-oberlindau-59\\\/#primaryimage\"},\"image\":{\"@id\":\"https:\\\/\\\/bpk-archive.de\\\/tuellmann\\\/produkt\\\/eingang-eines-hauses-im-westend-das-an-gastarbeiter-vermietet-wird-oberlindau-59\\\/#primaryimage\"},\"thumbnailUrl\":\"https:\\\/\\\/bpk-archive.de\\\/tuellmann\\\/wp-content\\\/uploads\\\/2019\\\/08\\\/bpk_70298887.jpg\",\"datePublished\":\"2019-09-05T13:06:49+00:00\",\"dateModified\":\"2019-09-05T13:07:03+00:00\",\"breadcrumb\":{\"@id\":\"https:\\\/\\\/bpk-archive.de\\\/tuellmann\\\/produkt\\\/eingang-eines-hauses-im-westend-das-an-gastarbeiter-vermietet-wird-oberlindau-59\\\/#breadcrumb\"},\"inLanguage\":\"de\",\"potentialAction\":[{\"@type\":\"ReadAction\",\"target\":[\"https:\\\/\\\/bpk-archive.de\\\/tuellmann\\\/produkt\\\/eingang-eines-hauses-im-westend-das-an-gastarbeiter-vermietet-wird-oberlindau-59\\\/\"]}]},{\"@type\":\"ImageObject\",\"inLanguage\":\"de\",\"@id\":\"https:\\\/\\\/bpk-archive.de\\\/tuellmann\\\/produkt\\\/eingang-eines-hauses-im-westend-das-an-gastarbeiter-vermietet-wird-oberlindau-59\\\/#primaryimage\",\"url\":\"https:\\\/\\\/bpk-archive.de\\\/tuellmann\\\/wp-content\\\/uploads\\\/2019\\\/08\\\/bpk_70298887.jpg\",\"contentUrl\":\"https:\\\/\\\/bpk-archive.de\\\/tuellmann\\\/wp-content\\\/uploads\\\/2019\\\/08\\\/bpk_70298887.jpg\",\"width\":1200,\"height\":845,\"caption\":\"Eingang eines Hauses im Westend, das an Gastarbeiter vermietet wird (Oberlindau 59)\"},{\"@type\":\"BreadcrumbList\",\"@id\":\"https:\\\/\\\/bpk-archive.de\\\/tuellmann\\\/produkt\\\/eingang-eines-hauses-im-westend-das-an-gastarbeiter-vermietet-wird-oberlindau-59\\\/#breadcrumb\",\"itemListElement\":[{\"@type\":\"ListItem\",\"position\":1,\"name\":\"Startseite\",\"item\":\"https:\\\/\\\/bpk-archive.de\\\/tuellmann\\\/\"},{\"@type\":\"ListItem\",\"position\":2,\"name\":\"Shop\",\"item\":\"https:\\\/\\\/bpk-archive.de\\\/tuellmann\\\/shop\\\/\"},{\"@type\":\"ListItem\",\"position\":3,\"name\":\"Eingang eines Hauses im Westend, das an Gastarbeiter vermietet wird (Oberlindau 59)\"}]},{\"@type\":\"WebSite\",\"@id\":\"https:\\\/\\\/bpk-archive.de\\\/tuellmann\\\/#website\",\"url\":\"https:\\\/\\\/bpk-archive.de\\\/tuellmann\\\/\",\"name\":\"Abisag T\u00fcllmann\",\"description\":\"Eine weitere WordPress-Website\",\"potentialAction\":[{\"@type\":\"SearchAction\",\"target\":{\"@type\":\"EntryPoint\",\"urlTemplate\":\"https:\\\/\\\/bpk-archive.de\\\/tuellmann\\\/?s={search_term_string}\"},\"query-input\":{\"@type\":\"PropertyValueSpecification\",\"valueRequired\":true,\"valueName\":\"search_term_string\"}}],\"inLanguage\":\"de\"}]}<\/script>\n<!-- \/ Yoast SEO plugin. -->","yoast_head_json":{"title":"Eingang eines Hauses im Westend, das an Gastarbeiter vermietet wird (Oberlindau 59) - Abisag T\u00fcllmann","robots":{"index":"index","follow":"follow","max-snippet":"max-snippet:-1","max-image-preview":"max-image-preview:large","max-video-preview":"max-video-preview:-1"},"canonical":"https:\/\/bpk-archive.de\/tuellmann\/produkt\/eingang-eines-hauses-im-westend-das-an-gastarbeiter-vermietet-wird-oberlindau-59\/","og_locale":"de_DE","og_type":"article","og_title":"Eingang eines Hauses im Westend, das an Gastarbeiter vermietet wird (Oberlindau 59) - Abisag T\u00fcllmann","og_description":"R\u00fcckseitenbeschriftung von Hand der Fotografin: &#8222;Oberlindau 59&#8220; R\u00fcckseitenbeschriftung von anderer Hand: &#8222;Eingang eines Hauses im Frankfurter Westend in dem Gastarbeiter f\u00fcr hohe Mieten wohnen d\u00fcrfen&#8220;","og_url":"https:\/\/bpk-archive.de\/tuellmann\/produkt\/eingang-eines-hauses-im-westend-das-an-gastarbeiter-vermietet-wird-oberlindau-59\/","og_site_name":"Abisag T\u00fcllmann","article_modified_time":"2019-09-05T13:07:03+00:00","og_image":[{"width":1200,"height":845,"url":"https:\/\/bpk-archive.de\/tuellmann\/wp-content\/uploads\/2019\/08\/bpk_70298887.jpg","type":"image\/jpeg"}],"twitter_card":"summary_large_image","schema":{"@context":"https:\/\/schema.org","@graph":[{"@type":"WebPage","@id":"https:\/\/bpk-archive.de\/tuellmann\/produkt\/eingang-eines-hauses-im-westend-das-an-gastarbeiter-vermietet-wird-oberlindau-59\/","url":"https:\/\/bpk-archive.de\/tuellmann\/produkt\/eingang-eines-hauses-im-westend-das-an-gastarbeiter-vermietet-wird-oberlindau-59\/","name":"Eingang eines Hauses im Westend, das an Gastarbeiter vermietet wird (Oberlindau 59) - Abisag T\u00fcllmann","isPartOf":{"@id":"https:\/\/bpk-archive.de\/tuellmann\/#website"},"primaryImageOfPage":{"@id":"https:\/\/bpk-archive.de\/tuellmann\/produkt\/eingang-eines-hauses-im-westend-das-an-gastarbeiter-vermietet-wird-oberlindau-59\/#primaryimage"},"image":{"@id":"https:\/\/bpk-archive.de\/tuellmann\/produkt\/eingang-eines-hauses-im-westend-das-an-gastarbeiter-vermietet-wird-oberlindau-59\/#primaryimage"},"thumbnailUrl":"https:\/\/bpk-archive.de\/tuellmann\/wp-content\/uploads\/2019\/08\/bpk_70298887.jpg","datePublished":"2019-09-05T13:06:49+00:00","dateModified":"2019-09-05T13:07:03+00:00","breadcrumb":{"@id":"https:\/\/bpk-archive.de\/tuellmann\/produkt\/eingang-eines-hauses-im-westend-das-an-gastarbeiter-vermietet-wird-oberlindau-59\/#breadcrumb"},"inLanguage":"de","potentialAction":[{"@type":"ReadAction","target":["https:\/\/bpk-archive.de\/tuellmann\/produkt\/eingang-eines-hauses-im-westend-das-an-gastarbeiter-vermietet-wird-oberlindau-59\/"]}]},{"@type":"ImageObject","inLanguage":"de","@id":"https:\/\/bpk-archive.de\/tuellmann\/produkt\/eingang-eines-hauses-im-westend-das-an-gastarbeiter-vermietet-wird-oberlindau-59\/#primaryimage","url":"https:\/\/bpk-archive.de\/tuellmann\/wp-content\/uploads\/2019\/08\/bpk_70298887.jpg","contentUrl":"https:\/\/bpk-archive.de\/tuellmann\/wp-content\/uploads\/2019\/08\/bpk_70298887.jpg","width":1200,"height":845,"caption":"Eingang eines Hauses im Westend, das an Gastarbeiter vermietet wird (Oberlindau 59)"},{"@type":"BreadcrumbList","@id":"https:\/\/bpk-archive.de\/tuellmann\/produkt\/eingang-eines-hauses-im-westend-das-an-gastarbeiter-vermietet-wird-oberlindau-59\/#breadcrumb","itemListElement":[{"@type":"ListItem","position":1,"name":"Startseite","item":"https:\/\/bpk-archive.de\/tuellmann\/"},{"@type":"ListItem","position":2,"name":"Shop","item":"https:\/\/bpk-archive.de\/tuellmann\/shop\/"},{"@type":"ListItem","position":3,"name":"Eingang eines Hauses im Westend, das an Gastarbeiter vermietet wird (Oberlindau 59)"}]},{"@type":"WebSite","@id":"https:\/\/bpk-archive.de\/tuellmann\/#website","url":"https:\/\/bpk-archive.de\/tuellmann\/","name":"Abisag T\u00fcllmann","description":"Eine weitere WordPress-Website","potentialAction":[{"@type":"SearchAction","target":{"@type":"EntryPoint","urlTemplate":"https:\/\/bpk-archive.de\/tuellmann\/?s={search_term_string}"},"query-input":{"@type":"PropertyValueSpecification","valueRequired":true,"valueName":"search_term_string"}}],"inLanguage":"de"}]}},"_links":{"self":[{"href":"https:\/\/bpk-archive.de\/tuellmann\/wp-json\/wp\/v2\/product\/70295401","targetHints":{"allow":["GET"]}}],"collection":[{"href":"https:\/\/bpk-archive.de\/tuellmann\/wp-json\/wp\/v2\/product"}],"about":[{"href":"https:\/\/bpk-archive.de\/tuellmann\/wp-json\/wp\/v2\/types\/product"}],"wp:featuredmedia":[{"embeddable":true,"href":"https:\/\/bpk-archive.de\/tuellmann\/wp-json\/wp\/v2\/media\/70293272"}],"wp:attachment":[{"href":"https:\/\/bpk-archive.de\/tuellmann\/wp-json\/wp\/v2\/media?parent=70295401"}],"wp:term":[{"taxonomy":"product_brand","embeddable":true,"href":"https:\/\/bpk-archive.de\/tuellmann\/wp-json\/wp\/v2\/product_brand?post=70295401"},{"taxonomy":"product_cat","embeddable":true,"href":"https:\/\/bpk-archive.de\/tuellmann\/wp-json\/wp\/v2\/product_cat?post=70295401"},{"taxonomy":"product_tag","embeddable":true,"href":"https:\/\/bpk-archive.de\/tuellmann\/wp-json\/wp\/v2\/product_tag?post=70295401"}],"curies":[{"name":"wp","href":"https:\/\/api.w.org\/{rel}","templated":true}]}}