{"id":70295213,"date":"2019-09-05T15:03:15","date_gmt":"2019-09-05T13:03:15","guid":{"rendered":"http:\/\/abisagtuellmann.bpk-news.de\/atbild\/zwei-kinder-in-einer-wohnwagensiedlung-der-sinti-und-roma-bei-koeln\/"},"modified":"2019-09-05T15:03:19","modified_gmt":"2019-09-05T13:03:19","slug":"zwei-kinder-in-einer-wohnwagensiedlung-der-sinti-und-roma-bei-koeln","status":"publish","type":"product","link":"https:\/\/bpk-archive.de\/tuellmann\/produkt\/zwei-kinder-in-einer-wohnwagensiedlung-der-sinti-und-roma-bei-koeln\/","title":{"rendered":"Zwei Kinder in einer Wohnwagensiedlung der Sinti und Roma bei K\u00f6ln"},"content":{"rendered":"<p>R\u00fcckseitenbeschriftung von Hand der Fotografin: &#8222;Zigeunerkinder in einem Lager bei K\u00f6ln&#8220;<\/p>\n","protected":false},"excerpt":{"rendered":"<p>R\u00fcckseitenbeschriftung von Hand der Fotografin: &#8222;Zigeunerkinder in einem Lager bei K\u00f6ln&#8220;<\/p>\n","protected":false},"featured_media":70293007,"template":"","meta":[],"product_brand":[],"product_cat":[],"product_tag":[13230,13232,13234,13231,13233,13235,49668,13777,47541,47542,47543,47544,47545,47546,47547,47548,50606,50607,14316,49518,13250,14318,13784,13785,14177,13469,50567,50568,50569,50570,13470,49579,49580,13471,13472,49519,13960,13961,13962,13963,13964,13965,13260,50244,50245,50246,50247,50248,50249,48972,48973,48974,48975,48976,48977,48978,48979,48980,48981,48982,48983,49520,49521,49522,49523,49524,49525,49526,13293,13786,13787,13294,13295,13296,13297,47267,47268,47269,50608,50609,50610,50611,49528,49529,49530,49531,49532,50612,50613,13301,14205,14206,14207,14208,14209,14210,14213,14214,14215,14216,14217,14218,14219,48548,48549,48550,49582,49583,14000,14001,14002,14003,14004,14005,14006,48005,48006,48007,48008,48009,48010,48011,13310,13311,49816,47786,49544,49586,49588,14229,13328,13827,13828,13329,13330,13331,13332,47332,13829,13830,13831,13832,13833,13834,13835,13836,13837,13838,13839,13840,13841,13842,13843,47333,49545,49546,49547,49548,49549,49550,49551,49552,49553,49555,49556,13877,13879,50255,50256,50257,50258,50259,50260,50614,13865,13864,13866,13858,13859,13860,13861,13862,13863,13354,48160,48161,13869,13870,13871,13872,49557,49558,13878,13880,14250,14251,49793,49794,49795,49796,49797,49798,49561,49562,49563,49564,49569,50173,50174,49570],"class_list":{"0":"post-70295213","1":"product","2":"type-product","3":"status-publish","4":"has-post-thumbnail","6":"product_tag-1970er-jahre","7":"product_tag-20-jahrhundert-nach-chr","8":"product_tag-20-jh-n-chr","9":"product_tag-20-jahrhundert","10":"product_tag-20-jh","11":"product_tag-70er","12":"product_tag-abt_002","13":"product_tag-abzug","14":"product_tag-alltag","15":"product_tag-alltaeglich","16":"product_tag-alltaegliche","17":"product_tag-alltaeglicher","18":"product_tag-alltaegliches","19":"product_tag-alltagsleben","20":"product_tag-alltagsszene","21":"product_tag-alltagsszenen","22":"product_tag-angesicht","23":"product_tag-antlitz","24":"product_tag-armut","25":"product_tag-at_sinti-roma","26":"product_tag-aussen","27":"product_tag-aussenseiter","28":"product_tag-bildnis","29":"product_tag-bildnisse","30":"product_tag-blickkontakt","31":"product_tag-brd","32":"product_tag-brustbild","33":"product_tag-brustbilder","34":"product_tag-brustbildnis","35":"product_tag-bruststueck","36":"product_tag-bundesrepublik-deutschland","37":"product_tag-coeln","38":"product_tag-coelner","39":"product_tag-deutschland","40":"product_tag-deutschlands","41":"product_tag-diskriminierung","42":"product_tag-doppelbildnis","43":"product_tag-doppelbildnisse","44":"product_tag-doppelportrait","45":"product_tag-doppelportraits","46":"product_tag-doppelportraet","47":"product_tag-doppelportraets","48":"product_tag-draussen","49":"product_tag-dreck","50":"product_tag-dreckig","51":"product_tag-dreckige","52":"product_tag-dreckigen","53":"product_tag-dreckiger","54":"product_tag-dreckiges","55":"product_tag-ernst","56":"product_tag-ernste","57":"product_tag-ernstem","58":"product_tag-ernsten","59":"product_tag-ernster","60":"product_tag-ernstes","61":"product_tag-ernsthaft","62":"product_tag-ernsthafte","63":"product_tag-ernsthaften","64":"product_tag-ernsthafter","65":"product_tag-ernsthaftes","66":"product_tag-ernsthaftigkeit","67":"product_tag-ethnie","68":"product_tag-ethnien","69":"product_tag-ethnisch","70":"product_tag-ethnische","71":"product_tag-ethnischen","72":"product_tag-ethnischer","73":"product_tag-ethnisches","74":"product_tag-foto","75":"product_tag-fotoabzug","76":"product_tag-fotoabzuege","77":"product_tag-fotografie","78":"product_tag-fotografien","79":"product_tag-fotografin","80":"product_tag-fotografinnen","81":"product_tag-fotoreportage","82":"product_tag-geschwister","83":"product_tag-geschwisterpaar","84":"product_tag-geschwisterportrait","85":"product_tag-geschwisterportraits","86":"product_tag-geschwisterportraet","87":"product_tag-geschwisterportraets","88":"product_tag-gesellschaftlich","89":"product_tag-gesellschaftliche","90":"product_tag-gesellschaftlichen","91":"product_tag-gesellschaftlicher","92":"product_tag-gesellschaftliches","93":"product_tag-gesicht","94":"product_tag-gesichter","95":"product_tag-im-freien","96":"product_tag-kind","97":"product_tag-kinde","98":"product_tag-kinder","99":"product_tag-kinderbild","100":"product_tag-kinderbildnis","101":"product_tag-kinderbildnisse","102":"product_tag-kindern","103":"product_tag-kinderportrait","104":"product_tag-kinderportraits","105":"product_tag-kinderportraet","106":"product_tag-kinderportraets","107":"product_tag-kindes","108":"product_tag-kindheit","109":"product_tag-kleinkind","110":"product_tag-kleinkinder","111":"product_tag-kleinkindern","112":"product_tag-koeln","113":"product_tag-koelner","114":"product_tag-laecheln","115":"product_tag-laechelnd","116":"product_tag-laechelnde","117":"product_tag-laechelnden","118":"product_tag-laechelnder","119":"product_tag-laechelndes","120":"product_tag-laechelt","121":"product_tag-lachen","122":"product_tag-lachend","123":"product_tag-lachende","124":"product_tag-lachendem","125":"product_tag-lachenden","126":"product_tag-lachender","127":"product_tag-lachendes","128":"product_tag-maedchen","129":"product_tag-maedchens","130":"product_tag-migrant","131":"product_tag-migranten","132":"product_tag-minderheit","133":"product_tag-nordrhein-westfalen","134":"product_tag-nrw","135":"product_tag-obdach","136":"product_tag-photo","137":"product_tag-photoabzug","138":"product_tag-photoabzuege","139":"product_tag-photographie","140":"product_tag-photographien","141":"product_tag-photographin","142":"product_tag-photographinnen","143":"product_tag-photoreportage","144":"product_tag-portrait","145":"product_tag-portraitaufnahme","146":"product_tag-portraitfoto","147":"product_tag-portraitfotografie","148":"product_tag-portraitphoto","149":"product_tag-portraitphotographie","150":"product_tag-portraits","151":"product_tag-portraet","152":"product_tag-portraetaufnahme","153":"product_tag-portraetfoto","154":"product_tag-portraetfotografie","155":"product_tag-portraetphoto","156":"product_tag-portraetphotographie","157":"product_tag-portraets","158":"product_tag-print","159":"product_tag-reportage","160":"product_tag-rheinisch","161":"product_tag-rheinische","162":"product_tag-rheinischen","163":"product_tag-rheinischer","164":"product_tag-rheinisches","165":"product_tag-rheinland","166":"product_tag-rheinlande","167":"product_tag-rheinlanden","168":"product_tag-rheinlandes","169":"product_tag-rheinlands","170":"product_tag-roma","171":"product_tag-s-w-fotografie","172":"product_tag-s-w-photographie","173":"product_tag-schmutz","174":"product_tag-schmutzig","175":"product_tag-schmutzige","176":"product_tag-schmutzigen","177":"product_tag-schmutziger","178":"product_tag-schmutziges","179":"product_tag-schnuller","180":"product_tag-schwarzweissphotographie","181":"product_tag-schwarz-weiss-fotografie","182":"product_tag-schwarz-weiss-photographie","183":"product_tag-schwarzweiss","184":"product_tag-schwarzweisse","185":"product_tag-schwarzweissen","186":"product_tag-schwarzweisser","187":"product_tag-schwarzweisses","188":"product_tag-schwarzweissfotografie","189":"product_tag-siebziger","190":"product_tag-siedlung","191":"product_tag-siedlungen","192":"product_tag-silbergelatine","193":"product_tag-silbergelatineabzug","194":"product_tag-silbergelatineabzuege","195":"product_tag-silbergelatineprint","196":"product_tag-sinti","197":"product_tag-sinti-und-roma","198":"product_tag-sw-fotografie","199":"product_tag-sw-photographie","200":"product_tag-unterkunft","201":"product_tag-unterkuenfte","202":"product_tag-verwahrlost","203":"product_tag-verwahrloste","204":"product_tag-verwahrlosten","205":"product_tag-verwahrloster","206":"product_tag-verwahrlostes","207":"product_tag-verwahrlosung","208":"product_tag-volksgruppe","209":"product_tag-volksgruppen","210":"product_tag-volksstamm","211":"product_tag-volksstaemme","212":"product_tag-zigeuner","213":"product_tag-zigeunerkind","214":"product_tag-zigeunerkinder","215":"product_tag-zigeunern","216":"pa_datierung-mai-1971","217":"pa_fotograf-abisag-tuellmann","218":"pa_geografischer_bezug-aufnahmeort-koeln-deutschland","219":"pa_grunddaten_material_technik-foto-silbergelatine-auf-barytpapier","220":"pa_inventarnummer-tue-71-063-15a","221":"pa_jahr_von-49516","222":"pa_massangaben-bildformat-foto-235-x-298-cm","223":"pa_mediennummer-50604","224":"pa_objekt_typ-fotografie","226":"first","227":"instock","228":"product-type-simple"},"yoast_head":"<!-- This site is optimized with the Yoast SEO plugin v27.4 - https:\/\/yoast.com\/product\/yoast-seo-wordpress\/ -->\n<title>Zwei Kinder in einer Wohnwagensiedlung der Sinti und Roma bei K\u00f6ln - Abisag T\u00fcllmann<\/title>\n<meta name=\"robots\" content=\"index, follow, max-snippet:-1, max-image-preview:large, max-video-preview:-1\" \/>\n<link rel=\"canonical\" href=\"https:\/\/bpk-archive.de\/tuellmann\/produkt\/zwei-kinder-in-einer-wohnwagensiedlung-der-sinti-und-roma-bei-koeln\/\" \/>\n<meta property=\"og:locale\" content=\"de_DE\" \/>\n<meta property=\"og:type\" content=\"article\" \/>\n<meta property=\"og:title\" content=\"Zwei Kinder in einer Wohnwagensiedlung der Sinti und Roma bei K\u00f6ln - Abisag T\u00fcllmann\" \/>\n<meta property=\"og:description\" content=\"R\u00fcckseitenbeschriftung von Hand der Fotografin: &#8222;Zigeunerkinder in einem Lager bei K\u00f6ln&#8220;\" \/>\n<meta property=\"og:url\" content=\"https:\/\/bpk-archive.de\/tuellmann\/produkt\/zwei-kinder-in-einer-wohnwagensiedlung-der-sinti-und-roma-bei-koeln\/\" \/>\n<meta property=\"og:site_name\" content=\"Abisag T\u00fcllmann\" \/>\n<meta property=\"article:modified_time\" content=\"2019-09-05T13:03:19+00:00\" \/>\n<meta property=\"og:image\" content=\"https:\/\/bpk-archive.de\/tuellmann\/wp-content\/uploads\/2019\/08\/bpk_70275176.jpg\" \/>\n\t<meta property=\"og:image:width\" content=\"1200\" \/>\n\t<meta property=\"og:image:height\" content=\"955\" \/>\n\t<meta property=\"og:image:type\" content=\"image\/jpeg\" \/>\n<meta name=\"twitter:card\" content=\"summary_large_image\" \/>\n<script type=\"application\/ld+json\" class=\"yoast-schema-graph\">{\"@context\":\"https:\\\/\\\/schema.org\",\"@graph\":[{\"@type\":\"WebPage\",\"@id\":\"https:\\\/\\\/bpk-archive.de\\\/tuellmann\\\/produkt\\\/zwei-kinder-in-einer-wohnwagensiedlung-der-sinti-und-roma-bei-koeln\\\/\",\"url\":\"https:\\\/\\\/bpk-archive.de\\\/tuellmann\\\/produkt\\\/zwei-kinder-in-einer-wohnwagensiedlung-der-sinti-und-roma-bei-koeln\\\/\",\"name\":\"Zwei Kinder in einer Wohnwagensiedlung der Sinti und Roma bei K\u00f6ln - Abisag T\u00fcllmann\",\"isPartOf\":{\"@id\":\"https:\\\/\\\/bpk-archive.de\\\/tuellmann\\\/#website\"},\"primaryImageOfPage\":{\"@id\":\"https:\\\/\\\/bpk-archive.de\\\/tuellmann\\\/produkt\\\/zwei-kinder-in-einer-wohnwagensiedlung-der-sinti-und-roma-bei-koeln\\\/#primaryimage\"},\"image\":{\"@id\":\"https:\\\/\\\/bpk-archive.de\\\/tuellmann\\\/produkt\\\/zwei-kinder-in-einer-wohnwagensiedlung-der-sinti-und-roma-bei-koeln\\\/#primaryimage\"},\"thumbnailUrl\":\"https:\\\/\\\/bpk-archive.de\\\/tuellmann\\\/wp-content\\\/uploads\\\/2019\\\/08\\\/bpk_70275176.jpg\",\"datePublished\":\"2019-09-05T13:03:15+00:00\",\"dateModified\":\"2019-09-05T13:03:19+00:00\",\"breadcrumb\":{\"@id\":\"https:\\\/\\\/bpk-archive.de\\\/tuellmann\\\/produkt\\\/zwei-kinder-in-einer-wohnwagensiedlung-der-sinti-und-roma-bei-koeln\\\/#breadcrumb\"},\"inLanguage\":\"de\",\"potentialAction\":[{\"@type\":\"ReadAction\",\"target\":[\"https:\\\/\\\/bpk-archive.de\\\/tuellmann\\\/produkt\\\/zwei-kinder-in-einer-wohnwagensiedlung-der-sinti-und-roma-bei-koeln\\\/\"]}]},{\"@type\":\"ImageObject\",\"inLanguage\":\"de\",\"@id\":\"https:\\\/\\\/bpk-archive.de\\\/tuellmann\\\/produkt\\\/zwei-kinder-in-einer-wohnwagensiedlung-der-sinti-und-roma-bei-koeln\\\/#primaryimage\",\"url\":\"https:\\\/\\\/bpk-archive.de\\\/tuellmann\\\/wp-content\\\/uploads\\\/2019\\\/08\\\/bpk_70275176.jpg\",\"contentUrl\":\"https:\\\/\\\/bpk-archive.de\\\/tuellmann\\\/wp-content\\\/uploads\\\/2019\\\/08\\\/bpk_70275176.jpg\",\"width\":1200,\"height\":955,\"caption\":\"Zwei Kinder in einer Wohnwagensiedlung der Sinti und Roma bei K\u00f6ln\"},{\"@type\":\"BreadcrumbList\",\"@id\":\"https:\\\/\\\/bpk-archive.de\\\/tuellmann\\\/produkt\\\/zwei-kinder-in-einer-wohnwagensiedlung-der-sinti-und-roma-bei-koeln\\\/#breadcrumb\",\"itemListElement\":[{\"@type\":\"ListItem\",\"position\":1,\"name\":\"Startseite\",\"item\":\"https:\\\/\\\/bpk-archive.de\\\/tuellmann\\\/\"},{\"@type\":\"ListItem\",\"position\":2,\"name\":\"Shop\",\"item\":\"https:\\\/\\\/bpk-archive.de\\\/tuellmann\\\/shop\\\/\"},{\"@type\":\"ListItem\",\"position\":3,\"name\":\"Zwei Kinder in einer Wohnwagensiedlung der Sinti und Roma bei K\u00f6ln\"}]},{\"@type\":\"WebSite\",\"@id\":\"https:\\\/\\\/bpk-archive.de\\\/tuellmann\\\/#website\",\"url\":\"https:\\\/\\\/bpk-archive.de\\\/tuellmann\\\/\",\"name\":\"Abisag T\u00fcllmann\",\"description\":\"Eine weitere WordPress-Website\",\"potentialAction\":[{\"@type\":\"SearchAction\",\"target\":{\"@type\":\"EntryPoint\",\"urlTemplate\":\"https:\\\/\\\/bpk-archive.de\\\/tuellmann\\\/?s={search_term_string}\"},\"query-input\":{\"@type\":\"PropertyValueSpecification\",\"valueRequired\":true,\"valueName\":\"search_term_string\"}}],\"inLanguage\":\"de\"}]}<\/script>\n<!-- \/ Yoast SEO plugin. -->","yoast_head_json":{"title":"Zwei Kinder in einer Wohnwagensiedlung der Sinti und Roma bei K\u00f6ln - Abisag T\u00fcllmann","robots":{"index":"index","follow":"follow","max-snippet":"max-snippet:-1","max-image-preview":"max-image-preview:large","max-video-preview":"max-video-preview:-1"},"canonical":"https:\/\/bpk-archive.de\/tuellmann\/produkt\/zwei-kinder-in-einer-wohnwagensiedlung-der-sinti-und-roma-bei-koeln\/","og_locale":"de_DE","og_type":"article","og_title":"Zwei Kinder in einer Wohnwagensiedlung der Sinti und Roma bei K\u00f6ln - Abisag T\u00fcllmann","og_description":"R\u00fcckseitenbeschriftung von Hand der Fotografin: &#8222;Zigeunerkinder in einem Lager bei K\u00f6ln&#8220;","og_url":"https:\/\/bpk-archive.de\/tuellmann\/produkt\/zwei-kinder-in-einer-wohnwagensiedlung-der-sinti-und-roma-bei-koeln\/","og_site_name":"Abisag T\u00fcllmann","article_modified_time":"2019-09-05T13:03:19+00:00","og_image":[{"width":1200,"height":955,"url":"https:\/\/bpk-archive.de\/tuellmann\/wp-content\/uploads\/2019\/08\/bpk_70275176.jpg","type":"image\/jpeg"}],"twitter_card":"summary_large_image","schema":{"@context":"https:\/\/schema.org","@graph":[{"@type":"WebPage","@id":"https:\/\/bpk-archive.de\/tuellmann\/produkt\/zwei-kinder-in-einer-wohnwagensiedlung-der-sinti-und-roma-bei-koeln\/","url":"https:\/\/bpk-archive.de\/tuellmann\/produkt\/zwei-kinder-in-einer-wohnwagensiedlung-der-sinti-und-roma-bei-koeln\/","name":"Zwei Kinder in einer Wohnwagensiedlung der Sinti und Roma bei K\u00f6ln - Abisag T\u00fcllmann","isPartOf":{"@id":"https:\/\/bpk-archive.de\/tuellmann\/#website"},"primaryImageOfPage":{"@id":"https:\/\/bpk-archive.de\/tuellmann\/produkt\/zwei-kinder-in-einer-wohnwagensiedlung-der-sinti-und-roma-bei-koeln\/#primaryimage"},"image":{"@id":"https:\/\/bpk-archive.de\/tuellmann\/produkt\/zwei-kinder-in-einer-wohnwagensiedlung-der-sinti-und-roma-bei-koeln\/#primaryimage"},"thumbnailUrl":"https:\/\/bpk-archive.de\/tuellmann\/wp-content\/uploads\/2019\/08\/bpk_70275176.jpg","datePublished":"2019-09-05T13:03:15+00:00","dateModified":"2019-09-05T13:03:19+00:00","breadcrumb":{"@id":"https:\/\/bpk-archive.de\/tuellmann\/produkt\/zwei-kinder-in-einer-wohnwagensiedlung-der-sinti-und-roma-bei-koeln\/#breadcrumb"},"inLanguage":"de","potentialAction":[{"@type":"ReadAction","target":["https:\/\/bpk-archive.de\/tuellmann\/produkt\/zwei-kinder-in-einer-wohnwagensiedlung-der-sinti-und-roma-bei-koeln\/"]}]},{"@type":"ImageObject","inLanguage":"de","@id":"https:\/\/bpk-archive.de\/tuellmann\/produkt\/zwei-kinder-in-einer-wohnwagensiedlung-der-sinti-und-roma-bei-koeln\/#primaryimage","url":"https:\/\/bpk-archive.de\/tuellmann\/wp-content\/uploads\/2019\/08\/bpk_70275176.jpg","contentUrl":"https:\/\/bpk-archive.de\/tuellmann\/wp-content\/uploads\/2019\/08\/bpk_70275176.jpg","width":1200,"height":955,"caption":"Zwei Kinder in einer Wohnwagensiedlung der Sinti und Roma bei K\u00f6ln"},{"@type":"BreadcrumbList","@id":"https:\/\/bpk-archive.de\/tuellmann\/produkt\/zwei-kinder-in-einer-wohnwagensiedlung-der-sinti-und-roma-bei-koeln\/#breadcrumb","itemListElement":[{"@type":"ListItem","position":1,"name":"Startseite","item":"https:\/\/bpk-archive.de\/tuellmann\/"},{"@type":"ListItem","position":2,"name":"Shop","item":"https:\/\/bpk-archive.de\/tuellmann\/shop\/"},{"@type":"ListItem","position":3,"name":"Zwei Kinder in einer Wohnwagensiedlung der Sinti und Roma bei K\u00f6ln"}]},{"@type":"WebSite","@id":"https:\/\/bpk-archive.de\/tuellmann\/#website","url":"https:\/\/bpk-archive.de\/tuellmann\/","name":"Abisag T\u00fcllmann","description":"Eine weitere WordPress-Website","potentialAction":[{"@type":"SearchAction","target":{"@type":"EntryPoint","urlTemplate":"https:\/\/bpk-archive.de\/tuellmann\/?s={search_term_string}"},"query-input":{"@type":"PropertyValueSpecification","valueRequired":true,"valueName":"search_term_string"}}],"inLanguage":"de"}]}},"_links":{"self":[{"href":"https:\/\/bpk-archive.de\/tuellmann\/wp-json\/wp\/v2\/product\/70295213","targetHints":{"allow":["GET"]}}],"collection":[{"href":"https:\/\/bpk-archive.de\/tuellmann\/wp-json\/wp\/v2\/product"}],"about":[{"href":"https:\/\/bpk-archive.de\/tuellmann\/wp-json\/wp\/v2\/types\/product"}],"wp:featuredmedia":[{"embeddable":true,"href":"https:\/\/bpk-archive.de\/tuellmann\/wp-json\/wp\/v2\/media\/70293007"}],"wp:attachment":[{"href":"https:\/\/bpk-archive.de\/tuellmann\/wp-json\/wp\/v2\/media?parent=70295213"}],"wp:term":[{"taxonomy":"product_brand","embeddable":true,"href":"https:\/\/bpk-archive.de\/tuellmann\/wp-json\/wp\/v2\/product_brand?post=70295213"},{"taxonomy":"product_cat","embeddable":true,"href":"https:\/\/bpk-archive.de\/tuellmann\/wp-json\/wp\/v2\/product_cat?post=70295213"},{"taxonomy":"product_tag","embeddable":true,"href":"https:\/\/bpk-archive.de\/tuellmann\/wp-json\/wp\/v2\/product_tag?post=70295213"}],"curies":[{"name":"wp","href":"https:\/\/api.w.org\/{rel}","templated":true}]}}