{"id":70295181,"date":"2019-09-05T15:02:24","date_gmt":"2019-09-05T13:02:24","guid":{"rendered":"http:\/\/abisagtuellmann.bpk-news.de\/atbild\/renate-bockmann-mit-ihren-zwei-toechtern-im-park\/"},"modified":"2019-09-05T15:02:38","modified_gmt":"2019-09-05T13:02:38","slug":"renate-bockmann-mit-ihren-zwei-toechtern-im-park","status":"publish","type":"product","link":"https:\/\/bpk-archive.de\/tuellmann\/produkt\/renate-bockmann-mit-ihren-zwei-toechtern-im-park\/","title":{"rendered":"Renate Bockmann mit ihren zwei T\u00f6chtern im Park"},"content":{"rendered":"<p>Aus der Serie &#8222;Geschiedene Frauen&#8220; f\u00fcr die Zeitschrift &#8222;Brigitte&#8220;<\/p>\n","protected":false},"excerpt":{"rendered":"<p>Aus der Serie &#8222;Geschiedene Frauen&#8220; f\u00fcr die Zeitschrift &#8222;Brigitte&#8220;<\/p>\n","protected":false},"featured_media":70293006,"template":"","meta":[],"product_brand":[],"product_cat":[],"product_tag":[13230,13232,49666,13234,49667,13231,13233,13235,49668,13777,49669,49670,49671,49672,49673,49674,13250,13784,13785,49676,13469,13470,13958,13959,13253,13254,13255,13256,13257,13471,13472,13260,49677,49678,49679,49680,49681,49682,49683,47425,47426,13293,13786,13787,13294,13295,13296,13297,47267,49684,13487,13488,13974,13975,13976,13977,13978,49502,49503,49685,49686,48621,48622,48623,49366,49687,49688,49689,49690,49691,14327,50095,50096,50097,50098,50099,50100,50101,50102,13301,14205,14206,14207,49695,14213,14218,14219,14000,14001,14002,14003,14004,14005,14006,48005,48006,48007,48008,48009,48010,48011,13310,13311,47394,49706,50103,50104,50105,50106,50107,50108,50109,49638,49639,49640,49641,13328,13827,13828,13329,13330,13331,13332,47332,13829,13830,13831,13832,13833,13834,13835,13836,13837,13838,13839,13840,13841,13842,13843,48363,49710,47333,47334,47335,47336,47337,13877,13879,49711,13865,13864,13866,13858,13859,13860,13861,13862,13863,47338,47339,49718,49719,13354,13869,13870,13871,13872,50004,50068,50069,49605,49606,49607,49608,49609,49610,13878,13880,50110,47410,47411,49729,50111,50112],"class_list":{"0":"post-70295181","1":"product","2":"type-product","3":"status-publish","4":"has-post-thumbnail","6":"product_tag-1970er-jahre","7":"product_tag-20-jahrhundert-nach-chr","8":"product_tag-20-jahrhundert-vor-chr","9":"product_tag-20-jh-n-chr","10":"product_tag-20-jh-v-chr","11":"product_tag-20-jahrhundert","12":"product_tag-20-jh","13":"product_tag-70er","14":"product_tag-abt_002","15":"product_tag-abzug","16":"product_tag-alleinerziehend","17":"product_tag-alleinerziehende","18":"product_tag-alleinerziehenden","19":"product_tag-alleinerziehender","20":"product_tag-at_geschiedene-frauen","21":"product_tag-auftragsarbeit","22":"product_tag-aussen","23":"product_tag-bildnis","24":"product_tag-bildnisse","25":"product_tag-bildstrecke","26":"product_tag-brd","27":"product_tag-bundesrepublik-deutschland","28":"product_tag-damenportraet","29":"product_tag-damenportraets","30":"product_tag-deutsch","31":"product_tag-deutsche","32":"product_tag-deutschen","33":"product_tag-deutscher","34":"product_tag-deutsches","35":"product_tag-deutschland","36":"product_tag-deutschlands","37":"product_tag-draussen","38":"product_tag-ehescheidung","39":"product_tag-emanzipation","40":"product_tag-emanzipiert","41":"product_tag-emanzipierte","42":"product_tag-emanzipierten","43":"product_tag-emanzipierter","44":"product_tag-emanzipiertes","45":"product_tag-familie","46":"product_tag-familien","47":"product_tag-foto","48":"product_tag-fotoabzug","49":"product_tag-fotoabzuege","50":"product_tag-fotografie","51":"product_tag-fotografien","52":"product_tag-fotografin","53":"product_tag-fotografinnen","54":"product_tag-fotoreportage","55":"product_tag-fotoserie","56":"product_tag-frau","57":"product_tag-frauen","58":"product_tag-frauenbildnis","59":"product_tag-frauenportrait","60":"product_tag-frauenportraits","61":"product_tag-frauenportraet","62":"product_tag-frauenportraets","63":"product_tag-frauenrolle","64":"product_tag-frauenrollen","65":"product_tag-frauenzeitschrift","66":"product_tag-frauenzeitschriften","67":"product_tag-freizeit","68":"product_tag-freizeitbeschaeftigung","69":"product_tag-freizeitgestaltung","70":"product_tag-freude","71":"product_tag-geschieden","72":"product_tag-geschiedene","73":"product_tag-geschiedenem","74":"product_tag-geschiedenen","75":"product_tag-geschiedener","76":"product_tag-gesellschaft","77":"product_tag-gluecklich","78":"product_tag-glueckliche","79":"product_tag-gluecklichen","80":"product_tag-gluecklicher","81":"product_tag-glueckliches","82":"product_tag-hamburg","83":"product_tag-hamburger","84":"product_tag-hamburgs","85":"product_tag-im-freien","86":"product_tag-kind","87":"product_tag-kinde","88":"product_tag-kinder","89":"product_tag-kindererziehung","90":"product_tag-kindern","91":"product_tag-kindes","92":"product_tag-kindheit","93":"product_tag-laecheln","94":"product_tag-laechelnd","95":"product_tag-laechelnde","96":"product_tag-laechelnden","97":"product_tag-laechelnder","98":"product_tag-laechelndes","99":"product_tag-laechelt","100":"product_tag-lachen","101":"product_tag-lachend","102":"product_tag-lachende","103":"product_tag-lachendem","104":"product_tag-lachenden","105":"product_tag-lachender","106":"product_tag-lachendes","107":"product_tag-maedchen","108":"product_tag-maedchens","109":"product_tag-mutter","110":"product_tag-mutterschaft","111":"product_tag-norddeutsch","112":"product_tag-norddeutsche","113":"product_tag-norddeutschen","114":"product_tag-norddeutscher","115":"product_tag-norddeutsches","116":"product_tag-norddeutschland","117":"product_tag-norddeutschlands","118":"product_tag-park","119":"product_tag-parkanlage","120":"product_tag-parkanlagen","121":"product_tag-parks","122":"product_tag-photo","123":"product_tag-photoabzug","124":"product_tag-photoabzuege","125":"product_tag-photographie","126":"product_tag-photographien","127":"product_tag-photographin","128":"product_tag-photographinnen","129":"product_tag-photoreportage","130":"product_tag-portrait","131":"product_tag-portraitaufnahme","132":"product_tag-portraitfoto","133":"product_tag-portraitfotografie","134":"product_tag-portraitphoto","135":"product_tag-portraitphotographie","136":"product_tag-portraits","137":"product_tag-portraet","138":"product_tag-portraetaufnahme","139":"product_tag-portraetfoto","140":"product_tag-portraetfotografie","141":"product_tag-portraetphoto","142":"product_tag-portraetphotographie","143":"product_tag-portraets","144":"product_tag-print","145":"product_tag-publikation","146":"product_tag-publiziert","147":"product_tag-reportage","148":"product_tag-reportagefoto","149":"product_tag-reportagefotografie","150":"product_tag-reportagephoto","151":"product_tag-reportagephotographie","152":"product_tag-s-w-fotografie","153":"product_tag-s-w-photographie","154":"product_tag-scheidung","155":"product_tag-schwarzweissphotographie","156":"product_tag-schwarz-weiss-fotografie","157":"product_tag-schwarz-weiss-photographie","158":"product_tag-schwarzweiss","159":"product_tag-schwarzweisse","160":"product_tag-schwarzweissen","161":"product_tag-schwarzweisser","162":"product_tag-schwarzweisses","163":"product_tag-schwarzweissfotografie","164":"product_tag-schwester","165":"product_tag-schwestern","166":"product_tag-serie","167":"product_tag-serien","168":"product_tag-siebziger","169":"product_tag-silbergelatine","170":"product_tag-silbergelatineabzug","171":"product_tag-silbergelatineabzuege","172":"product_tag-silbergelatineprint","173":"product_tag-spass","174":"product_tag-spiel","175":"product_tag-spiele","176":"product_tag-spielen","177":"product_tag-spielend","178":"product_tag-spielende","179":"product_tag-spielenden","180":"product_tag-spielender","181":"product_tag-spielendes","182":"product_tag-sw-fotografie","183":"product_tag-sw-photographie","184":"product_tag-toben","185":"product_tag-tochter","186":"product_tag-toechtern","187":"product_tag-trennung","188":"product_tag-wiese","189":"product_tag-wiesen","190":"pa_datierung-juli-1977","191":"pa_fotograf-abisag-tuellmann","192":"pa_geografischer_bezug-aufnahmeort-hamburg-deutschland","193":"pa_grunddaten_material_technik-foto-silbergelatine-auf-barytpapier","194":"pa_inventarnummer-tue-77-289-37","195":"pa_jahr_von-49467","196":"pa_massangaben-bildformat-foto-234-x-304-cm","197":"pa_mediennummer-50092","198":"pa_objekt_typ-fotografie","200":"first","201":"instock","202":"product-type-simple"},"yoast_head":"<!-- This site is optimized with the Yoast SEO plugin v27.4 - https:\/\/yoast.com\/product\/yoast-seo-wordpress\/ -->\n<title>Renate Bockmann mit ihren zwei T\u00f6chtern im Park - Abisag T\u00fcllmann<\/title>\n<meta name=\"robots\" content=\"index, follow, max-snippet:-1, max-image-preview:large, max-video-preview:-1\" \/>\n<link rel=\"canonical\" href=\"https:\/\/bpk-archive.de\/tuellmann\/produkt\/renate-bockmann-mit-ihren-zwei-toechtern-im-park\/\" \/>\n<meta property=\"og:locale\" content=\"de_DE\" \/>\n<meta property=\"og:type\" content=\"article\" \/>\n<meta property=\"og:title\" content=\"Renate Bockmann mit ihren zwei T\u00f6chtern im Park - Abisag T\u00fcllmann\" \/>\n<meta property=\"og:description\" content=\"Aus der Serie &#8222;Geschiedene Frauen&#8220; f\u00fcr die Zeitschrift &#8222;Brigitte&#8220;\" \/>\n<meta property=\"og:url\" content=\"https:\/\/bpk-archive.de\/tuellmann\/produkt\/renate-bockmann-mit-ihren-zwei-toechtern-im-park\/\" \/>\n<meta property=\"og:site_name\" content=\"Abisag T\u00fcllmann\" \/>\n<meta property=\"article:modified_time\" content=\"2019-09-05T13:02:38+00:00\" \/>\n<meta property=\"og:image\" content=\"https:\/\/bpk-archive.de\/tuellmann\/wp-content\/uploads\/2019\/08\/bpk_70278928.jpg\" \/>\n\t<meta property=\"og:image:width\" content=\"1200\" \/>\n\t<meta property=\"og:image:height\" content=\"934\" \/>\n\t<meta property=\"og:image:type\" content=\"image\/jpeg\" \/>\n<meta name=\"twitter:card\" content=\"summary_large_image\" \/>\n<script type=\"application\/ld+json\" class=\"yoast-schema-graph\">{\"@context\":\"https:\\\/\\\/schema.org\",\"@graph\":[{\"@type\":\"WebPage\",\"@id\":\"https:\\\/\\\/bpk-archive.de\\\/tuellmann\\\/produkt\\\/renate-bockmann-mit-ihren-zwei-toechtern-im-park\\\/\",\"url\":\"https:\\\/\\\/bpk-archive.de\\\/tuellmann\\\/produkt\\\/renate-bockmann-mit-ihren-zwei-toechtern-im-park\\\/\",\"name\":\"Renate Bockmann mit ihren zwei T\u00f6chtern im Park - Abisag T\u00fcllmann\",\"isPartOf\":{\"@id\":\"https:\\\/\\\/bpk-archive.de\\\/tuellmann\\\/#website\"},\"primaryImageOfPage\":{\"@id\":\"https:\\\/\\\/bpk-archive.de\\\/tuellmann\\\/produkt\\\/renate-bockmann-mit-ihren-zwei-toechtern-im-park\\\/#primaryimage\"},\"image\":{\"@id\":\"https:\\\/\\\/bpk-archive.de\\\/tuellmann\\\/produkt\\\/renate-bockmann-mit-ihren-zwei-toechtern-im-park\\\/#primaryimage\"},\"thumbnailUrl\":\"https:\\\/\\\/bpk-archive.de\\\/tuellmann\\\/wp-content\\\/uploads\\\/2019\\\/08\\\/bpk_70278928.jpg\",\"datePublished\":\"2019-09-05T13:02:24+00:00\",\"dateModified\":\"2019-09-05T13:02:38+00:00\",\"breadcrumb\":{\"@id\":\"https:\\\/\\\/bpk-archive.de\\\/tuellmann\\\/produkt\\\/renate-bockmann-mit-ihren-zwei-toechtern-im-park\\\/#breadcrumb\"},\"inLanguage\":\"de\",\"potentialAction\":[{\"@type\":\"ReadAction\",\"target\":[\"https:\\\/\\\/bpk-archive.de\\\/tuellmann\\\/produkt\\\/renate-bockmann-mit-ihren-zwei-toechtern-im-park\\\/\"]}]},{\"@type\":\"ImageObject\",\"inLanguage\":\"de\",\"@id\":\"https:\\\/\\\/bpk-archive.de\\\/tuellmann\\\/produkt\\\/renate-bockmann-mit-ihren-zwei-toechtern-im-park\\\/#primaryimage\",\"url\":\"https:\\\/\\\/bpk-archive.de\\\/tuellmann\\\/wp-content\\\/uploads\\\/2019\\\/08\\\/bpk_70278928.jpg\",\"contentUrl\":\"https:\\\/\\\/bpk-archive.de\\\/tuellmann\\\/wp-content\\\/uploads\\\/2019\\\/08\\\/bpk_70278928.jpg\",\"width\":1200,\"height\":934,\"caption\":\"Renate Bockmann mit ihren zwei T\u00f6chtern im Park\"},{\"@type\":\"BreadcrumbList\",\"@id\":\"https:\\\/\\\/bpk-archive.de\\\/tuellmann\\\/produkt\\\/renate-bockmann-mit-ihren-zwei-toechtern-im-park\\\/#breadcrumb\",\"itemListElement\":[{\"@type\":\"ListItem\",\"position\":1,\"name\":\"Startseite\",\"item\":\"https:\\\/\\\/bpk-archive.de\\\/tuellmann\\\/\"},{\"@type\":\"ListItem\",\"position\":2,\"name\":\"Shop\",\"item\":\"https:\\\/\\\/bpk-archive.de\\\/tuellmann\\\/shop\\\/\"},{\"@type\":\"ListItem\",\"position\":3,\"name\":\"Renate Bockmann mit ihren zwei T\u00f6chtern im Park\"}]},{\"@type\":\"WebSite\",\"@id\":\"https:\\\/\\\/bpk-archive.de\\\/tuellmann\\\/#website\",\"url\":\"https:\\\/\\\/bpk-archive.de\\\/tuellmann\\\/\",\"name\":\"Abisag T\u00fcllmann\",\"description\":\"Eine weitere WordPress-Website\",\"potentialAction\":[{\"@type\":\"SearchAction\",\"target\":{\"@type\":\"EntryPoint\",\"urlTemplate\":\"https:\\\/\\\/bpk-archive.de\\\/tuellmann\\\/?s={search_term_string}\"},\"query-input\":{\"@type\":\"PropertyValueSpecification\",\"valueRequired\":true,\"valueName\":\"search_term_string\"}}],\"inLanguage\":\"de\"}]}<\/script>\n<!-- \/ Yoast SEO plugin. -->","yoast_head_json":{"title":"Renate Bockmann mit ihren zwei T\u00f6chtern im Park - Abisag T\u00fcllmann","robots":{"index":"index","follow":"follow","max-snippet":"max-snippet:-1","max-image-preview":"max-image-preview:large","max-video-preview":"max-video-preview:-1"},"canonical":"https:\/\/bpk-archive.de\/tuellmann\/produkt\/renate-bockmann-mit-ihren-zwei-toechtern-im-park\/","og_locale":"de_DE","og_type":"article","og_title":"Renate Bockmann mit ihren zwei T\u00f6chtern im Park - Abisag T\u00fcllmann","og_description":"Aus der Serie &#8222;Geschiedene Frauen&#8220; f\u00fcr die Zeitschrift &#8222;Brigitte&#8220;","og_url":"https:\/\/bpk-archive.de\/tuellmann\/produkt\/renate-bockmann-mit-ihren-zwei-toechtern-im-park\/","og_site_name":"Abisag T\u00fcllmann","article_modified_time":"2019-09-05T13:02:38+00:00","og_image":[{"width":1200,"height":934,"url":"https:\/\/bpk-archive.de\/tuellmann\/wp-content\/uploads\/2019\/08\/bpk_70278928.jpg","type":"image\/jpeg"}],"twitter_card":"summary_large_image","schema":{"@context":"https:\/\/schema.org","@graph":[{"@type":"WebPage","@id":"https:\/\/bpk-archive.de\/tuellmann\/produkt\/renate-bockmann-mit-ihren-zwei-toechtern-im-park\/","url":"https:\/\/bpk-archive.de\/tuellmann\/produkt\/renate-bockmann-mit-ihren-zwei-toechtern-im-park\/","name":"Renate Bockmann mit ihren zwei T\u00f6chtern im Park - Abisag T\u00fcllmann","isPartOf":{"@id":"https:\/\/bpk-archive.de\/tuellmann\/#website"},"primaryImageOfPage":{"@id":"https:\/\/bpk-archive.de\/tuellmann\/produkt\/renate-bockmann-mit-ihren-zwei-toechtern-im-park\/#primaryimage"},"image":{"@id":"https:\/\/bpk-archive.de\/tuellmann\/produkt\/renate-bockmann-mit-ihren-zwei-toechtern-im-park\/#primaryimage"},"thumbnailUrl":"https:\/\/bpk-archive.de\/tuellmann\/wp-content\/uploads\/2019\/08\/bpk_70278928.jpg","datePublished":"2019-09-05T13:02:24+00:00","dateModified":"2019-09-05T13:02:38+00:00","breadcrumb":{"@id":"https:\/\/bpk-archive.de\/tuellmann\/produkt\/renate-bockmann-mit-ihren-zwei-toechtern-im-park\/#breadcrumb"},"inLanguage":"de","potentialAction":[{"@type":"ReadAction","target":["https:\/\/bpk-archive.de\/tuellmann\/produkt\/renate-bockmann-mit-ihren-zwei-toechtern-im-park\/"]}]},{"@type":"ImageObject","inLanguage":"de","@id":"https:\/\/bpk-archive.de\/tuellmann\/produkt\/renate-bockmann-mit-ihren-zwei-toechtern-im-park\/#primaryimage","url":"https:\/\/bpk-archive.de\/tuellmann\/wp-content\/uploads\/2019\/08\/bpk_70278928.jpg","contentUrl":"https:\/\/bpk-archive.de\/tuellmann\/wp-content\/uploads\/2019\/08\/bpk_70278928.jpg","width":1200,"height":934,"caption":"Renate Bockmann mit ihren zwei T\u00f6chtern im Park"},{"@type":"BreadcrumbList","@id":"https:\/\/bpk-archive.de\/tuellmann\/produkt\/renate-bockmann-mit-ihren-zwei-toechtern-im-park\/#breadcrumb","itemListElement":[{"@type":"ListItem","position":1,"name":"Startseite","item":"https:\/\/bpk-archive.de\/tuellmann\/"},{"@type":"ListItem","position":2,"name":"Shop","item":"https:\/\/bpk-archive.de\/tuellmann\/shop\/"},{"@type":"ListItem","position":3,"name":"Renate Bockmann mit ihren zwei T\u00f6chtern im Park"}]},{"@type":"WebSite","@id":"https:\/\/bpk-archive.de\/tuellmann\/#website","url":"https:\/\/bpk-archive.de\/tuellmann\/","name":"Abisag T\u00fcllmann","description":"Eine weitere WordPress-Website","potentialAction":[{"@type":"SearchAction","target":{"@type":"EntryPoint","urlTemplate":"https:\/\/bpk-archive.de\/tuellmann\/?s={search_term_string}"},"query-input":{"@type":"PropertyValueSpecification","valueRequired":true,"valueName":"search_term_string"}}],"inLanguage":"de"}]}},"_links":{"self":[{"href":"https:\/\/bpk-archive.de\/tuellmann\/wp-json\/wp\/v2\/product\/70295181","targetHints":{"allow":["GET"]}}],"collection":[{"href":"https:\/\/bpk-archive.de\/tuellmann\/wp-json\/wp\/v2\/product"}],"about":[{"href":"https:\/\/bpk-archive.de\/tuellmann\/wp-json\/wp\/v2\/types\/product"}],"wp:featuredmedia":[{"embeddable":true,"href":"https:\/\/bpk-archive.de\/tuellmann\/wp-json\/wp\/v2\/media\/70293006"}],"wp:attachment":[{"href":"https:\/\/bpk-archive.de\/tuellmann\/wp-json\/wp\/v2\/media?parent=70295181"}],"wp:term":[{"taxonomy":"product_brand","embeddable":true,"href":"https:\/\/bpk-archive.de\/tuellmann\/wp-json\/wp\/v2\/product_brand?post=70295181"},{"taxonomy":"product_cat","embeddable":true,"href":"https:\/\/bpk-archive.de\/tuellmann\/wp-json\/wp\/v2\/product_cat?post=70295181"},{"taxonomy":"product_tag","embeddable":true,"href":"https:\/\/bpk-archive.de\/tuellmann\/wp-json\/wp\/v2\/product_tag?post=70295181"}],"curies":[{"name":"wp","href":"https:\/\/api.w.org\/{rel}","templated":true}]}}