{"id":70295169,"date":"2019-09-05T15:01:59","date_gmt":"2019-09-05T13:01:59","guid":{"rendered":"http:\/\/abisagtuellmann.bpk-news.de\/atbild\/frau-pawlowski-mit-ihren-kindern-claudia-und-michael\/"},"modified":"2019-09-05T15:02:21","modified_gmt":"2019-09-05T13:02:21","slug":"frau-pawlowski-mit-ihren-kindern-claudia-und-michael","status":"publish","type":"product","link":"https:\/\/bpk-archive.de\/tuellmann\/produkt\/frau-pawlowski-mit-ihren-kindern-claudia-und-michael\/","title":{"rendered":"Frau Pawlowski mit ihren Kindern Claudia und Michael"},"content":{"rendered":"<p>Aus der Serie &#8222;Geschiedene Frauen&#8220; f\u00fcr die Zeitschrift &#8222;Brigitte&#8220; R\u00fcckseitenbeschriftung von anderer Hand: &#8222;Frauen und Kinder&#8220;<\/p>\n","protected":false},"excerpt":{"rendered":"<p>Aus der Serie &#8222;Geschiedene Frauen&#8220; f\u00fcr die Zeitschrift &#8222;Brigitte&#8220; R\u00fcckseitenbeschriftung von anderer Hand: &#8222;Frauen und Kinder&#8220;<\/p>\n","protected":false},"featured_media":70293021,"template":"","meta":[],"product_brand":[],"product_cat":[],"product_tag":[13230,13232,49666,13234,49667,13231,13233,13235,49668,13777,49669,49670,49671,49672,49673,49674,13250,49870,49871,49872,49873,49874,49875,49876,49877,49878,49879,49880,49881,49882,49883,49916,13784,13785,49676,14177,13469,14178,14179,13470,13958,13959,13253,13254,13255,13256,13257,13471,13472,13260,49677,49917,49918,49678,49679,49680,49681,49682,49683,49919,49920,49921,49922,49923,47425,47426,13293,13786,13787,13294,13295,13296,13297,47267,49684,13487,13488,13974,13975,13976,13977,13978,49502,49503,49685,49686,49687,49688,49689,49690,49691,14327,49924,49925,48707,48708,13301,13813,13814,14203,14204,14205,14206,14207,49695,49926,49927,49928,49929,14213,49930,49931,49932,49933,14218,14219,49934,49935,14220,14221,14000,14001,14002,14003,14004,14005,14006,48005,48006,48007,48008,48009,48010,48011,13310,13311,49890,49891,49892,49893,47394,49706,13328,13827,13828,13329,13330,13331,13332,47332,13829,13830,13831,13832,13833,13834,13835,13836,13837,13838,13839,13840,13841,13842,14230,14231,14232,13843,48363,49710,49936,49937,49938,49939,49940,49941,49942,47333,47334,47335,47336,47337,13877,13879,49711,13865,13864,13866,13858,13859,13860,13861,13862,13863,49718,49719,13354,13869,13870,13871,13872,47659,47660,47661,47662,49605,49606,49607,49608,49609,49610,49722,49723,49724,49725,49726,49727,49728,13878,13880,47410,47411,49729],"class_list":{"0":"post-70295169","1":"product","2":"type-product","3":"status-publish","4":"has-post-thumbnail","6":"product_tag-1970er-jahre","7":"product_tag-20-jahrhundert-nach-chr","8":"product_tag-20-jahrhundert-vor-chr","9":"product_tag-20-jh-n-chr","10":"product_tag-20-jh-v-chr","11":"product_tag-20-jahrhundert","12":"product_tag-20-jh","13":"product_tag-70er","14":"product_tag-abt_002","15":"product_tag-abzug","16":"product_tag-alleinerziehend","17":"product_tag-alleinerziehende","18":"product_tag-alleinerziehenden","19":"product_tag-alleinerziehender","20":"product_tag-at_geschiedene-frauen","21":"product_tag-auftragsarbeit","22":"product_tag-aussen","23":"product_tag-bairisch","24":"product_tag-bayerisch","25":"product_tag-bayerische","26":"product_tag-bayerischem","27":"product_tag-bayerischen","28":"product_tag-bayerischer","29":"product_tag-bayerisches","30":"product_tag-bayern","31":"product_tag-bayerns","32":"product_tag-bayrisch","33":"product_tag-bayrische","34":"product_tag-bayrischem","35":"product_tag-bayrischen","36":"product_tag-bayrisches","37":"product_tag-besen","38":"product_tag-bildnis","39":"product_tag-bildnisse","40":"product_tag-bildstrecke","41":"product_tag-blickkontakt","42":"product_tag-brd","43":"product_tag-bube","44":"product_tag-buben","45":"product_tag-bundesrepublik-deutschland","46":"product_tag-damenportraet","47":"product_tag-damenportraets","48":"product_tag-deutsch","49":"product_tag-deutsche","50":"product_tag-deutschen","51":"product_tag-deutscher","52":"product_tag-deutsches","53":"product_tag-deutschland","54":"product_tag-deutschlands","55":"product_tag-draussen","56":"product_tag-ehescheidung","57":"product_tag-eimer","58":"product_tag-eimern","59":"product_tag-emanzipation","60":"product_tag-emanzipiert","61":"product_tag-emanzipierte","62":"product_tag-emanzipierten","63":"product_tag-emanzipierter","64":"product_tag-emanzipiertes","65":"product_tag-fahrrad","66":"product_tag-fahrraeder","67":"product_tag-fahrraedern","68":"product_tag-fahrrades","69":"product_tag-fahrrads","70":"product_tag-familie","71":"product_tag-familien","72":"product_tag-foto","73":"product_tag-fotoabzug","74":"product_tag-fotoabzuege","75":"product_tag-fotografie","76":"product_tag-fotografien","77":"product_tag-fotografin","78":"product_tag-fotografinnen","79":"product_tag-fotoreportage","80":"product_tag-fotoserie","81":"product_tag-frau","82":"product_tag-frauen","83":"product_tag-frauenbildnis","84":"product_tag-frauenportrait","85":"product_tag-frauenportraits","86":"product_tag-frauenportraet","87":"product_tag-frauenportraets","88":"product_tag-frauenrolle","89":"product_tag-frauenrollen","90":"product_tag-frauenzeitschrift","91":"product_tag-frauenzeitschriften","92":"product_tag-geschieden","93":"product_tag-geschiedene","94":"product_tag-geschiedenem","95":"product_tag-geschiedenen","96":"product_tag-geschiedener","97":"product_tag-gesellschaft","98":"product_tag-hinterhof","99":"product_tag-hinterhoefe","100":"product_tag-hof","101":"product_tag-hoefe","102":"product_tag-im-freien","103":"product_tag-junge","104":"product_tag-jungen","105":"product_tag-jungens","106":"product_tag-jungs","107":"product_tag-kind","108":"product_tag-kinde","109":"product_tag-kinder","110":"product_tag-kindererziehung","111":"product_tag-kinderfahrrad","112":"product_tag-kinderfahrraeder","113":"product_tag-kinderfahrrades","114":"product_tag-kinderfahrrads","115":"product_tag-kindern","116":"product_tag-kinderrad","117":"product_tag-kinderraeder","118":"product_tag-kinderrades","119":"product_tag-kinderrads","120":"product_tag-kindes","121":"product_tag-kindheit","122":"product_tag-kittelschuerze","123":"product_tag-kittelschuerzen","124":"product_tag-knabe","125":"product_tag-knaben","126":"product_tag-laecheln","127":"product_tag-laechelnd","128":"product_tag-laechelnde","129":"product_tag-laechelnden","130":"product_tag-laechelnder","131":"product_tag-laechelndes","132":"product_tag-laechelt","133":"product_tag-lachen","134":"product_tag-lachend","135":"product_tag-lachende","136":"product_tag-lachendem","137":"product_tag-lachenden","138":"product_tag-lachender","139":"product_tag-lachendes","140":"product_tag-maedchen","141":"product_tag-maedchens","142":"product_tag-muenchen","143":"product_tag-muenchener","144":"product_tag-muenchens","145":"product_tag-muenchner","146":"product_tag-mutter","147":"product_tag-mutterschaft","148":"product_tag-photo","149":"product_tag-photoabzug","150":"product_tag-photoabzuege","151":"product_tag-photographie","152":"product_tag-photographien","153":"product_tag-photographin","154":"product_tag-photographinnen","155":"product_tag-photoreportage","156":"product_tag-portrait","157":"product_tag-portraitaufnahme","158":"product_tag-portraitfoto","159":"product_tag-portraitfotografie","160":"product_tag-portraitphoto","161":"product_tag-portraitphotographie","162":"product_tag-portraits","163":"product_tag-portraet","164":"product_tag-portraetaufnahme","165":"product_tag-portraetfoto","166":"product_tag-portraetfotografie","167":"product_tag-portraetphoto","168":"product_tag-portraetphotographie","169":"product_tag-portraets","170":"product_tag-pose","171":"product_tag-posieren","172":"product_tag-posiert","173":"product_tag-print","174":"product_tag-publikation","175":"product_tag-publiziert","176":"product_tag-putzen","177":"product_tag-putzend","178":"product_tag-putzende","179":"product_tag-putzenden","180":"product_tag-putzender","181":"product_tag-putzendes","182":"product_tag-reisigbesen","183":"product_tag-reportage","184":"product_tag-reportagefoto","185":"product_tag-reportagefotografie","186":"product_tag-reportagephoto","187":"product_tag-reportagephotographie","188":"product_tag-s-w-fotografie","189":"product_tag-s-w-photographie","190":"product_tag-scheidung","191":"product_tag-schwarzweissphotographie","192":"product_tag-schwarz-weiss-fotografie","193":"product_tag-schwarz-weiss-photographie","194":"product_tag-schwarzweiss","195":"product_tag-schwarzweisse","196":"product_tag-schwarzweissen","197":"product_tag-schwarzweisser","198":"product_tag-schwarzweisses","199":"product_tag-schwarzweissfotografie","200":"product_tag-serie","201":"product_tag-serien","202":"product_tag-siebziger","203":"product_tag-silbergelatine","204":"product_tag-silbergelatineabzug","205":"product_tag-silbergelatineabzuege","206":"product_tag-silbergelatineprint","207":"product_tag-sohn","208":"product_tag-soehne","209":"product_tag-soehnen","210":"product_tag-sohnes","211":"product_tag-spielen","212":"product_tag-spielend","213":"product_tag-spielende","214":"product_tag-spielenden","215":"product_tag-spielender","216":"product_tag-spielendes","217":"product_tag-sueddeutsch","218":"product_tag-sueddeutsche","219":"product_tag-sueddeutschen","220":"product_tag-sueddeutscher","221":"product_tag-sueddeutsches","222":"product_tag-sueddeutschland","223":"product_tag-sueddeutschlands","224":"product_tag-sw-fotografie","225":"product_tag-sw-photographie","226":"product_tag-tochter","227":"product_tag-toechtern","228":"product_tag-trennung","229":"pa_datierung-juli-1977","230":"pa_fotograf-abisag-tuellmann","231":"pa_geografischer_bezug-aufnahmeort-muenchen-deutschland","232":"pa_grunddaten_material_technik-foto-silbergelatine-auf-barytpapier","233":"pa_inventarnummer-tue-77-264-02a","234":"pa_jahr_von-49467","235":"pa_massangaben-bildformat-foto-206-x-303-cm","236":"pa_mediennummer-49913","237":"pa_objekt_typ-fotografie","239":"first","240":"instock","241":"product-type-simple"},"yoast_head":"<!-- This site is optimized with the Yoast SEO plugin v27.4 - https:\/\/yoast.com\/product\/yoast-seo-wordpress\/ -->\n<title>Frau Pawlowski mit ihren Kindern Claudia und Michael - Abisag T\u00fcllmann<\/title>\n<meta name=\"robots\" content=\"index, follow, max-snippet:-1, max-image-preview:large, max-video-preview:-1\" \/>\n<link rel=\"canonical\" href=\"https:\/\/bpk-archive.de\/tuellmann\/produkt\/frau-pawlowski-mit-ihren-kindern-claudia-und-michael\/\" \/>\n<meta property=\"og:locale\" content=\"de_DE\" \/>\n<meta property=\"og:type\" content=\"article\" \/>\n<meta property=\"og:title\" content=\"Frau Pawlowski mit ihren Kindern Claudia und Michael - Abisag T\u00fcllmann\" \/>\n<meta property=\"og:description\" content=\"Aus der Serie &#8222;Geschiedene Frauen&#8220; f\u00fcr die Zeitschrift &#8222;Brigitte&#8220; R\u00fcckseitenbeschriftung von anderer Hand: &#8222;Frauen und Kinder&#8220;\" \/>\n<meta property=\"og:url\" content=\"https:\/\/bpk-archive.de\/tuellmann\/produkt\/frau-pawlowski-mit-ihren-kindern-claudia-und-michael\/\" \/>\n<meta property=\"og:site_name\" content=\"Abisag T\u00fcllmann\" \/>\n<meta property=\"article:modified_time\" content=\"2019-09-05T13:02:21+00:00\" \/>\n<meta property=\"og:image\" content=\"https:\/\/bpk-archive.de\/tuellmann\/wp-content\/uploads\/2019\/08\/bpk_70278934.jpg\" \/>\n\t<meta property=\"og:image:width\" content=\"1200\" \/>\n\t<meta property=\"og:image:height\" content=\"810\" \/>\n\t<meta property=\"og:image:type\" content=\"image\/jpeg\" \/>\n<meta name=\"twitter:card\" content=\"summary_large_image\" \/>\n<script type=\"application\/ld+json\" class=\"yoast-schema-graph\">{\"@context\":\"https:\\\/\\\/schema.org\",\"@graph\":[{\"@type\":\"WebPage\",\"@id\":\"https:\\\/\\\/bpk-archive.de\\\/tuellmann\\\/produkt\\\/frau-pawlowski-mit-ihren-kindern-claudia-und-michael\\\/\",\"url\":\"https:\\\/\\\/bpk-archive.de\\\/tuellmann\\\/produkt\\\/frau-pawlowski-mit-ihren-kindern-claudia-und-michael\\\/\",\"name\":\"Frau Pawlowski mit ihren Kindern Claudia und Michael - Abisag T\u00fcllmann\",\"isPartOf\":{\"@id\":\"https:\\\/\\\/bpk-archive.de\\\/tuellmann\\\/#website\"},\"primaryImageOfPage\":{\"@id\":\"https:\\\/\\\/bpk-archive.de\\\/tuellmann\\\/produkt\\\/frau-pawlowski-mit-ihren-kindern-claudia-und-michael\\\/#primaryimage\"},\"image\":{\"@id\":\"https:\\\/\\\/bpk-archive.de\\\/tuellmann\\\/produkt\\\/frau-pawlowski-mit-ihren-kindern-claudia-und-michael\\\/#primaryimage\"},\"thumbnailUrl\":\"https:\\\/\\\/bpk-archive.de\\\/tuellmann\\\/wp-content\\\/uploads\\\/2019\\\/08\\\/bpk_70278934.jpg\",\"datePublished\":\"2019-09-05T13:01:59+00:00\",\"dateModified\":\"2019-09-05T13:02:21+00:00\",\"breadcrumb\":{\"@id\":\"https:\\\/\\\/bpk-archive.de\\\/tuellmann\\\/produkt\\\/frau-pawlowski-mit-ihren-kindern-claudia-und-michael\\\/#breadcrumb\"},\"inLanguage\":\"de\",\"potentialAction\":[{\"@type\":\"ReadAction\",\"target\":[\"https:\\\/\\\/bpk-archive.de\\\/tuellmann\\\/produkt\\\/frau-pawlowski-mit-ihren-kindern-claudia-und-michael\\\/\"]}]},{\"@type\":\"ImageObject\",\"inLanguage\":\"de\",\"@id\":\"https:\\\/\\\/bpk-archive.de\\\/tuellmann\\\/produkt\\\/frau-pawlowski-mit-ihren-kindern-claudia-und-michael\\\/#primaryimage\",\"url\":\"https:\\\/\\\/bpk-archive.de\\\/tuellmann\\\/wp-content\\\/uploads\\\/2019\\\/08\\\/bpk_70278934.jpg\",\"contentUrl\":\"https:\\\/\\\/bpk-archive.de\\\/tuellmann\\\/wp-content\\\/uploads\\\/2019\\\/08\\\/bpk_70278934.jpg\",\"width\":1200,\"height\":810,\"caption\":\"Frau Pawlowski mit ihren Kindern Claudia und Michael\"},{\"@type\":\"BreadcrumbList\",\"@id\":\"https:\\\/\\\/bpk-archive.de\\\/tuellmann\\\/produkt\\\/frau-pawlowski-mit-ihren-kindern-claudia-und-michael\\\/#breadcrumb\",\"itemListElement\":[{\"@type\":\"ListItem\",\"position\":1,\"name\":\"Startseite\",\"item\":\"https:\\\/\\\/bpk-archive.de\\\/tuellmann\\\/\"},{\"@type\":\"ListItem\",\"position\":2,\"name\":\"Shop\",\"item\":\"https:\\\/\\\/bpk-archive.de\\\/tuellmann\\\/shop\\\/\"},{\"@type\":\"ListItem\",\"position\":3,\"name\":\"Frau Pawlowski mit ihren Kindern Claudia und Michael\"}]},{\"@type\":\"WebSite\",\"@id\":\"https:\\\/\\\/bpk-archive.de\\\/tuellmann\\\/#website\",\"url\":\"https:\\\/\\\/bpk-archive.de\\\/tuellmann\\\/\",\"name\":\"Abisag T\u00fcllmann\",\"description\":\"Eine weitere WordPress-Website\",\"potentialAction\":[{\"@type\":\"SearchAction\",\"target\":{\"@type\":\"EntryPoint\",\"urlTemplate\":\"https:\\\/\\\/bpk-archive.de\\\/tuellmann\\\/?s={search_term_string}\"},\"query-input\":{\"@type\":\"PropertyValueSpecification\",\"valueRequired\":true,\"valueName\":\"search_term_string\"}}],\"inLanguage\":\"de\"}]}<\/script>\n<!-- \/ Yoast SEO plugin. -->","yoast_head_json":{"title":"Frau Pawlowski mit ihren Kindern Claudia und Michael - Abisag T\u00fcllmann","robots":{"index":"index","follow":"follow","max-snippet":"max-snippet:-1","max-image-preview":"max-image-preview:large","max-video-preview":"max-video-preview:-1"},"canonical":"https:\/\/bpk-archive.de\/tuellmann\/produkt\/frau-pawlowski-mit-ihren-kindern-claudia-und-michael\/","og_locale":"de_DE","og_type":"article","og_title":"Frau Pawlowski mit ihren Kindern Claudia und Michael - Abisag T\u00fcllmann","og_description":"Aus der Serie &#8222;Geschiedene Frauen&#8220; f\u00fcr die Zeitschrift &#8222;Brigitte&#8220; R\u00fcckseitenbeschriftung von anderer Hand: &#8222;Frauen und Kinder&#8220;","og_url":"https:\/\/bpk-archive.de\/tuellmann\/produkt\/frau-pawlowski-mit-ihren-kindern-claudia-und-michael\/","og_site_name":"Abisag T\u00fcllmann","article_modified_time":"2019-09-05T13:02:21+00:00","og_image":[{"width":1200,"height":810,"url":"https:\/\/bpk-archive.de\/tuellmann\/wp-content\/uploads\/2019\/08\/bpk_70278934.jpg","type":"image\/jpeg"}],"twitter_card":"summary_large_image","schema":{"@context":"https:\/\/schema.org","@graph":[{"@type":"WebPage","@id":"https:\/\/bpk-archive.de\/tuellmann\/produkt\/frau-pawlowski-mit-ihren-kindern-claudia-und-michael\/","url":"https:\/\/bpk-archive.de\/tuellmann\/produkt\/frau-pawlowski-mit-ihren-kindern-claudia-und-michael\/","name":"Frau Pawlowski mit ihren Kindern Claudia und Michael - Abisag T\u00fcllmann","isPartOf":{"@id":"https:\/\/bpk-archive.de\/tuellmann\/#website"},"primaryImageOfPage":{"@id":"https:\/\/bpk-archive.de\/tuellmann\/produkt\/frau-pawlowski-mit-ihren-kindern-claudia-und-michael\/#primaryimage"},"image":{"@id":"https:\/\/bpk-archive.de\/tuellmann\/produkt\/frau-pawlowski-mit-ihren-kindern-claudia-und-michael\/#primaryimage"},"thumbnailUrl":"https:\/\/bpk-archive.de\/tuellmann\/wp-content\/uploads\/2019\/08\/bpk_70278934.jpg","datePublished":"2019-09-05T13:01:59+00:00","dateModified":"2019-09-05T13:02:21+00:00","breadcrumb":{"@id":"https:\/\/bpk-archive.de\/tuellmann\/produkt\/frau-pawlowski-mit-ihren-kindern-claudia-und-michael\/#breadcrumb"},"inLanguage":"de","potentialAction":[{"@type":"ReadAction","target":["https:\/\/bpk-archive.de\/tuellmann\/produkt\/frau-pawlowski-mit-ihren-kindern-claudia-und-michael\/"]}]},{"@type":"ImageObject","inLanguage":"de","@id":"https:\/\/bpk-archive.de\/tuellmann\/produkt\/frau-pawlowski-mit-ihren-kindern-claudia-und-michael\/#primaryimage","url":"https:\/\/bpk-archive.de\/tuellmann\/wp-content\/uploads\/2019\/08\/bpk_70278934.jpg","contentUrl":"https:\/\/bpk-archive.de\/tuellmann\/wp-content\/uploads\/2019\/08\/bpk_70278934.jpg","width":1200,"height":810,"caption":"Frau Pawlowski mit ihren Kindern Claudia und Michael"},{"@type":"BreadcrumbList","@id":"https:\/\/bpk-archive.de\/tuellmann\/produkt\/frau-pawlowski-mit-ihren-kindern-claudia-und-michael\/#breadcrumb","itemListElement":[{"@type":"ListItem","position":1,"name":"Startseite","item":"https:\/\/bpk-archive.de\/tuellmann\/"},{"@type":"ListItem","position":2,"name":"Shop","item":"https:\/\/bpk-archive.de\/tuellmann\/shop\/"},{"@type":"ListItem","position":3,"name":"Frau Pawlowski mit ihren Kindern Claudia und Michael"}]},{"@type":"WebSite","@id":"https:\/\/bpk-archive.de\/tuellmann\/#website","url":"https:\/\/bpk-archive.de\/tuellmann\/","name":"Abisag T\u00fcllmann","description":"Eine weitere WordPress-Website","potentialAction":[{"@type":"SearchAction","target":{"@type":"EntryPoint","urlTemplate":"https:\/\/bpk-archive.de\/tuellmann\/?s={search_term_string}"},"query-input":{"@type":"PropertyValueSpecification","valueRequired":true,"valueName":"search_term_string"}}],"inLanguage":"de"}]}},"_links":{"self":[{"href":"https:\/\/bpk-archive.de\/tuellmann\/wp-json\/wp\/v2\/product\/70295169","targetHints":{"allow":["GET"]}}],"collection":[{"href":"https:\/\/bpk-archive.de\/tuellmann\/wp-json\/wp\/v2\/product"}],"about":[{"href":"https:\/\/bpk-archive.de\/tuellmann\/wp-json\/wp\/v2\/types\/product"}],"wp:featuredmedia":[{"embeddable":true,"href":"https:\/\/bpk-archive.de\/tuellmann\/wp-json\/wp\/v2\/media\/70293021"}],"wp:attachment":[{"href":"https:\/\/bpk-archive.de\/tuellmann\/wp-json\/wp\/v2\/media?parent=70295169"}],"wp:term":[{"taxonomy":"product_brand","embeddable":true,"href":"https:\/\/bpk-archive.de\/tuellmann\/wp-json\/wp\/v2\/product_brand?post=70295169"},{"taxonomy":"product_cat","embeddable":true,"href":"https:\/\/bpk-archive.de\/tuellmann\/wp-json\/wp\/v2\/product_cat?post=70295169"},{"taxonomy":"product_tag","embeddable":true,"href":"https:\/\/bpk-archive.de\/tuellmann\/wp-json\/wp\/v2\/product_tag?post=70295169"}],"curies":[{"name":"wp","href":"https:\/\/api.w.org\/{rel}","templated":true}]}}