{"id":70295143,"date":"2019-09-05T15:01:38","date_gmt":"2019-09-05T13:01:38","guid":{"rendered":"http:\/\/abisagtuellmann.bpk-news.de\/atbild\/frau-aus-marokko-in-jerusalem\/"},"modified":"2019-09-05T15:01:50","modified_gmt":"2019-09-05T13:01:50","slug":"frau-aus-marokko-in-jerusalem","status":"publish","type":"product","link":"https:\/\/bpk-archive.de\/tuellmann\/produkt\/frau-aus-marokko-in-jerusalem\/","title":{"rendered":"Frau aus Marokko in Jerusalem"},"content":{"rendered":"<p>R\u00fcckseitenbeschriftung von Hand der Fotografin: &#8222;&#8218;Marokkanische&#8216; Frau &#8211; an der Haust\u00fcr Reklame f\u00fcr Begins Likud &#8211; der Mann ist bei der Polizei&#8220;<\/p>\n","protected":false},"excerpt":{"rendered":"<p>R\u00fcckseitenbeschriftung von Hand der Fotografin: &#8222;&#8218;Marokkanische&#8216; Frau &#8211; an der Haust\u00fcr Reklame f\u00fcr Begins Likud &#8211; der Mann ist bei der Polizei&#8220;<\/p>\n","protected":false},"featured_media":70292958,"template":"","meta":[],"product_brand":[],"product_cat":[],"product_tag":[47237,13232,13234,13231,13233,47238,47239,13777,47240,48295,49436,49437,48296,47241,13250,13784,13785,13958,13959,13960,13961,13962,13963,13964,13965,13260,48698,47727,47728,47729,13293,13786,13787,13294,13295,13296,13297,47267,13487,13488,13974,13975,13976,13977,13978,47849,47850,47851,47852,47853,49438,49439,49440,49441,49442,49443,49444,47497,47498,48101,48102,48821,48822,48627,48628,48629,48630,48631,47743,13301,47744,47745,47746,47279,47747,47748,47749,47750,47280,47281,47282,47283,47284,48248,48249,48250,47753,47754,14205,14206,14207,14213,14218,14219,48548,48549,48550,47760,47761,14000,14001,14002,14003,14004,14005,14006,48005,48006,48007,48008,48009,48010,48011,47778,47779,47780,47781,47782,47783,47784,47785,47394,47320,13634,49445,49446,13635,13636,13637,13638,13639,48264,48265,13328,13827,13828,13329,13330,13331,13332,47332,13829,13830,13831,13832,13833,13834,13835,13836,13837,13838,13839,13840,13841,13842,13843,49046,49047,47333,47334,47335,47336,47337,13877,13879,48364,48365,13345,13865,13864,13866,13858,13859,13860,13861,13862,13863,13869,13870,13871,13872,49236,47659,47660,47661,47662,47406,47407,13519,13520,13521,13522,13523,13524,13878,13880,49447,49448,48327,48328,48329,49048,47792],"class_list":{"0":"post-70295143","1":"product","2":"type-product","3":"status-publish","4":"has-post-thumbnail","6":"product_tag-1980er-jahre","7":"product_tag-20-jahrhundert-nach-chr","8":"product_tag-20-jh-n-chr","9":"product_tag-20-jahrhundert","10":"product_tag-20-jh","11":"product_tag-80er","12":"product_tag-abt_001","13":"product_tag-abzug","14":"product_tag-achtziger","15":"product_tag-anhaenger","16":"product_tag-anhaengerin","17":"product_tag-anhaengerinnen","18":"product_tag-anhaengern","19":"product_tag-at_israel","20":"product_tag-aussen","21":"product_tag-bildnis","22":"product_tag-bildnisse","23":"product_tag-damenportraet","24":"product_tag-damenportraets","25":"product_tag-doppelbildnis","26":"product_tag-doppelbildnisse","27":"product_tag-doppelportrait","28":"product_tag-doppelportraits","29":"product_tag-doppelportraet","30":"product_tag-doppelportraets","31":"product_tag-draussen","32":"product_tag-eingang","33":"product_tag-einwanderer","34":"product_tag-einwandern","35":"product_tag-einwanderung","36":"product_tag-foto","37":"product_tag-fotoabzug","38":"product_tag-fotoabzuege","39":"product_tag-fotografie","40":"product_tag-fotografien","41":"product_tag-fotografin","42":"product_tag-fotografinnen","43":"product_tag-fotoreportage","44":"product_tag-frau","45":"product_tag-frauen","46":"product_tag-frauenbildnis","47":"product_tag-frauenportrait","48":"product_tag-frauenportraits","49":"product_tag-frauenportraet","50":"product_tag-frauenportraets","51":"product_tag-freundlich","52":"product_tag-freundliche","53":"product_tag-freundlicher","54":"product_tag-freundliches","55":"product_tag-freundlichkeit","56":"product_tag-froehlich","57":"product_tag-froehliche","58":"product_tag-froehlichem","59":"product_tag-froehlichen","60":"product_tag-froehlicher","61":"product_tag-froehliches","62":"product_tag-froehlichkeit","63":"product_tag-hauptstadt","64":"product_tag-hauptstaedte","65":"product_tag-hauseingang","66":"product_tag-hauseingaenge","67":"product_tag-haustuer","68":"product_tag-haustueren","69":"product_tag-hebraeisch","70":"product_tag-hebraeische","71":"product_tag-hebraeischen","72":"product_tag-hebraeischer","73":"product_tag-hebraeisches","74":"product_tag-hochformat","75":"product_tag-im-freien","76":"product_tag-immigrant","77":"product_tag-immigranten","78":"product_tag-immigration","79":"product_tag-israel","80":"product_tag-israeli","81":"product_tag-israelin","82":"product_tag-israelinnen","83":"product_tag-israelis","84":"product_tag-israelisch","85":"product_tag-israelische","86":"product_tag-israelischer","87":"product_tag-israelisches","88":"product_tag-israels","89":"product_tag-jerusalem","90":"product_tag-jerusalemer","91":"product_tag-jerusalems","92":"product_tag-juedin","93":"product_tag-juedinnen","94":"product_tag-kind","95":"product_tag-kinde","96":"product_tag-kinder","97":"product_tag-kindern","98":"product_tag-kindes","99":"product_tag-kindheit","100":"product_tag-kleinkind","101":"product_tag-kleinkinder","102":"product_tag-kleinkindern","103":"product_tag-kopftuch","104":"product_tag-kopftuecher","105":"product_tag-laecheln","106":"product_tag-laechelnd","107":"product_tag-laechelnde","108":"product_tag-laechelnden","109":"product_tag-laechelnder","110":"product_tag-laechelndes","111":"product_tag-laechelt","112":"product_tag-lachen","113":"product_tag-lachend","114":"product_tag-lachende","115":"product_tag-lachendem","116":"product_tag-lachenden","117":"product_tag-lachender","118":"product_tag-lachendes","119":"product_tag-marokkaner","120":"product_tag-marokkanerin","121":"product_tag-marokkanerinnen","122":"product_tag-marokkanisch","123":"product_tag-marokkanischen","124":"product_tag-marokkanischer","125":"product_tag-marokkanisches","126":"product_tag-marrokanische","127":"product_tag-mutter","128":"product_tag-nahost","129":"product_tag-nordafrikaner","130":"product_tag-nordafrikanerin","131":"product_tag-nordafrikanerinnen","132":"product_tag-nordafrikanisch","133":"product_tag-nordafrikanische","134":"product_tag-nordafrikanischen","135":"product_tag-nordafrikanischer","136":"product_tag-nordafrikanisches","137":"product_tag-partei","138":"product_tag-parteien","139":"product_tag-photo","140":"product_tag-photoabzug","141":"product_tag-photoabzuege","142":"product_tag-photographie","143":"product_tag-photographien","144":"product_tag-photographin","145":"product_tag-photographinnen","146":"product_tag-photoreportage","147":"product_tag-portrait","148":"product_tag-portraitaufnahme","149":"product_tag-portraitfoto","150":"product_tag-portraitfotografie","151":"product_tag-portraitphoto","152":"product_tag-portraitphotographie","153":"product_tag-portraits","154":"product_tag-portraet","155":"product_tag-portraetaufnahme","156":"product_tag-portraetfoto","157":"product_tag-portraetfotografie","158":"product_tag-portraetphoto","159":"product_tag-portraetphotographie","160":"product_tag-portraets","161":"product_tag-print","162":"product_tag-reclame","163":"product_tag-reklame","164":"product_tag-reportage","165":"product_tag-reportagefoto","166":"product_tag-reportagefotografie","167":"product_tag-reportagephoto","168":"product_tag-reportagephotographie","169":"product_tag-s-w-fotografie","170":"product_tag-s-w-photographie","171":"product_tag-schrift","172":"product_tag-schriften","173":"product_tag-schriftzug","174":"product_tag-schwarzweissphotographie","175":"product_tag-schwarz-weiss-fotografie","176":"product_tag-schwarz-weiss-photographie","177":"product_tag-schwarzweiss","178":"product_tag-schwarzweisse","179":"product_tag-schwarzweissen","180":"product_tag-schwarzweisser","181":"product_tag-schwarzweisses","182":"product_tag-schwarzweissfotografie","183":"product_tag-silbergelatine","184":"product_tag-silbergelatineabzug","185":"product_tag-silbergelatineabzuege","186":"product_tag-silbergelatineprint","187":"product_tag-slogan","188":"product_tag-sohn","189":"product_tag-soehne","190":"product_tag-soehnen","191":"product_tag-sohnes","192":"product_tag-stadt","193":"product_tag-staedte","194":"product_tag-stehen","195":"product_tag-stehend","196":"product_tag-stehende","197":"product_tag-stehenden","198":"product_tag-stehender","199":"product_tag-stehendes","200":"product_tag-sw-fotografie","201":"product_tag-sw-photographie","202":"product_tag-tuer","203":"product_tag-tueren","204":"product_tag-wahlkampf","205":"product_tag-wahlkaempfe","206":"product_tag-wahlkampfs","207":"product_tag-werbung","208":"product_tag-zuwanderer","209":"pa_datierung-august-1983","210":"pa_fotograf-abisag-tuellmann","211":"pa_geografischer_bezug-aufnahmeort-jerusalem-israel","212":"pa_grunddaten_material_technik-foto-silbergelatine-auf-barytpapier","213":"pa_inventarnummer-tue-83-153-20","214":"pa_jahr_von-47717","215":"pa_massangaben-bildformat-foto-303-x-199-cm","216":"pa_mediennummer-49433","217":"pa_objekt_typ-fotografie","219":"first","220":"instock","221":"product-type-simple"},"yoast_head":"<!-- This site is optimized with the Yoast SEO plugin v27.4 - https:\/\/yoast.com\/product\/yoast-seo-wordpress\/ -->\n<title>Frau aus Marokko in Jerusalem - Abisag T\u00fcllmann<\/title>\n<meta name=\"robots\" content=\"index, follow, max-snippet:-1, max-image-preview:large, max-video-preview:-1\" \/>\n<link rel=\"canonical\" href=\"https:\/\/bpk-archive.de\/tuellmann\/produkt\/frau-aus-marokko-in-jerusalem\/\" \/>\n<meta property=\"og:locale\" content=\"de_DE\" \/>\n<meta property=\"og:type\" content=\"article\" \/>\n<meta property=\"og:title\" content=\"Frau aus Marokko in Jerusalem - Abisag T\u00fcllmann\" \/>\n<meta property=\"og:description\" content=\"R\u00fcckseitenbeschriftung von Hand der Fotografin: &#8222;&#8218;Marokkanische&#8216; Frau &#8211; an der Haust\u00fcr Reklame f\u00fcr Begins Likud &#8211; der Mann ist bei der Polizei&#8220;\" \/>\n<meta property=\"og:url\" content=\"https:\/\/bpk-archive.de\/tuellmann\/produkt\/frau-aus-marokko-in-jerusalem\/\" \/>\n<meta property=\"og:site_name\" content=\"Abisag T\u00fcllmann\" \/>\n<meta property=\"article:modified_time\" content=\"2019-09-05T13:01:50+00:00\" \/>\n<meta property=\"og:image\" content=\"https:\/\/bpk-archive.de\/tuellmann\/wp-content\/uploads\/2019\/08\/bpk_70271471.jpg\" \/>\n\t<meta property=\"og:image:width\" content=\"802\" \/>\n\t<meta property=\"og:image:height\" content=\"1200\" \/>\n\t<meta property=\"og:image:type\" content=\"image\/jpeg\" \/>\n<meta name=\"twitter:card\" content=\"summary_large_image\" \/>\n<script type=\"application\/ld+json\" class=\"yoast-schema-graph\">{\"@context\":\"https:\\\/\\\/schema.org\",\"@graph\":[{\"@type\":\"WebPage\",\"@id\":\"https:\\\/\\\/bpk-archive.de\\\/tuellmann\\\/produkt\\\/frau-aus-marokko-in-jerusalem\\\/\",\"url\":\"https:\\\/\\\/bpk-archive.de\\\/tuellmann\\\/produkt\\\/frau-aus-marokko-in-jerusalem\\\/\",\"name\":\"Frau aus Marokko in Jerusalem - Abisag T\u00fcllmann\",\"isPartOf\":{\"@id\":\"https:\\\/\\\/bpk-archive.de\\\/tuellmann\\\/#website\"},\"primaryImageOfPage\":{\"@id\":\"https:\\\/\\\/bpk-archive.de\\\/tuellmann\\\/produkt\\\/frau-aus-marokko-in-jerusalem\\\/#primaryimage\"},\"image\":{\"@id\":\"https:\\\/\\\/bpk-archive.de\\\/tuellmann\\\/produkt\\\/frau-aus-marokko-in-jerusalem\\\/#primaryimage\"},\"thumbnailUrl\":\"https:\\\/\\\/bpk-archive.de\\\/tuellmann\\\/wp-content\\\/uploads\\\/2019\\\/08\\\/bpk_70271471.jpg\",\"datePublished\":\"2019-09-05T13:01:38+00:00\",\"dateModified\":\"2019-09-05T13:01:50+00:00\",\"breadcrumb\":{\"@id\":\"https:\\\/\\\/bpk-archive.de\\\/tuellmann\\\/produkt\\\/frau-aus-marokko-in-jerusalem\\\/#breadcrumb\"},\"inLanguage\":\"de\",\"potentialAction\":[{\"@type\":\"ReadAction\",\"target\":[\"https:\\\/\\\/bpk-archive.de\\\/tuellmann\\\/produkt\\\/frau-aus-marokko-in-jerusalem\\\/\"]}]},{\"@type\":\"ImageObject\",\"inLanguage\":\"de\",\"@id\":\"https:\\\/\\\/bpk-archive.de\\\/tuellmann\\\/produkt\\\/frau-aus-marokko-in-jerusalem\\\/#primaryimage\",\"url\":\"https:\\\/\\\/bpk-archive.de\\\/tuellmann\\\/wp-content\\\/uploads\\\/2019\\\/08\\\/bpk_70271471.jpg\",\"contentUrl\":\"https:\\\/\\\/bpk-archive.de\\\/tuellmann\\\/wp-content\\\/uploads\\\/2019\\\/08\\\/bpk_70271471.jpg\",\"width\":802,\"height\":1200,\"caption\":\"Frau aus Marokko in Jerusalem\"},{\"@type\":\"BreadcrumbList\",\"@id\":\"https:\\\/\\\/bpk-archive.de\\\/tuellmann\\\/produkt\\\/frau-aus-marokko-in-jerusalem\\\/#breadcrumb\",\"itemListElement\":[{\"@type\":\"ListItem\",\"position\":1,\"name\":\"Startseite\",\"item\":\"https:\\\/\\\/bpk-archive.de\\\/tuellmann\\\/\"},{\"@type\":\"ListItem\",\"position\":2,\"name\":\"Shop\",\"item\":\"https:\\\/\\\/bpk-archive.de\\\/tuellmann\\\/shop\\\/\"},{\"@type\":\"ListItem\",\"position\":3,\"name\":\"Frau aus Marokko in Jerusalem\"}]},{\"@type\":\"WebSite\",\"@id\":\"https:\\\/\\\/bpk-archive.de\\\/tuellmann\\\/#website\",\"url\":\"https:\\\/\\\/bpk-archive.de\\\/tuellmann\\\/\",\"name\":\"Abisag T\u00fcllmann\",\"description\":\"Eine weitere WordPress-Website\",\"potentialAction\":[{\"@type\":\"SearchAction\",\"target\":{\"@type\":\"EntryPoint\",\"urlTemplate\":\"https:\\\/\\\/bpk-archive.de\\\/tuellmann\\\/?s={search_term_string}\"},\"query-input\":{\"@type\":\"PropertyValueSpecification\",\"valueRequired\":true,\"valueName\":\"search_term_string\"}}],\"inLanguage\":\"de\"}]}<\/script>\n<!-- \/ Yoast SEO plugin. -->","yoast_head_json":{"title":"Frau aus Marokko in Jerusalem - Abisag T\u00fcllmann","robots":{"index":"index","follow":"follow","max-snippet":"max-snippet:-1","max-image-preview":"max-image-preview:large","max-video-preview":"max-video-preview:-1"},"canonical":"https:\/\/bpk-archive.de\/tuellmann\/produkt\/frau-aus-marokko-in-jerusalem\/","og_locale":"de_DE","og_type":"article","og_title":"Frau aus Marokko in Jerusalem - Abisag T\u00fcllmann","og_description":"R\u00fcckseitenbeschriftung von Hand der Fotografin: &#8222;&#8218;Marokkanische&#8216; Frau &#8211; an der Haust\u00fcr Reklame f\u00fcr Begins Likud &#8211; der Mann ist bei der Polizei&#8220;","og_url":"https:\/\/bpk-archive.de\/tuellmann\/produkt\/frau-aus-marokko-in-jerusalem\/","og_site_name":"Abisag T\u00fcllmann","article_modified_time":"2019-09-05T13:01:50+00:00","og_image":[{"width":802,"height":1200,"url":"https:\/\/bpk-archive.de\/tuellmann\/wp-content\/uploads\/2019\/08\/bpk_70271471.jpg","type":"image\/jpeg"}],"twitter_card":"summary_large_image","schema":{"@context":"https:\/\/schema.org","@graph":[{"@type":"WebPage","@id":"https:\/\/bpk-archive.de\/tuellmann\/produkt\/frau-aus-marokko-in-jerusalem\/","url":"https:\/\/bpk-archive.de\/tuellmann\/produkt\/frau-aus-marokko-in-jerusalem\/","name":"Frau aus Marokko in Jerusalem - Abisag T\u00fcllmann","isPartOf":{"@id":"https:\/\/bpk-archive.de\/tuellmann\/#website"},"primaryImageOfPage":{"@id":"https:\/\/bpk-archive.de\/tuellmann\/produkt\/frau-aus-marokko-in-jerusalem\/#primaryimage"},"image":{"@id":"https:\/\/bpk-archive.de\/tuellmann\/produkt\/frau-aus-marokko-in-jerusalem\/#primaryimage"},"thumbnailUrl":"https:\/\/bpk-archive.de\/tuellmann\/wp-content\/uploads\/2019\/08\/bpk_70271471.jpg","datePublished":"2019-09-05T13:01:38+00:00","dateModified":"2019-09-05T13:01:50+00:00","breadcrumb":{"@id":"https:\/\/bpk-archive.de\/tuellmann\/produkt\/frau-aus-marokko-in-jerusalem\/#breadcrumb"},"inLanguage":"de","potentialAction":[{"@type":"ReadAction","target":["https:\/\/bpk-archive.de\/tuellmann\/produkt\/frau-aus-marokko-in-jerusalem\/"]}]},{"@type":"ImageObject","inLanguage":"de","@id":"https:\/\/bpk-archive.de\/tuellmann\/produkt\/frau-aus-marokko-in-jerusalem\/#primaryimage","url":"https:\/\/bpk-archive.de\/tuellmann\/wp-content\/uploads\/2019\/08\/bpk_70271471.jpg","contentUrl":"https:\/\/bpk-archive.de\/tuellmann\/wp-content\/uploads\/2019\/08\/bpk_70271471.jpg","width":802,"height":1200,"caption":"Frau aus Marokko in Jerusalem"},{"@type":"BreadcrumbList","@id":"https:\/\/bpk-archive.de\/tuellmann\/produkt\/frau-aus-marokko-in-jerusalem\/#breadcrumb","itemListElement":[{"@type":"ListItem","position":1,"name":"Startseite","item":"https:\/\/bpk-archive.de\/tuellmann\/"},{"@type":"ListItem","position":2,"name":"Shop","item":"https:\/\/bpk-archive.de\/tuellmann\/shop\/"},{"@type":"ListItem","position":3,"name":"Frau aus Marokko in Jerusalem"}]},{"@type":"WebSite","@id":"https:\/\/bpk-archive.de\/tuellmann\/#website","url":"https:\/\/bpk-archive.de\/tuellmann\/","name":"Abisag T\u00fcllmann","description":"Eine weitere WordPress-Website","potentialAction":[{"@type":"SearchAction","target":{"@type":"EntryPoint","urlTemplate":"https:\/\/bpk-archive.de\/tuellmann\/?s={search_term_string}"},"query-input":{"@type":"PropertyValueSpecification","valueRequired":true,"valueName":"search_term_string"}}],"inLanguage":"de"}]}},"_links":{"self":[{"href":"https:\/\/bpk-archive.de\/tuellmann\/wp-json\/wp\/v2\/product\/70295143","targetHints":{"allow":["GET"]}}],"collection":[{"href":"https:\/\/bpk-archive.de\/tuellmann\/wp-json\/wp\/v2\/product"}],"about":[{"href":"https:\/\/bpk-archive.de\/tuellmann\/wp-json\/wp\/v2\/types\/product"}],"wp:featuredmedia":[{"embeddable":true,"href":"https:\/\/bpk-archive.de\/tuellmann\/wp-json\/wp\/v2\/media\/70292958"}],"wp:attachment":[{"href":"https:\/\/bpk-archive.de\/tuellmann\/wp-json\/wp\/v2\/media?parent=70295143"}],"wp:term":[{"taxonomy":"product_brand","embeddable":true,"href":"https:\/\/bpk-archive.de\/tuellmann\/wp-json\/wp\/v2\/product_brand?post=70295143"},{"taxonomy":"product_cat","embeddable":true,"href":"https:\/\/bpk-archive.de\/tuellmann\/wp-json\/wp\/v2\/product_cat?post=70295143"},{"taxonomy":"product_tag","embeddable":true,"href":"https:\/\/bpk-archive.de\/tuellmann\/wp-json\/wp\/v2\/product_tag?post=70295143"}],"curies":[{"name":"wp","href":"https:\/\/api.w.org\/{rel}","templated":true}]}}