{"id":70295107,"date":"2019-09-05T15:00:56","date_gmt":"2019-09-05T13:00:56","guid":{"rendered":"http:\/\/abisagtuellmann.bpk-news.de\/atbild\/im-jerusalemer-stadtteil-nachlaot\/"},"modified":"2019-09-05T15:01:13","modified_gmt":"2019-09-05T13:01:13","slug":"im-jerusalemer-stadtteil-nachlaot","status":"publish","type":"product","link":"https:\/\/bpk-archive.de\/tuellmann\/produkt\/im-jerusalemer-stadtteil-nachlaot\/","title":{"rendered":"Im Jerusalemer Stadtteil Nachlaot"},"content":{"rendered":"<p>Ein Mann knackt N\u00fcsse am Stra\u00dfenrand<\/p>\n","protected":false},"excerpt":{"rendered":"<p>Ein Mann knackt N\u00fcsse am Stra\u00dfenrand<\/p>\n","protected":false},"featured_media":70292843,"template":"","meta":[],"product_brand":[],"product_cat":[],"product_tag":[47237,13232,13234,13231,13233,47238,47239,13777,47240,47541,47542,47543,47544,47545,47418,47419,47420,47421,47422,47423,47424,48643,47241,48644,13250,13784,13785,48645,48646,14060,14061,13260,13293,13786,13787,13294,13295,13296,13297,47267,48647,48648,48649,48650,48651,48652,48653,47497,47498,48654,48655,48656,48657,48658,48659,48660,13301,47279,47747,47750,47280,47281,47282,47283,47284,48248,48249,48250,48661,13818,13819,13826,48662,47320,48663,48664,48665,48666,48667,48668,48669,48670,13328,13827,13828,13329,13330,13331,13332,47332,13829,13830,13831,13832,13833,13834,13835,13836,13837,13838,13839,13840,13841,13842,13843,13844,13845,48671,48672,13846,13847,48673,48674,48675,48676,48677,14073,14074,14075,14076,14077,48678,47333,47334,47335,47336,47337,13877,13879,13865,13864,13866,13858,13859,13860,13861,13862,13863,13868,13869,13870,13871,13872,14243,14244,14245,14246,14247,14248,14249,47406,47407,48679,48680,48681,47408,47564,47409,13878,13880,48682,48683,48684,48685,14081,14082,48686,13882],"class_list":{"0":"post-70295107","1":"product","2":"type-product","3":"status-publish","4":"has-post-thumbnail","6":"product_tag-1980er-jahre","7":"product_tag-20-jahrhundert-nach-chr","8":"product_tag-20-jh-n-chr","9":"product_tag-20-jahrhundert","10":"product_tag-20-jh","11":"product_tag-80er","12":"product_tag-abt_001","13":"product_tag-abzug","14":"product_tag-achtziger","15":"product_tag-alltag","16":"product_tag-alltaeglich","17":"product_tag-alltaegliche","18":"product_tag-alltaeglicher","19":"product_tag-alltaegliches","20":"product_tag-alt","21":"product_tag-alte","22":"product_tag-alten","23":"product_tag-alter","24":"product_tag-aeltere","25":"product_tag-aelterer","26":"product_tag-altes","27":"product_tag-altstadt","28":"product_tag-at_israel","29":"product_tag-aufknacken","30":"product_tag-aussen","31":"product_tag-bildnis","32":"product_tag-bildnisse","33":"product_tag-buergersteig","34":"product_tag-buergersteige","35":"product_tag-cigarette","36":"product_tag-cigaretten","37":"product_tag-draussen","38":"product_tag-foto","39":"product_tag-fotoabzug","40":"product_tag-fotoabzuege","41":"product_tag-fotografie","42":"product_tag-fotografien","43":"product_tag-fotografin","44":"product_tag-fotografinnen","45":"product_tag-fotoreportage","46":"product_tag-gehsteig","47":"product_tag-gehsteige","48":"product_tag-gehweg","49":"product_tag-gehwege","50":"product_tag-gemaeuer","51":"product_tag-hammer","52":"product_tag-haemmern","53":"product_tag-hauptstadt","54":"product_tag-hauptstaedte","55":"product_tag-hocke","56":"product_tag-hocken","57":"product_tag-hockend","58":"product_tag-hockende","59":"product_tag-hockenden","60":"product_tag-hockender","61":"product_tag-hockendes","62":"product_tag-im-freien","63":"product_tag-israel","64":"product_tag-israeli","65":"product_tag-israelis","66":"product_tag-israelisch","67":"product_tag-israelische","68":"product_tag-israelischer","69":"product_tag-israelisches","70":"product_tag-israels","71":"product_tag-jerusalem","72":"product_tag-jerusalemer","73":"product_tag-jerusalems","74":"product_tag-knacken","75":"product_tag-mann","76":"product_tag-maenner","77":"product_tag-mannes","78":"product_tag-nahlaot","79":"product_tag-nahost","80":"product_tag-nuss","81":"product_tag-nuesse","82":"product_tag-nuessen","83":"product_tag-nussknacker","84":"product_tag-nussschale","85":"product_tag-nussschalen","86":"product_tag-oeffnen","87":"product_tag-oeffnet","88":"product_tag-photo","89":"product_tag-photoabzug","90":"product_tag-photoabzuege","91":"product_tag-photographie","92":"product_tag-photographien","93":"product_tag-photographin","94":"product_tag-photographinnen","95":"product_tag-photoreportage","96":"product_tag-portrait","97":"product_tag-portraitaufnahme","98":"product_tag-portraitfoto","99":"product_tag-portraitfotografie","100":"product_tag-portraitphoto","101":"product_tag-portraitphotographie","102":"product_tag-portraits","103":"product_tag-portraet","104":"product_tag-portraetaufnahme","105":"product_tag-portraetfoto","106":"product_tag-portraetfotografie","107":"product_tag-portraetphoto","108":"product_tag-portraetphotographie","109":"product_tag-portraets","110":"product_tag-print","111":"product_tag-profil","112":"product_tag-profilansicht","113":"product_tag-profilaufnahme","114":"product_tag-profilaufnahmen","115":"product_tag-profilbild","116":"product_tag-profilbildnis","117":"product_tag-profilfoto","118":"product_tag-profilfotos","119":"product_tag-profilphoto","120":"product_tag-profilphotos","121":"product_tag-rauchen","122":"product_tag-rauchend","123":"product_tag-rauchende","124":"product_tag-rauchenden","125":"product_tag-rauchender","126":"product_tag-rauchendes","127":"product_tag-raucher","128":"product_tag-reportage","129":"product_tag-reportagefoto","130":"product_tag-reportagefotografie","131":"product_tag-reportagephoto","132":"product_tag-reportagephotographie","133":"product_tag-s-w-fotografie","134":"product_tag-s-w-photographie","135":"product_tag-schwarzweissphotographie","136":"product_tag-schwarz-weiss-fotografie","137":"product_tag-schwarz-weiss-photographie","138":"product_tag-schwarzweiss","139":"product_tag-schwarzweisse","140":"product_tag-schwarzweissen","141":"product_tag-schwarzweisser","142":"product_tag-schwarzweisses","143":"product_tag-schwarzweissfotografie","144":"product_tag-seitlich","145":"product_tag-silbergelatine","146":"product_tag-silbergelatineabzug","147":"product_tag-silbergelatineabzuege","148":"product_tag-silbergelatineprint","149":"product_tag-sitzen","150":"product_tag-sitzend","151":"product_tag-sitzende","152":"product_tag-sitzenden","153":"product_tag-sitzender","154":"product_tag-sitzendes","155":"product_tag-sitzt","156":"product_tag-stadt","157":"product_tag-staedte","158":"product_tag-stadtteil","159":"product_tag-stadtteils","160":"product_tag-stadtviertel","161":"product_tag-strassenleben","162":"product_tag-strassenrand","163":"product_tag-strassenszene","164":"product_tag-sw-fotografie","165":"product_tag-sw-photographie","166":"product_tag-trottoir","167":"product_tag-trottoirs","168":"product_tag-unterhemd","169":"product_tag-unterhemden","170":"product_tag-zigarette","171":"product_tag-zigaretten","172":"product_tag-zigarettenraucher","173":"product_tag-zur-seite","174":"pa_datierung-august-1983","175":"pa_fotograf-abisag-tuellmann","176":"pa_geografischer_bezug-aufnahmeort-jerusalem-nachlaot-israel","177":"pa_grunddaten_material_technik-foto-silbergelatine-auf-barytpapier","178":"pa_inventarnummer-tue-83-156-26","179":"pa_jahr_von-47717","180":"pa_massangaben-bildformat-foto-198-x-302-cm","181":"pa_mediennummer-48639","182":"pa_objekt_typ-fotografie","184":"first","185":"instock","186":"product-type-simple"},"yoast_head":"<!-- This site is optimized with the Yoast SEO plugin v27.4 - https:\/\/yoast.com\/product\/yoast-seo-wordpress\/ -->\n<title>Im Jerusalemer Stadtteil Nachlaot - Abisag T\u00fcllmann<\/title>\n<meta name=\"robots\" content=\"index, follow, max-snippet:-1, max-image-preview:large, max-video-preview:-1\" \/>\n<link rel=\"canonical\" href=\"https:\/\/bpk-archive.de\/tuellmann\/produkt\/im-jerusalemer-stadtteil-nachlaot\/\" \/>\n<meta property=\"og:locale\" content=\"de_DE\" \/>\n<meta property=\"og:type\" content=\"article\" \/>\n<meta property=\"og:title\" content=\"Im Jerusalemer Stadtteil Nachlaot - Abisag T\u00fcllmann\" \/>\n<meta property=\"og:description\" content=\"Ein Mann knackt N\u00fcsse am Stra\u00dfenrand\" \/>\n<meta property=\"og:url\" content=\"https:\/\/bpk-archive.de\/tuellmann\/produkt\/im-jerusalemer-stadtteil-nachlaot\/\" \/>\n<meta property=\"og:site_name\" content=\"Abisag T\u00fcllmann\" \/>\n<meta property=\"article:modified_time\" content=\"2019-09-05T13:01:13+00:00\" \/>\n<meta property=\"og:image\" content=\"https:\/\/bpk-archive.de\/tuellmann\/wp-content\/uploads\/2019\/08\/bpk_70271610.jpg\" \/>\n\t<meta property=\"og:image:width\" content=\"1200\" \/>\n\t<meta property=\"og:image:height\" content=\"805\" \/>\n\t<meta property=\"og:image:type\" content=\"image\/jpeg\" \/>\n<meta name=\"twitter:card\" content=\"summary_large_image\" \/>\n<script type=\"application\/ld+json\" class=\"yoast-schema-graph\">{\"@context\":\"https:\\\/\\\/schema.org\",\"@graph\":[{\"@type\":\"WebPage\",\"@id\":\"https:\\\/\\\/bpk-archive.de\\\/tuellmann\\\/produkt\\\/im-jerusalemer-stadtteil-nachlaot\\\/\",\"url\":\"https:\\\/\\\/bpk-archive.de\\\/tuellmann\\\/produkt\\\/im-jerusalemer-stadtteil-nachlaot\\\/\",\"name\":\"Im Jerusalemer Stadtteil Nachlaot - Abisag T\u00fcllmann\",\"isPartOf\":{\"@id\":\"https:\\\/\\\/bpk-archive.de\\\/tuellmann\\\/#website\"},\"primaryImageOfPage\":{\"@id\":\"https:\\\/\\\/bpk-archive.de\\\/tuellmann\\\/produkt\\\/im-jerusalemer-stadtteil-nachlaot\\\/#primaryimage\"},\"image\":{\"@id\":\"https:\\\/\\\/bpk-archive.de\\\/tuellmann\\\/produkt\\\/im-jerusalemer-stadtteil-nachlaot\\\/#primaryimage\"},\"thumbnailUrl\":\"https:\\\/\\\/bpk-archive.de\\\/tuellmann\\\/wp-content\\\/uploads\\\/2019\\\/08\\\/bpk_70271610.jpg\",\"datePublished\":\"2019-09-05T13:00:56+00:00\",\"dateModified\":\"2019-09-05T13:01:13+00:00\",\"breadcrumb\":{\"@id\":\"https:\\\/\\\/bpk-archive.de\\\/tuellmann\\\/produkt\\\/im-jerusalemer-stadtteil-nachlaot\\\/#breadcrumb\"},\"inLanguage\":\"de\",\"potentialAction\":[{\"@type\":\"ReadAction\",\"target\":[\"https:\\\/\\\/bpk-archive.de\\\/tuellmann\\\/produkt\\\/im-jerusalemer-stadtteil-nachlaot\\\/\"]}]},{\"@type\":\"ImageObject\",\"inLanguage\":\"de\",\"@id\":\"https:\\\/\\\/bpk-archive.de\\\/tuellmann\\\/produkt\\\/im-jerusalemer-stadtteil-nachlaot\\\/#primaryimage\",\"url\":\"https:\\\/\\\/bpk-archive.de\\\/tuellmann\\\/wp-content\\\/uploads\\\/2019\\\/08\\\/bpk_70271610.jpg\",\"contentUrl\":\"https:\\\/\\\/bpk-archive.de\\\/tuellmann\\\/wp-content\\\/uploads\\\/2019\\\/08\\\/bpk_70271610.jpg\",\"width\":1200,\"height\":805,\"caption\":\"Im Jerusalemer Stadtteil Nachlaot\"},{\"@type\":\"BreadcrumbList\",\"@id\":\"https:\\\/\\\/bpk-archive.de\\\/tuellmann\\\/produkt\\\/im-jerusalemer-stadtteil-nachlaot\\\/#breadcrumb\",\"itemListElement\":[{\"@type\":\"ListItem\",\"position\":1,\"name\":\"Startseite\",\"item\":\"https:\\\/\\\/bpk-archive.de\\\/tuellmann\\\/\"},{\"@type\":\"ListItem\",\"position\":2,\"name\":\"Shop\",\"item\":\"https:\\\/\\\/bpk-archive.de\\\/tuellmann\\\/shop\\\/\"},{\"@type\":\"ListItem\",\"position\":3,\"name\":\"Im Jerusalemer Stadtteil Nachlaot\"}]},{\"@type\":\"WebSite\",\"@id\":\"https:\\\/\\\/bpk-archive.de\\\/tuellmann\\\/#website\",\"url\":\"https:\\\/\\\/bpk-archive.de\\\/tuellmann\\\/\",\"name\":\"Abisag T\u00fcllmann\",\"description\":\"Eine weitere WordPress-Website\",\"potentialAction\":[{\"@type\":\"SearchAction\",\"target\":{\"@type\":\"EntryPoint\",\"urlTemplate\":\"https:\\\/\\\/bpk-archive.de\\\/tuellmann\\\/?s={search_term_string}\"},\"query-input\":{\"@type\":\"PropertyValueSpecification\",\"valueRequired\":true,\"valueName\":\"search_term_string\"}}],\"inLanguage\":\"de\"}]}<\/script>\n<!-- \/ Yoast SEO plugin. -->","yoast_head_json":{"title":"Im Jerusalemer Stadtteil Nachlaot - Abisag T\u00fcllmann","robots":{"index":"index","follow":"follow","max-snippet":"max-snippet:-1","max-image-preview":"max-image-preview:large","max-video-preview":"max-video-preview:-1"},"canonical":"https:\/\/bpk-archive.de\/tuellmann\/produkt\/im-jerusalemer-stadtteil-nachlaot\/","og_locale":"de_DE","og_type":"article","og_title":"Im Jerusalemer Stadtteil Nachlaot - Abisag T\u00fcllmann","og_description":"Ein Mann knackt N\u00fcsse am Stra\u00dfenrand","og_url":"https:\/\/bpk-archive.de\/tuellmann\/produkt\/im-jerusalemer-stadtteil-nachlaot\/","og_site_name":"Abisag T\u00fcllmann","article_modified_time":"2019-09-05T13:01:13+00:00","og_image":[{"width":1200,"height":805,"url":"https:\/\/bpk-archive.de\/tuellmann\/wp-content\/uploads\/2019\/08\/bpk_70271610.jpg","type":"image\/jpeg"}],"twitter_card":"summary_large_image","schema":{"@context":"https:\/\/schema.org","@graph":[{"@type":"WebPage","@id":"https:\/\/bpk-archive.de\/tuellmann\/produkt\/im-jerusalemer-stadtteil-nachlaot\/","url":"https:\/\/bpk-archive.de\/tuellmann\/produkt\/im-jerusalemer-stadtteil-nachlaot\/","name":"Im Jerusalemer Stadtteil Nachlaot - Abisag T\u00fcllmann","isPartOf":{"@id":"https:\/\/bpk-archive.de\/tuellmann\/#website"},"primaryImageOfPage":{"@id":"https:\/\/bpk-archive.de\/tuellmann\/produkt\/im-jerusalemer-stadtteil-nachlaot\/#primaryimage"},"image":{"@id":"https:\/\/bpk-archive.de\/tuellmann\/produkt\/im-jerusalemer-stadtteil-nachlaot\/#primaryimage"},"thumbnailUrl":"https:\/\/bpk-archive.de\/tuellmann\/wp-content\/uploads\/2019\/08\/bpk_70271610.jpg","datePublished":"2019-09-05T13:00:56+00:00","dateModified":"2019-09-05T13:01:13+00:00","breadcrumb":{"@id":"https:\/\/bpk-archive.de\/tuellmann\/produkt\/im-jerusalemer-stadtteil-nachlaot\/#breadcrumb"},"inLanguage":"de","potentialAction":[{"@type":"ReadAction","target":["https:\/\/bpk-archive.de\/tuellmann\/produkt\/im-jerusalemer-stadtteil-nachlaot\/"]}]},{"@type":"ImageObject","inLanguage":"de","@id":"https:\/\/bpk-archive.de\/tuellmann\/produkt\/im-jerusalemer-stadtteil-nachlaot\/#primaryimage","url":"https:\/\/bpk-archive.de\/tuellmann\/wp-content\/uploads\/2019\/08\/bpk_70271610.jpg","contentUrl":"https:\/\/bpk-archive.de\/tuellmann\/wp-content\/uploads\/2019\/08\/bpk_70271610.jpg","width":1200,"height":805,"caption":"Im Jerusalemer Stadtteil Nachlaot"},{"@type":"BreadcrumbList","@id":"https:\/\/bpk-archive.de\/tuellmann\/produkt\/im-jerusalemer-stadtteil-nachlaot\/#breadcrumb","itemListElement":[{"@type":"ListItem","position":1,"name":"Startseite","item":"https:\/\/bpk-archive.de\/tuellmann\/"},{"@type":"ListItem","position":2,"name":"Shop","item":"https:\/\/bpk-archive.de\/tuellmann\/shop\/"},{"@type":"ListItem","position":3,"name":"Im Jerusalemer Stadtteil Nachlaot"}]},{"@type":"WebSite","@id":"https:\/\/bpk-archive.de\/tuellmann\/#website","url":"https:\/\/bpk-archive.de\/tuellmann\/","name":"Abisag T\u00fcllmann","description":"Eine weitere WordPress-Website","potentialAction":[{"@type":"SearchAction","target":{"@type":"EntryPoint","urlTemplate":"https:\/\/bpk-archive.de\/tuellmann\/?s={search_term_string}"},"query-input":{"@type":"PropertyValueSpecification","valueRequired":true,"valueName":"search_term_string"}}],"inLanguage":"de"}]}},"_links":{"self":[{"href":"https:\/\/bpk-archive.de\/tuellmann\/wp-json\/wp\/v2\/product\/70295107","targetHints":{"allow":["GET"]}}],"collection":[{"href":"https:\/\/bpk-archive.de\/tuellmann\/wp-json\/wp\/v2\/product"}],"about":[{"href":"https:\/\/bpk-archive.de\/tuellmann\/wp-json\/wp\/v2\/types\/product"}],"wp:featuredmedia":[{"embeddable":true,"href":"https:\/\/bpk-archive.de\/tuellmann\/wp-json\/wp\/v2\/media\/70292843"}],"wp:attachment":[{"href":"https:\/\/bpk-archive.de\/tuellmann\/wp-json\/wp\/v2\/media?parent=70295107"}],"wp:term":[{"taxonomy":"product_brand","embeddable":true,"href":"https:\/\/bpk-archive.de\/tuellmann\/wp-json\/wp\/v2\/product_brand?post=70295107"},{"taxonomy":"product_cat","embeddable":true,"href":"https:\/\/bpk-archive.de\/tuellmann\/wp-json\/wp\/v2\/product_cat?post=70295107"},{"taxonomy":"product_tag","embeddable":true,"href":"https:\/\/bpk-archive.de\/tuellmann\/wp-json\/wp\/v2\/product_tag?post=70295107"}],"curies":[{"name":"wp","href":"https:\/\/api.w.org\/{rel}","templated":true}]}}