{"id":70295077,"date":"2019-09-05T14:12:47","date_gmt":"2019-09-05T12:12:47","guid":{"rendered":"http:\/\/abisagtuellmann.bpk-news.de\/atbild\/ein-mann-putzt-sein-auto-im-kriegszerstoerten-tyros-2\/"},"modified":"2019-09-05T14:12:52","modified_gmt":"2019-09-05T12:12:52","slug":"ein-mann-putzt-sein-auto-im-kriegszerstoerten-tyros-2","status":"publish","type":"product","link":"https:\/\/bpk-archive.de\/tuellmann\/produkt\/ein-mann-putzt-sein-auto-im-kriegszerstoerten-tyros-2\/","title":{"rendered":"Ein Mann putzt sein Auto im kriegszerst\u00f6rten Tyros"},"content":{"rendered":"<p>R\u00fcckseitenbeschriftung von Hand der Fotografin: &#8222;Tyros&#8220;<BR>Aufnahmedatum: Juli 1982<BR>Material\/Technik: Foto \/ Silbergelatine auf Barytpapier<BR>Bildformat (Foto): 21,3 x 30,4 cm<BR>Aufnahmeort: Tyros \/ Libanon<BR>Inventar-Nr.: T\u00fc 82\/084-16a<BR><\/p>\n","protected":false},"excerpt":{"rendered":"<p>R\u00fcckseitenbeschriftung von Hand der Fotografin: &#8222;Tyros&#8220;Aufnahmedatum: Juli 1982Material\/Technik: Foto \/ Silbergelatine auf BarytpapierBildformat (Foto): 21,3 x 30,4 cmAufnahmeort: Tyros \/ LibanonInventar-Nr.: T\u00fc 82\/084-16a<\/p>\n","protected":false},"featured_media":70292891,"template":"","meta":[],"product_brand":[],"product_cat":[],"product_tag":[47237,13232,13234,13231,13233,47238,47239,13777,47240,47541,47542,47543,47544,47545,47546,47547,47548,47241,13250,47549,47550,47551,47552,47553,47554,47245,47246,47247,47248,47249,47250,47251,47252,47253,47254,47255,47257,47258,47259,13260,47555,13293,13786,13787,13294,13295,13296,13297,47267,47556,47557,47558,47559,14066,13301,47278,47279,47280,47281,47282,47283,47284,13812,13813,13814,13815,13816,47295,47296,47297,47298,47299,47300,47301,47302,47560,47303,47304,47305,47306,47307,47308,47309,47310,13818,13819,13826,47319,47320,47322,47321,47323,47561,47562,13328,13827,13828,13329,13330,13331,13332,47332,13843,47333,47334,47335,47336,47337,13877,13879,47480,47481,47482,47483,47484,13865,13864,13866,13858,13859,13860,13861,13862,13863,13869,13870,13871,13872,47406,47407,47563,47408,47564,47409,13878,13880,47485,47486,47487,47488,47343,47349,47350,47351,47352,47353,47354,47355,47356],"class_list":{"0":"post-70295077","1":"product","2":"type-product","3":"status-publish","4":"has-post-thumbnail","6":"product_tag-1980er-jahre","7":"product_tag-20-jahrhundert-nach-chr","8":"product_tag-20-jh-n-chr","9":"product_tag-20-jahrhundert","10":"product_tag-20-jh","11":"product_tag-80er","12":"product_tag-abt_001","13":"product_tag-abzug","14":"product_tag-achtziger","15":"product_tag-alltag","16":"product_tag-alltaeglich","17":"product_tag-alltaegliche","18":"product_tag-alltaeglicher","19":"product_tag-alltaegliches","20":"product_tag-alltagsleben","21":"product_tag-alltagsszene","22":"product_tag-alltagsszenen","23":"product_tag-at_israel","24":"product_tag-aussen","25":"product_tag-auto","26":"product_tag-automobil","27":"product_tag-automobile","28":"product_tag-automobils","29":"product_tag-autos","30":"product_tag-autowaesche","31":"product_tag-besatzungszeit","32":"product_tag-besatzungszone","33":"product_tag-besatzungszonen","34":"product_tag-besetzen","35":"product_tag-besetzt","36":"product_tag-besetzte","37":"product_tag-besetzten","38":"product_tag-besetzter","39":"product_tag-besetztes","40":"product_tag-besetzung","41":"product_tag-besetzungen","42":"product_tag-buergerkrieg","43":"product_tag-buergerkriege","44":"product_tag-buergerkrieges","45":"product_tag-draussen","46":"product_tag-federbusch","47":"product_tag-foto","48":"product_tag-fotoabzug","49":"product_tag-fotoabzuege","50":"product_tag-fotografie","51":"product_tag-fotografien","52":"product_tag-fotografin","53":"product_tag-fotografinnen","54":"product_tag-fotoreportage","55":"product_tag-fussgaenger","56":"product_tag-geschaeft","57":"product_tag-geschaefte","58":"product_tag-geschaeftes","59":"product_tag-geschichte","60":"product_tag-im-freien","61":"product_tag-invasion","62":"product_tag-israel","63":"product_tag-israelisch","64":"product_tag-israelische","65":"product_tag-israelischer","66":"product_tag-israelisches","67":"product_tag-israels","68":"product_tag-jung","69":"product_tag-junge","70":"product_tag-jungen","71":"product_tag-junger","72":"product_tag-junges","73":"product_tag-krieg","74":"product_tag-kriege","75":"product_tag-krieges","76":"product_tag-kriegsschaden","77":"product_tag-kriegszerstoerung","78":"product_tag-kriegszerstoerungen","79":"product_tag-krise","80":"product_tag-krisen","81":"product_tag-laden","82":"product_tag-libanese","83":"product_tag-libanesisch","84":"product_tag-libanesische","85":"product_tag-libanesischen","86":"product_tag-libanesischer","87":"product_tag-libanesisches","88":"product_tag-libanon","89":"product_tag-libanonkrieg","90":"product_tag-mann","91":"product_tag-maenner","92":"product_tag-mannes","93":"product_tag-naher-osten","94":"product_tag-nahost","95":"product_tag-nahost-konflikt","96":"product_tag-nahostkonflikt","97":"product_tag-okkupation","98":"product_tag-passant","99":"product_tag-passanten","100":"product_tag-photo","101":"product_tag-photoabzug","102":"product_tag-photoabzuege","103":"product_tag-photographie","104":"product_tag-photographien","105":"product_tag-photographin","106":"product_tag-photographinnen","107":"product_tag-photoreportage","108":"product_tag-print","109":"product_tag-reportage","110":"product_tag-reportagefoto","111":"product_tag-reportagefotografie","112":"product_tag-reportagephoto","113":"product_tag-reportagephotographie","114":"product_tag-s-w-fotografie","115":"product_tag-s-w-photographie","116":"product_tag-schutt","117":"product_tag-schuttberg","118":"product_tag-schuttberge","119":"product_tag-schutthaufen","120":"product_tag-schutthaufens","121":"product_tag-schwarzweissphotographie","122":"product_tag-schwarz-weiss-fotografie","123":"product_tag-schwarz-weiss-photographie","124":"product_tag-schwarzweiss","125":"product_tag-schwarzweisse","126":"product_tag-schwarzweissen","127":"product_tag-schwarzweisser","128":"product_tag-schwarzweisses","129":"product_tag-schwarzweissfotografie","130":"product_tag-silbergelatine","131":"product_tag-silbergelatineabzug","132":"product_tag-silbergelatineabzuege","133":"product_tag-silbergelatineprint","134":"product_tag-stadt","135":"product_tag-staedte","136":"product_tag-staubwedel","137":"product_tag-strassenleben","138":"product_tag-strassenrand","139":"product_tag-strassenszene","140":"product_tag-sw-fotografie","141":"product_tag-sw-photographie","142":"product_tag-truemmer","143":"product_tag-truemmerhaufen","144":"product_tag-truemmerhaufens","145":"product_tag-truemmern","146":"product_tag-zeitgeschichte","147":"product_tag-zerstoeren","148":"product_tag-zerstoert","149":"product_tag-zerstoerte","150":"product_tag-zerstoerten","151":"product_tag-zerstoerter","152":"product_tag-zerstoertes","153":"product_tag-zerstoerung","154":"product_tag-zerstoerungen","155":"pa_beschreibung-rueckseitenbeschriftung-von-hand-der-fotografin-tyros","156":"pa_datierung-juli-1982","157":"pa_fotograf-abisag-tuellmann","158":"pa_geografischer_bezug-aufnahmeort-tyros-libanon","159":"pa_grunddaten_material_technik-foto-silbergelatine-auf-barytpapier","160":"pa_inventarnummer-tue-82-084-16a","161":"pa_jahr_von-47235","162":"pa_massangaben-bildformat-foto-213-x-304-cm","163":"pa_mediennummer-47538","164":"pa_objekt_typ-fotografie","166":"first","167":"instock","168":"product-type-simple"},"yoast_head":"<!-- This site is optimized with the Yoast SEO plugin v27.4 - https:\/\/yoast.com\/product\/yoast-seo-wordpress\/ -->\n<title>Ein Mann putzt sein Auto im kriegszerst\u00f6rten Tyros - Abisag T\u00fcllmann<\/title>\n<meta name=\"robots\" content=\"index, follow, max-snippet:-1, max-image-preview:large, max-video-preview:-1\" \/>\n<link rel=\"canonical\" href=\"https:\/\/bpk-archive.de\/tuellmann\/produkt\/ein-mann-putzt-sein-auto-im-kriegszerstoerten-tyros-2\/\" \/>\n<meta property=\"og:locale\" content=\"de_DE\" \/>\n<meta property=\"og:type\" content=\"article\" \/>\n<meta property=\"og:title\" content=\"Ein Mann putzt sein Auto im kriegszerst\u00f6rten Tyros - Abisag T\u00fcllmann\" \/>\n<meta property=\"og:description\" content=\"R\u00fcckseitenbeschriftung von Hand der Fotografin: &#8222;Tyros&#8220;Aufnahmedatum: Juli 1982Material\/Technik: Foto \/ Silbergelatine auf BarytpapierBildformat (Foto): 21,3 x 30,4 cmAufnahmeort: Tyros \/ LibanonInventar-Nr.: T\u00fc 82\/084-16a\" \/>\n<meta property=\"og:url\" content=\"https:\/\/bpk-archive.de\/tuellmann\/produkt\/ein-mann-putzt-sein-auto-im-kriegszerstoerten-tyros-2\/\" \/>\n<meta property=\"og:site_name\" content=\"Abisag T\u00fcllmann\" \/>\n<meta property=\"article:modified_time\" content=\"2019-09-05T12:12:52+00:00\" \/>\n<meta property=\"og:image\" content=\"https:\/\/bpk-archive.de\/tuellmann\/wp-content\/uploads\/2019\/08\/bpk_70271626.jpg\" \/>\n\t<meta property=\"og:image:width\" content=\"1200\" \/>\n\t<meta property=\"og:image:height\" content=\"856\" \/>\n\t<meta property=\"og:image:type\" content=\"image\/jpeg\" \/>\n<meta name=\"twitter:card\" content=\"summary_large_image\" \/>\n<script type=\"application\/ld+json\" class=\"yoast-schema-graph\">{\"@context\":\"https:\\\/\\\/schema.org\",\"@graph\":[{\"@type\":\"WebPage\",\"@id\":\"https:\\\/\\\/bpk-archive.de\\\/tuellmann\\\/produkt\\\/ein-mann-putzt-sein-auto-im-kriegszerstoerten-tyros-2\\\/\",\"url\":\"https:\\\/\\\/bpk-archive.de\\\/tuellmann\\\/produkt\\\/ein-mann-putzt-sein-auto-im-kriegszerstoerten-tyros-2\\\/\",\"name\":\"Ein Mann putzt sein Auto im kriegszerst\u00f6rten Tyros - Abisag T\u00fcllmann\",\"isPartOf\":{\"@id\":\"https:\\\/\\\/bpk-archive.de\\\/tuellmann\\\/#website\"},\"primaryImageOfPage\":{\"@id\":\"https:\\\/\\\/bpk-archive.de\\\/tuellmann\\\/produkt\\\/ein-mann-putzt-sein-auto-im-kriegszerstoerten-tyros-2\\\/#primaryimage\"},\"image\":{\"@id\":\"https:\\\/\\\/bpk-archive.de\\\/tuellmann\\\/produkt\\\/ein-mann-putzt-sein-auto-im-kriegszerstoerten-tyros-2\\\/#primaryimage\"},\"thumbnailUrl\":\"https:\\\/\\\/bpk-archive.de\\\/tuellmann\\\/wp-content\\\/uploads\\\/2019\\\/08\\\/bpk_70271626.jpg\",\"datePublished\":\"2019-09-05T12:12:47+00:00\",\"dateModified\":\"2019-09-05T12:12:52+00:00\",\"breadcrumb\":{\"@id\":\"https:\\\/\\\/bpk-archive.de\\\/tuellmann\\\/produkt\\\/ein-mann-putzt-sein-auto-im-kriegszerstoerten-tyros-2\\\/#breadcrumb\"},\"inLanguage\":\"de\",\"potentialAction\":[{\"@type\":\"ReadAction\",\"target\":[\"https:\\\/\\\/bpk-archive.de\\\/tuellmann\\\/produkt\\\/ein-mann-putzt-sein-auto-im-kriegszerstoerten-tyros-2\\\/\"]}]},{\"@type\":\"ImageObject\",\"inLanguage\":\"de\",\"@id\":\"https:\\\/\\\/bpk-archive.de\\\/tuellmann\\\/produkt\\\/ein-mann-putzt-sein-auto-im-kriegszerstoerten-tyros-2\\\/#primaryimage\",\"url\":\"https:\\\/\\\/bpk-archive.de\\\/tuellmann\\\/wp-content\\\/uploads\\\/2019\\\/08\\\/bpk_70271626.jpg\",\"contentUrl\":\"https:\\\/\\\/bpk-archive.de\\\/tuellmann\\\/wp-content\\\/uploads\\\/2019\\\/08\\\/bpk_70271626.jpg\",\"width\":1200,\"height\":856,\"caption\":\"Ein Mann putzt sein Auto im kriegszerst\u00f6rten Tyros\"},{\"@type\":\"BreadcrumbList\",\"@id\":\"https:\\\/\\\/bpk-archive.de\\\/tuellmann\\\/produkt\\\/ein-mann-putzt-sein-auto-im-kriegszerstoerten-tyros-2\\\/#breadcrumb\",\"itemListElement\":[{\"@type\":\"ListItem\",\"position\":1,\"name\":\"Startseite\",\"item\":\"https:\\\/\\\/bpk-archive.de\\\/tuellmann\\\/\"},{\"@type\":\"ListItem\",\"position\":2,\"name\":\"Shop\",\"item\":\"https:\\\/\\\/bpk-archive.de\\\/tuellmann\\\/shop\\\/\"},{\"@type\":\"ListItem\",\"position\":3,\"name\":\"Ein Mann putzt sein Auto im kriegszerst\u00f6rten Tyros\"}]},{\"@type\":\"WebSite\",\"@id\":\"https:\\\/\\\/bpk-archive.de\\\/tuellmann\\\/#website\",\"url\":\"https:\\\/\\\/bpk-archive.de\\\/tuellmann\\\/\",\"name\":\"Abisag T\u00fcllmann\",\"description\":\"Eine weitere WordPress-Website\",\"potentialAction\":[{\"@type\":\"SearchAction\",\"target\":{\"@type\":\"EntryPoint\",\"urlTemplate\":\"https:\\\/\\\/bpk-archive.de\\\/tuellmann\\\/?s={search_term_string}\"},\"query-input\":{\"@type\":\"PropertyValueSpecification\",\"valueRequired\":true,\"valueName\":\"search_term_string\"}}],\"inLanguage\":\"de\"}]}<\/script>\n<!-- \/ Yoast SEO plugin. -->","yoast_head_json":{"title":"Ein Mann putzt sein Auto im kriegszerst\u00f6rten Tyros - Abisag T\u00fcllmann","robots":{"index":"index","follow":"follow","max-snippet":"max-snippet:-1","max-image-preview":"max-image-preview:large","max-video-preview":"max-video-preview:-1"},"canonical":"https:\/\/bpk-archive.de\/tuellmann\/produkt\/ein-mann-putzt-sein-auto-im-kriegszerstoerten-tyros-2\/","og_locale":"de_DE","og_type":"article","og_title":"Ein Mann putzt sein Auto im kriegszerst\u00f6rten Tyros - Abisag T\u00fcllmann","og_description":"R\u00fcckseitenbeschriftung von Hand der Fotografin: &#8222;Tyros&#8220;Aufnahmedatum: Juli 1982Material\/Technik: Foto \/ Silbergelatine auf BarytpapierBildformat (Foto): 21,3 x 30,4 cmAufnahmeort: Tyros \/ LibanonInventar-Nr.: T\u00fc 82\/084-16a","og_url":"https:\/\/bpk-archive.de\/tuellmann\/produkt\/ein-mann-putzt-sein-auto-im-kriegszerstoerten-tyros-2\/","og_site_name":"Abisag T\u00fcllmann","article_modified_time":"2019-09-05T12:12:52+00:00","og_image":[{"width":1200,"height":856,"url":"https:\/\/bpk-archive.de\/tuellmann\/wp-content\/uploads\/2019\/08\/bpk_70271626.jpg","type":"image\/jpeg"}],"twitter_card":"summary_large_image","schema":{"@context":"https:\/\/schema.org","@graph":[{"@type":"WebPage","@id":"https:\/\/bpk-archive.de\/tuellmann\/produkt\/ein-mann-putzt-sein-auto-im-kriegszerstoerten-tyros-2\/","url":"https:\/\/bpk-archive.de\/tuellmann\/produkt\/ein-mann-putzt-sein-auto-im-kriegszerstoerten-tyros-2\/","name":"Ein Mann putzt sein Auto im kriegszerst\u00f6rten Tyros - Abisag T\u00fcllmann","isPartOf":{"@id":"https:\/\/bpk-archive.de\/tuellmann\/#website"},"primaryImageOfPage":{"@id":"https:\/\/bpk-archive.de\/tuellmann\/produkt\/ein-mann-putzt-sein-auto-im-kriegszerstoerten-tyros-2\/#primaryimage"},"image":{"@id":"https:\/\/bpk-archive.de\/tuellmann\/produkt\/ein-mann-putzt-sein-auto-im-kriegszerstoerten-tyros-2\/#primaryimage"},"thumbnailUrl":"https:\/\/bpk-archive.de\/tuellmann\/wp-content\/uploads\/2019\/08\/bpk_70271626.jpg","datePublished":"2019-09-05T12:12:47+00:00","dateModified":"2019-09-05T12:12:52+00:00","breadcrumb":{"@id":"https:\/\/bpk-archive.de\/tuellmann\/produkt\/ein-mann-putzt-sein-auto-im-kriegszerstoerten-tyros-2\/#breadcrumb"},"inLanguage":"de","potentialAction":[{"@type":"ReadAction","target":["https:\/\/bpk-archive.de\/tuellmann\/produkt\/ein-mann-putzt-sein-auto-im-kriegszerstoerten-tyros-2\/"]}]},{"@type":"ImageObject","inLanguage":"de","@id":"https:\/\/bpk-archive.de\/tuellmann\/produkt\/ein-mann-putzt-sein-auto-im-kriegszerstoerten-tyros-2\/#primaryimage","url":"https:\/\/bpk-archive.de\/tuellmann\/wp-content\/uploads\/2019\/08\/bpk_70271626.jpg","contentUrl":"https:\/\/bpk-archive.de\/tuellmann\/wp-content\/uploads\/2019\/08\/bpk_70271626.jpg","width":1200,"height":856,"caption":"Ein Mann putzt sein Auto im kriegszerst\u00f6rten Tyros"},{"@type":"BreadcrumbList","@id":"https:\/\/bpk-archive.de\/tuellmann\/produkt\/ein-mann-putzt-sein-auto-im-kriegszerstoerten-tyros-2\/#breadcrumb","itemListElement":[{"@type":"ListItem","position":1,"name":"Startseite","item":"https:\/\/bpk-archive.de\/tuellmann\/"},{"@type":"ListItem","position":2,"name":"Shop","item":"https:\/\/bpk-archive.de\/tuellmann\/shop\/"},{"@type":"ListItem","position":3,"name":"Ein Mann putzt sein Auto im kriegszerst\u00f6rten Tyros"}]},{"@type":"WebSite","@id":"https:\/\/bpk-archive.de\/tuellmann\/#website","url":"https:\/\/bpk-archive.de\/tuellmann\/","name":"Abisag T\u00fcllmann","description":"Eine weitere WordPress-Website","potentialAction":[{"@type":"SearchAction","target":{"@type":"EntryPoint","urlTemplate":"https:\/\/bpk-archive.de\/tuellmann\/?s={search_term_string}"},"query-input":{"@type":"PropertyValueSpecification","valueRequired":true,"valueName":"search_term_string"}}],"inLanguage":"de"}]}},"_links":{"self":[{"href":"https:\/\/bpk-archive.de\/tuellmann\/wp-json\/wp\/v2\/product\/70295077","targetHints":{"allow":["GET"]}}],"collection":[{"href":"https:\/\/bpk-archive.de\/tuellmann\/wp-json\/wp\/v2\/product"}],"about":[{"href":"https:\/\/bpk-archive.de\/tuellmann\/wp-json\/wp\/v2\/types\/product"}],"wp:featuredmedia":[{"embeddable":true,"href":"https:\/\/bpk-archive.de\/tuellmann\/wp-json\/wp\/v2\/media\/70292891"}],"wp:attachment":[{"href":"https:\/\/bpk-archive.de\/tuellmann\/wp-json\/wp\/v2\/media?parent=70295077"}],"wp:term":[{"taxonomy":"product_brand","embeddable":true,"href":"https:\/\/bpk-archive.de\/tuellmann\/wp-json\/wp\/v2\/product_brand?post=70295077"},{"taxonomy":"product_cat","embeddable":true,"href":"https:\/\/bpk-archive.de\/tuellmann\/wp-json\/wp\/v2\/product_cat?post=70295077"},{"taxonomy":"product_tag","embeddable":true,"href":"https:\/\/bpk-archive.de\/tuellmann\/wp-json\/wp\/v2\/product_tag?post=70295077"}],"curies":[{"name":"wp","href":"https:\/\/api.w.org\/{rel}","templated":true}]}}