{"id":70295071,"date":"2019-09-05T14:12:47","date_gmt":"2019-09-05T12:12:47","guid":{"rendered":"http:\/\/abisagtuellmann.bpk-news.de\/atbild\/zwei-maedchen-vor-einer-zerbombten-zimmerwand-in-einem-palaestinensischen-fluechtlingslager-bei-tyros-2\/"},"modified":"2019-09-05T14:12:48","modified_gmt":"2019-09-05T12:12:48","slug":"zwei-maedchen-vor-einer-zerbombten-zimmerwand-in-einem-palaestinensischen-fluechtlingslager-bei-tyros-2","status":"publish","type":"product","link":"https:\/\/bpk-archive.de\/tuellmann\/produkt\/zwei-maedchen-vor-einer-zerbombten-zimmerwand-in-einem-palaestinensischen-fluechtlingslager-bei-tyros-2\/","title":{"rendered":"Zwei M\u00e4dchen vor einer zerbombten Zimmerwand in einem pal\u00e4stinensischen Fl\u00fcchtlingslager bei Tyros"},"content":{"rendered":"<p>R\u00fcckseitenbeschriftung von Hand der Fotografin: &#8222;Pal\u00e4st. Fl\u00fcchtlingslager Rashadiye bei Tyros, Juli 82&#8243;&#8220;<BR>Aufnahmedatum: Juli 1982<BR>Material\/Technik: Foto \/ Silbergelatine auf Barytpapier<BR>Bildformat (Foto): 20,7 x 30,5<BR>Aufnahmeort: Tyros \/ Libanon<BR>Inventar-Nr.: T\u00fc 82\/077-21a<BR><\/p>\n","protected":false},"excerpt":{"rendered":"<p>R\u00fcckseitenbeschriftung von Hand der Fotografin: &#8222;Pal\u00e4st. Fl\u00fcchtlingslager Rashadiye bei Tyros, Juli 82&#8243;&#8220;Aufnahmedatum: Juli 1982Material\/Technik: Foto \/ Silbergelatine auf BarytpapierBildformat (Foto): 20,7 x 30,5Aufnahmeort: Tyros \/ LibanonInventar-Nr.: T\u00fc 82\/077-21a<\/p>\n","protected":false},"featured_media":70292879,"template":"","meta":[],"product_brand":[],"product_cat":[],"product_tag":[47237,13232,13234,13231,13233,47238,47239,13777,47240,47241,47242,47243,47244,47245,47246,47247,47248,47249,47250,47251,47252,47253,47254,47255,13784,13785,14177,47256,47257,47258,47259,13960,13961,13962,13963,13964,13965,13473,47260,47261,47262,47263,47264,14186,14187,14188,14189,14190,14191,47265,47266,14192,14193,14194,13293,13786,13787,13294,13295,13296,13297,47267,14066,47268,47269,13498,47270,47271,47272,47273,47274,47275,47276,47277,47278,47279,47280,47281,47282,47283,47284,14205,14206,14207,14208,14209,14210,14213,14214,14215,14216,14217,14218,14219,47285,47286,47287,47288,47289,47290,47291,47292,47293,47294,47295,47296,47297,47298,47299,47300,47301,47302,14000,14001,14002,14003,14004,14005,14006,14222,47303,47304,47305,47306,47307,47308,47309,47310,47311,47312,13310,47313,47314,47315,47316,47317,47318,13311,47319,47320,47322,47321,47323,47324,47325,47326,47327,47328,47329,47330,47331,13328,13827,13828,13329,13330,13331,13332,47332,13829,13830,13831,13832,13833,13834,13835,13836,13837,13838,13839,13840,13841,13842,14230,14231,14232,13843,47333,47334,47335,47336,47337,13877,13879,13865,13864,13866,13858,13859,13860,13861,13862,13863,47338,47339,13869,13870,13871,13872,13878,13880,13525,47340,47341,47342,47343,47344,47345,47346,47347,47348,47349,47350,47351,47352,47353,47354,47355,47356,47357,47358,47359],"class_list":["post-70295071","product","type-product","status-publish","has-post-thumbnail","product_tag-1980er-jahre","product_tag-20-jahrhundert-nach-chr","product_tag-20-jh-n-chr","product_tag-20-jahrhundert","product_tag-20-jh","product_tag-80er","product_tag-abt_001","product_tag-abzug","product_tag-achtziger","product_tag-at_israel","product_tag-besatzungsmacht","product_tag-besatzungsmaechte","product_tag-besatzungsmaechten","product_tag-besatzungszeit","product_tag-besatzungszone","product_tag-besatzungszonen","product_tag-besetzen","product_tag-besetzt","product_tag-besetzte","product_tag-besetzten","product_tag-besetzter","product_tag-besetztes","product_tag-besetzung","product_tag-besetzungen","product_tag-bildnis","product_tag-bildnisse","product_tag-blickkontakt","product_tag-bombenschaden","product_tag-buergerkrieg","product_tag-buergerkriege","product_tag-buergerkrieges","product_tag-doppelbildnis","product_tag-doppelbildnisse","product_tag-doppelportrait","product_tag-doppelportraits","product_tag-doppelportraet","product_tag-doppelportraets","product_tag-drinnen","product_tag-einschlagloecher","product_tag-einschuss","product_tag-einschussloch","product_tag-einschussloecher","product_tag-einschussloechern","product_tag-fluechtling","product_tag-fluechtlinge","product_tag-fluechtlingen","product_tag-fluechtlings","product_tag-fluechtlingsheim","product_tag-fluechtlingsheime","product_tag-fluechtlingskind","product_tag-fluechtlingskinder","product_tag-fluechtlingslager","product_tag-fluechtlingsunterkunft","product_tag-fluechtlingsunterkuenfte","product_tag-foto","product_tag-fotoabzug","product_tag-fotoabzuege","product_tag-fotografie","product_tag-fotografien","product_tag-fotografin","product_tag-fotografinnen","product_tag-fotoreportage","product_tag-geschichte","product_tag-geschwister","product_tag-geschwisterpaar","product_tag-innen","product_tag-innenansicht","product_tag-innenansichten","product_tag-inneneinrichtung","product_tag-innenraum","product_tag-innenraeume","product_tag-innenraumes","product_tag-innenraums","product_tag-interieur","product_tag-invasion","product_tag-israel","product_tag-israelisch","product_tag-israelische","product_tag-israelischer","product_tag-israelisches","product_tag-israels","product_tag-kind","product_tag-kinde","product_tag-kinder","product_tag-kinderbild","product_tag-kinderbildnis","product_tag-kinderbildnisse","product_tag-kindern","product_tag-kinderportrait","product_tag-kinderportraits","product_tag-kinderportraet","product_tag-kinderportraets","product_tag-kindes","product_tag-kindheit","product_tag-knieen","product_tag-knieend","product_tag-knieende","product_tag-knieender","product_tag-knieendes","product_tag-knien","product_tag-kniend","product_tag-kniende","product_tag-kniender","product_tag-kniendes","product_tag-krieg","product_tag-kriege","product_tag-krieges","product_tag-kriegsschaden","product_tag-kriegszerstoerung","product_tag-kriegszerstoerungen","product_tag-krise","product_tag-krisen","product_tag-laecheln","product_tag-laechelnd","product_tag-laechelnde","product_tag-laechelnden","product_tag-laechelnder","product_tag-laechelndes","product_tag-laechelt","product_tag-lager","product_tag-libanese","product_tag-libanesisch","product_tag-libanesische","product_tag-libanesischen","product_tag-libanesischer","product_tag-libanesisches","product_tag-libanon","product_tag-libanonkrieg","product_tag-loch","product_tag-loecher","product_tag-maedchen","product_tag-maedchenbildnis","product_tag-maedchenbildnisse","product_tag-maedchenportrait","product_tag-maedchenportraits","product_tag-maedchenportraet","product_tag-maedchenportraets","product_tag-maedchens","product_tag-naher-osten","product_tag-nahost","product_tag-nahost-konflikt","product_tag-nahostkonflikt","product_tag-okkupation","product_tag-palaestinenser","product_tag-palaestinenserin","product_tag-palaestinenserinnen","product_tag-palaestinensisch","product_tag-palaestinensische","product_tag-palaestinensischen","product_tag-palaestinensischer","product_tag-palaestinensisches","product_tag-photo","product_tag-photoabzug","product_tag-photoabzuege","product_tag-photographie","product_tag-photographien","product_tag-photographin","product_tag-photographinnen","product_tag-photoreportage","product_tag-portrait","product_tag-portraitaufnahme","product_tag-portraitfoto","product_tag-portraitfotografie","product_tag-portraitphoto","product_tag-portraitphotographie","product_tag-portraits","product_tag-portraet","product_tag-portraetaufnahme","product_tag-portraetfoto","product_tag-portraetfotografie","product_tag-portraetphoto","product_tag-portraetphotographie","product_tag-portraets","product_tag-pose","product_tag-posieren","product_tag-posiert","product_tag-print","product_tag-reportage","product_tag-reportagefoto","product_tag-reportagefotografie","product_tag-reportagephoto","product_tag-reportagephotographie","product_tag-s-w-fotografie","product_tag-s-w-photographie","product_tag-schwarzweissphotographie","product_tag-schwarz-weiss-fotografie","product_tag-schwarz-weiss-photographie","product_tag-schwarzweiss","product_tag-schwarzweisse","product_tag-schwarzweissen","product_tag-schwarzweisser","product_tag-schwarzweisses","product_tag-schwarzweissfotografie","product_tag-schwester","product_tag-schwestern","product_tag-silbergelatine","product_tag-silbergelatineabzug","product_tag-silbergelatineabzuege","product_tag-silbergelatineprint","product_tag-sw-fotografie","product_tag-sw-photographie","product_tag-von-innen","product_tag-wand","product_tag-waende","product_tag-waenden","product_tag-zeitgeschichte","product_tag-zerbombt","product_tag-zerbombte","product_tag-zerbombten","product_tag-zerbombter","product_tag-zerbombtes","product_tag-zerstoeren","product_tag-zerstoert","product_tag-zerstoerte","product_tag-zerstoerten","product_tag-zerstoerter","product_tag-zerstoertes","product_tag-zerstoerung","product_tag-zerstoerungen","product_tag-zimmer","product_tag-zimmers","product_tag-zwei","pa_beschreibung-rueckseitenbeschriftung-von-hand-der-fotografin-palaest-fluechtlingslager-rashadiye-bei-tyros-juli-82","pa_datierung-juli-1982","pa_fotograf-abisag-tuellmann","pa_geografischer_bezug-aufnahmeort-tyros-libanon","pa_grunddaten_material_technik-foto-silbergelatine-auf-barytpapier","pa_inventarnummer-tue-82-077-21a","pa_jahr_von-47235","pa_massangaben-bildformat-foto-207-x-305","pa_mediennummer-47230","pa_objekt_typ-fotografie","first","instock","product-type-simple"],"yoast_head":"<!-- This site is optimized with the Yoast SEO plugin v28.2 - https:\/\/yoast.com\/product\/yoast-seo-wordpress\/ -->\n<title>Zwei M\u00e4dchen vor einer zerbombten Zimmerwand in einem pal\u00e4stinensischen Fl\u00fcchtlingslager bei Tyros - Abisag T\u00fcllmann<\/title>\n<meta name=\"robots\" content=\"index, follow, max-snippet:-1, max-image-preview:large, max-video-preview:-1\" \/>\n<link rel=\"canonical\" href=\"https:\/\/bpk-archive.de\/tuellmann\/produkt\/zwei-maedchen-vor-einer-zerbombten-zimmerwand-in-einem-palaestinensischen-fluechtlingslager-bei-tyros-2\/\" \/>\n<meta property=\"og:locale\" content=\"de_DE\" \/>\n<meta property=\"og:type\" content=\"article\" \/>\n<meta property=\"og:title\" content=\"Zwei M\u00e4dchen vor einer zerbombten Zimmerwand in einem pal\u00e4stinensischen Fl\u00fcchtlingslager bei Tyros - Abisag T\u00fcllmann\" \/>\n<meta property=\"og:description\" content=\"R\u00fcckseitenbeschriftung von Hand der Fotografin: &#8222;Pal\u00e4st. Fl\u00fcchtlingslager Rashadiye bei Tyros, Juli 82&#8243;&#8220;Aufnahmedatum: Juli 1982Material\/Technik: Foto \/ Silbergelatine auf BarytpapierBildformat (Foto): 20,7 x 30,5Aufnahmeort: Tyros \/ LibanonInventar-Nr.: T\u00fc 82\/077-21a\" \/>\n<meta property=\"og:url\" content=\"https:\/\/bpk-archive.de\/tuellmann\/produkt\/zwei-maedchen-vor-einer-zerbombten-zimmerwand-in-einem-palaestinensischen-fluechtlingslager-bei-tyros-2\/\" \/>\n<meta property=\"og:site_name\" content=\"Abisag T\u00fcllmann\" \/>\n<meta property=\"article:modified_time\" content=\"2019-09-05T12:12:48+00:00\" \/>\n<meta property=\"og:image\" content=\"https:\/\/bpk-archive.de\/tuellmann\/wp-content\/uploads\/2019\/08\/bpk_70271622.jpg\" \/>\n\t<meta property=\"og:image:width\" content=\"1200\" \/>\n\t<meta property=\"og:image:height\" content=\"833\" \/>\n\t<meta property=\"og:image:type\" content=\"image\/jpeg\" \/>\n<meta name=\"twitter:card\" content=\"summary_large_image\" \/>\n<script type=\"application\/ld+json\" class=\"yoast-schema-graph\">{\"@context\":\"https:\\\/\\\/schema.org\",\"@graph\":[{\"@type\":\"WebPage\",\"@id\":\"https:\\\/\\\/bpk-archive.de\\\/tuellmann\\\/produkt\\\/zwei-maedchen-vor-einer-zerbombten-zimmerwand-in-einem-palaestinensischen-fluechtlingslager-bei-tyros-2\\\/\",\"url\":\"https:\\\/\\\/bpk-archive.de\\\/tuellmann\\\/produkt\\\/zwei-maedchen-vor-einer-zerbombten-zimmerwand-in-einem-palaestinensischen-fluechtlingslager-bei-tyros-2\\\/\",\"name\":\"Zwei M\u00e4dchen vor einer zerbombten Zimmerwand in einem pal\u00e4stinensischen Fl\u00fcchtlingslager bei Tyros - Abisag T\u00fcllmann\",\"isPartOf\":{\"@id\":\"https:\\\/\\\/bpk-archive.de\\\/tuellmann\\\/#website\"},\"primaryImageOfPage\":{\"@id\":\"https:\\\/\\\/bpk-archive.de\\\/tuellmann\\\/produkt\\\/zwei-maedchen-vor-einer-zerbombten-zimmerwand-in-einem-palaestinensischen-fluechtlingslager-bei-tyros-2\\\/#primaryimage\"},\"image\":{\"@id\":\"https:\\\/\\\/bpk-archive.de\\\/tuellmann\\\/produkt\\\/zwei-maedchen-vor-einer-zerbombten-zimmerwand-in-einem-palaestinensischen-fluechtlingslager-bei-tyros-2\\\/#primaryimage\"},\"thumbnailUrl\":\"https:\\\/\\\/bpk-archive.de\\\/tuellmann\\\/wp-content\\\/uploads\\\/2019\\\/08\\\/bpk_70271622.jpg\",\"datePublished\":\"2019-09-05T12:12:47+00:00\",\"dateModified\":\"2019-09-05T12:12:48+00:00\",\"breadcrumb\":{\"@id\":\"https:\\\/\\\/bpk-archive.de\\\/tuellmann\\\/produkt\\\/zwei-maedchen-vor-einer-zerbombten-zimmerwand-in-einem-palaestinensischen-fluechtlingslager-bei-tyros-2\\\/#breadcrumb\"},\"inLanguage\":\"de\",\"potentialAction\":[{\"@type\":\"ReadAction\",\"target\":[\"https:\\\/\\\/bpk-archive.de\\\/tuellmann\\\/produkt\\\/zwei-maedchen-vor-einer-zerbombten-zimmerwand-in-einem-palaestinensischen-fluechtlingslager-bei-tyros-2\\\/\"]}]},{\"@type\":\"ImageObject\",\"inLanguage\":\"de\",\"@id\":\"https:\\\/\\\/bpk-archive.de\\\/tuellmann\\\/produkt\\\/zwei-maedchen-vor-einer-zerbombten-zimmerwand-in-einem-palaestinensischen-fluechtlingslager-bei-tyros-2\\\/#primaryimage\",\"url\":\"https:\\\/\\\/bpk-archive.de\\\/tuellmann\\\/wp-content\\\/uploads\\\/2019\\\/08\\\/bpk_70271622.jpg\",\"contentUrl\":\"https:\\\/\\\/bpk-archive.de\\\/tuellmann\\\/wp-content\\\/uploads\\\/2019\\\/08\\\/bpk_70271622.jpg\",\"width\":1200,\"height\":833,\"caption\":\"Zwei M\u00e4dchen vor einer zerbombten Zimmerwand in einem pal\u00e4stinensischen Fl\u00fcchtlingslager bei Tyros\"},{\"@type\":\"BreadcrumbList\",\"@id\":\"https:\\\/\\\/bpk-archive.de\\\/tuellmann\\\/produkt\\\/zwei-maedchen-vor-einer-zerbombten-zimmerwand-in-einem-palaestinensischen-fluechtlingslager-bei-tyros-2\\\/#breadcrumb\",\"itemListElement\":[{\"@type\":\"ListItem\",\"position\":1,\"name\":\"Startseite\",\"item\":\"https:\\\/\\\/bpk-archive.de\\\/tuellmann\\\/\"},{\"@type\":\"ListItem\",\"position\":2,\"name\":\"Shop\",\"item\":\"https:\\\/\\\/bpk-archive.de\\\/tuellmann\\\/shop\\\/\"},{\"@type\":\"ListItem\",\"position\":3,\"name\":\"Zwei M\u00e4dchen vor einer zerbombten Zimmerwand in einem pal\u00e4stinensischen Fl\u00fcchtlingslager bei Tyros\"}]},{\"@type\":\"WebSite\",\"@id\":\"https:\\\/\\\/bpk-archive.de\\\/tuellmann\\\/#website\",\"url\":\"https:\\\/\\\/bpk-archive.de\\\/tuellmann\\\/\",\"name\":\"Abisag T\u00fcllmann\",\"description\":\"Eine weitere WordPress-Website\",\"potentialAction\":[{\"@type\":\"SearchAction\",\"target\":{\"@type\":\"EntryPoint\",\"urlTemplate\":\"https:\\\/\\\/bpk-archive.de\\\/tuellmann\\\/?s={search_term_string}\"},\"query-input\":{\"@type\":\"PropertyValueSpecification\",\"valueRequired\":true,\"valueName\":\"search_term_string\"}}],\"inLanguage\":\"de\"}]}<\/script>\n<!-- \/ Yoast SEO plugin. -->","yoast_head_json":{"title":"Zwei M\u00e4dchen vor einer zerbombten Zimmerwand in einem pal\u00e4stinensischen Fl\u00fcchtlingslager bei Tyros - Abisag T\u00fcllmann","robots":{"index":"index","follow":"follow","max-snippet":"max-snippet:-1","max-image-preview":"max-image-preview:large","max-video-preview":"max-video-preview:-1"},"canonical":"https:\/\/bpk-archive.de\/tuellmann\/produkt\/zwei-maedchen-vor-einer-zerbombten-zimmerwand-in-einem-palaestinensischen-fluechtlingslager-bei-tyros-2\/","og_locale":"de_DE","og_type":"article","og_title":"Zwei M\u00e4dchen vor einer zerbombten Zimmerwand in einem pal\u00e4stinensischen Fl\u00fcchtlingslager bei Tyros - Abisag T\u00fcllmann","og_description":"R\u00fcckseitenbeschriftung von Hand der Fotografin: &#8222;Pal\u00e4st. Fl\u00fcchtlingslager Rashadiye bei Tyros, Juli 82&#8243;&#8220;Aufnahmedatum: Juli 1982Material\/Technik: Foto \/ Silbergelatine auf BarytpapierBildformat (Foto): 20,7 x 30,5Aufnahmeort: Tyros \/ LibanonInventar-Nr.: T\u00fc 82\/077-21a","og_url":"https:\/\/bpk-archive.de\/tuellmann\/produkt\/zwei-maedchen-vor-einer-zerbombten-zimmerwand-in-einem-palaestinensischen-fluechtlingslager-bei-tyros-2\/","og_site_name":"Abisag T\u00fcllmann","article_modified_time":"2019-09-05T12:12:48+00:00","og_image":[{"width":1200,"height":833,"url":"https:\/\/bpk-archive.de\/tuellmann\/wp-content\/uploads\/2019\/08\/bpk_70271622.jpg","type":"image\/jpeg"}],"twitter_card":"summary_large_image","schema":{"@context":"https:\/\/schema.org","@graph":[{"@type":"WebPage","@id":"https:\/\/bpk-archive.de\/tuellmann\/produkt\/zwei-maedchen-vor-einer-zerbombten-zimmerwand-in-einem-palaestinensischen-fluechtlingslager-bei-tyros-2\/","url":"https:\/\/bpk-archive.de\/tuellmann\/produkt\/zwei-maedchen-vor-einer-zerbombten-zimmerwand-in-einem-palaestinensischen-fluechtlingslager-bei-tyros-2\/","name":"Zwei M\u00e4dchen vor einer zerbombten Zimmerwand in einem pal\u00e4stinensischen Fl\u00fcchtlingslager bei Tyros - Abisag T\u00fcllmann","isPartOf":{"@id":"https:\/\/bpk-archive.de\/tuellmann\/#website"},"primaryImageOfPage":{"@id":"https:\/\/bpk-archive.de\/tuellmann\/produkt\/zwei-maedchen-vor-einer-zerbombten-zimmerwand-in-einem-palaestinensischen-fluechtlingslager-bei-tyros-2\/#primaryimage"},"image":{"@id":"https:\/\/bpk-archive.de\/tuellmann\/produkt\/zwei-maedchen-vor-einer-zerbombten-zimmerwand-in-einem-palaestinensischen-fluechtlingslager-bei-tyros-2\/#primaryimage"},"thumbnailUrl":"https:\/\/bpk-archive.de\/tuellmann\/wp-content\/uploads\/2019\/08\/bpk_70271622.jpg","datePublished":"2019-09-05T12:12:47+00:00","dateModified":"2019-09-05T12:12:48+00:00","breadcrumb":{"@id":"https:\/\/bpk-archive.de\/tuellmann\/produkt\/zwei-maedchen-vor-einer-zerbombten-zimmerwand-in-einem-palaestinensischen-fluechtlingslager-bei-tyros-2\/#breadcrumb"},"inLanguage":"de","potentialAction":[{"@type":"ReadAction","target":["https:\/\/bpk-archive.de\/tuellmann\/produkt\/zwei-maedchen-vor-einer-zerbombten-zimmerwand-in-einem-palaestinensischen-fluechtlingslager-bei-tyros-2\/"]}]},{"@type":"ImageObject","inLanguage":"de","@id":"https:\/\/bpk-archive.de\/tuellmann\/produkt\/zwei-maedchen-vor-einer-zerbombten-zimmerwand-in-einem-palaestinensischen-fluechtlingslager-bei-tyros-2\/#primaryimage","url":"https:\/\/bpk-archive.de\/tuellmann\/wp-content\/uploads\/2019\/08\/bpk_70271622.jpg","contentUrl":"https:\/\/bpk-archive.de\/tuellmann\/wp-content\/uploads\/2019\/08\/bpk_70271622.jpg","width":1200,"height":833,"caption":"Zwei M\u00e4dchen vor einer zerbombten Zimmerwand in einem pal\u00e4stinensischen Fl\u00fcchtlingslager bei Tyros"},{"@type":"BreadcrumbList","@id":"https:\/\/bpk-archive.de\/tuellmann\/produkt\/zwei-maedchen-vor-einer-zerbombten-zimmerwand-in-einem-palaestinensischen-fluechtlingslager-bei-tyros-2\/#breadcrumb","itemListElement":[{"@type":"ListItem","position":1,"name":"Startseite","item":"https:\/\/bpk-archive.de\/tuellmann\/"},{"@type":"ListItem","position":2,"name":"Shop","item":"https:\/\/bpk-archive.de\/tuellmann\/shop\/"},{"@type":"ListItem","position":3,"name":"Zwei M\u00e4dchen vor einer zerbombten Zimmerwand in einem pal\u00e4stinensischen Fl\u00fcchtlingslager bei Tyros"}]},{"@type":"WebSite","@id":"https:\/\/bpk-archive.de\/tuellmann\/#website","url":"https:\/\/bpk-archive.de\/tuellmann\/","name":"Abisag T\u00fcllmann","description":"Eine weitere WordPress-Website","potentialAction":[{"@type":"SearchAction","target":{"@type":"EntryPoint","urlTemplate":"https:\/\/bpk-archive.de\/tuellmann\/?s={search_term_string}"},"query-input":{"@type":"PropertyValueSpecification","valueRequired":true,"valueName":"search_term_string"}}],"inLanguage":"de"}]}},"_links":{"self":[{"href":"https:\/\/bpk-archive.de\/tuellmann\/wp-json\/wp\/v2\/product\/70295071","targetHints":{"allow":["GET"]}}],"collection":[{"href":"https:\/\/bpk-archive.de\/tuellmann\/wp-json\/wp\/v2\/product"}],"about":[{"href":"https:\/\/bpk-archive.de\/tuellmann\/wp-json\/wp\/v2\/types\/product"}],"wp:featuredmedia":[{"embeddable":true,"href":"https:\/\/bpk-archive.de\/tuellmann\/wp-json\/wp\/v2\/media\/70292879"}],"wp:attachment":[{"href":"https:\/\/bpk-archive.de\/tuellmann\/wp-json\/wp\/v2\/media?parent=70295071"}],"wp:term":[{"taxonomy":"product_brand","embeddable":true,"href":"https:\/\/bpk-archive.de\/tuellmann\/wp-json\/wp\/v2\/product_brand?post=70295071"},{"taxonomy":"product_cat","embeddable":true,"href":"https:\/\/bpk-archive.de\/tuellmann\/wp-json\/wp\/v2\/product_cat?post=70295071"},{"taxonomy":"product_tag","embeddable":true,"href":"https:\/\/bpk-archive.de\/tuellmann\/wp-json\/wp\/v2\/product_tag?post=70295071"}],"curies":[{"name":"wp","href":"https:\/\/api.w.org\/{rel}","templated":true}]}}