{"id":17,"date":"2017-08-23T14:19:48","date_gmt":"2017-08-23T12:19:48","guid":{"rendered":"http:\/\/abisagtuellmann.bpk-news.de\/?page_id=17"},"modified":"2020-10-28T12:55:53","modified_gmt":"2020-10-28T11:55:53","slug":"ausstellungen","status":"publish","type":"page","link":"https:\/\/bpk-archive.de\/tuellmann\/zur-person\/ausstellungen\/","title":{"rendered":"Ausstellungen"},"content":{"rendered":"\n<style type=\"text\/css\" data-created_by=\"avia_inline_auto\" id=\"style-css-av-av_heading-12f9f2073c85df47d534cde7c4dcbd8d\">\n#top .av-special-heading.av-av_heading-12f9f2073c85df47d534cde7c4dcbd8d{\npadding-bottom:10px;\n}\nbody .av-special-heading.av-av_heading-12f9f2073c85df47d534cde7c4dcbd8d .av-special-heading-tag .heading-char{\nfont-size:25px;\n}\n.av-special-heading.av-av_heading-12f9f2073c85df47d534cde7c4dcbd8d .av-subheading{\nfont-size:15px;\n}\n<\/style>\n<div  class='av-special-heading av-av_heading-12f9f2073c85df47d534cde7c4dcbd8d av-special-heading-h3  avia-builder-el-0  el_before_av_two_third  avia-builder-el-first '><h3 class='av-special-heading-tag '  itemprop=\"headline\"  >Ausstellungen<\/h3><div class=\"special-heading-border\"><div class=\"special-heading-inner-border\"><\/div><\/div><\/div>\n\n<style type=\"text\/css\" data-created_by=\"avia_inline_auto\" id=\"style-css-av-2lbw1-2f415cbd04cd5a1e4499ba23a044736e\">\n.flex_column.av-2lbw1-2f415cbd04cd5a1e4499ba23a044736e{\nborder-radius:0px 0px 0px 0px;\npadding:0px 0px 0px 0px;\n}\n<\/style>\n<div  class='flex_column av-2lbw1-2f415cbd04cd5a1e4499ba23a044736e av_two_third  avia-builder-el-1  el_after_av_heading  el_before_av_one_third  first flex_column_div av-zero-column-padding  '     ><section  class='av_textblock_section av-1y8pt-0e245ed6910d088dca6d117b52bf7753 '   itemscope=\"itemscope\" itemtype=\"https:\/\/schema.org\/CreativeWork\" ><div class='avia_textblock'  itemprop=\"text\" ><h3><strong><br \/>\nEinzelausstellungen<\/strong><\/h3>\n<p><strong> 1965<\/strong><br \/>\nBuchhandlung und Galerie Wendelin Niedlich, Stuttgart<\/p>\n<p><strong>1975<\/strong><br \/>\nFotos aus S\u00fcdafrika, anl\u00e4sslich der deutschen Erstauff\u00fchrung von Athol Fugards <em>Aussagen nach einer Verhaftung auf Grund des Gesetzes gegen die Sittlichkeit<\/em>, Schauspielhaus D\u00fcsseldorf<\/p>\n<p><strong>1979<\/strong><br \/>\n<em>Keine Kunstfotos &#8211; Bilder aus der Freien Schule Frankfurt<\/em>, Werkstatt Galerie, Frankfurt am Main<br \/>\n<em>Bilder aus der Freien Schule Frankfurt<\/em>, Fotogalerie Zillestra\u00dfe, Berlin<br \/>\nTheaterfotos vom W\u00fcrttembergischen Staatstheater Stuttgart, Buchhandlung und Galerie Wendelin Niedlich, Stuttgart<\/p>\n<p><strong>1988<\/strong><br \/>\n<em>Abisag T\u00fcllmann. Frankfurt &#8211; die 60er Jahre<\/em>, Fotobuchhandlung Panoptikum, Frankfurt am Main<br \/>\nFotos aus S\u00fcdafrika, Foyer im Nationaltheater Mannheim<\/p>\n<p><strong>1992<\/strong><br \/>\n<em>Nachtasyl &#8211; Obdachlosenbilder<\/em>, Foyer der Schaub\u00fchne Berlin<\/p>\n<p><strong>1994<br \/>\n<\/strong><em>Abisag T\u00fcllmann &#8211; Zonder Onderdak<\/em>, Goethe-Institut Rotterdam<br \/>\n<em>Ohne Obdach<\/em>, Galerie Kunst im Leeren, R\u00e4ume des ehemaligen M\u00f6belhauses Behr-Interior, Frankfurt am Main<br \/>\n<em>Joseph Beuys &#8211; Titus Andronicus \/ Iphigenie, Szenenwechsel VI<\/em>, Museum f\u00fcr Moderne Kunst, Frankfurt am Main<br \/>\n<em>Ohne Obdach<\/em>, Kapitelsaal Predigerkirche, Erfurt<\/p>\n<p><strong>1995<\/strong><br \/>\n<em>Abisag T\u00fcllmann &#8211; Photojournalistische Arbeiten 1958 bis 1992, <\/em><em>Szenenwechsel VII<\/em>, Museum f\u00fcr Moderne Kunst, Frankfurt am Main<\/p>\n<p><strong>1996<\/strong><br \/>\n<em> Abisag T\u00fcllmann &#8211; Joseph Beuys &#8222;Titus \/ Iphigenie&#8220; 1969. Photographs<\/em>, Goethe House, New York<br \/>\n<em>Abisag T\u00fcllmann. Photographie<\/em>, Galerie Klonk Tatort, Frankfurt am Main<\/p>\n<p><strong>2010<\/strong><br \/>\n<em>Abisag T\u00fcllmann (1935-1996). Bildreportagen und Theaterfotografie<\/em>, Historisches Museum Frankfurt, Frankfurt am Main \/ Museum f\u00fcr Fotografie, Berlin<\/p>\n<p><strong>2016<\/strong><br \/>\n<em> Abisag T\u00fcllmann &#8211; Die Frau mit der Kamera<\/em>, Goethe-Institute Paris und Lyon<\/p>\n<h3><strong><br \/>\nGruppenausstellungen<\/strong><\/h3>\n<p><strong>1964<\/strong><br \/>\n<em>1. Weltausstellung der Photographie: Was ist der Mensch?<\/em>, Wanderausstellung durch diverse deutsche St\u00e4dte, organisiert von Karl Pawek<\/p>\n<p><em>Stadt, St\u00e4dter<\/em>, Fotos von Elisabeth Niggemeyer und Abisag T\u00fcllmann, G\u00f6ppinger Galerie, Frankfurt am Main<\/p>\n<p><strong>1968<\/strong><br \/>\n<em>2. Weltausstellung der Photographie: Die Frau<\/em>, Wanderausstellung durch diverse deutsche St\u00e4dte, organisiert von Karl Pawek<\/p>\n<p><strong>1973<\/strong><br \/>\n<em>3. Weltausstellung der Photographie: Unterwegs zum Paradies<\/em>, Wanderausstellung durch diverse deutsche St\u00e4dte, organisiert von Karl Pawek<\/p>\n<p><strong>1977<\/strong><br \/>\n<em>4. Weltausstellung der Photographie: Die Kinder dieser Welt<\/em>, Wanderausstellung durch diverse deutsche St\u00e4dte, organisiert von Karl Pawek<\/p>\n<p><em>Bilder aus der Freien Schule Frankfurt<\/em>, Fotogalerie Zillestra\u00dfe, Berlin<\/p>\n<p><strong>1980<\/strong><br \/>\n<em>Absage an das Einzelbild, Erfahrungen mit Bildfolgen in der Fotografie der 70er-Jahre<\/em>, Museum Folkwang Essen<\/p>\n<p><strong>1992<\/strong><br \/>\n<em>Listen im Portikus,<\/em> Portikus Frankfurt \/ M.<strong><br \/>\n<\/strong><\/p>\n<p><em>Stationen des Vergessens<\/em>, Museum Judengasse, Frankfurt \/ M.<strong><br \/>\n<\/strong><\/p>\n<p><strong>1993<\/strong><br \/>\n<em>Frankfurt &#8217;68. Utopien ohne Zukunft. 25 Jahre danach. Radikale Tr\u00e4umer.<\/em> Ausstellung mit Fotos von Barbara Klemm und Abisag T\u00fcllmann anl\u00e4sslich einer Veranstaltung des Presse- und Informationsamtes, Foyer im R\u00f6mer, Frankfurt \/ M.<\/p>\n<p><strong>1994<\/strong><br \/>\n<em>Dantes Orte<\/em>, Refektorium Predigerkirche Erfurt<\/p>\n<p><em>Ilse Bing, Martha Hoepffner, Abisag T\u00fcllmann &#8211; Drei Fotografinnen in Frankfurt<\/em>, Historisches Museum Frankfurt, Frankfurt \/ M.<\/p>\n<p><em>Abisag T\u00fcllmann &#8211; Photojournalistische Arbeiten 1958 bis 1992<\/em>,\u00a0 im Rahmen des Szenenwechsels VII und VIII, Museum f\u00fcr Moderne Kunst, Frankfurt \/ M.<\/p>\n<p><em>Ri-Trovare Volterra. Pittura, scultura, fotografia, video, 21 artiste d&#8217;Europa incontrano la citt\u00e0<\/em>, Volterra<\/p>\n<p><strong>1996<\/strong><br \/>\n<em>Abisag T\u00fcllmann &#8211; Photojournalistische Arbeiten 1958 bis 1992<\/em>, im Rahmen des Szenenwechsels IX, Museum f\u00fcr Moderne Kunst, Frankfurt \/ M.<\/p>\n<p><em>Hei\u00dfe Br\u00fche &#8211; Obdachlosigkeit und Ausgrenzung in Deutschland<\/em>, Wanderausstellung Halle, Aschaffenburg, Gotha u.a., (1997 Historisches Museum Frankfurt, Frankfurt \/ M.)<\/p>\n<p><strong>1998<\/strong><br \/>\n<em>Therese Giehse, 1898-1998<\/em>, Deutsches Theatermuseum, M\u00fcnchen<\/p>\n<p><strong>1999<\/strong><br \/>\n<em>Theaterjahr 1999<\/em>. Deutsches Theatermuseum, M\u00fcnchen (anschlie\u00dfend Wanderausstellung der Goethe-Institute)<\/p>\n<p><strong>2004<\/strong><br \/>\n<em>Theaterpaare: 12 kreative Begegnungen in der deutschen Theaterwelt<\/em>, Deutsches Theatermuseum, M\u00fcnchen<\/p>\n<p><strong>2009<\/strong><br \/>\n<em>Marianne Hoppe &#8222;Erst Sch\u00f6nheit, dann Klugheit und dann das helle saubere Herz&#8220;<\/em>, Deutsches Theatermuseum, M\u00fcnchen (anschlie\u00dfend 2010 Theatermuseum Landeshauptstadt D\u00fcsseldorf)<\/p>\n<p><em>&#8222;\u00d6sterreich selbst ist nichts anderes als eine B\u00fchne&#8220;, Thomas Bernhard und das Theater<\/em>, \u00d6sterreichisches Theatermuseum, Wien<\/p>\n<p><em>Regie-Frauen. &#8218;Ein M\u00e4nnerberuf&#8216; in Frauenhand<\/em>, Deutsches Theatermuseum, M\u00fcnchen<\/p>\n<p><em>The Lucid Evidence. Fotografie aus der Sammlung des MMK<\/em>, Museum f\u00fcr Moderne Kunst, Frankfurt \/ M.<\/p>\n<\/div><\/section><\/div>\n<style type=\"text\/css\" data-created_by=\"avia_inline_auto\" id=\"style-css-av-1igql-50ef402ae584c4b866c83fb1c4065a95\">\n.flex_column.av-1igql-50ef402ae584c4b866c83fb1c4065a95{\nborder-radius:0px 0px 0px 0px;\npadding:0px 0px 0px 0px;\n}\n<\/style>\n<div  class='flex_column av-1igql-50ef402ae584c4b866c83fb1c4065a95 av_one_third  avia-builder-el-3  el_after_av_two_third  el_before_av_one_full  flex_column_div av-zero-column-padding  '     ><p>\n<style type=\"text\/css\" data-created_by=\"avia_inline_auto\" id=\"style-css-av-kel8nequ-31ccf3346b30b29f7ce3b793a7822366\">\n.avia-image-container.av-kel8nequ-31ccf3346b30b29f7ce3b793a7822366 img.avia_image{\nbox-shadow:none;\n}\n.avia-image-container.av-kel8nequ-31ccf3346b30b29f7ce3b793a7822366 .av-image-caption-overlay-center{\ncolor:#ffffff;\n}\n<\/style>\n<div  class='avia-image-container av-kel8nequ-31ccf3346b30b29f7ce3b793a7822366 av-styling- avia-align-center  avia-builder-el-4  el_before_av_image  avia-builder-el-first  av-has-copyright av-copyright-always'   itemprop=\"image\" itemscope=\"itemscope\" itemtype=\"https:\/\/schema.org\/ImageObject\" ><div class=\"avia-image-container-inner\"><div class=\"avia-image-overlay-wrap\"><img decoding=\"async\" fetchpriority=\"high\" class='wp-image-70317533 avia-img-lazy-loading-not-70317533 avia_image ' src=\"https:\/\/bpk-archive.de\/tuellmann\/wp-content\/uploads\/2020\/09\/bpk_70590571-495x400.jpg\" alt='' title='Abisag T\u00fcllmann und Mario Kramer beim Ausstellungsaufbau, MMK Frankfurt, 1995'  height=\"400\" width=\"495\"  itemprop=\"thumbnailUrl\" srcset=\"https:\/\/bpk-archive.de\/tuellmann\/wp-content\/uploads\/2020\/09\/bpk_70590571-495x400.jpg 495w, https:\/\/bpk-archive.de\/tuellmann\/wp-content\/uploads\/2020\/09\/bpk_70590571-845x684.jpg 845w\" sizes=\"(max-width: 495px) 100vw, 495px\" \/><\/div><small class=\"avia-copyright\">bpk \/ Petra Welzel<\/small><\/div><\/div><br \/>\n\n<style type=\"text\/css\" data-created_by=\"avia_inline_auto\" id=\"style-css-av-kel8nequ-1d34832b61a8113c6301182809f4fb5a\">\n.avia-image-container.av-kel8nequ-1d34832b61a8113c6301182809f4fb5a img.avia_image{\nbox-shadow:none;\n}\n.avia-image-container.av-kel8nequ-1d34832b61a8113c6301182809f4fb5a .av-image-caption-overlay-center{\ncolor:#ffffff;\n}\n<\/style>\n<div  class='avia-image-container av-kel8nequ-1d34832b61a8113c6301182809f4fb5a av-styling- avia-align-center  avia-builder-el-5  el_after_av_image  el_before_av_image  av-has-copyright av-copyright-always'   itemprop=\"image\" itemscope=\"itemscope\" itemtype=\"https:\/\/schema.org\/ImageObject\" ><div class=\"avia-image-container-inner\"><div class=\"avia-image-overlay-wrap\"><img decoding=\"async\" fetchpriority=\"high\" class='wp-image-70317536 avia-img-lazy-loading-not-70317536 avia_image ' src=\"https:\/\/bpk-archive.de\/tuellmann\/wp-content\/uploads\/2020\/09\/bpk_70590562-675x1030.jpg\" alt='' title='Abisag T\u00fcllmann beim Ausstellungsaufbau, MMK Frankfurt, 1995'  height=\"1030\" width=\"675\"  itemprop=\"thumbnailUrl\" srcset=\"https:\/\/bpk-archive.de\/tuellmann\/wp-content\/uploads\/2020\/09\/bpk_70590562-675x1030.jpg 675w, https:\/\/bpk-archive.de\/tuellmann\/wp-content\/uploads\/2020\/09\/bpk_70590562-197x300.jpg 197w, https:\/\/bpk-archive.de\/tuellmann\/wp-content\/uploads\/2020\/09\/bpk_70590562-768x1173.jpg 768w, https:\/\/bpk-archive.de\/tuellmann\/wp-content\/uploads\/2020\/09\/bpk_70590562-462x705.jpg 462w, https:\/\/bpk-archive.de\/tuellmann\/wp-content\/uploads\/2020\/09\/bpk_70590562-300x458.jpg 300w, https:\/\/bpk-archive.de\/tuellmann\/wp-content\/uploads\/2020\/09\/bpk_70590562-600x916.jpg 600w, https:\/\/bpk-archive.de\/tuellmann\/wp-content\/uploads\/2020\/09\/bpk_70590562.jpg 786w\" sizes=\"(max-width: 675px) 100vw, 675px\" \/><\/div><small class=\"avia-copyright\">bpk \/ Petra Welzel<\/small><\/div><\/div><br \/>\n\n<style type=\"text\/css\" data-created_by=\"avia_inline_auto\" id=\"style-css-av-kel8nequ-7b98a1051df80513232eb7e26b19e3d5\">\n.avia-image-container.av-kel8nequ-7b98a1051df80513232eb7e26b19e3d5 img.avia_image{\nbox-shadow:none;\n}\n.avia-image-container.av-kel8nequ-7b98a1051df80513232eb7e26b19e3d5 .av-image-caption-overlay-center{\ncolor:#ffffff;\n}\n<\/style>\n<div  class='avia-image-container av-kel8nequ-7b98a1051df80513232eb7e26b19e3d5 av-styling- avia-align-center  avia-builder-el-6  el_after_av_image  el_before_av_image  av-has-copyright av-copyright-always'   itemprop=\"image\" itemscope=\"itemscope\" itemtype=\"https:\/\/schema.org\/ImageObject\" ><div class=\"avia-image-container-inner\"><div class=\"avia-image-overlay-wrap\"><img decoding=\"async\" fetchpriority=\"high\" class='wp-image-70317535 avia-img-lazy-loading-not-70317535 avia_image ' src=\"https:\/\/bpk-archive.de\/tuellmann\/wp-content\/uploads\/2020\/09\/bpk_70590570-495x400.jpg\" alt='' title='Abisag T\u00fcllmann beim Ausstellungsaufbau, MMK Frankfurt, 1995'  height=\"400\" width=\"495\"  itemprop=\"thumbnailUrl\" srcset=\"https:\/\/bpk-archive.de\/tuellmann\/wp-content\/uploads\/2020\/09\/bpk_70590570-495x400.jpg 495w, https:\/\/bpk-archive.de\/tuellmann\/wp-content\/uploads\/2020\/09\/bpk_70590570-845x684.jpg 845w\" sizes=\"(max-width: 495px) 100vw, 495px\" \/><\/div><small class=\"avia-copyright\">bpk \/ Petra Welzel<\/small><\/div><\/div><br \/>\n\n<style type=\"text\/css\" data-created_by=\"avia_inline_auto\" id=\"style-css-av-vzmt-7876f080ff0300a6906277212886ef87\">\n.avia-image-container.av-vzmt-7876f080ff0300a6906277212886ef87 img.avia_image{\nbox-shadow:none;\n}\n.avia-image-container.av-vzmt-7876f080ff0300a6906277212886ef87 .av-image-caption-overlay-center{\ncolor:#ffffff;\n}\n<\/style>\n<div  class='avia-image-container av-vzmt-7876f080ff0300a6906277212886ef87 av-styling- avia-align-center  avia-builder-el-7  el_after_av_image  el_before_av_image  av-has-copyright av-copyright-always'   itemprop=\"image\" itemscope=\"itemscope\" itemtype=\"https:\/\/schema.org\/ImageObject\" ><div class=\"avia-image-container-inner\"><div class=\"avia-image-overlay-wrap\"><img decoding=\"async\" fetchpriority=\"high\" class='wp-image-70317526 avia-img-lazy-loading-not-70317526 avia_image ' src=\"https:\/\/bpk-archive.de\/tuellmann\/wp-content\/uploads\/2020\/09\/bpk_70245431-495x400.jpg\" alt='' title='Blick ins Foyer der Ausstellung &quot;Abisag T\u00fcllmann 1935 - 1996. Bildreportagen und Theaterfotografie&quot;'  height=\"400\" width=\"495\"  itemprop=\"thumbnailUrl\" srcset=\"https:\/\/bpk-archive.de\/tuellmann\/wp-content\/uploads\/2020\/09\/bpk_70245431-495x400.jpg 495w, https:\/\/bpk-archive.de\/tuellmann\/wp-content\/uploads\/2020\/09\/bpk_70245431-845x684.jpg 845w\" sizes=\"(max-width: 495px) 100vw, 495px\" \/><\/div><small class=\"avia-copyright\">hmf \/ Horst Ziegenfusz<\/small><\/div><\/div><br \/>\n\n<style type=\"text\/css\" data-created_by=\"avia_inline_auto\" id=\"style-css-av-vzmt-894e17cd931fea0681c06120a092cc5a\">\n.avia-image-container.av-vzmt-894e17cd931fea0681c06120a092cc5a img.avia_image{\nbox-shadow:none;\n}\n.avia-image-container.av-vzmt-894e17cd931fea0681c06120a092cc5a .av-image-caption-overlay-center{\ncolor:#ffffff;\n}\n<\/style>\n<div  class='avia-image-container av-vzmt-894e17cd931fea0681c06120a092cc5a av-styling- avia-align-center  avia-builder-el-8  el_after_av_image  el_before_av_image  av-has-copyright av-copyright-always'   itemprop=\"image\" itemscope=\"itemscope\" itemtype=\"https:\/\/schema.org\/ImageObject\" ><div class=\"avia-image-container-inner\"><div class=\"avia-image-overlay-wrap\"><img decoding=\"async\" fetchpriority=\"high\" class='wp-image-70317528 avia-img-lazy-loading-not-70317528 avia_image ' src=\"https:\/\/bpk-archive.de\/tuellmann\/wp-content\/uploads\/2020\/09\/bpk_70244997-495x400.jpg\" alt='' title='Blick in die Ausstellung &quot;Abisag T\u00fcllmann 1935 - 1996. Bildreportagen und Theaterfotografie&quot;'  height=\"400\" width=\"495\"  itemprop=\"thumbnailUrl\" srcset=\"https:\/\/bpk-archive.de\/tuellmann\/wp-content\/uploads\/2020\/09\/bpk_70244997-495x400.jpg 495w, https:\/\/bpk-archive.de\/tuellmann\/wp-content\/uploads\/2020\/09\/bpk_70244997-845x684.jpg 845w\" sizes=\"(max-width: 495px) 100vw, 495px\" \/><\/div><small class=\"avia-copyright\">hmf \/ Horst Ziegenfusz<\/small><\/div><\/div><br \/>\n\n<style type=\"text\/css\" data-created_by=\"avia_inline_auto\" id=\"style-css-av-vzmt-e0378d4aefaf127ba270a87d0c7ee9d1\">\n.avia-image-container.av-vzmt-e0378d4aefaf127ba270a87d0c7ee9d1 img.avia_image{\nbox-shadow:none;\n}\n.avia-image-container.av-vzmt-e0378d4aefaf127ba270a87d0c7ee9d1 .av-image-caption-overlay-center{\ncolor:#ffffff;\n}\n<\/style>\n<div  class='avia-image-container av-vzmt-e0378d4aefaf127ba270a87d0c7ee9d1 av-styling- avia-align-center  avia-builder-el-9  el_after_av_image  avia-builder-el-last  av-has-copyright av-copyright-always'   itemprop=\"image\" itemscope=\"itemscope\" itemtype=\"https:\/\/schema.org\/ImageObject\" ><div class=\"avia-image-container-inner\"><div class=\"avia-image-overlay-wrap\"><img decoding=\"async\" fetchpriority=\"high\" class='wp-image-70317527 avia-img-lazy-loading-not-70317527 avia_image ' src=\"https:\/\/bpk-archive.de\/tuellmann\/wp-content\/uploads\/2020\/09\/bpk_70245428-495x400.jpg\" alt='' title='Blick in die Ausstellung &quot;Abisag T\u00fcllmann 1935 - 1996. Bildreportagen und Theaterfotografie&quot;'  height=\"400\" width=\"495\"  itemprop=\"thumbnailUrl\" srcset=\"https:\/\/bpk-archive.de\/tuellmann\/wp-content\/uploads\/2020\/09\/bpk_70245428-495x400.jpg 495w, https:\/\/bpk-archive.de\/tuellmann\/wp-content\/uploads\/2020\/09\/bpk_70245428-845x684.jpg 845w\" sizes=\"(max-width: 495px) 100vw, 495px\" \/><\/div><small class=\"avia-copyright\">hmf \/ Horst Ziegenfusz<\/small><\/div><\/div><\/p><\/div><\/p>\n\n<style type=\"text\/css\" data-created_by=\"avia_inline_auto\" id=\"style-css-av-1256e-f83d4cd9f648ca1301fd8af81eecdc06\">\n.flex_column.av-1256e-f83d4cd9f648ca1301fd8af81eecdc06{\nborder-radius:0px 0px 0px 0px;\npadding:0px 0px 0px 0px;\n}\n<\/style>\n<div  class='flex_column av-1256e-f83d4cd9f648ca1301fd8af81eecdc06 av_one_full  avia-builder-el-10  el_after_av_one_third  avia-builder-el-last  first flex_column_div av-zero-column-padding  column-top-margin'     ><\/div>\n","protected":false},"excerpt":{"rendered":"","protected":false},"author":1,"featured_media":0,"parent":2,"menu_order":0,"comment_status":"closed","ping_status":"open","template":"","meta":{"footnotes":""},"class_list":["post-17","page","type-page","status-publish","hentry"],"yoast_head":"<!-- This site is optimized with the Yoast SEO plugin v27.4 - https:\/\/yoast.com\/product\/yoast-seo-wordpress\/ -->\n<title>Ausstellungen - Abisag T\u00fcllmann<\/title>\n<meta name=\"robots\" content=\"index, follow, max-snippet:-1, max-image-preview:large, max-video-preview:-1\" \/>\n<link rel=\"canonical\" href=\"https:\/\/bpk-archive.de\/tuellmann\/zur-person\/ausstellungen\/\" \/>\n<meta property=\"og:locale\" content=\"de_DE\" \/>\n<meta property=\"og:type\" content=\"article\" \/>\n<meta property=\"og:title\" content=\"Ausstellungen - Abisag T\u00fcllmann\" \/>\n<meta property=\"og:url\" content=\"https:\/\/bpk-archive.de\/tuellmann\/zur-person\/ausstellungen\/\" \/>\n<meta property=\"og:site_name\" content=\"Abisag T\u00fcllmann\" \/>\n<meta property=\"article:modified_time\" content=\"2020-10-28T11:55:53+00:00\" \/>\n<meta name=\"twitter:card\" content=\"summary_large_image\" \/>\n<meta name=\"twitter:label1\" content=\"Gesch\u00e4tzte Lesezeit\" \/>\n\t<meta name=\"twitter:data1\" content=\"7\u00a0Minuten\" \/>\n<script type=\"application\/ld+json\" class=\"yoast-schema-graph\">{\"@context\":\"https:\\\/\\\/schema.org\",\"@graph\":[{\"@type\":\"WebPage\",\"@id\":\"https:\\\/\\\/bpk-archive.de\\\/tuellmann\\\/zur-person\\\/ausstellungen\\\/\",\"url\":\"https:\\\/\\\/bpk-archive.de\\\/tuellmann\\\/zur-person\\\/ausstellungen\\\/\",\"name\":\"Ausstellungen - Abisag T\u00fcllmann\",\"isPartOf\":{\"@id\":\"https:\\\/\\\/bpk-archive.de\\\/tuellmann\\\/#website\"},\"datePublished\":\"2017-08-23T12:19:48+00:00\",\"dateModified\":\"2020-10-28T11:55:53+00:00\",\"breadcrumb\":{\"@id\":\"https:\\\/\\\/bpk-archive.de\\\/tuellmann\\\/zur-person\\\/ausstellungen\\\/#breadcrumb\"},\"inLanguage\":\"de\",\"potentialAction\":[{\"@type\":\"ReadAction\",\"target\":[\"https:\\\/\\\/bpk-archive.de\\\/tuellmann\\\/zur-person\\\/ausstellungen\\\/\"]}]},{\"@type\":\"BreadcrumbList\",\"@id\":\"https:\\\/\\\/bpk-archive.de\\\/tuellmann\\\/zur-person\\\/ausstellungen\\\/#breadcrumb\",\"itemListElement\":[{\"@type\":\"ListItem\",\"position\":1,\"name\":\"Startseite\",\"item\":\"https:\\\/\\\/bpk-archive.de\\\/tuellmann\\\/\"},{\"@type\":\"ListItem\",\"position\":2,\"name\":\"Zur Person\",\"item\":\"https:\\\/\\\/bpk-archive.de\\\/tuellmann\\\/zur-person\\\/\"},{\"@type\":\"ListItem\",\"position\":3,\"name\":\"Ausstellungen\"}]},{\"@type\":\"WebSite\",\"@id\":\"https:\\\/\\\/bpk-archive.de\\\/tuellmann\\\/#website\",\"url\":\"https:\\\/\\\/bpk-archive.de\\\/tuellmann\\\/\",\"name\":\"Abisag T\u00fcllmann\",\"description\":\"Eine weitere WordPress-Website\",\"potentialAction\":[{\"@type\":\"SearchAction\",\"target\":{\"@type\":\"EntryPoint\",\"urlTemplate\":\"https:\\\/\\\/bpk-archive.de\\\/tuellmann\\\/?s={search_term_string}\"},\"query-input\":{\"@type\":\"PropertyValueSpecification\",\"valueRequired\":true,\"valueName\":\"search_term_string\"}}],\"inLanguage\":\"de\"}]}<\/script>\n<!-- \/ Yoast SEO plugin. -->","yoast_head_json":{"title":"Ausstellungen - Abisag T\u00fcllmann","robots":{"index":"index","follow":"follow","max-snippet":"max-snippet:-1","max-image-preview":"max-image-preview:large","max-video-preview":"max-video-preview:-1"},"canonical":"https:\/\/bpk-archive.de\/tuellmann\/zur-person\/ausstellungen\/","og_locale":"de_DE","og_type":"article","og_title":"Ausstellungen - Abisag T\u00fcllmann","og_url":"https:\/\/bpk-archive.de\/tuellmann\/zur-person\/ausstellungen\/","og_site_name":"Abisag T\u00fcllmann","article_modified_time":"2020-10-28T11:55:53+00:00","twitter_card":"summary_large_image","twitter_misc":{"Gesch\u00e4tzte Lesezeit":"7\u00a0Minuten"},"schema":{"@context":"https:\/\/schema.org","@graph":[{"@type":"WebPage","@id":"https:\/\/bpk-archive.de\/tuellmann\/zur-person\/ausstellungen\/","url":"https:\/\/bpk-archive.de\/tuellmann\/zur-person\/ausstellungen\/","name":"Ausstellungen - Abisag T\u00fcllmann","isPartOf":{"@id":"https:\/\/bpk-archive.de\/tuellmann\/#website"},"datePublished":"2017-08-23T12:19:48+00:00","dateModified":"2020-10-28T11:55:53+00:00","breadcrumb":{"@id":"https:\/\/bpk-archive.de\/tuellmann\/zur-person\/ausstellungen\/#breadcrumb"},"inLanguage":"de","potentialAction":[{"@type":"ReadAction","target":["https:\/\/bpk-archive.de\/tuellmann\/zur-person\/ausstellungen\/"]}]},{"@type":"BreadcrumbList","@id":"https:\/\/bpk-archive.de\/tuellmann\/zur-person\/ausstellungen\/#breadcrumb","itemListElement":[{"@type":"ListItem","position":1,"name":"Startseite","item":"https:\/\/bpk-archive.de\/tuellmann\/"},{"@type":"ListItem","position":2,"name":"Zur Person","item":"https:\/\/bpk-archive.de\/tuellmann\/zur-person\/"},{"@type":"ListItem","position":3,"name":"Ausstellungen"}]},{"@type":"WebSite","@id":"https:\/\/bpk-archive.de\/tuellmann\/#website","url":"https:\/\/bpk-archive.de\/tuellmann\/","name":"Abisag T\u00fcllmann","description":"Eine weitere WordPress-Website","potentialAction":[{"@type":"SearchAction","target":{"@type":"EntryPoint","urlTemplate":"https:\/\/bpk-archive.de\/tuellmann\/?s={search_term_string}"},"query-input":{"@type":"PropertyValueSpecification","valueRequired":true,"valueName":"search_term_string"}}],"inLanguage":"de"}]}},"_links":{"self":[{"href":"https:\/\/bpk-archive.de\/tuellmann\/wp-json\/wp\/v2\/pages\/17","targetHints":{"allow":["GET"]}}],"collection":[{"href":"https:\/\/bpk-archive.de\/tuellmann\/wp-json\/wp\/v2\/pages"}],"about":[{"href":"https:\/\/bpk-archive.de\/tuellmann\/wp-json\/wp\/v2\/types\/page"}],"author":[{"embeddable":true,"href":"https:\/\/bpk-archive.de\/tuellmann\/wp-json\/wp\/v2\/users\/1"}],"replies":[{"embeddable":true,"href":"https:\/\/bpk-archive.de\/tuellmann\/wp-json\/wp\/v2\/comments?post=17"}],"version-history":[{"count":37,"href":"https:\/\/bpk-archive.de\/tuellmann\/wp-json\/wp\/v2\/pages\/17\/revisions"}],"predecessor-version":[{"id":70318073,"href":"https:\/\/bpk-archive.de\/tuellmann\/wp-json\/wp\/v2\/pages\/17\/revisions\/70318073"}],"up":[{"embeddable":true,"href":"https:\/\/bpk-archive.de\/tuellmann\/wp-json\/wp\/v2\/pages\/2"}],"wp:attachment":[{"href":"https:\/\/bpk-archive.de\/tuellmann\/wp-json\/wp\/v2\/media?parent=17"}],"curies":[{"name":"wp","href":"https:\/\/api.w.org\/{rel}","templated":true}]}}