{"id":152,"date":"2018-04-12T15:44:10","date_gmt":"2018-04-12T13:44:10","guid":{"rendered":"http:\/\/abisagtuellmann.bpk-news.de\/?page_id=152"},"modified":"2020-10-28T12:49:26","modified_gmt":"2020-10-28T11:49:26","slug":"biografie","status":"publish","type":"page","link":"https:\/\/bpk-archive.de\/tuellmann\/zur-person\/biografie\/","title":{"rendered":"Biografie"},"content":{"rendered":"\n<style type=\"text\/css\" data-created_by=\"avia_inline_auto\" id=\"style-css-av-av_heading-e09f1be826f13f9d0b06e7fbfde92f09\">\n#top .av-special-heading.av-av_heading-e09f1be826f13f9d0b06e7fbfde92f09{\npadding-bottom:10px;\n}\nbody .av-special-heading.av-av_heading-e09f1be826f13f9d0b06e7fbfde92f09 .av-special-heading-tag .heading-char{\nfont-size:25px;\n}\n.av-special-heading.av-av_heading-e09f1be826f13f9d0b06e7fbfde92f09 .av-subheading{\nfont-size:15px;\n}\n<\/style>\n<div  class='av-special-heading av-av_heading-e09f1be826f13f9d0b06e7fbfde92f09 av-special-heading-h3  avia-builder-el-0  el_before_av_two_third  avia-builder-el-first '><h3 class='av-special-heading-tag '  itemprop=\"headline\"  >Biografie<\/h3><div class=\"special-heading-border\"><div class=\"special-heading-inner-border\"><\/div><\/div><\/div>\n\n<style type=\"text\/css\" data-created_by=\"avia_inline_auto\" id=\"style-css-av-296luo-b06a4272361031cdd1556ecc207389b6\">\n.flex_column.av-296luo-b06a4272361031cdd1556ecc207389b6{\nborder-radius:0px 0px 0px 0px;\npadding:0px 0px 0px 0px;\n}\n<\/style>\n<div  id=\"biographie\"  class='flex_column av-296luo-b06a4272361031cdd1556ecc207389b6 av_two_third  avia-builder-el-1  el_after_av_heading  el_before_av_one_third  first flex_column_div av-zero-column-padding  '     ><section  class='av_textblock_section av-20e86w-d78698e8eaa7481ff2f2b12129717b0f '   itemscope=\"itemscope\" itemtype=\"https:\/\/schema.org\/CreativeWork\" ><div class='avia_textblock'  itemprop=\"text\" ><p class=\"western\"><b>1935<\/b><br \/>\nGeboren am 7. Oktober in Hagen als Ursula Eva T\u00fcllmann<\/p>\n<p class=\"western\"><b>1952<\/b><br \/>\nMittlere Reife in Wuppertal<\/p>\n<p class=\"western\"><b>1953<\/b><br \/>\nErste Aufnahmen mit einer Fotobox<\/p>\n<p class=\"western\"><b>1955-1957<\/b><br \/>\nExperimente mit Formen, Figuren, Atmosph\u00e4ren<\/p>\n<p class=\"western\"><b>1956<\/b><br \/>\nArbeit als Fotografin f\u00fcr \u201eit copyright\u201c in Wuppertal bei ihrem Freund Paul P\u00f6rtner, der sie Abisag nennt<\/p>\n<p class=\"western\"><b>1957<\/b><br \/>\nUmzug nach Frankfurt am Main, Volontariat bei einem Werbefotografen<\/p>\n<p class=\"western\"><b>ab 1958<\/b><br \/>\nFreiberufliche T\u00e4tigkeit als Fotografin f\u00fcr diverse Frankfurter Zeitungen, in den ersten Jahren erscheinen ihre Bilder in der <i>Frankfurter Neuen Presse<\/i>, der <i>Frankfurter Rundschau<\/i>, in <i>magnum \u2013 Zeitschrift f\u00fcr modernes Leben<\/i> und der Studentenzeitung <i>Diskus<\/i><br \/>\nIntensive Besch\u00e4ftigung mit der Stadt und regelm\u00e4\u00dfige Aufnahmen bei Kulturveranstaltungen<\/p>\n<p class=\"western\"><b>1959<\/b><br \/>\nEs entstehen zahlreiche Motive f\u00fcr ihr sp\u00e4teres Buch <em><span style=\"text-decoration: underline;\"><a href=\"https:\/\/bpk-archive.de\/tuellmann\/zum-werk\/kultur\/sonderprojekte\/das-grossstadtbuch\/\">Gro\u00dfstadt<\/a><\/span><\/em><\/p>\n<p class=\"western\"><b>1960<\/b><br \/>\nReisen nach Paris und durch Deutschland: <span style=\"text-decoration: underline;\"><a href=\"https:\/\/bpk-archive.de\/tuellmann\/gesellschaft\/grossstadt\/paris\/\">Sie fotografiert St\u00e4dte, Bahnh\u00f6fe, H\u00e4fen; in Frankfurt geh\u00f6ren Feste, Konzerte, Stra\u00dfenszenen zu ihren Motiven<\/a><\/span><\/p>\n<p class=\"western\"><b>1963<\/b><br \/>\nPublikation <span style=\"text-decoration: underline;\"><a href=\"https:\/\/bpk-archive.de\/tuellmann\/zum-werk\/kultur\/sonderprojekte\/das-grossstadtbuch\/\"><i>Gro\u00dfstadt<\/i><\/a><\/span><br \/>\nReportagen zu Theater, Kunst und Musik<br \/>\nT\u00fcllmann schickt nun Bilder an den <i>Stern<\/i>, den <i>Spiegel<\/i> und das Satiremagazin <i>Pardon<\/i><b>. <\/b>In den n\u00e4chsten Jahren kommen unter anderem <i>Scala international<\/i>, <i>Capital<\/i>, <i>Christ und Welt<\/i>, die <i>Frankfurter Allgemeine Zeitung<\/i>, die <i>ZEIT<\/i>, der <i>Volkswirt<\/i> und der <i>Rheinische Merkur<\/i> zu ihren Abnehmern und Auftraggebern hinzu<\/p>\n<p><b>1964<br \/>\n<\/b>Erste Teilnahme an der <i>Weltausstellung der Fotografie<\/i><br \/>\nReisen nach London und zur <i>documenta 3<\/i><\/p>\n<p class=\"western\"><b>1966<\/b><br \/>\nReise nach London, <span style=\"text-decoration: underline;\"><a href=\"https:\/\/bpk-archive.de\/tuellmann\/gesellschaft\/lebensformen-2\/london\/\">Farbaufnahmen Kunst und Mode<\/a><\/span><\/p>\n<p class=\"western\"><b>ab 1967<\/b><br \/>\nFotografisches Engagement auf Seiten der progressiven politischen Bewegungen sowohl in der Bundesrepublik Deutschland als auch, ab 1969, auf Seiten internationaler Befreiungsbewegungen<br \/>\nZu ihren Auftraggebern kommen in den sp\u00e4ten 1960er und 1970er Jahren hinzu: <i>Publik Visuell<\/i>, <i>Afrika heute<\/i>, <i>Konkret<\/i>, die <i>Welt<\/i>, die <i>S\u00fcddeutsche Zeitung<\/i>, die <i>Wirtschaftswoche<\/i>, <i>Brigitte<\/i>, <i>Emma<\/i> und <i>Quick<\/i><br \/>\nT\u00fcllmann beginnt, Inszenierungen von Claus Peymann zu fotografieren<\/p>\n<p class=\"western\"><b>1969<\/b><br \/>\nSie nimmt die Rekordzahl von 405 Filmen auf<br \/>\nEnde des Jahres reist sie nach Algerien, zur <a href=\"https:\/\/bpk-archive.de\/tuellmann\/fatah\/\"><span style=\"text-decoration: underline;\">Al Fatah Konferenz in Algier<\/span><\/a><\/p>\n<p class=\"western\"><b>1970<\/b><br \/>\nReportage \u00fcber die Reformen in Algerien<br \/>\nVeranstaltungen der <span style=\"text-decoration: underline;\"><a href=\"https:\/\/bpk-archive.de\/tuellmann\/zum-werk\/welt-im-wandel\/blackpanther\/\">Black Panther Bewegung<\/a><\/span><\/p>\n<p class=\"western\"><b>1971<\/b><br \/>\nErste <span style=\"text-decoration: underline;\"><a href=\"https:\/\/bpk-archive.de\/tuellmann\/zum-werk\/welt-im-wandel\/simbabwe\/\">Reise nach Rhodesien<\/a><\/span><\/p>\n<p class=\"western\"><b>1972<\/b><br \/>\nIhre Bilder werden im Ausland \u00fcber die im gleichen Jahr gegr\u00fcndete Pariser Fotoagentur Viva vertrieben, der unter anderem Martine Franck angeh\u00f6rt<br \/>\nReise nach Br\u00fcssel zu zwei Konferenzen zur Zukunft Namibias<\/p>\n<p class=\"western\"><b>1973<\/b><br \/>\nSie verfolgt den <a href=\"https:\/\/bpk-archive.de\/tuellmann\/pressebrd\/westend\/\"><span style=\"text-decoration: underline;\">H\u00e4userkampf im Frankfurter Westend<\/span><\/a>, die Abtreibungsdebatte, das \u201c1. Internationale Frauenfilmseminar\u201c in Berlin<br \/>\nReisen nach Japan, Korea und Polen<\/p>\n<p class=\"western\"><b>1974<\/b><br \/>\nPublikation <i>betrifft: Rhodesien<\/i> mit Bettina Decke<\/p>\n<p class=\"western\"><b>1976<\/b><br \/>\nFotosequenzen f\u00fcr Jutta Br\u00fcckners Film <span style=\"text-decoration: underline;\"><a href=\"https:\/\/bpk-archive.de\/tuellmann\/zum-werk\/kultur\/sonderprojekte\/arbeiten-fuer-den-film\/\"><i>Tue recht und scheue niemand \u2013 Das Leben der Gerda Siepenbrink<\/i><\/a><\/span><\/p>\n<p class=\"western\"><b>1977<\/b><br \/>\nLehrauftr\u00e4ge an der GHK Kassel und der St\u00e4delschule Frankfurt (bis 1979)<br \/>\nFotografien f\u00fcr (und kurzer Auftritt in) Helke Sanders Film <i>Die allseitig reduzierte Pers\u00f6nlichkeit \u2013 ReduPers<\/i><\/p>\n<p class=\"western\">Publikation <i>Bilder der Entschulung \u2013 Ich wei\u00df noch, wie ich Catman geworden bin<\/i><\/p>\n<p class=\"western\"><b>1978<br \/>\n<\/b>Stand- und Pressebilder f\u00fcr den Film <i>Die Reise nach Lyon<\/i> von Claudia von Alemann<\/p>\n<p class=\"western\"><b>1979<\/b><br \/>\nReise nach <a href=\"https:\/\/bpk-archive.de\/tuellmann\/zum-werk\/welt-im-wandel\/simbabwe\/\"><span style=\"text-decoration: underline;\">Rhodesien, das nun Simbabwe wird<\/span><\/a><\/p>\n<p class=\"western\"><b>1981 bis 1988<\/b><br \/>\nUnternimmt regelm\u00e4\u00dfig <a href=\"https:\/\/bpk-archive.de\/tuellmann\/zum-werk\/welt-im-wandel\/israel-1977-1988\/\"><span style=\"text-decoration: underline;\">Reisen nach Israel<\/span><\/a> und publiziert zahlreiche Aufnahmen zu diversen gesellschaftlichen und politischen Fragen<\/p>\n<p class=\"western\"><b>1982<\/b><br \/>\nStartbahn West-Proteste, Libanonkrieg<\/p>\n<p class=\"western\"><b>1988<\/b><br \/>\nTeilnahme an der Ausstellung <i>Frankfurt \u2013 die 1960er Jahre<\/i><br \/>\nSeit den sp\u00e4ten 1980er Jahren \u00fcberwiegt T\u00fcllmanns Theaterfotografie ihre Reportagen. Die Spielpl\u00e4ne geben von nun an ihren Lebensrhythmus vor. Mit Regisseuren wie Claus Peymann und Robert Wilson arbeitet sie \u00fcber lange Jahre zusammen, sie fotografiert zudem Aktionen von Joseph Beuys, der ihre Theaterfotografie ebenfalls zu sch\u00e4tzen wusste<\/p>\n<p class=\"western\"><b>1994<\/b><br \/>\n<span style=\"text-decoration: underline;\"><a href=\"https:\/\/bpk-archive.de\/tuellmann\/dantes-orte\/\">Projekt <i>Dantes Orte<\/i><\/a><\/span><br \/>\nAusstellungen ihrer Arbeiten im Goethe-Institut Rotterdam, im Museum f\u00fcr Moderne Kunst Frankfurt und in Erfurt<\/p>\n<p class=\"western\"><b>1995\/1996<\/b><br \/>\nLehrauftrag an der Hochschule f\u00fcr Gestaltung (HfG) Offenbach am Main<\/p>\n<p class=\"western\"><b>1995<\/b><br \/>\n<a href=\"https:\/\/bpk-archive.de\/tuellmann\/gesellschaft\/grossstadt\/new-york\/\"><span style=\"text-decoration: underline;\">Reise nach New York<\/span><\/a>, wo das Goethe-Institut eine T\u00fcllmann-Ausstellung plant<br \/>\nAusstellung fotojournalistischer Arbeiten im Museum f\u00fcr Moderne Kunst Frankfurt<\/p>\n<p class=\"western\"><b>1996<\/b><br \/>\nNachdem sie im Sommer noch den Verbleib ihres fotografischen Nachlasses geregelt hat, stirbt Abisag T\u00fcllmann am 24. September in Frankfurt am Main<\/p>\n<\/div><\/section><\/div>\n<style type=\"text\/css\" data-created_by=\"avia_inline_auto\" id=\"style-css-av-1v7iqo-f04dcde98d6982734c4c71595aaa3614\">\n.flex_column.av-1v7iqo-f04dcde98d6982734c4c71595aaa3614{\nborder-radius:0px 0px 0px 0px;\npadding:0px 0px 0px 0px;\n}\n<\/style>\n<div  class='flex_column av-1v7iqo-f04dcde98d6982734c4c71595aaa3614 av_one_third  avia-builder-el-3  el_after_av_two_third  el_before_av_one_full  flex_column_div av-zero-column-padding  '     ><p>\n<style type=\"text\/css\" data-created_by=\"avia_inline_auto\" id=\"style-css-av-kelem1tg-b0692927f39a239121e3092710bc8bb7\">\n.avia-image-container.av-kelem1tg-b0692927f39a239121e3092710bc8bb7 img.avia_image{\nbox-shadow:none;\n}\n.avia-image-container.av-kelem1tg-b0692927f39a239121e3092710bc8bb7 .av-image-caption-overlay-center{\ncolor:#ffffff;\n}\n<\/style>\n<div  class='avia-image-container av-kelem1tg-b0692927f39a239121e3092710bc8bb7 av-styling- avia-align-center  avia-builder-el-4  el_before_av_image  avia-builder-el-first  av-has-copyright av-copyright-always'   itemprop=\"image\" itemscope=\"itemscope\" itemtype=\"https:\/\/schema.org\/ImageObject\" ><div class=\"avia-image-container-inner\"><div class=\"avia-image-overlay-wrap\"><img decoding=\"async\" fetchpriority=\"high\" class='wp-image-70305989 avia-img-lazy-loading-not-70305989 avia_image ' src=\"https:\/\/bpk-archive.de\/tuellmann\/wp-content\/uploads\/2019\/11\/bpk_exp_bs_tuell_20034942-495x400.jpg\" alt='' title='Abisag T\u00fcllmann, 1960er Jahre'  height=\"400\" width=\"495\"  itemprop=\"thumbnailUrl\" srcset=\"https:\/\/bpk-archive.de\/tuellmann\/wp-content\/uploads\/2019\/11\/bpk_exp_bs_tuell_20034942-495x400.jpg 495w, https:\/\/bpk-archive.de\/tuellmann\/wp-content\/uploads\/2019\/11\/bpk_exp_bs_tuell_20034942-845x684.jpg 845w\" sizes=\"(max-width: 495px) 100vw, 495px\" \/><\/div><small class=\"avia-copyright\">bpk \/ Fotograf unbekannt<\/small><\/div><\/div><br \/>\n\n<style type=\"text\/css\" data-created_by=\"avia_inline_auto\" id=\"style-css-av-kelem1tg-4ef66126764519fd77a7d1c43d1862f8\">\n.avia-image-container.av-kelem1tg-4ef66126764519fd77a7d1c43d1862f8 img.avia_image{\nbox-shadow:none;\n}\n.avia-image-container.av-kelem1tg-4ef66126764519fd77a7d1c43d1862f8 .av-image-caption-overlay-center{\ncolor:#ffffff;\n}\n<\/style>\n<div  class='avia-image-container av-kelem1tg-4ef66126764519fd77a7d1c43d1862f8 av-styling- avia-align-center  avia-builder-el-5  el_after_av_image  el_before_av_image  av-has-copyright av-copyright-always'   itemprop=\"image\" itemscope=\"itemscope\" itemtype=\"https:\/\/schema.org\/ImageObject\" ><div class=\"avia-image-container-inner\"><div class=\"avia-image-overlay-wrap\"><img decoding=\"async\" fetchpriority=\"high\" class='wp-image-70305981 avia-img-lazy-loading-not-70305981 avia_image ' src=\"https:\/\/bpk-archive.de\/tuellmann\/wp-content\/uploads\/2019\/11\/20034944-495x400.jpg\" alt='' title='Abisag T\u00fcllmann, 1960er Jahre'  height=\"400\" width=\"495\"  itemprop=\"thumbnailUrl\" srcset=\"https:\/\/bpk-archive.de\/tuellmann\/wp-content\/uploads\/2019\/11\/20034944-495x400.jpg 495w, https:\/\/bpk-archive.de\/tuellmann\/wp-content\/uploads\/2019\/11\/20034944-845x684.jpg 845w\" sizes=\"(max-width: 495px) 100vw, 495px\" \/><\/div><small class=\"avia-copyright\">bpk \/ Fotograf unbekannt<\/small><\/div><\/div><br \/>\n\n<style type=\"text\/css\" data-created_by=\"avia_inline_auto\" id=\"style-css-av-kelem1tg-1a5dba26ce7213dbe2d844bdc15378c7\">\n.avia-image-container.av-kelem1tg-1a5dba26ce7213dbe2d844bdc15378c7 img.avia_image{\nbox-shadow:none;\n}\n.avia-image-container.av-kelem1tg-1a5dba26ce7213dbe2d844bdc15378c7 .av-image-caption-overlay-center{\ncolor:#ffffff;\n}\n<\/style>\n<div  class='avia-image-container av-kelem1tg-1a5dba26ce7213dbe2d844bdc15378c7 av-styling- avia-align-center  avia-builder-el-6  el_after_av_image  el_before_av_image  av-has-copyright av-copyright-always'   itemprop=\"image\" itemscope=\"itemscope\" itemtype=\"https:\/\/schema.org\/ImageObject\" ><div class=\"avia-image-container-inner\"><div class=\"avia-image-overlay-wrap\"><img decoding=\"async\" fetchpriority=\"high\" class='wp-image-70316911 avia-img-lazy-loading-not-70316911 avia_image ' src=\"https:\/\/bpk-archive.de\/tuellmann\/wp-content\/uploads\/2020\/06\/DSCN1537-495x400.jpg\" alt='' title='Abisag T\u00fcllmann, Frankfurt am Main, 1966'  height=\"400\" width=\"495\"  itemprop=\"thumbnailUrl\" srcset=\"https:\/\/bpk-archive.de\/tuellmann\/wp-content\/uploads\/2020\/06\/DSCN1537-495x400.jpg 495w, https:\/\/bpk-archive.de\/tuellmann\/wp-content\/uploads\/2020\/06\/DSCN1537-845x684.jpg 845w\" sizes=\"(max-width: 495px) 100vw, 495px\" \/><\/div><small class=\"avia-copyright\">bpk \/ Fotograf unbekannt<\/small><\/div><\/div><br \/>\n\n<style type=\"text\/css\" data-created_by=\"avia_inline_auto\" id=\"style-css-av-kelem1tg-2ccd70fbef2fbe7edc26b53f785bf244\">\n.avia-image-container.av-kelem1tg-2ccd70fbef2fbe7edc26b53f785bf244 img.avia_image{\nbox-shadow:none;\n}\n.avia-image-container.av-kelem1tg-2ccd70fbef2fbe7edc26b53f785bf244 .av-image-caption-overlay-center{\ncolor:#ffffff;\n}\n<\/style>\n<div  class='avia-image-container av-kelem1tg-2ccd70fbef2fbe7edc26b53f785bf244 av-styling- avia-align-center  avia-builder-el-7  el_after_av_image  el_before_av_image  av-has-copyright av-copyright-always'   itemprop=\"image\" itemscope=\"itemscope\" itemtype=\"https:\/\/schema.org\/ImageObject\" ><div class=\"avia-image-container-inner\"><div class=\"avia-image-overlay-wrap\"><img decoding=\"async\" fetchpriority=\"high\" class='wp-image-70316912 avia-img-lazy-loading-not-70316912 avia_image ' src=\"https:\/\/bpk-archive.de\/tuellmann\/wp-content\/uploads\/2020\/06\/bpk_exp_bs_tuell_20034956-495x400.jpg\" alt='' title='Abisag T\u00fcllmann bei der Sichtung von Kontaktb\u00f6gen in ihrem Atelier, 1969'  height=\"400\" width=\"495\"  itemprop=\"thumbnailUrl\" srcset=\"https:\/\/bpk-archive.de\/tuellmann\/wp-content\/uploads\/2020\/06\/bpk_exp_bs_tuell_20034956-495x400.jpg 495w, https:\/\/bpk-archive.de\/tuellmann\/wp-content\/uploads\/2020\/06\/bpk_exp_bs_tuell_20034956-300x241.jpg 300w, https:\/\/bpk-archive.de\/tuellmann\/wp-content\/uploads\/2020\/06\/bpk_exp_bs_tuell_20034956-845x684.jpg 845w\" sizes=\"(max-width: 495px) 100vw, 495px\" \/><\/div><small class=\"avia-copyright\">bpk \/ Fotograf unbekannt<\/small><\/div><\/div><br \/>\n\n<style type=\"text\/css\" data-created_by=\"avia_inline_auto\" id=\"style-css-av-kelem1tg-089f80a25b6c8bb66e99d633e03fc5a6\">\n.avia-image-container.av-kelem1tg-089f80a25b6c8bb66e99d633e03fc5a6 img.avia_image{\nbox-shadow:none;\n}\n.avia-image-container.av-kelem1tg-089f80a25b6c8bb66e99d633e03fc5a6 .av-image-caption-overlay-center{\ncolor:#ffffff;\n}\n<\/style>\n<div  class='avia-image-container av-kelem1tg-089f80a25b6c8bb66e99d633e03fc5a6 av-styling- avia-align-center  avia-builder-el-8  el_after_av_image  el_before_av_image  av-has-copyright av-copyright-always'   itemprop=\"image\" itemscope=\"itemscope\" itemtype=\"https:\/\/schema.org\/ImageObject\" ><div class=\"avia-image-container-inner\"><div class=\"avia-image-overlay-wrap\"><img decoding=\"async\" fetchpriority=\"high\" class='wp-image-70316913 avia-img-lazy-loading-not-70316913 avia_image ' src=\"https:\/\/bpk-archive.de\/tuellmann\/wp-content\/uploads\/2020\/06\/AT_d_790001_34_-495x400.jpg\" alt='' title='Selbstportr\u00e4t, 1979'  height=\"400\" width=\"495\"  itemprop=\"thumbnailUrl\" srcset=\"https:\/\/bpk-archive.de\/tuellmann\/wp-content\/uploads\/2020\/06\/AT_d_790001_34_-495x400.jpg 495w, https:\/\/bpk-archive.de\/tuellmann\/wp-content\/uploads\/2020\/06\/AT_d_790001_34_-845x684.jpg 845w\" sizes=\"(max-width: 495px) 100vw, 495px\" \/><\/div><small class=\"avia-copyright\">bpk \/ Abisag T\u00fcllmann<\/small><\/div><\/div><br \/>\n\n<style type=\"text\/css\" data-created_by=\"avia_inline_auto\" id=\"style-css-av-kelem1tg-58db6ac979122454dd37dd8b894457a1\">\n.avia-image-container.av-kelem1tg-58db6ac979122454dd37dd8b894457a1 img.avia_image{\nbox-shadow:none;\n}\n.avia-image-container.av-kelem1tg-58db6ac979122454dd37dd8b894457a1 .av-image-caption-overlay-center{\ncolor:#ffffff;\n}\n<\/style>\n<div  class='avia-image-container av-kelem1tg-58db6ac979122454dd37dd8b894457a1 av-styling- avia-align-center  avia-builder-el-9  el_after_av_image  avia-builder-el-last  av-has-copyright av-copyright-always'   itemprop=\"image\" itemscope=\"itemscope\" itemtype=\"https:\/\/schema.org\/ImageObject\" ><div class=\"avia-image-container-inner\"><div class=\"avia-image-overlay-wrap\"><img decoding=\"async\" fetchpriority=\"high\" class='wp-image-70317772 avia-img-lazy-loading-not-70317772 avia_image ' src=\"https:\/\/bpk-archive.de\/tuellmann\/wp-content\/uploads\/2020\/09\/bpk_00089631-495x400.jpg\" alt='' title='Abisag T\u00fcllmann im Nahen Osten, 1982'  height=\"400\" width=\"495\"  itemprop=\"thumbnailUrl\" srcset=\"https:\/\/bpk-archive.de\/tuellmann\/wp-content\/uploads\/2020\/09\/bpk_00089631-495x400.jpg 495w, https:\/\/bpk-archive.de\/tuellmann\/wp-content\/uploads\/2020\/09\/bpk_00089631-845x684.jpg 845w\" sizes=\"(max-width: 495px) 100vw, 495px\" \/><\/div><small class=\"avia-copyright\">bpk \/ Fotograf unbekannt<\/small><\/div><\/div><\/p><\/div><\/p>\n\n<style type=\"text\/css\" data-created_by=\"avia_inline_auto\" id=\"style-css-av-1256e-f83d4cd9f648ca1301fd8af81eecdc06\">\n.flex_column.av-1256e-f83d4cd9f648ca1301fd8af81eecdc06{\nborder-radius:0px 0px 0px 0px;\npadding:0px 0px 0px 0px;\n}\n<\/style>\n<div  class='flex_column av-1256e-f83d4cd9f648ca1301fd8af81eecdc06 av_one_full  avia-builder-el-10  el_after_av_one_third  avia-builder-el-last  first flex_column_div av-zero-column-padding  column-top-margin'     ><\/div>\n","protected":false},"excerpt":{"rendered":"","protected":false},"author":1,"featured_media":0,"parent":2,"menu_order":0,"comment_status":"closed","ping_status":"open","template":"","meta":{"footnotes":""},"class_list":["post-152","page","type-page","status-publish","hentry"],"yoast_head":"<!-- This site is optimized with the Yoast SEO plugin v27.4 - https:\/\/yoast.com\/product\/yoast-seo-wordpress\/ -->\n<title>Biografie - Abisag T\u00fcllmann<\/title>\n<meta name=\"robots\" content=\"index, follow, max-snippet:-1, max-image-preview:large, max-video-preview:-1\" \/>\n<link rel=\"canonical\" href=\"https:\/\/bpk-archive.de\/tuellmann\/zur-person\/biografie\/\" \/>\n<meta property=\"og:locale\" content=\"de_DE\" \/>\n<meta property=\"og:type\" content=\"article\" \/>\n<meta property=\"og:title\" content=\"Biografie - Abisag T\u00fcllmann\" \/>\n<meta property=\"og:url\" content=\"https:\/\/bpk-archive.de\/tuellmann\/zur-person\/biografie\/\" \/>\n<meta property=\"og:site_name\" content=\"Abisag T\u00fcllmann\" \/>\n<meta property=\"article:modified_time\" content=\"2020-10-28T11:49:26+00:00\" \/>\n<meta name=\"twitter:card\" content=\"summary_large_image\" \/>\n<meta name=\"twitter:label1\" content=\"Gesch\u00e4tzte Lesezeit\" \/>\n\t<meta name=\"twitter:data1\" content=\"8\u00a0Minuten\" \/>\n<script type=\"application\/ld+json\" class=\"yoast-schema-graph\">{\"@context\":\"https:\\\/\\\/schema.org\",\"@graph\":[{\"@type\":\"WebPage\",\"@id\":\"https:\\\/\\\/bpk-archive.de\\\/tuellmann\\\/zur-person\\\/biografie\\\/\",\"url\":\"https:\\\/\\\/bpk-archive.de\\\/tuellmann\\\/zur-person\\\/biografie\\\/\",\"name\":\"Biografie - Abisag T\u00fcllmann\",\"isPartOf\":{\"@id\":\"https:\\\/\\\/bpk-archive.de\\\/tuellmann\\\/#website\"},\"datePublished\":\"2018-04-12T13:44:10+00:00\",\"dateModified\":\"2020-10-28T11:49:26+00:00\",\"breadcrumb\":{\"@id\":\"https:\\\/\\\/bpk-archive.de\\\/tuellmann\\\/zur-person\\\/biografie\\\/#breadcrumb\"},\"inLanguage\":\"de\",\"potentialAction\":[{\"@type\":\"ReadAction\",\"target\":[\"https:\\\/\\\/bpk-archive.de\\\/tuellmann\\\/zur-person\\\/biografie\\\/\"]}]},{\"@type\":\"BreadcrumbList\",\"@id\":\"https:\\\/\\\/bpk-archive.de\\\/tuellmann\\\/zur-person\\\/biografie\\\/#breadcrumb\",\"itemListElement\":[{\"@type\":\"ListItem\",\"position\":1,\"name\":\"Startseite\",\"item\":\"https:\\\/\\\/bpk-archive.de\\\/tuellmann\\\/\"},{\"@type\":\"ListItem\",\"position\":2,\"name\":\"Zur Person\",\"item\":\"https:\\\/\\\/bpk-archive.de\\\/tuellmann\\\/zur-person\\\/\"},{\"@type\":\"ListItem\",\"position\":3,\"name\":\"Biografie\"}]},{\"@type\":\"WebSite\",\"@id\":\"https:\\\/\\\/bpk-archive.de\\\/tuellmann\\\/#website\",\"url\":\"https:\\\/\\\/bpk-archive.de\\\/tuellmann\\\/\",\"name\":\"Abisag T\u00fcllmann\",\"description\":\"Eine weitere WordPress-Website\",\"potentialAction\":[{\"@type\":\"SearchAction\",\"target\":{\"@type\":\"EntryPoint\",\"urlTemplate\":\"https:\\\/\\\/bpk-archive.de\\\/tuellmann\\\/?s={search_term_string}\"},\"query-input\":{\"@type\":\"PropertyValueSpecification\",\"valueRequired\":true,\"valueName\":\"search_term_string\"}}],\"inLanguage\":\"de\"}]}<\/script>\n<!-- \/ Yoast SEO plugin. -->","yoast_head_json":{"title":"Biografie - Abisag T\u00fcllmann","robots":{"index":"index","follow":"follow","max-snippet":"max-snippet:-1","max-image-preview":"max-image-preview:large","max-video-preview":"max-video-preview:-1"},"canonical":"https:\/\/bpk-archive.de\/tuellmann\/zur-person\/biografie\/","og_locale":"de_DE","og_type":"article","og_title":"Biografie - Abisag T\u00fcllmann","og_url":"https:\/\/bpk-archive.de\/tuellmann\/zur-person\/biografie\/","og_site_name":"Abisag T\u00fcllmann","article_modified_time":"2020-10-28T11:49:26+00:00","twitter_card":"summary_large_image","twitter_misc":{"Gesch\u00e4tzte Lesezeit":"8\u00a0Minuten"},"schema":{"@context":"https:\/\/schema.org","@graph":[{"@type":"WebPage","@id":"https:\/\/bpk-archive.de\/tuellmann\/zur-person\/biografie\/","url":"https:\/\/bpk-archive.de\/tuellmann\/zur-person\/biografie\/","name":"Biografie - Abisag T\u00fcllmann","isPartOf":{"@id":"https:\/\/bpk-archive.de\/tuellmann\/#website"},"datePublished":"2018-04-12T13:44:10+00:00","dateModified":"2020-10-28T11:49:26+00:00","breadcrumb":{"@id":"https:\/\/bpk-archive.de\/tuellmann\/zur-person\/biografie\/#breadcrumb"},"inLanguage":"de","potentialAction":[{"@type":"ReadAction","target":["https:\/\/bpk-archive.de\/tuellmann\/zur-person\/biografie\/"]}]},{"@type":"BreadcrumbList","@id":"https:\/\/bpk-archive.de\/tuellmann\/zur-person\/biografie\/#breadcrumb","itemListElement":[{"@type":"ListItem","position":1,"name":"Startseite","item":"https:\/\/bpk-archive.de\/tuellmann\/"},{"@type":"ListItem","position":2,"name":"Zur Person","item":"https:\/\/bpk-archive.de\/tuellmann\/zur-person\/"},{"@type":"ListItem","position":3,"name":"Biografie"}]},{"@type":"WebSite","@id":"https:\/\/bpk-archive.de\/tuellmann\/#website","url":"https:\/\/bpk-archive.de\/tuellmann\/","name":"Abisag T\u00fcllmann","description":"Eine weitere WordPress-Website","potentialAction":[{"@type":"SearchAction","target":{"@type":"EntryPoint","urlTemplate":"https:\/\/bpk-archive.de\/tuellmann\/?s={search_term_string}"},"query-input":{"@type":"PropertyValueSpecification","valueRequired":true,"valueName":"search_term_string"}}],"inLanguage":"de"}]}},"_links":{"self":[{"href":"https:\/\/bpk-archive.de\/tuellmann\/wp-json\/wp\/v2\/pages\/152","targetHints":{"allow":["GET"]}}],"collection":[{"href":"https:\/\/bpk-archive.de\/tuellmann\/wp-json\/wp\/v2\/pages"}],"about":[{"href":"https:\/\/bpk-archive.de\/tuellmann\/wp-json\/wp\/v2\/types\/page"}],"author":[{"embeddable":true,"href":"https:\/\/bpk-archive.de\/tuellmann\/wp-json\/wp\/v2\/users\/1"}],"replies":[{"embeddable":true,"href":"https:\/\/bpk-archive.de\/tuellmann\/wp-json\/wp\/v2\/comments?post=152"}],"version-history":[{"count":50,"href":"https:\/\/bpk-archive.de\/tuellmann\/wp-json\/wp\/v2\/pages\/152\/revisions"}],"predecessor-version":[{"id":70318071,"href":"https:\/\/bpk-archive.de\/tuellmann\/wp-json\/wp\/v2\/pages\/152\/revisions\/70318071"}],"up":[{"embeddable":true,"href":"https:\/\/bpk-archive.de\/tuellmann\/wp-json\/wp\/v2\/pages\/2"}],"wp:attachment":[{"href":"https:\/\/bpk-archive.de\/tuellmann\/wp-json\/wp\/v2\/media?parent=152"}],"curies":[{"name":"wp","href":"https:\/\/api.w.org\/{rel}","templated":true}]}}